{"id":6240,"date":"2021-09-17T19:56:32","date_gmt":"2021-09-17T19:56:32","guid":{"rendered":"https:\/\/ccla.org\/?page_id=6240"},"modified":"2021-10-20T13:50:46","modified_gmt":"2021-10-20T17:50:46","slug":"bill-62-judicial-review-religious-freedom","status":"publish","type":"page","link":"https:\/\/ccla.org\/fr\/bill-62-judicial-review-religious-freedom\/","title":{"rendered":"L&#039;ACLC devant les tribunaux : la libert\u00e9 de religion"},"content":{"rendered":"<div id=\"fws_69f37d44de14b\"  data-column-margin=\"default\" data-midnight=\"dark\"  class=\"wpb_row vc_row-fluid vc_row full-width-section\"  style=\"padding-top: 0px; padding-bottom: 0px; \"><div class=\"row-bg-wrap\" data-bg-animation=\"none\" data-bg-animation-delay=\"\" data-bg-overlay=\"true\"><div class=\"inner-wrap row-bg-layer\" ><div class=\"row-bg viewport-desktop\"  style=\"\"><\/div><\/div><div class=\"row-bg-overlay row-bg-layer\" style=\"background: rgba(0,0,0,0.3); background: linear-gradient(to bottom,rgba(0,0,0,0.3) 0%,rgba(238,238,238,0.01) 100%);  opacity: 0.5; \"><\/div><\/div><div class=\"row_col_wrap_12 col span_12 dark left\">\n\t<div  class=\"vc_col-sm-12 wpb_column column_container vc_column_container col no-extra-padding inherit_tablet inherit_phone\"  data-padding-pos=\"all\" data-has-bg-color=\"false\" data-bg-color=\"\" data-bg-opacity=\"1\" data-animation=\"\" data-delay=\"0\" >\n\t\t<div class=\"vc_column-inner\" >\n\t\t\t<div class=\"wpb_wrapper\">\n\t\t\t\t\n\t\t<div id=\"fws_69f37d44de5da\"  data-column-margin=\"default\" data-midnight=\"dark\"  class=\"wpb_row vc_row-fluid vc_row full-width-section\"  style=\"padding-top: 0px; padding-bottom: 0px; \"><div class=\"row-bg-wrap\" data-bg-animation=\"none\" data-bg-animation-delay=\"\" data-bg-overlay=\"true\"><div class=\"inner-wrap row-bg-layer\" ><div class=\"row-bg viewport-desktop\"  style=\"\"><\/div><\/div><div class=\"row-bg-overlay row-bg-layer\" style=\"background: rgba(0,0,0,0.3); background: linear-gradient(to bottom,rgba(0,0,0,0.3) 0%,rgba(238,238,238,0.01) 100%);  opacity: 0.5; \"><\/div><\/div><div class=\"row_col_wrap_12 col span_12 dark left\">\n\t<div  class=\"vc_col-sm-12 wpb_column column_container vc_column_container col no-extra-padding inherit_tablet inherit_phone\"  data-padding-pos=\"all\" data-has-bg-color=\"false\" data-bg-color=\"\" data-bg-opacity=\"1\" data-animation=\"\" data-delay=\"0\" >\n\t\t<div class=\"vc_column-inner\" >\n\t\t\t<div class=\"wpb_wrapper\">\n\t\t\t\t<div class=\"divider-wrap\" data-alignment=\"default\"><div style=\"height: 10px;\" class=\"divider\"><\/div><\/div>\n\t\t\t<\/div> \n\t\t<\/div>\n\t<\/div> \n<\/div><\/div>\n\n\t\t\t<\/div> \n\t\t<\/div>\n\t<\/div> \n<\/div><\/div>\n\t\t<div id=\"fws_69f37d44de9b7\"  data-column-margin=\"60px\" data-midnight=\"dark\"  class=\"wpb_row vc_row-fluid vc_row\"  style=\"padding-top: 50px; padding-bottom: 50px; \"><div class=\"row-bg-wrap\" data-bg-animation=\"none\" data-bg-animation-delay=\"\" data-bg-overlay=\"false\"><div class=\"inner-wrap row-bg-layer\" ><div class=\"row-bg viewport-desktop using-bg-color\"  style=\"background-color: #ffffff; \"><\/div><\/div><\/div><div class=\"row_col_wrap_12 col span_12 dark left\">\n\t<div  class=\"vc_col-sm-12 wpb_column column_container vc_column_container col no-extra-padding inherit_tablet inherit_phone\"  data-padding-pos=\"right\" data-has-bg-color=\"false\" data-bg-color=\"\" data-bg-opacity=\"1\" data-animation=\"\" data-delay=\"0\" >\n\t\t<div class=\"vc_column-inner\" >\n\t\t\t<div class=\"wpb_wrapper\">\n\t\t\t\t<h2 style=\"font-size: 36px;color: #1e5799;line-height: 1.4;text-align: left;font-family:Crimson Text;font-weight:600;font-style:italic\" class=\"vc_custom_heading vc_do_custom_heading\" >Un acte contre les couvre-visages : une violation de la libert\u00e9 religieuse<\/h2><div class=\"divider-wrap\" data-alignment=\"default\"><div style=\"margin-top: 25px; width: 120px; height: 5px; margin-bottom: 25px;\" data-width=\"120px\" data-animate=\"yes\" data-animation-delay=\"\" data-color=\"extra-color-1\" class=\"divider-small-border\"><\/div><\/div><div id=\"fws_69f37d44df0bf\" data-midnight=\"\" data-column-margin=\"default\" class=\"wpb_row vc_row-fluid vc_row inner_row\"  style=\"\"><div class=\"row-bg-wrap\"> <div class=\"row-bg\" ><\/div> <\/div><div class=\"row_col_wrap_12_inner col span_12  left\">\n\t<div  class=\"vc_col-sm-6 wpb_column column_container vc_column_container col child_column no-extra-padding inherit_tablet inherit_phone\"   data-padding-pos=\"all\" data-has-bg-color=\"false\" data-bg-color=\"\" data-bg-opacity=\"1\" data-animation=\"\" data-delay=\"0\" >\n\t\t<div class=\"vc_column-inner\" >\n\t\t<div class=\"wpb_wrapper\">\n\t\t\t\n<div class=\"wpb_text_column wpb_content_element\" >\n\t<div class=\"wpb_wrapper\">\n\t\t<div class=\"elementor-element elementor-element-5c5c3674 elementor-widget elementor-widget-text-editor\" data-id=\"5c5c3674\" data-element_type=\"widget\" data-widget_type=\"text-editor.default\">\n<div class=\"elementor-widget-container\">\n<div class=\"elementor-text-editor elementor-clearfix\">\n<div class=\"elementor-element elementor-element-19b9278d elementor-widget elementor-widget-text-editor\" data-id=\"19b9278d\" data-element_type=\"widget\" data-widget_type=\"text-editor.default\">\n<div class=\"elementor-widget-container\">\n<div class=\"elementor-text-editor elementor-clearfix\">\n<div class=\"elementor-element elementor-element-7d854e01 elementor-widget elementor-widget-text-editor\" data-id=\"7d854e01\" data-element_type=\"widget\" data-widget_type=\"text-editor.default\">\n<div class=\"elementor-widget-container\">\n<div class=\"elementor-text-editor elementor-clearfix\">\n<div class=\"elementor-element elementor-element-14860ca1 elementor-widget elementor-widget-text-editor\" data-id=\"14860ca1\" data-element_type=\"widget\" data-widget_type=\"text-editor.default\">\n<div class=\"elementor-widget-container\">\n<div class=\"elementor-text-editor elementor-clearfix\">\n<p>Ce document est une demande de r\u00e9vision judiciaire (d\u00e9claration d&#039;invalidit\u00e9) et une demande de suspension provisoire d&#039;une loi qui viole les libert\u00e9s religieuses des Canadiens. La libert\u00e9 de religion au Qu\u00e9bec et au Canada implique la reconnaissance que les individus sont libres de maintenir les croyances religieuses de leur choix et de manifester ces croyances dans leur vie quotidienne. Le 18 octobre 2017, l&#039;Assembl\u00e9e nationale du Qu\u00e9bec a adopt\u00e9\u00a0<i>Loi favorisant le respect de la neutralit\u00e9 religieuse de l&#039;\u00c9tat et, notamment, encadrant les demandes d&#039;accommodements pour motifs religieux dans certains organismes<\/i>, LQ 2017, c. 19 (la \u00ab Loi \u00bb). La loi pr\u00e9voit que les employ\u00e9s du secteur public doivent exercer leurs fonctions \u00e0 visage d\u00e9couvert. Cette exigence porte directement atteinte \u00e0 la libert\u00e9 de religion des individus, comme les femmes musulmanes, qui se couvrent le visage comme une pratique religieuse.<\/p>\n<\/div>\n<\/div>\n<\/div>\n<section class=\"elementor-section elementor-inner-section elementor-element elementor-element-6a03f8fc elementor-section-full_width elementor-section-height-min-height elementor-section-height-default\" data-id=\"6a03f8fc\" data-element_type=\"section\">\n<div class=\"elementor-container elementor-column-gap-default\">\n<div class=\"elementor-row\">\n<div class=\"elementor-column elementor-col-50 elementor-inner-column elementor-element elementor-element-1198bedf\" data-id=\"1198bedf\" data-element_type=\"column\">\n<div class=\"elementor-column-wrap elementor-element-populated\">\n<div class=\"elementor-widget-wrap\">\n<div class=\"elementor-element elementor-element-75e3957a elementor-widget elementor-widget-image\" data-id=\"75e3957a\" data-element_type=\"widget\" data-widget_type=\"image.default\">\n<div class=\"elementor-widget-container\"><\/div>\n<\/div>\n<\/div>\n<\/div>\n<\/div>\n<\/div>\n<\/div>\n<\/section>\n<\/div>\n<\/div>\n<\/div>\n<section class=\"elementor-section elementor-inner-section elementor-element elementor-element-305eec92 elementor-section-full_width elementor-section-height-min-height elementor-section-height-default\" data-id=\"305eec92\" data-element_type=\"section\">\n<div class=\"elementor-container elementor-column-gap-default\">\n<div class=\"elementor-row\">\n<div class=\"elementor-column elementor-col-50 elementor-inner-column elementor-element elementor-element-c10bdc5\" data-id=\"c10bdc5\" data-element_type=\"column\">\n<div class=\"elementor-column-wrap elementor-element-populated\">\n<div class=\"elementor-widget-wrap\">\n<div class=\"elementor-element elementor-element-2cf154e4 elementor-widget elementor-widget-image\" data-id=\"2cf154e4\" data-element_type=\"widget\" data-widget_type=\"image.default\">\n<div class=\"elementor-widget-container\"><\/div>\n<\/div>\n<\/div>\n<\/div>\n<\/div>\n<\/div>\n<\/div>\n<\/section>\n<\/div>\n<\/div>\n<\/div>\n<section class=\"elementor-section elementor-inner-section elementor-element elementor-element-26c8df1f elementor-section-full_width elementor-section-height-min-height elementor-section-height-default\" data-id=\"26c8df1f\" data-element_type=\"section\">\n<div class=\"elementor-container elementor-column-gap-default\">\n<div class=\"elementor-row\">\n<div class=\"elementor-column elementor-col-50 elementor-inner-column elementor-element elementor-element-6b8706e\" data-id=\"6b8706e\" data-element_type=\"column\">\n<div class=\"elementor-column-wrap elementor-element-populated\">\n<div class=\"elementor-widget-wrap\">\n<div class=\"elementor-element elementor-element-4ee8b019 elementor-widget elementor-widget-image\" data-id=\"4ee8b019\" data-element_type=\"widget\" data-widget_type=\"image.default\">\n<div class=\"elementor-widget-container\"><\/div>\n<\/div>\n<\/div>\n<\/div>\n<\/div>\n<\/div>\n<\/div>\n<\/section>\n<\/div>\n<\/div>\n<\/div>\n<section class=\"elementor-section elementor-inner-section elementor-element elementor-element-3f68d085 elementor-section-full_width elementor-section-height-min-height elementor-section-height-default\" data-id=\"3f68d085\" data-element_type=\"section\">\n<div class=\"elementor-container elementor-column-gap-default\">\n<div class=\"elementor-row\">\n<div class=\"elementor-column elementor-col-50 elementor-inner-column elementor-element elementor-element-7ba1db19\" data-id=\"7ba1db19\" data-element_type=\"column\">\n<div class=\"elementor-column-wrap elementor-element-populated\">\n<div class=\"elementor-widget-wrap\">\n<div class=\"elementor-element elementor-element-4fa8abd4 elementor-widget elementor-widget-image\" data-id=\"4fa8abd4\" data-element_type=\"widget\" data-widget_type=\"image.default\">\n<div class=\"elementor-widget-container\"><\/div>\n<\/div>\n<\/div>\n<\/div>\n<\/div>\n<\/div>\n<\/div>\n<\/section>\n\t<\/div>\n<\/div>\n\n\n\n<div class=\"nectar-highlighted-text\" data-style=\"full_text\" data-exp=\"default\" data-using-custom-color=\"true\" data-animation-delay=\"false\" data-color=\"#ef770e\" data-color-gradient=\"\" style=\"\"><h5><em>Les d\u00e9posants<\/em><\/h5>\n<\/div>\n<div class=\"wpb_text_column wpb_content_element\" >\n\t<div class=\"wpb_wrapper\">\n\t\t<p><strong>Les d\u00e9posants vis\u00e9s par ce litige sont :<\/strong><\/p>\n<ul>\n<li aria-level=\"1\">Fatima Ahmad, native de Montr\u00e9al et \u00e9tudiante universitaire qui porte un niqab<\/li>\n<li aria-level=\"1\">Marie-Michelle Lacoste, native de Montr\u00e9al qui porte un niqab<\/li>\n<li aria-level=\"1\">Conseil national des musulmans canadiens<\/li>\n<li aria-level=\"1\">Association canadienne des libert\u00e9s civiles<\/li>\n<\/ul>\n\t<\/div>\n<\/div>\n\n\n\n\n\t\t<\/div> \n\t<\/div>\n\t<\/div> \n\n\t<div style=\"\" class=\"vc_col-sm-6 wpb_column column_container vc_column_container col child_column padding-3-percent inherit_tablet inherit_phone\"  data-using-bg=\"true\" data-border-animation=\"\" data-border-animation-delay=\"\" data-border-width=\"1px\" data-border-style=\"solid\" data-border-color=\"#1e5799\" data-padding-pos=\"all\" data-has-bg-color=\"true\" data-bg-color=\"#1e5799\" data-bg-opacity=\"0.1\" data-animation=\"\" data-delay=\"0\" >\n\t\t<div class=\"vc_column-inner\" style=\"border: 1px solid rgba(255,255,255,0); \"><span class=\"border-wrap\" style=\"border-color: #1e5799;\"><span class=\"border-top\"><\/span><span class=\"border-right\"><\/span><span class=\"border-bottom\"><\/span><span class=\"border-left\"><\/span><\/span><div class=\"column-bg-overlay-wrap column-bg-layer\" data-bg-animation=\"none\"><div class=\"column-bg-overlay\" style=\"opacity: 0.1; background-color: #1e5799;\"><\/div><\/div>\n\t\t<div class=\"wpb_wrapper\">\n\t\t\t\n<div class=\"wpb_text_column wpb_content_element\" >\n\t<div class=\"wpb_wrapper\">\n\t\t<h5>M\u00e9moire sur l&#039;intervenant<\/h5>\n\t<\/div>\n<\/div>\n\n\n\n<a class=\"nectar-button large regular accent-color  regular-button\"  role=\"button\" style=\"\" target=\"_blank\" href=\"\/wp-content\/uploads\/2021\/09\/Factum-of-the-Intervenor-dated-November-6-2019-1.pdf\" data-color-override=\"false\" data-hover-color-override=\"false\" data-hover-text-color-override=\"#fff\"><span>T\u00c9L\u00c9CHARGER LE FACTUM<\/span><\/a><div class=\"img-with-aniamtion-wrap\" data-max-width=\"100%\" data-max-width-mobile=\"default\" data-shadow=\"none\" data-animation=\"fade-in\" >\n      <div class=\"inner\">\n        <div class=\"hover-wrap\"> \n          <div class=\"hover-wrap-inner\">\n            <a href=\"\/wp-content\/uploads\/2021\/09\/Factum-of-the-Intervenor-dated-November-6-2019-1.pdf\" target=\"_blank\" class=\"\">\n              <img loading=\"lazy\" decoding=\"async\" class=\"img-with-animation skip-lazy\" data-delay=\"0\" height=\"800\" width=\"2000\" data-animation=\"fade-in\" src=\"https:\/\/ccla.org\/wp-content\/uploads\/2021\/05\/young-arabian-woman-in-hijab-or-niqab-PH3F99R.jpg\" alt=\"\" srcset=\"https:\/\/ccla.org\/wp-content\/uploads\/2021\/05\/young-arabian-woman-in-hijab-or-niqab-PH3F99R.jpg 2000w, https:\/\/ccla.org\/wp-content\/uploads\/2021\/05\/young-arabian-woman-in-hijab-or-niqab-PH3F99R-300x120.jpg 300w, https:\/\/ccla.org\/wp-content\/uploads\/2021\/05\/young-arabian-woman-in-hijab-or-niqab-PH3F99R-1024x410.jpg 1024w, https:\/\/ccla.org\/wp-content\/uploads\/2021\/05\/young-arabian-woman-in-hijab-or-niqab-PH3F99R-768x307.jpg 768w, https:\/\/ccla.org\/wp-content\/uploads\/2021\/05\/young-arabian-woman-in-hijab-or-niqab-PH3F99R-1536x614.jpg 1536w, https:\/\/ccla.org\/wp-content\/uploads\/2021\/05\/young-arabian-woman-in-hijab-or-niqab-PH3F99R-16x6.jpg 16w\" sizes=\"auto, (max-width: 2000px) 100vw, 2000px\" \/>\n            <\/a>\n          <\/div>\n        <\/div>\n      <\/div>\n      <\/div>\n\t\t<\/div> \n\t<\/div>\n\t<\/div> \n<\/div><\/div>\n\t\t\t<\/div> \n\t\t<\/div>\n\t<\/div> \n<\/div><\/div>\n\t\t<div id=\"fws_69f37d44e1159\"  data-column-margin=\"default\" data-midnight=\"dark\"  class=\"wpb_row vc_row-fluid vc_row full-width-section\"  style=\"padding-top: 50px; padding-bottom: 70px; \"><div class=\"row-bg-wrap\" data-bg-animation=\"none\" data-bg-animation-delay=\"\" data-bg-overlay=\"false\"><div class=\"inner-wrap row-bg-layer\" ><div class=\"row-bg viewport-desktop using-bg-color\"  style=\"background-color: #fafafa; \"><\/div><\/div><\/div><div class=\"row_col_wrap_12 col span_12 dark left\">\n\t<div  class=\"vc_col-sm-12 wpb_column column_container vc_column_container col no-extra-padding inherit_tablet inherit_phone\"  data-padding-pos=\"all\" data-has-bg-color=\"false\" data-bg-color=\"\" data-bg-opacity=\"1\" data-animation=\"\" data-delay=\"0\" >\n\t\t<div class=\"vc_column-inner\" >\n\t\t\t<div class=\"wpb_wrapper\">\n\t\t\t\t<h5 style=\"font-size: 36px;color: #1e5799;line-height: 1.3;text-align: left\" class=\"vc_custom_heading vc_do_custom_heading\" >Les faits de l&#039;affaire<\/h5><div class=\"divider-wrap\" data-alignment=\"default\"><div style=\"margin-top: 25px; width: 120px; height: 5px; margin-bottom: 25px;\" data-width=\"120px\" data-animate=\"\" data-animation-delay=\"\" data-color=\"extra-color-1\" class=\"divider-small-border\"><\/div><\/div>\n<div class=\"wpb_text_column wpb_content_element\" >\n\t<div class=\"wpb_wrapper\">\n\t\t<div class=\"entry-content\">\n<div class=\"elementor elementor-41370\" data-elementor-type=\"wp-page\" data-elementor-id=\"41370\" data-elementor-settings=\"&#091;&#093;\">\n<div class=\"elementor-inner\">\n<div class=\"elementor-section-wrap\">\n<section class=\"elementor-section elementor-top-section elementor-element elementor-element-445ec78f elementor-section-boxed elementor-section-height-default elementor-section-height-default\" data-id=\"445ec78f\" data-element_type=\"section\">\n<div class=\"elementor-container elementor-column-gap-default\">\n<div class=\"elementor-row\">\n<div class=\"elementor-column elementor-col-100 elementor-top-column elementor-element elementor-element-7c465c7b\" data-id=\"7c465c7b\" data-element_type=\"column\">\n<div class=\"elementor-column-wrap elementor-element-populated\">\n<div class=\"elementor-widget-wrap\">\n<div class=\"elementor-element elementor-element-706ed2a7 elementor-widget elementor-widget-text-editor\" data-id=\"706ed2a7\" data-element_type=\"widget\" data-widget_type=\"text-editor.default\">\n<div class=\"elementor-widget-container\">\n<div class=\"elementor-text-editor elementor-clearfix\">\n<div class=\"entry-content\">\n<div class=\"elementor elementor-41351\" data-elementor-type=\"wp-page\" data-elementor-id=\"41351\" data-elementor-settings=\"&#091;&#093;\">\n<div class=\"elementor-inner\">\n<div class=\"elementor-section-wrap\">\n<section class=\"elementor-section elementor-top-section elementor-element elementor-element-7ed4e4be elementor-section-boxed elementor-section-height-default elementor-section-height-default\" data-id=\"7ed4e4be\" data-element_type=\"section\">\n<div class=\"elementor-container elementor-column-gap-default\">\n<div class=\"elementor-row\">\n<div class=\"elementor-column elementor-col-100 elementor-top-column elementor-element elementor-element-1d98e4e5\" data-id=\"1d98e4e5\" data-element_type=\"column\">\n<div class=\"elementor-column-wrap elementor-element-populated\">\n<div class=\"elementor-widget-wrap\">\n<div class=\"elementor-element elementor-element-312826d6 elementor-widget elementor-widget-text-editor\" data-id=\"312826d6\" data-element_type=\"widget\" data-widget_type=\"text-editor.default\">\n<div class=\"elementor-widget-container\">\n<div class=\"elementor-text-editor elementor-clearfix\">\n<div class=\"entry-content\">\n<div class=\"elementor elementor-41294\" data-elementor-type=\"wp-page\" data-elementor-id=\"41294\" data-elementor-settings=\"&#091;&#093;\">\n<div class=\"elementor-inner\">\n<div class=\"elementor-section-wrap\">\n<section class=\"elementor-section elementor-top-section elementor-element elementor-element-6b1d70a2 elementor-section-boxed elementor-section-height-default elementor-section-height-default\" data-id=\"6b1d70a2\" data-element_type=\"section\">\n<div class=\"elementor-container elementor-column-gap-default\">\n<div class=\"elementor-row\">\n<div class=\"elementor-column elementor-col-100 elementor-top-column elementor-element elementor-element-10fd021\" data-id=\"10fd021\" data-element_type=\"column\">\n<div class=\"elementor-column-wrap elementor-element-populated\">\n<div class=\"elementor-widget-wrap\">\n<div class=\"elementor-element elementor-element-441c185 elementor-widget elementor-widget-text-editor\" data-id=\"441c185\" data-element_type=\"widget\" data-widget_type=\"text-editor.default\">\n<div class=\"elementor-widget-container\">\n<div class=\"elementor-text-editor elementor-clearfix\">\n<div class=\"entry-content\">\n<div class=\"elementor elementor-41288\" data-elementor-type=\"wp-page\" data-elementor-id=\"41288\" data-elementor-settings=\"&#091;&#093;\">\n<div class=\"elementor-inner\">\n<div class=\"elementor-section-wrap\">\n<section class=\"elementor-section elementor-top-section elementor-element elementor-element-7e81e788 elementor-section-boxed elementor-section-height-default elementor-section-height-default\" data-id=\"7e81e788\" data-element_type=\"section\">\n<div class=\"elementor-container elementor-column-gap-default\">\n<div class=\"elementor-row\">\n<div class=\"elementor-column elementor-col-100 elementor-top-column elementor-element elementor-element-28a3dbe8\" data-id=\"28a3dbe8\" data-element_type=\"column\">\n<div class=\"elementor-column-wrap elementor-element-populated\">\n<div class=\"elementor-widget-wrap\">\n<div class=\"elementor-element elementor-element-75d30424 elementor-widget elementor-widget-text-editor\" data-id=\"75d30424\" data-element_type=\"widget\" data-widget_type=\"text-editor.default\">\n<div class=\"elementor-widget-container\">\n<div class=\"elementor-text-editor elementor-clearfix\">\n<div class=\"entry-content\">\n<div class=\"elementor elementor-41282\" data-elementor-type=\"wp-page\" data-elementor-id=\"41282\" data-elementor-settings=\"&#091;&#093;\">\n<div class=\"elementor-inner\">\n<div class=\"elementor-section-wrap\">\n<section class=\"elementor-section elementor-top-section elementor-element elementor-element-7eaca0d9 elementor-section-boxed elementor-section-height-default elementor-section-height-default\" data-id=\"7eaca0d9\" data-element_type=\"section\">\n<div class=\"elementor-container elementor-column-gap-default\">\n<div class=\"elementor-row\">\n<div class=\"elementor-column elementor-col-100 elementor-top-column elementor-element elementor-element-6a5be1f6\" data-id=\"6a5be1f6\" data-element_type=\"column\">\n<div class=\"elementor-column-wrap elementor-element-populated\">\n<div class=\"elementor-widget-wrap\">\n<div class=\"elementor-element elementor-element-74868acc elementor-widget elementor-widget-text-editor\" data-id=\"74868acc\" data-element_type=\"widget\" data-widget_type=\"text-editor.default\">\n<div class=\"elementor-widget-container\">\n<div class=\"elementor-text-editor elementor-clearfix\">\n<p>Le projet de loi 62 a \u00e9t\u00e9 d\u00e9pos\u00e9 le 10 juin 2015 et adopt\u00e9 le 18 octobre 2017. L&#039;article 10 de la Loi exige qu&#039;une personne ait le visage d\u00e9couvert lors de la prestation ou de la r\u00e9ception d&#039;un service public. Cela comprend les minist\u00e8res, les transports en commun, les services de sant\u00e9, les garderies et les \u00e9coles publiques, les \u00e9coles priv\u00e9es recevant des fonds publics et les universit\u00e9s. Les d\u00e9posants dans cette affaire d\u00e9clarent que non seulement la loi entrave leur capacit\u00e9 \u00e0 recevoir des services publics et \u00e0 fr\u00e9quenter l&#039;universit\u00e9, mais aussi que le harc\u00e8lement islamophobe a augment\u00e9 apr\u00e8s l&#039;adoption de la loi. De telles violations flagrantes et injustifi\u00e9es de la libert\u00e9 de religion, ainsi que des garanties d&#039;\u00e9galit\u00e9 des Chartes qu\u00e9b\u00e9coise et canadienne, n&#039;ont pas leur place au Qu\u00e9bec ou au Canada. Ces violations ne peuvent \u00eatre justifi\u00e9es dans la soci\u00e9t\u00e9 libre et d\u00e9mocratique du Qu\u00e9bec. Lisez la demande de r\u00e9vision judiciaire pour plus de d\u00e9tails.<\/p>\n<\/div>\n<\/div>\n<\/div>\n<\/div>\n<\/div>\n<\/div>\n<\/div>\n<\/div>\n<\/section>\n<\/div>\n<\/div>\n<\/div>\n<\/div>\n<\/div>\n<\/div>\n<\/div>\n<\/div>\n<\/div>\n<\/div>\n<\/div>\n<\/div>\n<\/section>\n<\/div>\n<\/div>\n<\/div>\n<\/div>\n<\/div>\n<\/div>\n<\/div>\n<\/div>\n<\/div>\n<\/div>\n<\/div>\n<\/div>\n<\/section>\n<\/div>\n<\/div>\n<\/div>\n<\/div>\n<\/div>\n<\/div>\n<\/div>\n<\/div>\n<\/div>\n<\/div>\n<\/div>\n<\/div>\n<\/section>\n<\/div>\n<\/div>\n<\/div>\n<\/div>\n<\/div>\n<\/div>\n<\/div>\n<\/div>\n<\/div>\n<\/div>\n<\/div>\n<\/div>\n<\/section>\n<\/div>\n<\/div>\n<\/div>\n<\/div>\n\t<\/div>\n<\/div>\n\n\n\n\n\t\t\t<\/div> \n\t\t<\/div>\n\t<\/div> \n<\/div><\/div>\n\t\t<div id=\"fws_69f37d44e1e3d\"  data-column-margin=\"default\" data-midnight=\"dark\"  class=\"wpb_row vc_row-fluid vc_row full-width-section\"  style=\"padding-top: 0px; padding-bottom: 0px; \"><div class=\"row-bg-wrap\" data-bg-animation=\"none\" data-bg-animation-delay=\"\" data-bg-overlay=\"true\"><div class=\"inner-wrap row-bg-layer\" ><div class=\"row-bg viewport-desktop using-bg-color\"  style=\"background-color: #f2f2f2; \"><\/div><\/div><div class=\"row-bg-overlay row-bg-layer\" style=\"background: rgba(0,0,0,0.01); background: linear-gradient(to bottom,rgba(0,0,0,0.01) 0%,rgba(0,0,0,0.3) 100%);  opacity: 0.95; \"><\/div><\/div><div class=\"row_col_wrap_12 col span_12 dark left\">\n\t<div  class=\"vc_col-sm-12 wpb_column column_container vc_column_container col no-extra-padding inherit_tablet inherit_phone\"  data-padding-pos=\"all\" data-has-bg-color=\"false\" data-bg-color=\"\" data-bg-opacity=\"1\" data-animation=\"\" data-delay=\"0\" >\n\t\t<div class=\"vc_column-inner\" >\n\t\t\t<div class=\"wpb_wrapper\">\n\t\t\t\t\n\t\t<div id=\"fws_69f37d44e2452\"  data-column-margin=\"default\" data-midnight=\"dark\"  class=\"wpb_row vc_row-fluid vc_row full-width-section\"  style=\"padding-top: 0px; padding-bottom: 0px; \"><div class=\"row-bg-wrap\" data-bg-animation=\"none\" data-bg-animation-delay=\"\" data-bg-overlay=\"true\"><div class=\"inner-wrap row-bg-layer\" ><div class=\"row-bg viewport-desktop using-bg-color\"  style=\"background-color: #f2f2f2; \"><\/div><\/div><div class=\"row-bg-overlay row-bg-layer\" style=\"background: rgba(0,0,0,0.01); background: linear-gradient(to bottom,rgba(0,0,0,0.01) 0%,rgba(0,0,0,0.3) 100%);  opacity: 0.95; \"><\/div><\/div><div class=\"row_col_wrap_12 col span_12 dark left\">\n\t<div  class=\"vc_col-sm-12 wpb_column column_container vc_column_container col no-extra-padding inherit_tablet inherit_phone\"  data-padding-pos=\"all\" data-has-bg-color=\"false\" data-bg-color=\"\" data-bg-opacity=\"1\" data-animation=\"\" data-delay=\"0\" >\n\t\t<div class=\"vc_column-inner\" >\n\t\t\t<div class=\"wpb_wrapper\">\n\t\t\t\t<div class=\"divider-wrap\" data-alignment=\"default\"><div style=\"height: 10px;\" class=\"divider\"><\/div><\/div>\n\t\t\t<\/div> \n\t\t<\/div>\n\t<\/div> \n<\/div><\/div>\n\n\t\t\t<\/div> \n\t\t<\/div>\n\t<\/div> \n<\/div><\/div>","protected":false},"excerpt":{"rendered":"Acte contre les couvre-visages : une violation de la libert\u00e9 religieuse Ce document est une demande de r\u00e9vision judiciaire (d\u00e9claration d&#039;invalidit\u00e9) et une demande de suspension provisoire d&#039;une loi...","protected":false},"author":4,"featured_media":3318,"parent":0,"menu_order":0,"comment_status":"closed","ping_status":"closed","template":"","meta":{"footnotes":""},"class_list":["post-6240","page","type-page","status-publish","has-post-thumbnail"],"yoast_head":"<!-- This site is optimized with the Yoast SEO plugin v24.7 - https:\/\/yoast.com\/wordpress\/plugins\/seo\/ -->\n<title>Bill 62 Judicial Review: Freedom of Religion | CCLA<\/title>\n<meta name=\"description\" content=\"CCLA challenged Qu\u00e9bec\u2019s Bill 62, which infringes on religious freedom in Canada. Read the Application for Judicial Review to learn about CCLA\u2019s fight for religious face coverings.\" \/>\n<meta name=\"robots\" content=\"index, follow, max-snippet:-1, max-image-preview:large, max-video-preview:-1\" \/>\n<link rel=\"canonical\" href=\"https:\/\/ccla.org\/fr\/bill-62-judicial-review-religious-freedom\/\" \/>\n<meta property=\"og:locale\" content=\"fr_CA\" \/>\n<meta property=\"og:type\" content=\"article\" \/>\n<meta property=\"og:title\" content=\"Bill 62 Judicial Review: Freedom of Religion | CCLA\" \/>\n<meta property=\"og:description\" content=\"CCLA challenged Qu\u00e9bec\u2019s Bill 62, which infringes on religious freedom in Canada. Read the Application for Judicial Review to learn about CCLA\u2019s fight for religious face coverings.\" \/>\n<meta property=\"og:url\" content=\"https:\/\/ccla.org\/fr\/bill-62-judicial-review-religious-freedom\/\" \/>\n<meta property=\"og:site_name\" content=\"CCLA\" \/>\n<meta property=\"article:modified_time\" content=\"2021-10-20T17:50:46+00:00\" \/>\n<meta property=\"og:image\" content=\"https:\/\/ccla.org\/wp-content\/uploads\/2021\/05\/arabic-woman-P4KG6EZ.jpg\" \/>\n\t<meta property=\"og:image:width\" content=\"2000\" \/>\n\t<meta property=\"og:image:height\" content=\"800\" \/>\n\t<meta property=\"og:image:type\" content=\"image\/jpeg\" \/>\n<meta name=\"twitter:card\" content=\"summary_large_image\" \/>\n<meta name=\"twitter:label1\" content=\"Estimation du temps de lecture\" \/>\n\t<meta name=\"twitter:data1\" content=\"4 minutes\" \/>\n<script type=\"application\/ld+json\" class=\"yoast-schema-graph\">{\"@context\":\"https:\/\/schema.org\",\"@graph\":[{\"@type\":\"WebPage\",\"@id\":\"https:\/\/ccla.org\/bill-62-judicial-review-religious-freedom\/\",\"url\":\"https:\/\/ccla.org\/bill-62-judicial-review-religious-freedom\/\",\"name\":\"Bill 62 Judicial Review: Freedom of Religion | CCLA\",\"isPartOf\":{\"@id\":\"https:\/\/ccla.org\/#website\"},\"primaryImageOfPage\":{\"@id\":\"https:\/\/ccla.org\/bill-62-judicial-review-religious-freedom\/#primaryimage\"},\"image\":{\"@id\":\"https:\/\/ccla.org\/bill-62-judicial-review-religious-freedom\/#primaryimage\"},\"thumbnailUrl\":\"https:\/\/ccla.org\/wp-content\/uploads\/2021\/05\/arabic-woman-P4KG6EZ.jpg\",\"datePublished\":\"2021-09-17T19:56:32+00:00\",\"dateModified\":\"2021-10-20T17:50:46+00:00\",\"description\":\"CCLA challenged Qu\u00e9bec\u2019s Bill 62, which infringes on religious freedom in Canada. Read the Application for Judicial Review to learn about CCLA\u2019s fight for religious face coverings.\",\"breadcrumb\":{\"@id\":\"https:\/\/ccla.org\/bill-62-judicial-review-religious-freedom\/#breadcrumb\"},\"inLanguage\":\"fr-CA\",\"potentialAction\":[{\"@type\":\"ReadAction\",\"target\":[\"https:\/\/ccla.org\/bill-62-judicial-review-religious-freedom\/\"]}]},{\"@type\":\"ImageObject\",\"inLanguage\":\"fr-CA\",\"@id\":\"https:\/\/ccla.org\/bill-62-judicial-review-religious-freedom\/#primaryimage\",\"url\":\"https:\/\/ccla.org\/wp-content\/uploads\/2021\/05\/arabic-woman-P4KG6EZ.jpg\",\"contentUrl\":\"https:\/\/ccla.org\/wp-content\/uploads\/2021\/05\/arabic-woman-P4KG6EZ.jpg\",\"width\":2000,\"height\":800},{\"@type\":\"BreadcrumbList\",\"@id\":\"https:\/\/ccla.org\/bill-62-judicial-review-religious-freedom\/#breadcrumb\",\"itemListElement\":[{\"@type\":\"ListItem\",\"position\":1,\"name\":\"Home\",\"item\":\"https:\/\/ccla.org\/\"},{\"@type\":\"ListItem\",\"position\":2,\"name\":\"CCLA in Court: Freedom of Religion\"}]},{\"@type\":\"WebSite\",\"@id\":\"https:\/\/ccla.org\/#website\",\"url\":\"https:\/\/ccla.org\/\",\"name\":\"CCLA\",\"description\":\"\",\"potentialAction\":[{\"@type\":\"SearchAction\",\"target\":{\"@type\":\"EntryPoint\",\"urlTemplate\":\"https:\/\/ccla.org\/?s={search_term_string}\"},\"query-input\":{\"@type\":\"PropertyValueSpecification\",\"valueRequired\":true,\"valueName\":\"search_term_string\"}}],\"inLanguage\":\"fr-CA\"}]}<\/script>\n<!-- \/ Yoast SEO plugin. -->","yoast_head_json":{"title":"Bill 62 Judicial Review: Freedom of Religion | CCLA","description":"CCLA challenged Qu\u00e9bec\u2019s Bill 62, which infringes on religious freedom in Canada. Read the Application for Judicial Review to learn about CCLA\u2019s fight for religious face coverings.","robots":{"index":"index","follow":"follow","max-snippet":"max-snippet:-1","max-image-preview":"max-image-preview:large","max-video-preview":"max-video-preview:-1"},"canonical":"https:\/\/ccla.org\/fr\/bill-62-judicial-review-religious-freedom\/","og_locale":"fr_CA","og_type":"article","og_title":"Bill 62 Judicial Review: Freedom of Religion | CCLA","og_description":"CCLA challenged Qu\u00e9bec\u2019s Bill 62, which infringes on religious freedom in Canada. Read the Application for Judicial Review to learn about CCLA\u2019s fight for religious face coverings.","og_url":"https:\/\/ccla.org\/fr\/bill-62-judicial-review-religious-freedom\/","og_site_name":"CCLA","article_modified_time":"2021-10-20T17:50:46+00:00","og_image":[{"width":2000,"height":800,"url":"https:\/\/ccla.org\/wp-content\/uploads\/2021\/05\/arabic-woman-P4KG6EZ.jpg","type":"image\/jpeg"}],"twitter_card":"summary_large_image","twitter_misc":{"Estimation du temps de lecture":"4 minutes"},"schema":{"@context":"https:\/\/schema.org","@graph":[{"@type":"WebPage","@id":"https:\/\/ccla.org\/bill-62-judicial-review-religious-freedom\/","url":"https:\/\/ccla.org\/bill-62-judicial-review-religious-freedom\/","name":"Bill 62 Judicial Review: Freedom of Religion | CCLA","isPartOf":{"@id":"https:\/\/ccla.org\/#website"},"primaryImageOfPage":{"@id":"https:\/\/ccla.org\/bill-62-judicial-review-religious-freedom\/#primaryimage"},"image":{"@id":"https:\/\/ccla.org\/bill-62-judicial-review-religious-freedom\/#primaryimage"},"thumbnailUrl":"https:\/\/ccla.org\/wp-content\/uploads\/2021\/05\/arabic-woman-P4KG6EZ.jpg","datePublished":"2021-09-17T19:56:32+00:00","dateModified":"2021-10-20T17:50:46+00:00","description":"CCLA challenged Qu\u00e9bec\u2019s Bill 62, which infringes on religious freedom in Canada. Read the Application for Judicial Review to learn about CCLA\u2019s fight for religious face coverings.","breadcrumb":{"@id":"https:\/\/ccla.org\/bill-62-judicial-review-religious-freedom\/#breadcrumb"},"inLanguage":"fr-CA","potentialAction":[{"@type":"ReadAction","target":["https:\/\/ccla.org\/bill-62-judicial-review-religious-freedom\/"]}]},{"@type":"ImageObject","inLanguage":"fr-CA","@id":"https:\/\/ccla.org\/bill-62-judicial-review-religious-freedom\/#primaryimage","url":"https:\/\/ccla.org\/wp-content\/uploads\/2021\/05\/arabic-woman-P4KG6EZ.jpg","contentUrl":"https:\/\/ccla.org\/wp-content\/uploads\/2021\/05\/arabic-woman-P4KG6EZ.jpg","width":2000,"height":800},{"@type":"BreadcrumbList","@id":"https:\/\/ccla.org\/bill-62-judicial-review-religious-freedom\/#breadcrumb","itemListElement":[{"@type":"ListItem","position":1,"name":"Home","item":"https:\/\/ccla.org\/"},{"@type":"ListItem","position":2,"name":"CCLA in Court: Freedom of Religion"}]},{"@type":"WebSite","@id":"https:\/\/ccla.org\/#website","url":"https:\/\/ccla.org\/","name":"CCLA","description":"","potentialAction":[{"@type":"SearchAction","target":{"@type":"EntryPoint","urlTemplate":"https:\/\/ccla.org\/?s={search_term_string}"},"query-input":{"@type":"PropertyValueSpecification","valueRequired":true,"valueName":"search_term_string"}}],"inLanguage":"fr-CA"}]}},"_links":{"self":[{"href":"https:\/\/ccla.org\/fr\/wp-json\/wp\/v2\/pages\/6240","targetHints":{"allow":["GET"]}}],"collection":[{"href":"https:\/\/ccla.org\/fr\/wp-json\/wp\/v2\/pages"}],"about":[{"href":"https:\/\/ccla.org\/fr\/wp-json\/wp\/v2\/types\/page"}],"author":[{"embeddable":true,"href":"https:\/\/ccla.org\/fr\/wp-json\/wp\/v2\/users\/4"}],"replies":[{"embeddable":true,"href":"https:\/\/ccla.org\/fr\/wp-json\/wp\/v2\/comments?post=6240"}],"version-history":[{"count":3,"href":"https:\/\/ccla.org\/fr\/wp-json\/wp\/v2\/pages\/6240\/revisions"}],"predecessor-version":[{"id":6264,"href":"https:\/\/ccla.org\/fr\/wp-json\/wp\/v2\/pages\/6240\/revisions\/6264"}],"wp:featuredmedia":[{"embeddable":true,"href":"https:\/\/ccla.org\/fr\/wp-json\/wp\/v2\/media\/3318"}],"wp:attachment":[{"href":"https:\/\/ccla.org\/fr\/wp-json\/wp\/v2\/media?parent=6240"}],"curies":[{"name":"wp","href":"https:\/\/api.w.org\/{rel}","templated":true}]}}