{"id":6220,"date":"2021-09-17T19:31:05","date_gmt":"2021-09-17T19:31:05","guid":{"rendered":"https:\/\/ccla.org\/?page_id=6220"},"modified":"2021-10-20T13:54:36","modified_gmt":"2021-10-20T17:54:36","slug":"policing-canada-21st-century-report","status":"publish","type":"page","link":"https:\/\/ccla.org\/fr\/rapport-sur-la-police-canadienne-au-21e-siecle\/","title":{"rendered":"Le maintien de l&#039;ordre au Canada au 21e si\u00e8cle"},"content":{"rendered":"<div id=\"fws_69f477a7ad7fb\"  data-column-margin=\"default\" data-midnight=\"dark\"  class=\"wpb_row vc_row-fluid vc_row full-width-section\"  style=\"padding-top: 0px; padding-bottom: 0px; \"><div class=\"row-bg-wrap\" data-bg-animation=\"none\" data-bg-animation-delay=\"\" data-bg-overlay=\"true\"><div class=\"inner-wrap row-bg-layer\" ><div class=\"row-bg viewport-desktop\"  style=\"\"><\/div><\/div><div class=\"row-bg-overlay row-bg-layer\" style=\"background: rgba(0,0,0,0.3); background: linear-gradient(to bottom,rgba(0,0,0,0.3) 0%,rgba(238,238,238,0.01) 100%);  opacity: 0.5; \"><\/div><\/div><div class=\"row_col_wrap_12 col span_12 dark left\">\n\t<div  class=\"vc_col-sm-12 wpb_column column_container vc_column_container col no-extra-padding inherit_tablet inherit_phone\"  data-padding-pos=\"all\" data-has-bg-color=\"false\" data-bg-color=\"\" data-bg-opacity=\"1\" data-animation=\"\" data-delay=\"0\" >\n\t\t<div class=\"vc_column-inner\" >\n\t\t\t<div class=\"wpb_wrapper\">\n\t\t\t\t\n\t\t<div id=\"fws_69f477a7adc68\"  data-column-margin=\"default\" data-midnight=\"dark\"  class=\"wpb_row vc_row-fluid vc_row full-width-section\"  style=\"padding-top: 0px; padding-bottom: 0px; \"><div class=\"row-bg-wrap\" data-bg-animation=\"none\" data-bg-animation-delay=\"\" data-bg-overlay=\"true\"><div class=\"inner-wrap row-bg-layer\" ><div class=\"row-bg viewport-desktop\"  style=\"\"><\/div><\/div><div class=\"row-bg-overlay row-bg-layer\" style=\"background: rgba(0,0,0,0.3); background: linear-gradient(to bottom,rgba(0,0,0,0.3) 0%,rgba(238,238,238,0.01) 100%);  opacity: 0.5; \"><\/div><\/div><div class=\"row_col_wrap_12 col span_12 dark left\">\n\t<div  class=\"vc_col-sm-12 wpb_column column_container vc_column_container col no-extra-padding inherit_tablet inherit_phone\"  data-padding-pos=\"all\" data-has-bg-color=\"false\" data-bg-color=\"\" data-bg-opacity=\"1\" data-animation=\"\" data-delay=\"0\" >\n\t\t<div class=\"vc_column-inner\" >\n\t\t\t<div class=\"wpb_wrapper\">\n\t\t\t\t<div class=\"divider-wrap\" data-alignment=\"default\"><div style=\"height: 10px;\" class=\"divider\"><\/div><\/div>\n\t\t\t<\/div> \n\t\t<\/div>\n\t<\/div> \n<\/div><\/div>\n\n\t\t\t<\/div> \n\t\t<\/div>\n\t<\/div> \n<\/div><\/div>\n\t\t<div id=\"fws_69f477a7ae00e\"  data-column-margin=\"60px\" data-midnight=\"dark\"  class=\"wpb_row vc_row-fluid vc_row\"  style=\"padding-top: 50px; padding-bottom: 50px; \"><div class=\"row-bg-wrap\" data-bg-animation=\"none\" data-bg-animation-delay=\"\" data-bg-overlay=\"false\"><div class=\"inner-wrap row-bg-layer\" ><div class=\"row-bg viewport-desktop using-bg-color\"  style=\"background-color: #ffffff; \"><\/div><\/div><\/div><div class=\"row_col_wrap_12 col span_12 dark left\">\n\t<div  class=\"vc_col-sm-12 wpb_column column_container vc_column_container col no-extra-padding inherit_tablet inherit_phone\"  data-padding-pos=\"right\" data-has-bg-color=\"false\" data-bg-color=\"\" data-bg-opacity=\"1\" data-animation=\"\" data-delay=\"0\" >\n\t\t<div class=\"vc_column-inner\" >\n\t\t\t<div class=\"wpb_wrapper\">\n\t\t\t\t<h2 style=\"font-size: 36px;color: #1e5799;line-height: 1.4;text-align: left;font-family:Crimson Text;font-weight:600;font-style:italic\" class=\"vc_custom_heading vc_do_custom_heading\" >Les services de police au Canada : r\u00e9sum\u00e9<\/h2><div class=\"divider-wrap\" data-alignment=\"default\"><div style=\"margin-top: 25px; width: 120px; height: 5px; margin-bottom: 25px;\" data-width=\"120px\" data-animate=\"yes\" data-animation-delay=\"\" data-color=\"extra-color-1\" class=\"divider-small-border\"><\/div><\/div><div id=\"fws_69f477a7ae472\" data-midnight=\"\" data-column-margin=\"default\" class=\"wpb_row vc_row-fluid vc_row inner_row\"  style=\"\"><div class=\"row-bg-wrap\"> <div class=\"row-bg\" ><\/div> <\/div><div class=\"row_col_wrap_12_inner col span_12  left\">\n\t<div  class=\"vc_col-sm-6 wpb_column column_container vc_column_container col child_column no-extra-padding inherit_tablet inherit_phone\"   data-padding-pos=\"all\" data-has-bg-color=\"false\" data-bg-color=\"\" data-bg-opacity=\"1\" data-animation=\"\" data-delay=\"0\" >\n\t\t<div class=\"vc_column-inner\" >\n\t\t<div class=\"wpb_wrapper\">\n\t\t\t\n<div class=\"wpb_text_column wpb_content_element\" >\n\t<div class=\"wpb_wrapper\">\n\t\t<div class=\"elementor-element elementor-element-5c5c3674 elementor-widget elementor-widget-text-editor\" data-id=\"5c5c3674\" data-element_type=\"widget\" data-widget_type=\"text-editor.default\">\n<div class=\"elementor-widget-container\">\n<div class=\"elementor-text-editor elementor-clearfix\">\n<div class=\"elementor-element elementor-element-19b9278d elementor-widget elementor-widget-text-editor\" data-id=\"19b9278d\" data-element_type=\"widget\" data-widget_type=\"text-editor.default\">\n<div class=\"elementor-widget-container\">\n<div class=\"elementor-text-editor elementor-clearfix\">\n<p><em>Services de police au Canada<\/em> est une \u00e9valuation command\u00e9e par le gouvernement du Canada et produite par le Conseil des acad\u00e9mies canadiennes. La police au Canada est confront\u00e9e \u00e0 des d\u00e9fis internes et externes sans pr\u00e9c\u00e9dent, dont plusieurs sont enracin\u00e9s dans le contexte changeant dans lequel la police op\u00e8re maintenant. En m\u00eame temps, de nouvelles opportunit\u00e9s importantes \u00e9mergent qui peuvent aider les services de police \u00e0 prosp\u00e9rer dans le paysage changeant de la s\u00fbret\u00e9 et de la s\u00e9curit\u00e9. \u00c0 l&#039;aide des donn\u00e9es probantes disponibles au Canada et dans le monde, cette \u00e9valuation vise \u00e0 mieux comprendre comment les services policiers pourraient \u00eatre exerc\u00e9s plus efficacement \u00e0 l&#039;avenir.<\/p>\n<\/div>\n<\/div>\n<\/div>\n<section class=\"elementor-section elementor-inner-section elementor-element elementor-element-26c8df1f elementor-section-full_width elementor-section-height-min-height elementor-section-height-default\" data-id=\"26c8df1f\" data-element_type=\"section\">\n<div class=\"elementor-container elementor-column-gap-default\">\n<div class=\"elementor-row\">\n<div class=\"elementor-column elementor-col-50 elementor-inner-column elementor-element elementor-element-6b8706e\" data-id=\"6b8706e\" data-element_type=\"column\">\n<div class=\"elementor-column-wrap elementor-element-populated\">\n<div class=\"elementor-widget-wrap\">\n<div class=\"elementor-element elementor-element-4ee8b019 elementor-widget elementor-widget-image\" data-id=\"4ee8b019\" data-element_type=\"widget\" data-widget_type=\"image.default\">\n<div class=\"elementor-widget-container\"><\/div>\n<\/div>\n<\/div>\n<\/div>\n<\/div>\n<\/div>\n<\/div>\n<\/section>\n<\/div>\n<\/div>\n<\/div>\n<section class=\"elementor-section elementor-inner-section elementor-element elementor-element-3f68d085 elementor-section-full_width elementor-section-height-min-height elementor-section-height-default\" data-id=\"3f68d085\" data-element_type=\"section\">\n<div class=\"elementor-container elementor-column-gap-default\">\n<div class=\"elementor-row\">\n<div class=\"elementor-column elementor-col-50 elementor-inner-column elementor-element elementor-element-7ba1db19\" data-id=\"7ba1db19\" data-element_type=\"column\">\n<div class=\"elementor-column-wrap elementor-element-populated\">\n<div class=\"elementor-widget-wrap\">\n<div class=\"elementor-element elementor-element-4fa8abd4 elementor-widget elementor-widget-image\" data-id=\"4fa8abd4\" data-element_type=\"widget\" data-widget_type=\"image.default\">\n<div class=\"elementor-widget-container\"><\/div>\n<\/div>\n<\/div>\n<\/div>\n<\/div>\n<\/div>\n<\/div>\n<\/section>\n\t<\/div>\n<\/div>\n\n\n\n<div class=\"nectar-highlighted-text\" data-style=\"full_text\" data-exp=\"default\" data-using-custom-color=\"true\" data-animation-delay=\"false\" data-color=\"#ef770e\" data-color-gradient=\"\" style=\"\"><h5><em><strong>Principales conclusions de l&#039;\u00e9valuation<\/strong><\/em><\/h5>\n<\/div>\n<div class=\"wpb_text_column wpb_content_element\" >\n\t<div class=\"wpb_wrapper\">\n\t\t<p><strong>Le Conseil a constat\u00e9 que :<\/strong><\/p>\n<ul>\n<li aria-level=\"1\">La structure des organisations polici\u00e8res canadiennes doit s&#039;adapter aux nouveaux contextes, notamment en travaillant avec des organisations non polici\u00e8res dans un \u00ab\u00a0r\u00e9seau de s\u00e9curit\u00e9 et de s\u00fbret\u00e9\u00a0\u00bb<\/li>\n<li aria-level=\"1\">Les mod\u00e8les de maintien de l&#039;ordre r\u00e9ussis exigent que la police tire parti des capacit\u00e9s et des ressources sp\u00e9cialis\u00e9es du Web de la s\u00e9curit\u00e9 et de la s\u00fbret\u00e9.<\/li>\n<li aria-level=\"1\">Des structures de responsabilit\u00e9 doivent \u00eatre cr\u00e9\u00e9es dans le Web de la s\u00e9curit\u00e9 et de la s\u00fbret\u00e9<\/li>\n<\/ul>\n\t<\/div>\n<\/div>\n\n\n\n\n\t\t<\/div> \n\t<\/div>\n\t<\/div> \n\n\t<div style=\"\" class=\"vc_col-sm-6 wpb_column column_container vc_column_container col child_column padding-3-percent inherit_tablet inherit_phone\"  data-using-bg=\"true\" data-border-animation=\"\" data-border-animation-delay=\"\" data-border-width=\"1px\" data-border-style=\"solid\" data-border-color=\"#1e5799\" data-padding-pos=\"all\" data-has-bg-color=\"true\" data-bg-color=\"#1e5799\" data-bg-opacity=\"0.1\" data-animation=\"\" data-delay=\"0\" >\n\t\t<div class=\"vc_column-inner\" style=\"border: 1px solid rgba(255,255,255,0); \"><span class=\"border-wrap\" style=\"border-color: #1e5799;\"><span class=\"border-top\"><\/span><span class=\"border-right\"><\/span><span class=\"border-bottom\"><\/span><span class=\"border-left\"><\/span><\/span><div class=\"column-bg-overlay-wrap column-bg-layer\" data-bg-animation=\"none\"><div class=\"column-bg-overlay\" style=\"opacity: 0.1; background-color: #1e5799;\"><\/div><\/div>\n\t\t<div class=\"wpb_wrapper\">\n\t\t\t\n<div class=\"wpb_text_column wpb_content_element\" >\n\t<div class=\"wpb_wrapper\">\n\t\t<h5>Le maintien de l&#039;ordre au Canada au 21e si\u00e8cle \u2013 La responsabilit\u00e9 polici\u00e8re<\/h5>\n\t<\/div>\n<\/div>\n\n\n\n<a class=\"nectar-button large regular accent-color  regular-button\"  role=\"button\" style=\"\" target=\"_blank\" href=\"\/wp-content\/uploads\/2021\/09\/policing_fullreporten.pdf\" data-color-override=\"false\" data-hover-color-override=\"false\" data-hover-text-color-override=\"#fff\"><span>T\u00c9L\u00c9CHARGER LE RAPPORT<\/span><\/a><div class=\"img-with-aniamtion-wrap\" data-max-width=\"100%\" data-max-width-mobile=\"default\" data-shadow=\"none\" data-animation=\"fade-in\" >\n      <div class=\"inner\">\n        <div class=\"hover-wrap\"> \n          <div class=\"hover-wrap-inner\">\n            <a href=\"\/wp-content\/uploads\/2021\/09\/policing_fullreporten.pdf\" target=\"_blank\" class=\"\">\n              <img loading=\"lazy\" decoding=\"async\" class=\"img-with-animation skip-lazy\" data-delay=\"0\" height=\"592\" width=\"530\" data-animation=\"fade-in\" src=\"https:\/\/ccla.org\/wp-content\/uploads\/2021\/09\/PolicingCanada21st_Century_2.jpg\" alt=\"\" srcset=\"https:\/\/ccla.org\/wp-content\/uploads\/2021\/09\/PolicingCanada21st_Century_2.jpg 530w, https:\/\/ccla.org\/wp-content\/uploads\/2021\/09\/PolicingCanada21st_Century_2-269x300.jpg 269w, https:\/\/ccla.org\/wp-content\/uploads\/2021\/09\/PolicingCanada21st_Century_2-11x12.jpg 11w\" sizes=\"auto, (max-width: 530px) 100vw, 530px\" \/>\n            <\/a>\n          <\/div>\n        <\/div>\n      <\/div>\n      <\/div>\n\t\t<\/div> \n\t<\/div>\n\t<\/div> \n<\/div><\/div>\n\t\t\t<\/div> \n\t\t<\/div>\n\t<\/div> \n<\/div><\/div>\n\t\t<div id=\"fws_69f477a7afc93\"  data-column-margin=\"default\" data-midnight=\"dark\"  class=\"wpb_row vc_row-fluid vc_row full-width-section\"  style=\"padding-top: 50px; padding-bottom: 70px; \"><div class=\"row-bg-wrap\" data-bg-animation=\"none\" data-bg-animation-delay=\"\" data-bg-overlay=\"false\"><div class=\"inner-wrap row-bg-layer\" ><div class=\"row-bg viewport-desktop using-bg-color\"  style=\"background-color: #fafafa; \"><\/div><\/div><\/div><div class=\"row_col_wrap_12 col span_12 dark left\">\n\t<div  class=\"vc_col-sm-12 wpb_column column_container vc_column_container col no-extra-padding inherit_tablet inherit_phone\"  data-padding-pos=\"all\" data-has-bg-color=\"false\" data-bg-color=\"\" data-bg-opacity=\"1\" data-animation=\"\" data-delay=\"0\" >\n\t\t<div class=\"vc_column-inner\" >\n\t\t\t<div class=\"wpb_wrapper\">\n\t\t\t\t<h5 style=\"font-size: 36px;color: #1e5799;line-height: 1.3;text-align: left\" class=\"vc_custom_heading vc_do_custom_heading\" >Qui a produit le rapport\u00a0?<\/h5><div class=\"divider-wrap\" data-alignment=\"default\"><div style=\"margin-top: 25px; width: 120px; height: 5px; margin-bottom: 25px;\" data-width=\"120px\" data-animate=\"\" data-animation-delay=\"\" data-color=\"extra-color-1\" class=\"divider-small-border\"><\/div><\/div>\n<div class=\"wpb_text_column wpb_content_element\" >\n\t<div class=\"wpb_wrapper\">\n\t\t<div class=\"entry-content\">\n<div class=\"elementor elementor-41370\" data-elementor-type=\"wp-page\" data-elementor-id=\"41370\" data-elementor-settings=\"&#091;&#093;\">\n<div class=\"elementor-inner\">\n<div class=\"elementor-section-wrap\">\n<section class=\"elementor-section elementor-top-section elementor-element elementor-element-445ec78f elementor-section-boxed elementor-section-height-default elementor-section-height-default\" data-id=\"445ec78f\" data-element_type=\"section\">\n<div class=\"elementor-container elementor-column-gap-default\">\n<div class=\"elementor-row\">\n<div class=\"elementor-column elementor-col-100 elementor-top-column elementor-element elementor-element-7c465c7b\" data-id=\"7c465c7b\" data-element_type=\"column\">\n<div class=\"elementor-column-wrap elementor-element-populated\">\n<div class=\"elementor-widget-wrap\">\n<div class=\"elementor-element elementor-element-706ed2a7 elementor-widget elementor-widget-text-editor\" data-id=\"706ed2a7\" data-element_type=\"widget\" data-widget_type=\"text-editor.default\">\n<div class=\"elementor-widget-container\">\n<div class=\"elementor-text-editor elementor-clearfix\">\n<div class=\"entry-content\">\n<div class=\"elementor elementor-41351\" data-elementor-type=\"wp-page\" data-elementor-id=\"41351\" data-elementor-settings=\"&#091;&#093;\">\n<div class=\"elementor-inner\">\n<div class=\"elementor-section-wrap\">\n<section class=\"elementor-section elementor-top-section elementor-element elementor-element-7ed4e4be elementor-section-boxed elementor-section-height-default elementor-section-height-default\" data-id=\"7ed4e4be\" data-element_type=\"section\">\n<div class=\"elementor-container elementor-column-gap-default\">\n<div class=\"elementor-row\">\n<div class=\"elementor-column elementor-col-100 elementor-top-column elementor-element elementor-element-1d98e4e5\" data-id=\"1d98e4e5\" data-element_type=\"column\">\n<div class=\"elementor-column-wrap elementor-element-populated\">\n<div class=\"elementor-widget-wrap\">\n<div class=\"elementor-element elementor-element-312826d6 elementor-widget elementor-widget-text-editor\" data-id=\"312826d6\" data-element_type=\"widget\" data-widget_type=\"text-editor.default\">\n<div class=\"elementor-widget-container\">\n<div class=\"elementor-text-editor elementor-clearfix\">\n<div class=\"entry-content\">\n<div class=\"elementor elementor-41294\" data-elementor-type=\"wp-page\" data-elementor-id=\"41294\" data-elementor-settings=\"&#091;&#093;\">\n<div class=\"elementor-inner\">\n<div class=\"elementor-section-wrap\">\n<section class=\"elementor-section elementor-top-section elementor-element elementor-element-6b1d70a2 elementor-section-boxed elementor-section-height-default elementor-section-height-default\" data-id=\"6b1d70a2\" data-element_type=\"section\">\n<div class=\"elementor-container elementor-column-gap-default\">\n<div class=\"elementor-row\">\n<div class=\"elementor-column elementor-col-100 elementor-top-column elementor-element elementor-element-10fd021\" data-id=\"10fd021\" data-element_type=\"column\">\n<div class=\"elementor-column-wrap elementor-element-populated\">\n<div class=\"elementor-widget-wrap\">\n<div class=\"elementor-element elementor-element-441c185 elementor-widget elementor-widget-text-editor\" data-id=\"441c185\" data-element_type=\"widget\" data-widget_type=\"text-editor.default\">\n<div class=\"elementor-widget-container\">\n<div class=\"elementor-text-editor elementor-clearfix\">\n<p>Ce rapport a \u00e9t\u00e9 produit par le Conseil des acad\u00e9mies canadiennes, un organisme ind\u00e9pendant \u00e0 but non lucratif qui appuie les \u00e9valuations d&#039;experts ind\u00e9pendants et scientifiques pour \u00e9clairer l&#039;\u00e9laboration des politiques publiques au Canada. Ce rapport s&#039;efforce de cerner les enjeux \u00e9mergents, les lacunes dans les connaissances, les forces canadiennes et les tendances et pratiques internationales en mati\u00e8re de services policiers. Cette \u00e9valuation fournira aux d\u00e9cideurs gouvernementaux, aux chercheurs et aux intervenants les renseignements de haute qualit\u00e9 n\u00e9cessaires \u00e0 l&#039;\u00e9laboration de politiques publiques \u00e9clair\u00e9es et novatrices sur les services policiers au Canada. <a href=\"\/wp-content\/uploads\/2021\/09\/policing_fullreporten.pdf\" target=\"_blank\" rel=\"noopener\">Lire le rapport complet<\/a> pour plus de d\u00e9tails sur l&#039;avenir des services policiers au Canada.<\/p>\n<\/div>\n<\/div>\n<\/div>\n<\/div>\n<\/div>\n<\/div>\n<\/div>\n<\/div>\n<\/section>\n<\/div>\n<\/div>\n<\/div>\n<\/div>\n<\/div>\n<\/div>\n<\/div>\n<\/div>\n<\/div>\n<\/div>\n<\/div>\n<\/div>\n<\/section>\n<\/div>\n<\/div>\n<\/div>\n<\/div>\n<\/div>\n<\/div>\n<\/div>\n<\/div>\n<\/div>\n<\/div>\n<\/div>\n<\/div>\n<\/section>\n<\/div>\n<\/div>\n<\/div>\n<\/div>\n\t<\/div>\n<\/div>\n\n\n\n\n\t\t\t<\/div> \n\t\t<\/div>\n\t<\/div> \n<\/div><\/div>\n\t\t<div id=\"fws_69f477a7b02e1\"  data-column-margin=\"default\" data-midnight=\"dark\"  class=\"wpb_row vc_row-fluid vc_row full-width-section\"  style=\"padding-top: 0px; padding-bottom: 0px; \"><div class=\"row-bg-wrap\" data-bg-animation=\"none\" data-bg-animation-delay=\"\" data-bg-overlay=\"true\"><div class=\"inner-wrap row-bg-layer\" ><div class=\"row-bg viewport-desktop using-bg-color\"  style=\"background-color: #f2f2f2; \"><\/div><\/div><div class=\"row-bg-overlay row-bg-layer\" style=\"background: rgba(0,0,0,0.3); background: linear-gradient(to bottom,rgba(0,0,0,0.3) 0%,rgba(238,238,238,0.01) 100%);  opacity: 0.5; \"><\/div><\/div><div class=\"row_col_wrap_12 col span_12 dark left\">\n\t<div  class=\"vc_col-sm-12 wpb_column column_container vc_column_container col no-extra-padding inherit_tablet inherit_phone\"  data-padding-pos=\"all\" data-has-bg-color=\"false\" data-bg-color=\"\" data-bg-opacity=\"1\" data-animation=\"\" data-delay=\"0\" >\n\t\t<div class=\"vc_column-inner\" >\n\t\t\t<div class=\"wpb_wrapper\">\n\t\t\t\t<div class=\"divider-wrap\" data-alignment=\"default\"><div style=\"height: 10px;\" class=\"divider\"><\/div><\/div>\n\t\t\t<\/div> \n\t\t<\/div>\n\t<\/div> \n<\/div><\/div>\n\t\t<div id=\"fws_69f477a7b05a5\"  data-column-margin=\"default\" data-midnight=\"dark\"  class=\"wpb_row vc_row-fluid vc_row full-width-section\"  style=\"padding-top: 0px; padding-bottom: 0px; \"><div class=\"row-bg-wrap\" data-bg-animation=\"none\" data-bg-animation-delay=\"\" data-bg-overlay=\"false\"><div class=\"inner-wrap row-bg-layer\" ><div class=\"row-bg viewport-desktop using-bg-color\"  style=\"background-color: #f2f2f2; \"><\/div><\/div><\/div><div class=\"row_col_wrap_12 col span_12 dark left\">\n\t<div  class=\"vc_col-sm-12 wpb_column column_container vc_column_container col padding-4-percent inherit_tablet inherit_phone\"  data-padding-pos=\"bottom\" data-has-bg-color=\"false\" data-bg-color=\"\" data-bg-opacity=\"1\" data-animation=\"\" data-delay=\"0\" >\n\t\t<div class=\"vc_column-inner\" >\n\t\t\t<div class=\"wpb_wrapper\">\n\t\t\t\t<div class=\"divider-wrap\" data-alignment=\"default\"><div style=\"height: 50px;\" class=\"divider\"><\/div><\/div><h2 style=\"color: #1e5799;text-align: center\" class=\"vc_custom_heading vc_do_custom_heading\" >Nos derniers travaux et mises \u00e0 jour<\/h2><div class=\"divider-wrap\" data-alignment=\"default\"><div style=\"height: 30px;\" class=\"divider\"><\/div><\/div><div class='nectar-post-grid-wrap custom-post-grid text-color-dark spacing-5px' data-el-settings='{\"post_type\":\"post\",\"pagination\":\"none\",\"image_size\":\"portfolio-thumb\",\"parallax_scrolling\":\"\",\"aspect_ratio_image_size\":\"yes\",\"category_position\":\"default\",\"category_display\":\"default\",\"display_categories\":\"0\",\"display_excerpt\":\"yes\",\"excerpt_length\":\"20\",\"display_date\":\"yes\",\"display_estimated_reading_time\":\"0\",\"display_author\":\"0\",\"author_functionality\":\"default\",\"author_position\":\"default\",\"color_overlay\":\"\",\"color_overlay_opacity\":\"\",\"color_overlay_hover_opacity\":\"\",\"card_bg_color\":\"#ffffff\",\"grid_style\":\"content_under_image\",\"hover_effect\":\"zoom\",\"post_title_overlay\":\"\",\"heading_tag\":\"h3\",\"enable_gallery_lightbox\":\"0\",\"category_style\":\"underline\",\"overlay_secondary_project_image\":\"\",\"vertical_list_hover_effect\":\"none\",\"vertical_list_read_more\":\"\",\"read_more_button\":\"0\",\"animation\":\"fade-in-from-bottom\"}' data-style='content_under_image' data-query='{\"post_type\":\"post\",\"posts_per_page\":\"20\",\"order\":\"DESC\",\"orderby\":\"date\",\"offset\":\"0\",\"cpt_name\":\"post\",\"custom_query_tax\":\"\",\"ignore_sticky_posts\":\"\"}' data-load-more-color='black' data-load-more-text='Load More'><div class=\"nectar-post-grid-filters\" data-active-color=\"default\" data-align=\"default\" data-animation=\"fade-in-from-bottom\" data-sortable=\"\"><h4>Filtre<\/h4><div><a href=\"#\" class=\"active all-filter\" data-total-count=\"1199\" data-filter=\"-1\">Tout<\/a><a href=\"#\" data-filter=\"access-to-information\" data-total-count=\"7\">Acc\u00e8s \u00e0 l&#039;information<\/a><a href=\"#\" data-filter=\"arbitrary-detention\" data-total-count=\"17\">D\u00e9tention arbitraire<\/a><a href=\"#\" data-filter=\"artificial-intelligence\" data-total-count=\"19\">Intelligence artificielle<\/a><a href=\"#\" data-filter=\"bill-21\" data-total-count=\"24\">Loi 21<\/a><a href=\"#\" data-filter=\"bill-21-daily-recap\" data-total-count=\"4\">R\u00e9capitulatif quotidien du projet de loi 21<\/a><a href=\"#\" data-filter=\"bill-28\" data-total-count=\"7\">Projet de loi 28<\/a><a href=\"#\" data-filter=\"bill-c-27\" data-total-count=\"4\">Projet de loi C-27<\/a><a href=\"#\" data-filter=\"border-technology\" data-total-count=\"4\">Technologie des fronti\u00e8res<\/a><a href=\"#\" data-filter=\"tr-cases-laws\" data-total-count=\"21\">Jurisprudence et lois<\/a><a href=\"#\" data-filter=\"ccpa-bill-c-11\" data-total-count=\"3\">CCPA (projet de loi C-11)<\/a><a href=\"#\" data-filter=\"community-supervision\" data-total-count=\"2\">Surveillance communautaire<\/a><a href=\"#\" data-filter=\"conditions-of-confinement\" data-total-count=\"40\">Conditions de confinement<\/a><a href=\"#\" data-filter=\"constitutional-remedies\" data-total-count=\"8\">Recours constitutionnels<\/a><a href=\"#\" data-filter=\"covid-19\" data-total-count=\"126\">COVID-19 [feminine<\/a><a href=\"#\" data-filter=\"covid-19-law-enforcement\" data-total-count=\"34\">COVID-19 et application de la loi<\/a><a href=\"#\" data-filter=\"covid-19-prisons\" data-total-count=\"13\">COVID-19 et prisons<\/a><a href=\"#\" data-filter=\"criminal-justice\" data-total-count=\"277\">JUSTICE CRIMINELLE<\/a><a href=\"#\" data-filter=\"criminal-prohibitions-on-speech\" data-total-count=\"7\">Interdictions p\u00e9nales sur la parole<\/a><a href=\"#\" data-filter=\"criminal-records-collateral-consequences\" data-total-count=\"17\">Casier judiciaire et cons\u00e9quences collat\u00e9rales<\/a><a href=\"#\" data-filter=\"criminal-records-police-record-checks\" data-total-count=\"4\">Casiers judiciaires et v\u00e9rifications des casiers judiciaires<\/a><a href=\"#\" data-filter=\"criminal-records-police-record-checks-criminal-records-collateral-consequences\" data-total-count=\"11\">Casiers judiciaires et v\u00e9rifications des casiers judiciaires<\/a><a href=\"#\" data-filter=\"cruel-unusual-punishment\" data-total-count=\"12\">Punition cruelle et inhabituelle<\/a><a href=\"#\" data-filter=\"cybersecurity\" data-total-count=\"1\">Cybersecurity<\/a><a href=\"#\" data-filter=\"deaths-in-custody\" data-total-count=\"6\">D\u00e9c\u00e8s en d\u00e9tention<\/a><a href=\"#\" data-filter=\"decriminalization\" data-total-count=\"3\">D\u00e9p\u00e9nalisation<\/a><a href=\"#\" data-filter=\"deescalation-use-of-force\" data-total-count=\"6\">D\u00e9sescalade et recours \u00e0 la force<\/a><a href=\"#\" data-filter=\"defamation\" data-total-count=\"2\">Diffamation<\/a><a href=\"#\" data-filter=\"democratic-emergency-in-quebec\" data-total-count=\"15\">Urgence d\u00e9mocratique au Qu\u00e9bec<\/a><a href=\"#\" data-filter=\"democratic-rights\" data-total-count=\"83\">Droits d\u00e9mocratiques<\/a><a href=\"#\" data-filter=\"detasking-police\" data-total-count=\"5\">D\u00e9tachement de la police<\/a><a href=\"#\" data-filter=\"device-searches\" data-total-count=\"15\">Recherches d&#039;appareils<\/a><a href=\"#\" data-filter=\"digital-id\" data-total-count=\"1\">Carte d'identit\u00e9 num\u00e9rique<\/a><a href=\"#\" data-filter=\"disability\" data-total-count=\"36\">Invalidit\u00e9<\/a><a href=\"#\" data-filter=\"dna-forensics\" data-total-count=\"2\">ADN m\u00e9dico-l\u00e9gal<\/a><a href=\"#\" data-filter=\"donate\" data-total-count=\"2\">FAIRE UN DON<\/a><a href=\"#\" data-filter=\"education\" data-total-count=\"15\">\u00c9DUCATION<\/a><a href=\"#\" data-filter=\"election-finance\" data-total-count=\"14\">Financement des \u00e9lections<\/a><a href=\"#\" data-filter=\"emergencies-act-major-cases-reports\" data-total-count=\"34\">Loi sur les mesures d\u2019urgence<\/a><a href=\"#\" data-filter=\"emergencies-act\" data-total-count=\"16\">Nouvelles de la Loi sur les mesures d&#039;urgence<\/a><a href=\"#\" data-filter=\"encryption\" data-total-count=\"2\">Cryptage<\/a><a href=\"#\" data-filter=\"equality\" data-total-count=\"311\">\u00c9GALIT\u00c9<\/a><a href=\"#\" data-filter=\"face-surveillance\" data-total-count=\"22\">Surveillance du visage<\/a><a href=\"#\" data-filter=\"fair-trial-rights\" data-total-count=\"18\">Droits \u00e0 un proc\u00e8s \u00e9quitable<\/a><a href=\"#\" data-filter=\"fair-trial-due-process-sentencing\" data-total-count=\"88\">Proc\u00e8s \u00e9quitable, proc\u00e9dure r\u00e9guli\u00e8re et condamnation<\/a><a href=\"#\" data-filter=\"fighting-compelled-political-speech\" data-total-count=\"3\">Combattre le discours politique forc\u00e9<\/a><a href=\"#\" data-filter=\"fighting-solitary-confinement\" data-total-count=\"17\">Combattre l&#039;isolement<\/a><a href=\"#\" data-filter=\"freedoms-association\" data-total-count=\"28\">Libert\u00e9 d&#039;association<\/a><a href=\"#\" data-filter=\"freedoms-expression\" data-total-count=\"115\">Libert\u00e9 d&#039;expression<\/a><a href=\"#\" data-filter=\"freedoms-religion\" data-total-count=\"36\">La libert\u00e9 de religion<\/a><a href=\"#\" data-filter=\"freedoms-press\" data-total-count=\"10\">Libert\u00e9 de la presse<\/a><a href=\"#\" data-filter=\"front-burner-issues\" data-total-count=\"1\">PROBL\u00c8MES DE BR\u00dbLEUR AVANT<\/a><a href=\"#\" data-filter=\"fundamental-freedoms\" data-total-count=\"358\">LIBERTES FONDAMENTALES<\/a><a href=\"#\" data-filter=\"get-informed\" data-total-count=\"76\">S&#039;INFORMER<\/a><a href=\"#\" data-filter=\"guides\" data-total-count=\"9\">Guides<\/a><a href=\"#\" data-filter=\"habeas-corpus\" data-total-count=\"2\">Habeas corpus<\/a><a href=\"#\" data-filter=\"in-the-news\" data-total-count=\"219\">DANS LES NOUVELLES<\/a><a href=\"#\" data-filter=\"inclo-reports\" data-total-count=\"6\">INCL<\/a><a href=\"#\" data-filter=\"indigenous-people\" data-total-count=\"22\">Indig\u00e8nes<\/a><a href=\"#\" data-filter=\"information-sharing\" data-total-count=\"10\">Partage d&#039;information<\/a><a href=\"#\" data-filter=\"intelligence-cybersecurity\" data-total-count=\"8\">Intelligence &amp; Cybers\u00e9curit\u00e9<\/a><a href=\"#\" data-filter=\"internet-privacy-and-speech\" data-total-count=\"3\">Confidentialit\u00e9 et discours sur Internet<\/a><a href=\"#\" data-filter=\"tr-learn\" data-total-count=\"40\">Apprendre<\/a><a href=\"#\" data-filter=\"lgbtq2s\" data-total-count=\"60\">LGBTQ2S+<\/a><a href=\"#\" data-filter=\"life-liberty-security\" data-total-count=\"12\">Vie, libert\u00e9 et s\u00e9curit\u00e9<\/a><a href=\"#\" data-filter=\"major-cases-reports\" data-total-count=\"250\">AFFAIRES ET RAPPORTS MAJEURS<\/a><a href=\"#\" data-filter=\"mass-surveillance\" data-total-count=\"10\">Surveillance de masse<\/a><a href=\"#\" data-filter=\"mobility\" data-total-count=\"40\">Mobilit\u00e9<\/a><a href=\"#\" data-filter=\"national-security\" data-total-count=\"40\">La s\u00e9curit\u00e9 nationale<\/a><a href=\"#\" data-filter=\"nb-abortion-rights\" data-total-count=\"11\">NB Droits \u00e0 l&#039;avortement<\/a><a href=\"#\" data-filter=\"not-criminally-responsible\" data-total-count=\"2\">Non p\u00e9nalement responsable<\/a><a href=\"#\" data-filter=\"notwithstanding-clause\" data-total-count=\"21\">Clause d\u00e9rogatoire<\/a><a href=\"#\" data-filter=\"ontario-private-sector-legislation\" data-total-count=\"1\">Lois sur le secteur priv\u00e9 de l&#039;Ontario<\/a><a href=\"#\" data-filter=\"open-courts\" data-total-count=\"4\">Tribunaux ouverts<\/a><a href=\"#\" data-filter=\"pipeda\" data-total-count=\"4\">LPRPDE<\/a><a href=\"#\" data-filter=\"podcast\" data-total-count=\"5\">PODCAST<\/a><a href=\"#\" data-filter=\"police-coercion-entrapment\" data-total-count=\"1\">Coercition polici\u00e8re et pi\u00e9geage<\/a><a href=\"#\" data-filter=\"police-powers-accountability\" data-total-count=\"99\">Pouvoirs de la police, recours \u00e0 la force et responsabilit\u00e9 de la police<\/a><a href=\"#\" data-filter=\"police-transparency-oversight-accountability\" data-total-count=\"18\">Transparence, surveillance et responsabilit\u00e9 polici\u00e8res<\/a><a href=\"#\" data-filter=\"policy-713\" data-total-count=\"10\">Politique 713<\/a><a href=\"#\" data-filter=\"political-advertising\" data-total-count=\"16\">Publicit\u00e9 politique<\/a><a href=\"#\" data-filter=\"press-release\" data-total-count=\"316\">COMMUNIQU\u00c9S DE PRESSE<\/a><a href=\"#\" data-filter=\"presumption-of-innocence\" data-total-count=\"7\">Pr\u00e9somption d&#039;innocence<\/a><a href=\"#\" data-filter=\"prisons-jails-community-supervision\" data-total-count=\"61\">Prisons, prisons et surveillance communautaire<\/a><a href=\"#\" data-filter=\"privacy\" data-total-count=\"184\">INTIMIT\u00c9<\/a><a href=\"#\" data-filter=\"privacy-act\" data-total-count=\"2\">Loi sur la protection des renseignements personnels<\/a><a href=\"#\" data-filter=\"privacy-during-covid\" data-total-count=\"4\">Confidentialit\u00e9 pendant COVID<\/a><a href=\"#\" data-filter=\"privacy-law-reform\" data-total-count=\"31\">R\u00e9forme de la loi sur la protection de la vie priv\u00e9e<\/a><a href=\"#\" data-filter=\"prosecutorial-misconduct\" data-total-count=\"3\">Inconduite du procureur<\/a><a href=\"#\" data-filter=\"protecting-journalists\" data-total-count=\"4\">Prot\u00e9ger les journalistes<\/a><a href=\"#\" data-filter=\"quebecs-school-prayer-ban\" data-total-count=\"3\">L'interdiction de la pri\u00e8re \u00e0 l'\u00e9cole au Qu\u00e9bec<\/a><a href=\"#\" data-filter=\"race-religion-ethnicity\" data-total-count=\"81\">Race, religion et ethnicit\u00e9<\/a><a href=\"#\" data-filter=\"racial-profiling\" data-total-count=\"21\">profilage racial<\/a><a href=\"#\" data-filter=\"reasonable-expectations-of-privacy\" data-total-count=\"12\">Attentes raisonnables en mati\u00e8re de confidentialit\u00e9<\/a><a href=\"#\" data-filter=\"immigration-refugees\" data-total-count=\"51\">R\u00e9fugi\u00e9s et immigration<\/a><a href=\"#\" data-filter=\"regulation-of-online-expression\" data-total-count=\"21\">R\u00e9glementation de l&#039;expression en ligne<\/a><a href=\"#\" data-filter=\"right-to-counsel\" data-total-count=\"1\">Droit \u00e0 un conseil<\/a><a href=\"#\" data-filter=\"right-to-protest\" data-total-count=\"51\">Droit de protester<\/a><a href=\"#\" data-filter=\"right-to-reasonable-bail\" data-total-count=\"27\">Droit \u00e0 une caution raisonnable<\/a><a href=\"#\" data-filter=\"right-to-silence\" data-total-count=\"4\">Droit au silence<\/a><a href=\"#\" data-filter=\"safe-shelters\" data-total-count=\"11\">Abris s\u00fbrs<\/a><a href=\"#\" data-filter=\"search-seizure\" data-total-count=\"34\">Recherche &amp; Saisie<\/a><a href=\"#\" data-filter=\"search-seizure-prisons-jails-community-supervision\" data-total-count=\"4\">Recherche &amp; Saisie<\/a><a href=\"#\" data-filter=\"sentencing\" data-total-count=\"15\">Condamnation<\/a><a href=\"#\" data-filter=\"sex-offender-registries\" data-total-count=\"3\">Registres des d\u00e9linquants sexuels<\/a><a href=\"#\" data-filter=\"smart-cities\" data-total-count=\"11\">Villes intelligentes<\/a><a href=\"#\" data-filter=\"social-media\" data-total-count=\"5\">Des m\u00e9dias sociaux<\/a><a href=\"#\" data-filter=\"socio-economic-status\" data-total-count=\"44\">Statut socio\u00e9conomique<\/a><a href=\"#\" data-filter=\"solitary-confinement\" data-total-count=\"16\">L&#039;isolement<\/a><a href=\"#\" data-filter=\"strip-searches\" data-total-count=\"2\">Fouilles \u00e0 nu<\/a><a href=\"#\" data-filter=\"surveillance-and-privacy\" data-total-count=\"19\">Surveillance et confidentialit\u00e9<\/a><a href=\"#\" data-filter=\"surveillance-technology\" data-total-count=\"90\">Surveillance et technologie<\/a><a href=\"#\" data-filter=\"surveillance-capitalism\" data-total-count=\"1\">Capitalisme de surveillance<\/a><a href=\"#\" data-filter=\"take-action\" data-total-count=\"1\">PASSER \u00c0 L&#039;ACTION<\/a><a href=\"#\" data-filter=\"talk-rights\" data-total-count=\"61\">Droits de parole<\/a><a href=\"#\" data-filter=\"torontos-smart-city\" data-total-count=\"10\">Ville intelligente de Toronto&#039;s<\/a><a href=\"#\" data-filter=\"travel-screening\" data-total-count=\"3\">D\u00e9pistage de voyage<\/a><a href=\"#\" data-filter=\"uncategorized\" data-total-count=\"20\">Non class\u00e9<\/a><a href=\"#\" data-filter=\"unreasonable-search-seizure\" data-total-count=\"20\">Fouilles et saisies abusives<\/a><a href=\"#\" data-filter=\"vaccine-passports\" data-total-count=\"8\">Passeports pour les vaccins<\/a><a href=\"#\" data-filter=\"volunteer\" data-total-count=\"1\">B\u00c9N\u00c9VOLE<\/a><a href=\"#\" data-filter=\"voting-rights\" data-total-count=\"14\">Droit de vote<\/a><a href=\"#\" data-filter=\"women\" data-total-count=\"42\">Femmes<\/a><a href=\"#\" data-filter=\"youth\" data-total-count=\"53\">Jeunesse<\/a><\/div><\/div><div class=\"nectar-post-grid category-position-before-title\" data-indicator=\"\" data-indicator-style=\"default\" data-indicator-text-color=\"#fff\" data-indicator-color=\"#000\" data-indicator-text=\"View\" data-masonry=\"false\" data-columns=\"4\" data-hover-effect=\"zoom\" data-text-style=\"default\" data-border-radius=\"5px\" data-grid-item-height=\"30vh\" data-grid-spacing=\"5px\" data-text-layout=\"top_left\" data-text-color=\"dark\" data-text-hover-color=\"dark\" data-shadow-hover=\"yes\" data-animation=\"fade-in-from-bottom\" data-animation-stagger=\"90\" data-cat-click=\"default\"  data-lock-aspect=\"yes\"  data-text-align=\"left\" data-card=\"yes\" style=\"--post-grid-border-radius:5px;\" ><div class=\"nectar-post-grid-item\" style=\"background-color: #ffffff;\" data-post-id=\"9474\" data-has-img=\"true\"> <div class=\"inner\"><div class=\"nectar-post-grid-item-bg-wrap\"><div class=\"nectar-post-grid-item-bg-wrap-inner\"><a class=\"bg-wrap-link\" aria-label=\"Connaissez vos droits\u00a0: les universit\u00e9s devraient continuer \u00e0 reconna\u00eetre le droit des \u00e9tudiants \u00e0 s&#039;exprimer et \u00e0 manifester pacifiquement\" href=\"https:\/\/ccla.org\/fr\/libertes-fondamentales\/know-your-rights-universities-should-continue-to-acknowledge-the-rights-of-students-to-express-themselves-and-to-protest-peacefully\/\"><\/a><div class=\"nectar-post-grid-item-bg\"><img loading=\"lazy\" decoding=\"async\" class=\"nectar-lazy skip-lazy\" src=\"data:image\/svg+xml;charset=utf-8,%3Csvg%20xmlns%3D'http%3A%2F%2Fwww.w3.org%2F2000%2Fsvg'%20viewBox%3D'0%200%202000%20800'%2F%3E\" alt=\"\" height=\"800\" width=\"2000\" data-nectar-img-src=\"https:\/\/ccla.org\/wp-content\/uploads\/2021\/07\/clem-onojeghuo-AZl7zXGSSAE-unsplash-600x403.jpg\" data-nectar-img-srcset=\"https:\/\/ccla.org\/wp-content\/uploads\/2021\/07\/clem-onojeghuo-AZl7zXGSSAE-unsplash-600x403.jpg 600w, https:\/\/ccla.org\/wp-content\/uploads\/2021\/07\/clem-onojeghuo-AZl7zXGSSAE-unsplash-900x604.jpg 900w, https:\/\/ccla.org\/wp-content\/uploads\/2021\/07\/clem-onojeghuo-AZl7zXGSSAE-unsplash-400x269.jpg 400w\" sizes=\"auto, (max-width: 600px) 100vw, 600px\" \/><\/div><\/div><\/div><div class=\"content\"><a class=\"nectar-post-grid-link\" href=\"https:\/\/ccla.org\/fr\/libertes-fondamentales\/know-your-rights-universities-should-continue-to-acknowledge-the-rights-of-students-to-express-themselves-and-to-protest-peacefully\/\" aria-label=\"Connaissez vos droits\u00a0: les universit\u00e9s devraient continuer \u00e0 reconna\u00eetre le droit des \u00e9tudiants \u00e0 s&#039;exprimer et \u00e0 manifester pacifiquement\"><\/a><div class=\"item-main\"><h3 class=\"post-heading\"><a href=\"https:\/\/ccla.org\/fr\/libertes-fondamentales\/know-your-rights-universities-should-continue-to-acknowledge-the-rights-of-students-to-express-themselves-and-to-protest-peacefully\/\"><span>Connaissez vos droits\u00a0: les universit\u00e9s devraient continuer \u00e0 reconna\u00eetre le droit des \u00e9tudiants \u00e0 s&#039;exprimer et \u00e0 manifester pacifiquement<\/span><\/a><\/h3><div class=\"nectar-post-grid-item__excerpt-wrap item-meta-extra\"><span class=\"meta-excerpt\">Aujourd\u2019hui plus que jamais, il est important que les individus comprennent leurs droits lorsqu\u2019ils\u2026<\/span><\/div><span class=\"nectar-post-grid-item__meta-wrap\"><span class=\"meta-date\">8 mai 2024<\/span><\/span><\/div><\/div><\/div><\/div><div class=\"nectar-post-grid-item\" style=\"background-color: #ffffff;\" data-post-id=\"7223\" data-has-img=\"true\"> <div class=\"inner\"><div class=\"nectar-post-grid-item-bg-wrap\"><div class=\"nectar-post-grid-item-bg-wrap-inner\"><a class=\"bg-wrap-link\" aria-label=\"Joignez-vous \u00e0 nous alors que nous nous dressons contre le projet de loi 21 et pour les droits de la personne\" href=\"https:\/\/ccla.org\/fr\/rapports-sur-des-cas-majeurs\/join-us-as-we-stand-against-bill-21-and-for-human-rights\/\"><\/a><div class=\"nectar-post-grid-item-bg\"><img loading=\"lazy\" decoding=\"async\" class=\"nectar-lazy skip-lazy\" src=\"data:image\/svg+xml;charset=utf-8,%3Csvg%20xmlns%3D'http%3A%2F%2Fwww.w3.org%2F2000%2Fsvg'%20viewBox%3D'0%200%202000%20800'%2F%3E\" alt=\"\" height=\"800\" width=\"2000\" data-nectar-img-src=\"https:\/\/ccla.org\/wp-content\/uploads\/2021\/06\/asia-muslim-lady-using-computer-laptop-talk-to-col-AGXC8AB-600x403.jpg\" data-nectar-img-srcset=\"https:\/\/ccla.org\/wp-content\/uploads\/2021\/06\/asia-muslim-lady-using-computer-laptop-talk-to-col-AGXC8AB-600x403.jpg 600w, https:\/\/ccla.org\/wp-content\/uploads\/2021\/06\/asia-muslim-lady-using-computer-laptop-talk-to-col-AGXC8AB-900x604.jpg 900w, https:\/\/ccla.org\/wp-content\/uploads\/2021\/06\/asia-muslim-lady-using-computer-laptop-talk-to-col-AGXC8AB-400x269.jpg 400w\" sizes=\"auto, (max-width: 600px) 100vw, 600px\" \/><\/div><\/div><\/div><div class=\"content\"><a class=\"nectar-post-grid-link\" href=\"https:\/\/ccla.org\/fr\/rapports-sur-des-cas-majeurs\/join-us-as-we-stand-against-bill-21-and-for-human-rights\/\" aria-label=\"Joignez-vous \u00e0 nous alors que nous nous dressons contre le projet de loi 21 et pour les droits de la personne\"><\/a><div class=\"item-main\"><h3 class=\"post-heading\"><a href=\"https:\/\/ccla.org\/fr\/rapports-sur-des-cas-majeurs\/join-us-as-we-stand-against-bill-21-and-for-human-rights\/\"><span>Joignez-vous \u00e0 nous alors que nous nous dressons contre le projet de loi 21 et pour les droits de la personne<\/span><\/a><\/h3><div class=\"nectar-post-grid-item__excerpt-wrap item-meta-extra\"><span class=\"meta-excerpt\">C&#039;est un moment critique.<\/span><\/div><span class=\"nectar-post-grid-item__meta-wrap\"><span class=\"meta-date\">24 f\u00e9vrier 2022<\/span><\/span><\/div><\/div><\/div><\/div><div class=\"nectar-post-grid-item\" style=\"background-color: #ffffff;\" data-post-id=\"12080\" data-has-img=\"true\"> <div class=\"inner\"><div class=\"nectar-post-grid-item-bg-wrap\"><div class=\"nectar-post-grid-item-bg-wrap-inner\"><a class=\"bg-wrap-link\" aria-label=\"CCLA Granted Leave to Intervene in Saskatchewan&#8217;s Pronoun Law and the Notwithstanding Clause at the Supreme Court\" href=\"https:\/\/ccla.org\/fr\/communique-de-presse\/ccla-granted-leave-to-intervene-in-saskatchewan-pronoun-law-and-the-notwithstanding-clause-at-the-supreme-court\/\"><\/a><div class=\"nectar-post-grid-item-bg\"><img loading=\"lazy\" decoding=\"async\" class=\"nectar-lazy skip-lazy\" src=\"data:image\/svg+xml;charset=utf-8,%3Csvg%20xmlns%3D'http%3A%2F%2Fwww.w3.org%2F2000%2Fsvg'%20viewBox%3D'0%200%202000%20800'%2F%3E\" alt=\"\" height=\"800\" width=\"2000\" data-nectar-img-src=\"https:\/\/ccla.org\/wp-content\/uploads\/2021\/07\/privacy-judge-writing-N6GSRQJ-600x403.jpg\" data-nectar-img-srcset=\"https:\/\/ccla.org\/wp-content\/uploads\/2021\/07\/privacy-judge-writing-N6GSRQJ-600x403.jpg 600w, https:\/\/ccla.org\/wp-content\/uploads\/2021\/07\/privacy-judge-writing-N6GSRQJ-900x604.jpg 900w, https:\/\/ccla.org\/wp-content\/uploads\/2021\/07\/privacy-judge-writing-N6GSRQJ-400x269.jpg 400w\" sizes=\"auto, (max-width: 600px) 100vw, 600px\" \/><\/div><\/div><\/div><div class=\"content\"><a class=\"nectar-post-grid-link\" href=\"https:\/\/ccla.org\/fr\/communique-de-presse\/ccla-granted-leave-to-intervene-in-saskatchewan-pronoun-law-and-the-notwithstanding-clause-at-the-supreme-court\/\" aria-label=\"CCLA Granted Leave to Intervene in Saskatchewan&#8217;s Pronoun Law and the Notwithstanding Clause at the Supreme Court\"><\/a><div class=\"item-main\"><h3 class=\"post-heading\"><a href=\"https:\/\/ccla.org\/fr\/communique-de-presse\/ccla-granted-leave-to-intervene-in-saskatchewan-pronoun-law-and-the-notwithstanding-clause-at-the-supreme-court\/\"><span>CCLA Granted Leave to Intervene in Saskatchewan&#8217;s Pronoun Law and the Notwithstanding Clause at the Supreme Court<\/span><\/a><\/h3><div class=\"nectar-post-grid-item__excerpt-wrap item-meta-extra\"><span class=\"meta-excerpt\">The Canadian Civil Liberties Association (CCLA) has been granted leave to intervene in Saskatchewan (Minister&hellip;<\/span><\/div><span class=\"nectar-post-grid-item__meta-wrap\"><span class=\"meta-date\">avril 29, 2026<\/span><\/span><\/div><\/div><\/div><\/div><div class=\"nectar-post-grid-item\" style=\"background-color: #ffffff;\" data-post-id=\"12071\" data-has-img=\"true\"> <div class=\"inner\"><div class=\"nectar-post-grid-item-bg-wrap\"><div class=\"nectar-post-grid-item-bg-wrap-inner\"><a class=\"bg-wrap-link\" aria-label=\"Ontario pushes Bill 97 into law, dodging legislative scrutiny\" href=\"https:\/\/ccla.org\/fr\/libertes-fondamentales\/ontario-pushes-bill-97-into-law-dodging-legislative-scrutiny\/\"><\/a><div class=\"nectar-post-grid-item-bg\"><img loading=\"lazy\" decoding=\"async\" class=\"nectar-lazy skip-lazy\" src=\"data:image\/svg+xml;charset=utf-8,%3Csvg%20xmlns%3D'http%3A%2F%2Fwww.w3.org%2F2000%2Fsvg'%20viewBox%3D'0%200%201671%20558'%2F%3E\" alt=\"\" height=\"558\" width=\"1671\" data-nectar-img-src=\"https:\/\/ccla.org\/wp-content\/uploads\/2026\/04\/Bill.97.Redactions-600x403.png\" data-nectar-img-srcset=\"https:\/\/ccla.org\/wp-content\/uploads\/2026\/04\/Bill.97.Redactions-600x403.png 600w, https:\/\/ccla.org\/wp-content\/uploads\/2026\/04\/Bill.97.Redactions-400x269.png 400w\" sizes=\"auto, (max-width: 600px) 100vw, 600px\" \/><\/div><\/div><\/div><div class=\"content\"><a class=\"nectar-post-grid-link\" href=\"https:\/\/ccla.org\/fr\/libertes-fondamentales\/ontario-pushes-bill-97-into-law-dodging-legislative-scrutiny\/\" aria-label=\"Ontario pushes Bill 97 into law, dodging legislative scrutiny\"><\/a><div class=\"item-main\"><h3 class=\"post-heading\"><a href=\"https:\/\/ccla.org\/fr\/libertes-fondamentales\/ontario-pushes-bill-97-into-law-dodging-legislative-scrutiny\/\"><span>Ontario pushes Bill 97 into law, dodging legislative scrutiny<\/span><\/a><\/h3><div class=\"nectar-post-grid-item__excerpt-wrap item-meta-extra\"><span class=\"meta-excerpt\">The Canadian Civil Liberties Association (CCLA) is deeply concerned by the passing of Ontario Bill&hellip;<\/span><\/div><span class=\"nectar-post-grid-item__meta-wrap\"><span class=\"meta-date\">avril 24, 2026<\/span><\/span><\/div><\/div><\/div><\/div><div class=\"nectar-post-grid-item\" style=\"background-color: #ffffff;\" data-post-id=\"12053\" data-has-img=\"true\"> <div class=\"inner\"><div class=\"nectar-post-grid-item-bg-wrap\"><div class=\"nectar-post-grid-item-bg-wrap-inner\"><a class=\"bg-wrap-link\" aria-label=\"New Poll: Federal Political Parties Dead Last on Privacy Trust\" href=\"https:\/\/ccla.org\/fr\/intimite\/new-poll-federal-political-parties-dead-last-on-privacy-trust\/\"><\/a><div class=\"nectar-post-grid-item-bg\"><img loading=\"lazy\" decoding=\"async\" class=\"nectar-lazy skip-lazy\" src=\"data:image\/svg+xml;charset=utf-8,%3Csvg%20xmlns%3D'http%3A%2F%2Fwww.w3.org%2F2000%2Fsvg'%20viewBox%3D'0%200%202000%20800'%2F%3E\" alt=\"\" height=\"800\" width=\"2000\" data-nectar-img-src=\"https:\/\/ccla.org\/wp-content\/uploads\/2021\/06\/ottawa-cityscape-wide-view-summer-time-PLKTGWN-600x403.jpg\" data-nectar-img-srcset=\"https:\/\/ccla.org\/wp-content\/uploads\/2021\/06\/ottawa-cityscape-wide-view-summer-time-PLKTGWN-600x403.jpg 600w, https:\/\/ccla.org\/wp-content\/uploads\/2021\/06\/ottawa-cityscape-wide-view-summer-time-PLKTGWN-900x604.jpg 900w, https:\/\/ccla.org\/wp-content\/uploads\/2021\/06\/ottawa-cityscape-wide-view-summer-time-PLKTGWN-400x269.jpg 400w\" sizes=\"auto, (max-width: 600px) 100vw, 600px\" \/><\/div><\/div><\/div><div class=\"content\"><a class=\"nectar-post-grid-link\" href=\"https:\/\/ccla.org\/fr\/intimite\/new-poll-federal-political-parties-dead-last-on-privacy-trust\/\" aria-label=\"New Poll: Federal Political Parties Dead Last on Privacy Trust\"><\/a><div class=\"item-main\"><h3 class=\"post-heading\"><a href=\"https:\/\/ccla.org\/fr\/intimite\/new-poll-federal-political-parties-dead-last-on-privacy-trust\/\"><span>New Poll: Federal Political Parties Dead Last on Privacy Trust<\/span><\/a><\/h3><div class=\"nectar-post-grid-item__excerpt-wrap item-meta-extra\"><span class=\"meta-excerpt\">A new national IPSOS poll commissioned by the BC Freedom of Information and Privacy Association&hellip;<\/span><\/div><span class=\"nectar-post-grid-item__meta-wrap\"><span class=\"meta-date\">avril 22, 2026<\/span><\/span><\/div><\/div><\/div><\/div><div class=\"nectar-post-grid-item\" style=\"background-color: #ffffff;\" data-post-id=\"12031\" data-has-img=\"true\"> <div class=\"inner\"><div class=\"nectar-post-grid-item-bg-wrap\"><div class=\"nectar-post-grid-item-bg-wrap-inner\"><a class=\"bg-wrap-link\" aria-label=\"CCLA and Coalition to MPs: Scrap Unprecedented Surveillance Measures in Bill C-22\" href=\"https:\/\/ccla.org\/fr\/intimite\/coalition-to-mps-scrap-unprecedented-surveillance-measures\/\"><\/a><div class=\"nectar-post-grid-item-bg\"><img loading=\"lazy\" decoding=\"async\" class=\"nectar-lazy skip-lazy\" src=\"data:image\/svg+xml;charset=utf-8,%3Csvg%20xmlns%3D'http%3A%2F%2Fwww.w3.org%2F2000%2Fsvg'%20viewBox%3D'0%200%202000%20800'%2F%3E\" alt=\"\" height=\"800\" width=\"2000\" data-nectar-img-src=\"https:\/\/ccla.org\/wp-content\/uploads\/2021\/06\/speaker-and-smartphone-on-wood-background-PX4HS3U-600x403.jpg\" data-nectar-img-srcset=\"https:\/\/ccla.org\/wp-content\/uploads\/2021\/06\/speaker-and-smartphone-on-wood-background-PX4HS3U-600x403.jpg 600w, https:\/\/ccla.org\/wp-content\/uploads\/2021\/06\/speaker-and-smartphone-on-wood-background-PX4HS3U-900x604.jpg 900w, https:\/\/ccla.org\/wp-content\/uploads\/2021\/06\/speaker-and-smartphone-on-wood-background-PX4HS3U-400x269.jpg 400w\" sizes=\"auto, (max-width: 600px) 100vw, 600px\" \/><\/div><\/div><\/div><div class=\"content\"><a class=\"nectar-post-grid-link\" href=\"https:\/\/ccla.org\/fr\/intimite\/coalition-to-mps-scrap-unprecedented-surveillance-measures\/\" aria-label=\"CCLA and Coalition to MPs: Scrap Unprecedented Surveillance Measures in Bill C-22\"><\/a><div class=\"item-main\"><h3 class=\"post-heading\"><a href=\"https:\/\/ccla.org\/fr\/intimite\/coalition-to-mps-scrap-unprecedented-surveillance-measures\/\"><span>CCLA and Coalition to MPs: Scrap Unprecedented Surveillance Measures in Bill C-22<\/span><\/a><\/h3><div class=\"nectar-post-grid-item__excerpt-wrap item-meta-extra\"><span class=\"meta-excerpt\">The Canadian Civil Liberties Association (CCLA) joined a broad coalition of civil society groups today&hellip;<\/span><\/div><span class=\"nectar-post-grid-item__meta-wrap\"><span class=\"meta-date\">avril 21, 2026<\/span><\/span><\/div><\/div><\/div><\/div><div class=\"nectar-post-grid-item\" style=\"background-color: #ffffff;\" data-post-id=\"12025\" data-has-img=\"true\"> <div class=\"inner\"><div class=\"nectar-post-grid-item-bg-wrap\"><div class=\"nectar-post-grid-item-bg-wrap-inner\"><a class=\"bg-wrap-link\" aria-label=\"CCLA Intervenes in Waterloo Encampment Case to Defend Rights of Unhoused Residents\" href=\"https:\/\/ccla.org\/fr\/communique-de-presse\/ccla-intervenes-in-waterloo-encampment-case-to-defend-rights-of-unhoused-residents\/\"><\/a><div class=\"nectar-post-grid-item-bg\"><img loading=\"lazy\" decoding=\"async\" class=\"nectar-lazy skip-lazy\" src=\"data:image\/svg+xml;charset=utf-8,%3Csvg%20xmlns%3D'http%3A%2F%2Fwww.w3.org%2F2000%2Fsvg'%20viewBox%3D'0%200%202000%20800'%2F%3E\" alt=\"\" height=\"800\" width=\"2000\" data-nectar-img-src=\"https:\/\/ccla.org\/wp-content\/uploads\/2021\/07\/Homeless_clay-leconey-Za9K8pNVepw-unsplash-600x403.jpg\" data-nectar-img-srcset=\"https:\/\/ccla.org\/wp-content\/uploads\/2021\/07\/Homeless_clay-leconey-Za9K8pNVepw-unsplash-600x403.jpg 600w, https:\/\/ccla.org\/wp-content\/uploads\/2021\/07\/Homeless_clay-leconey-Za9K8pNVepw-unsplash-900x604.jpg 900w, https:\/\/ccla.org\/wp-content\/uploads\/2021\/07\/Homeless_clay-leconey-Za9K8pNVepw-unsplash-400x269.jpg 400w\" sizes=\"auto, (max-width: 600px) 100vw, 600px\" \/><\/div><\/div><\/div><div class=\"content\"><a class=\"nectar-post-grid-link\" href=\"https:\/\/ccla.org\/fr\/communique-de-presse\/ccla-intervenes-in-waterloo-encampment-case-to-defend-rights-of-unhoused-residents\/\" aria-label=\"CCLA Intervenes in Waterloo Encampment Case to Defend Rights of Unhoused Residents\"><\/a><div class=\"item-main\"><h3 class=\"post-heading\"><a href=\"https:\/\/ccla.org\/fr\/communique-de-presse\/ccla-intervenes-in-waterloo-encampment-case-to-defend-rights-of-unhoused-residents\/\"><span>CCLA Intervenes in Waterloo Encampment Case to Defend Rights of Unhoused Residents<\/span><\/a><\/h3><div class=\"nectar-post-grid-item__excerpt-wrap item-meta-extra\"><span class=\"meta-excerpt\">TORONTO \u2014 The Canadian Civil Liberties Association (CCLA) is appearing in court today as an&hellip;<\/span><\/div><span class=\"nectar-post-grid-item__meta-wrap\"><span class=\"meta-date\">avril 20, 2026<\/span><\/span><\/div><\/div><\/div><\/div><div class=\"nectar-post-grid-item\" style=\"background-color: #ffffff;\" data-post-id=\"12022\" data-has-img=\"true\"> <div class=\"inner\"><div class=\"nectar-post-grid-item-bg-wrap\"><div class=\"nectar-post-grid-item-bg-wrap-inner\"><a class=\"bg-wrap-link\" aria-label=\"CCLA Sounds the Alarm Over the Politicization of Alberta\u2019s Electoral Map\" href=\"https:\/\/ccla.org\/fr\/communique-de-presse\/ccla-sounds-the-alarm-over-the-politicization-of-albertas-electoral-map\/\"><\/a><div class=\"nectar-post-grid-item-bg\"><img loading=\"lazy\" decoding=\"async\" class=\"nectar-lazy skip-lazy\" src=\"data:image\/svg+xml;charset=utf-8,%3Csvg%20xmlns%3D'http%3A%2F%2Fwww.w3.org%2F2000%2Fsvg'%20viewBox%3D'0%200%202000%20800'%2F%3E\" alt=\"\" height=\"800\" width=\"2000\" data-nectar-img-src=\"https:\/\/ccla.org\/wp-content\/uploads\/2021\/06\/VOTING-RIGHTS-600x403.jpg\" data-nectar-img-srcset=\"https:\/\/ccla.org\/wp-content\/uploads\/2021\/06\/VOTING-RIGHTS-600x403.jpg 600w, https:\/\/ccla.org\/wp-content\/uploads\/2021\/06\/VOTING-RIGHTS-900x604.jpg 900w, https:\/\/ccla.org\/wp-content\/uploads\/2021\/06\/VOTING-RIGHTS-400x269.jpg 400w\" sizes=\"auto, (max-width: 600px) 100vw, 600px\" \/><\/div><\/div><\/div><div class=\"content\"><a class=\"nectar-post-grid-link\" href=\"https:\/\/ccla.org\/fr\/communique-de-presse\/ccla-sounds-the-alarm-over-the-politicization-of-albertas-electoral-map\/\" aria-label=\"CCLA Sounds the Alarm Over the Politicization of Alberta\u2019s Electoral Map\"><\/a><div class=\"item-main\"><h3 class=\"post-heading\"><a href=\"https:\/\/ccla.org\/fr\/communique-de-presse\/ccla-sounds-the-alarm-over-the-politicization-of-albertas-electoral-map\/\"><span>CCLA Sounds the Alarm Over the Politicization of Alberta\u2019s Electoral Map<\/span><\/a><\/h3><div class=\"nectar-post-grid-item__excerpt-wrap item-meta-extra\"><span class=\"meta-excerpt\">OTTAWA \u2014 The Canadian Civil Liberties Association (CCLA) is troubled by the tabling of Alberta\u2019s&hellip;<\/span><\/div><span class=\"nectar-post-grid-item__meta-wrap\"><span class=\"meta-date\">avril 20, 2026<\/span><\/span><\/div><\/div><\/div><\/div><div class=\"nectar-post-grid-item\" style=\"background-color: #ffffff;\" data-post-id=\"12004\" data-has-img=\"true\"> <div class=\"inner\"><div class=\"nectar-post-grid-item-bg-wrap\"><div class=\"nectar-post-grid-item-bg-wrap-inner\"><a class=\"bg-wrap-link\" aria-label=\"Op-Ed: Bill 25 Isn\u2019t About Neutrality; It\u2019s About Narrowing Young Minds\" href=\"https:\/\/ccla.org\/fr\/communique-de-presse\/op-ed-bill-25-isnt-about-neutrality-its-about-narrowing-young-minds\/\"><\/a><div class=\"nectar-post-grid-item-bg\"><img loading=\"lazy\" decoding=\"async\" class=\"nectar-lazy skip-lazy\" src=\"data:image\/svg+xml;charset=utf-8,%3Csvg%20xmlns%3D'http%3A%2F%2Fwww.w3.org%2F2000%2Fsvg'%20viewBox%3D'0%200%202000%20800'%2F%3E\" alt=\"\" height=\"800\" width=\"2000\" data-nectar-img-src=\"https:\/\/ccla.org\/wp-content\/uploads\/2021\/07\/Classroom_header-600x403.jpg\" data-nectar-img-srcset=\"https:\/\/ccla.org\/wp-content\/uploads\/2021\/07\/Classroom_header-600x403.jpg 600w, https:\/\/ccla.org\/wp-content\/uploads\/2021\/07\/Classroom_header-900x604.jpg 900w, https:\/\/ccla.org\/wp-content\/uploads\/2021\/07\/Classroom_header-400x269.jpg 400w\" sizes=\"auto, (max-width: 600px) 100vw, 600px\" \/><\/div><\/div><\/div><div class=\"content\"><a class=\"nectar-post-grid-link\" href=\"https:\/\/ccla.org\/fr\/communique-de-presse\/op-ed-bill-25-isnt-about-neutrality-its-about-narrowing-young-minds\/\" aria-label=\"Op-Ed: Bill 25 Isn\u2019t About Neutrality; It\u2019s About Narrowing Young Minds\"><\/a><div class=\"item-main\"><h3 class=\"post-heading\"><a href=\"https:\/\/ccla.org\/fr\/communique-de-presse\/op-ed-bill-25-isnt-about-neutrality-its-about-narrowing-young-minds\/\"><span>Op-Ed: Bill 25 Isn\u2019t About Neutrality; It\u2019s About Narrowing Young Minds<\/span><\/a><\/h3><div class=\"nectar-post-grid-item__excerpt-wrap item-meta-extra\"><span class=\"meta-excerpt\">In a new op-ed in the Calgary Herald, CCLA Executive Director Howard Sapers argues that&hellip;<\/span><\/div><span class=\"nectar-post-grid-item__meta-wrap\"><span class=\"meta-date\">avril 9, 2026<\/span><\/span><\/div><\/div><\/div><\/div><div class=\"nectar-post-grid-item\" style=\"background-color: #ffffff;\" data-post-id=\"11986\" data-has-img=\"true\"> <div class=\"inner\"><div class=\"nectar-post-grid-item-bg-wrap\"><div class=\"nectar-post-grid-item-bg-wrap-inner\"><a class=\"bg-wrap-link\" aria-label=\"Une fois de plus, le gouvernement ne prot\u00e8ge pas la vie priv\u00e9e dans le cadre de la campagne politique\" href=\"https:\/\/ccla.org\/fr\/intimite\/government-once-again-fails-to-protect-privacy-in-political-campaigning\/\"><\/a><div class=\"nectar-post-grid-item-bg\"><img loading=\"lazy\" decoding=\"async\" class=\"nectar-lazy skip-lazy\" src=\"data:image\/svg+xml;charset=utf-8,%3Csvg%20xmlns%3D'http%3A%2F%2Fwww.w3.org%2F2000%2Fsvg'%20viewBox%3D'0%200%202000%20800'%2F%3E\" alt=\"\" height=\"800\" width=\"2000\" data-nectar-img-src=\"https:\/\/ccla.org\/wp-content\/uploads\/2021\/06\/robbie-palmer-Gf3bWrqiIGQ-unsplash-600x403.jpg\" data-nectar-img-srcset=\"https:\/\/ccla.org\/wp-content\/uploads\/2021\/06\/robbie-palmer-Gf3bWrqiIGQ-unsplash-600x403.jpg 600w, https:\/\/ccla.org\/wp-content\/uploads\/2021\/06\/robbie-palmer-Gf3bWrqiIGQ-unsplash-900x604.jpg 900w, https:\/\/ccla.org\/wp-content\/uploads\/2021\/06\/robbie-palmer-Gf3bWrqiIGQ-unsplash-400x269.jpg 400w\" sizes=\"auto, (max-width: 600px) 100vw, 600px\" \/><\/div><\/div><\/div><div class=\"content\"><a class=\"nectar-post-grid-link\" href=\"https:\/\/ccla.org\/fr\/intimite\/government-once-again-fails-to-protect-privacy-in-political-campaigning\/\" aria-label=\"Une fois de plus, le gouvernement ne prot\u00e8ge pas la vie priv\u00e9e dans le cadre de la campagne politique\"><\/a><div class=\"item-main\"><h3 class=\"post-heading\"><a href=\"https:\/\/ccla.org\/fr\/intimite\/government-once-again-fails-to-protect-privacy-in-political-campaigning\/\"><span>Une fois de plus, le gouvernement ne prot\u00e8ge pas la vie priv\u00e9e dans le cadre de la campagne politique<\/span><\/a><\/h3><div class=\"nectar-post-grid-item__excerpt-wrap item-meta-extra\"><span class=\"meta-excerpt\">The Canadian Civil Liberties Association (CCLA) is disappointed with the federal government\u2019s failure to live&hellip;<\/span><\/div><span class=\"nectar-post-grid-item__meta-wrap\"><span class=\"meta-date\">3 avril 2026<\/span><\/span><\/div><\/div><\/div><\/div><div class=\"nectar-post-grid-item\" style=\"background-color: #ffffff;\" data-post-id=\"11980\" data-has-img=\"true\"> <div class=\"inner\"><div class=\"nectar-post-grid-item-bg-wrap\"><div class=\"nectar-post-grid-item-bg-wrap-inner\"><a class=\"bg-wrap-link\" aria-label=\"L&#039;ACLC condamne fermement l&#039;adoption du projet de loi 9 au Qu\u00e9bec\" href=\"https:\/\/ccla.org\/fr\/communique-de-presse\/ccla-strongly-condemns-passage-of-quebecs-bill-9\/\"><\/a><div class=\"nectar-post-grid-item-bg\"><img loading=\"lazy\" decoding=\"async\" class=\"nectar-lazy skip-lazy\" src=\"data:image\/svg+xml;charset=utf-8,%3Csvg%20xmlns%3D'http%3A%2F%2Fwww.w3.org%2F2000%2Fsvg'%20viewBox%3D'0%200%202000%20800'%2F%3E\" alt=\"\" height=\"800\" width=\"2000\" data-nectar-img-src=\"https:\/\/ccla.org\/wp-content\/uploads\/2021\/06\/asia-muslim-lady-using-computer-laptop-talk-to-col-AGXC8AB-1-600x403.jpg\" data-nectar-img-srcset=\"https:\/\/ccla.org\/wp-content\/uploads\/2021\/06\/asia-muslim-lady-using-computer-laptop-talk-to-col-AGXC8AB-1-600x403.jpg 600w, https:\/\/ccla.org\/wp-content\/uploads\/2021\/06\/asia-muslim-lady-using-computer-laptop-talk-to-col-AGXC8AB-1-900x604.jpg 900w, https:\/\/ccla.org\/wp-content\/uploads\/2021\/06\/asia-muslim-lady-using-computer-laptop-talk-to-col-AGXC8AB-1-400x269.jpg 400w\" sizes=\"auto, (max-width: 600px) 100vw, 600px\" \/><\/div><\/div><\/div><div class=\"content\"><a class=\"nectar-post-grid-link\" href=\"https:\/\/ccla.org\/fr\/communique-de-presse\/ccla-strongly-condemns-passage-of-quebecs-bill-9\/\" aria-label=\"L&#039;ACLC condamne fermement l&#039;adoption du projet de loi 9 au Qu\u00e9bec\"><\/a><div class=\"item-main\"><h3 class=\"post-heading\"><a href=\"https:\/\/ccla.org\/fr\/communique-de-presse\/ccla-strongly-condemns-passage-of-quebecs-bill-9\/\"><span>L'ACLC condamne fermement l'adoption du projet de loi 9 au Qu\u00e9bec<\/span><\/a><\/h3><div class=\"nectar-post-grid-item__excerpt-wrap item-meta-extra\"><span class=\"meta-excerpt\">MONTREAL \u2014\u00a0The Canadian Civil Liberties Association (CCLA) strongly condemns the passage of Quebec\u2019s Bill 9.&hellip;<\/span><\/div><span class=\"nectar-post-grid-item__meta-wrap\"><span class=\"meta-date\">2 avril 2026<\/span><\/span><\/div><\/div><\/div><\/div><div class=\"nectar-post-grid-item\" style=\"background-color: #ffffff;\" data-post-id=\"11974\" data-has-img=\"true\"> <div class=\"inner\"><div class=\"nectar-post-grid-item-bg-wrap\"><div class=\"nectar-post-grid-item-bg-wrap-inner\"><a class=\"bg-wrap-link\" aria-label=\"Le projet de loi sur l&#039;\u00e9ducation de l&#039;Alberta consacre la censure dans les \u00e9coles\" href=\"https:\/\/ccla.org\/fr\/communique-de-presse\/alberta-education-bill-entrenches-censorship-in-schools\/\"><\/a><div class=\"nectar-post-grid-item-bg\"><img loading=\"lazy\" decoding=\"async\" class=\"nectar-lazy skip-lazy\" src=\"data:image\/svg+xml;charset=utf-8,%3Csvg%20xmlns%3D'http%3A%2F%2Fwww.w3.org%2F2000%2Fsvg'%20viewBox%3D'0%200%202000%20800'%2F%3E\" alt=\"\" height=\"800\" width=\"2000\" data-nectar-img-src=\"https:\/\/ccla.org\/wp-content\/uploads\/2021\/07\/Classroom_header-600x403.jpg\" data-nectar-img-srcset=\"https:\/\/ccla.org\/wp-content\/uploads\/2021\/07\/Classroom_header-600x403.jpg 600w, https:\/\/ccla.org\/wp-content\/uploads\/2021\/07\/Classroom_header-900x604.jpg 900w, https:\/\/ccla.org\/wp-content\/uploads\/2021\/07\/Classroom_header-400x269.jpg 400w\" sizes=\"auto, (max-width: 600px) 100vw, 600px\" \/><\/div><\/div><\/div><div class=\"content\"><a class=\"nectar-post-grid-link\" href=\"https:\/\/ccla.org\/fr\/communique-de-presse\/alberta-education-bill-entrenches-censorship-in-schools\/\" aria-label=\"Le projet de loi sur l&#039;\u00e9ducation de l&#039;Alberta consacre la censure dans les \u00e9coles\"><\/a><div class=\"item-main\"><h3 class=\"post-heading\"><a href=\"https:\/\/ccla.org\/fr\/communique-de-presse\/alberta-education-bill-entrenches-censorship-in-schools\/\"><span>Le projet de loi sur l'\u00e9ducation de l'Alberta consacre la censure dans les \u00e9coles<\/span><\/a><\/h3><div class=\"nectar-post-grid-item__excerpt-wrap item-meta-extra\"><span class=\"meta-excerpt\">TORONTO - Le nouveau projet de loi sur l'\u00e9ducation de l'Alberta consacre la censure sous le couvert de la neutralit\u00e9, en restreignant l'expression et...<\/span><\/div><span class=\"nectar-post-grid-item__meta-wrap\"><span class=\"meta-date\">1er avril 2026<\/span><\/span><\/div><\/div><\/div><\/div><div class=\"nectar-post-grid-item\" style=\"background-color: #ffffff;\" data-post-id=\"11935\" data-has-img=\"true\"> <div class=\"inner\"><div class=\"nectar-post-grid-item-bg-wrap\"><div class=\"nectar-post-grid-item-bg-wrap-inner\"><a class=\"bg-wrap-link\" aria-label=\"Le projet de loi 97 de l&#039;Ontario menace la responsabilit\u00e9 du gouvernement et la protection de la vie priv\u00e9e\" href=\"https:\/\/ccla.org\/fr\/libertes-fondamentales\/libertes-expression\/lacces-a-linformation\/ontarios-bill-97-threatens-government-accountability-and-privacy\/\"><\/a><div class=\"nectar-post-grid-item-bg\"><img loading=\"lazy\" decoding=\"async\" class=\"nectar-lazy skip-lazy\" src=\"data:image\/svg+xml;charset=utf-8,%3Csvg%20xmlns%3D'http%3A%2F%2Fwww.w3.org%2F2000%2Fsvg'%20viewBox%3D'0%200%201671%20558'%2F%3E\" alt=\"\" height=\"558\" width=\"1671\" data-nectar-img-src=\"https:\/\/ccla.org\/wp-content\/uploads\/2026\/04\/Bill.97.Redactions-600x403.png\" data-nectar-img-srcset=\"https:\/\/ccla.org\/wp-content\/uploads\/2026\/04\/Bill.97.Redactions-600x403.png 600w, https:\/\/ccla.org\/wp-content\/uploads\/2026\/04\/Bill.97.Redactions-400x269.png 400w\" sizes=\"auto, (max-width: 600px) 100vw, 600px\" \/><\/div><\/div><\/div><div class=\"content\"><a class=\"nectar-post-grid-link\" href=\"https:\/\/ccla.org\/fr\/libertes-fondamentales\/libertes-expression\/lacces-a-linformation\/ontarios-bill-97-threatens-government-accountability-and-privacy\/\" aria-label=\"Le projet de loi 97 de l&#039;Ontario menace la responsabilit\u00e9 du gouvernement et la protection de la vie priv\u00e9e\"><\/a><div class=\"item-main\"><h3 class=\"post-heading\"><a href=\"https:\/\/ccla.org\/fr\/libertes-fondamentales\/libertes-expression\/lacces-a-linformation\/ontarios-bill-97-threatens-government-accountability-and-privacy\/\"><span>Le projet de loi 97 de l'Ontario menace la responsabilit\u00e9 du gouvernement et la protection de la vie priv\u00e9e<\/span><\/a><\/h3><div class=\"nectar-post-grid-item__excerpt-wrap item-meta-extra\"><span class=\"meta-excerpt\">L'Association canadienne des libert\u00e9s civiles (ACLC) exprime de s\u00e9rieuses inqui\u00e9tudes quant au projet de loi 97 de l'Ontario,...<\/span><\/div><span class=\"nectar-post-grid-item__meta-wrap\"><span class=\"meta-date\">1er avril 2026<\/span><\/span><\/div><\/div><\/div><\/div><div class=\"nectar-post-grid-item\" style=\"background-color: #ffffff;\" data-post-id=\"11955\" data-has-img=\"true\"> <div class=\"inner\"><div class=\"nectar-post-grid-item-bg-wrap\"><div class=\"nectar-post-grid-item-bg-wrap-inner\"><a class=\"bg-wrap-link\" aria-label=\"L&#039;ACLC se joint \u00e0 plus de 250 organisations qui s&#039;opposent au financement des sites de consommation supervis\u00e9e\" href=\"https:\/\/ccla.org\/fr\/communique-de-presse\/ccla-joins-over-250-organizations-opposing-defunding-of-supervised-consumption-sites\/\"><\/a><div class=\"nectar-post-grid-item-bg\"><img loading=\"lazy\" decoding=\"async\" class=\"nectar-lazy skip-lazy\" src=\"data:image\/svg+xml;charset=utf-8,%3Csvg%20xmlns%3D'http%3A%2F%2Fwww.w3.org%2F2000%2Fsvg'%20viewBox%3D'0%200%202000%20800'%2F%3E\" alt=\"\" height=\"800\" width=\"2000\" data-nectar-img-src=\"https:\/\/ccla.org\/wp-content\/uploads\/2021\/07\/Homeless_clay-leconey-Za9K8pNVepw-unsplash-600x403.jpg\" data-nectar-img-srcset=\"https:\/\/ccla.org\/wp-content\/uploads\/2021\/07\/Homeless_clay-leconey-Za9K8pNVepw-unsplash-600x403.jpg 600w, https:\/\/ccla.org\/wp-content\/uploads\/2021\/07\/Homeless_clay-leconey-Za9K8pNVepw-unsplash-900x604.jpg 900w, https:\/\/ccla.org\/wp-content\/uploads\/2021\/07\/Homeless_clay-leconey-Za9K8pNVepw-unsplash-400x269.jpg 400w\" sizes=\"auto, (max-width: 600px) 100vw, 600px\" \/><\/div><\/div><\/div><div class=\"content\"><a class=\"nectar-post-grid-link\" href=\"https:\/\/ccla.org\/fr\/communique-de-presse\/ccla-joins-over-250-organizations-opposing-defunding-of-supervised-consumption-sites\/\" aria-label=\"L&#039;ACLC se joint \u00e0 plus de 250 organisations qui s&#039;opposent au financement des sites de consommation supervis\u00e9e\"><\/a><div class=\"item-main\"><h3 class=\"post-heading\"><a href=\"https:\/\/ccla.org\/fr\/communique-de-presse\/ccla-joins-over-250-organizations-opposing-defunding-of-supervised-consumption-sites\/\"><span>L'ACLC se joint \u00e0 plus de 250 organisations qui s'opposent au financement des sites de consommation supervis\u00e9e<\/span><\/a><\/h3><div class=\"nectar-post-grid-item__excerpt-wrap item-meta-extra\"><span class=\"meta-excerpt\">L'ACLC s'est jointe \u00e0 plus de 250 organisations de la soci\u00e9t\u00e9 civile pour d\u00e9noncer la d\u00e9cision de l'Ontario de...<\/span><\/div><span class=\"nectar-post-grid-item__meta-wrap\"><span class=\"meta-date\">31 mars 2026<\/span><\/span><\/div><\/div><\/div><\/div><div class=\"nectar-post-grid-item\" style=\"background-color: #ffffff;\" data-post-id=\"11937\" data-has-img=\"true\"> <div class=\"inner\"><div class=\"nectar-post-grid-item-bg-wrap\"><div class=\"nectar-post-grid-item-bg-wrap-inner\"><a class=\"bg-wrap-link\" aria-label=\"L&#039;ACLC s&#039;interroge sur la d\u00e9cision de l&#039;Universit\u00e9 de l&#039;Alberta d&#039;\u00e9liminer les engagements EDI lors de l&#039;embauche\" href=\"https:\/\/ccla.org\/fr\/communique-de-presse\/ccla-questions-university-of-alberta-move-to-eliminate-edi-commitments-in-hiring\/\"><\/a><div class=\"nectar-post-grid-item-bg\"><img loading=\"lazy\" decoding=\"async\" class=\"nectar-lazy skip-lazy\" src=\"data:image\/svg+xml;charset=utf-8,%3Csvg%20xmlns%3D'http%3A%2F%2Fwww.w3.org%2F2000%2Fsvg'%20viewBox%3D'0%200%20750%20900'%2F%3E\" alt=\"\" height=\"900\" width=\"750\" data-nectar-img-src=\"https:\/\/ccla.org\/wp-content\/uploads\/2021\/05\/Education_750x900-600x403.jpg\" data-nectar-img-srcset=\"https:\/\/ccla.org\/wp-content\/uploads\/2021\/05\/Education_750x900-600x403.jpg 600w, https:\/\/ccla.org\/wp-content\/uploads\/2021\/05\/Education_750x900-400x269.jpg 400w\" sizes=\"auto, (max-width: 600px) 100vw, 600px\" \/><\/div><\/div><\/div><div class=\"content\"><a class=\"nectar-post-grid-link\" href=\"https:\/\/ccla.org\/fr\/communique-de-presse\/ccla-questions-university-of-alberta-move-to-eliminate-edi-commitments-in-hiring\/\" aria-label=\"L&#039;ACLC s&#039;interroge sur la d\u00e9cision de l&#039;Universit\u00e9 de l&#039;Alberta d&#039;\u00e9liminer les engagements EDI lors de l&#039;embauche\"><\/a><div class=\"item-main\"><h3 class=\"post-heading\"><a href=\"https:\/\/ccla.org\/fr\/communique-de-presse\/ccla-questions-university-of-alberta-move-to-eliminate-edi-commitments-in-hiring\/\"><span>L'ACLC s'interroge sur la d\u00e9cision de l'Universit\u00e9 de l'Alberta d'\u00e9liminer les engagements EDI lors de l'embauche<\/span><\/a><\/h3><div class=\"nectar-post-grid-item__excerpt-wrap item-meta-extra\"><span class=\"meta-excerpt\">TORONTO - L'Association canadienne des libert\u00e9s civiles (ACLC) a mis en garde l'Universit\u00e9 de l'Alberta contre les...<\/span><\/div><span class=\"nectar-post-grid-item__meta-wrap\"><span class=\"meta-date\">30 mars 2026<\/span><\/span><\/div><\/div><\/div><\/div><div class=\"nectar-post-grid-item\" style=\"background-color: #ffffff;\" data-post-id=\"11929\" data-has-img=\"true\"> <div class=\"inner\"><div class=\"nectar-post-grid-item-bg-wrap\"><div class=\"nectar-post-grid-item-bg-wrap-inner\"><a class=\"bg-wrap-link\" aria-label=\"L&#039;adoption du projet de loi C-12 est une attaque contre les droits des r\u00e9fugi\u00e9s et des migrants au Canada\" href=\"https:\/\/ccla.org\/fr\/communique-de-presse\/passing-of-bill-c-12-is-an-attack-on-refugee-and-migrant-rights-in-canada\/\"><\/a><div class=\"nectar-post-grid-item-bg\"><img loading=\"lazy\" decoding=\"async\" class=\"nectar-lazy skip-lazy\" src=\"data:image\/svg+xml;charset=utf-8,%3Csvg%20xmlns%3D'http%3A%2F%2Fwww.w3.org%2F2000%2Fsvg'%20viewBox%3D'0%200%202000%20800'%2F%3E\" alt=\"\" height=\"800\" width=\"2000\" data-nectar-img-src=\"https:\/\/ccla.org\/wp-content\/uploads\/2021\/06\/IMMIGRATION_man-with-canadian-flag-smil-49LUX2M-600x403.jpg\" data-nectar-img-srcset=\"https:\/\/ccla.org\/wp-content\/uploads\/2021\/06\/IMMIGRATION_man-with-canadian-flag-smil-49LUX2M-600x403.jpg 600w, https:\/\/ccla.org\/wp-content\/uploads\/2021\/06\/IMMIGRATION_man-with-canadian-flag-smil-49LUX2M-900x604.jpg 900w, https:\/\/ccla.org\/wp-content\/uploads\/2021\/06\/IMMIGRATION_man-with-canadian-flag-smil-49LUX2M-400x269.jpg 400w\" sizes=\"auto, (max-width: 600px) 100vw, 600px\" \/><\/div><\/div><\/div><div class=\"content\"><a class=\"nectar-post-grid-link\" href=\"https:\/\/ccla.org\/fr\/communique-de-presse\/passing-of-bill-c-12-is-an-attack-on-refugee-and-migrant-rights-in-canada\/\" aria-label=\"L&#039;adoption du projet de loi C-12 est une attaque contre les droits des r\u00e9fugi\u00e9s et des migrants au Canada\"><\/a><div class=\"item-main\"><h3 class=\"post-heading\"><a href=\"https:\/\/ccla.org\/fr\/communique-de-presse\/passing-of-bill-c-12-is-an-attack-on-refugee-and-migrant-rights-in-canada\/\"><span>L'adoption du projet de loi C-12 est une attaque contre les droits des r\u00e9fugi\u00e9s et des migrants au Canada<\/span><\/a><\/h3><div class=\"nectar-post-grid-item__excerpt-wrap item-meta-extra\"><span class=\"meta-excerpt\">OTTAWA - Une large coalition de d\u00e9fenseurs des droits de l'homme, des libert\u00e9s civiles, des droits des r\u00e9fugi\u00e9s et des...<\/span><\/div><span class=\"nectar-post-grid-item__meta-wrap\"><span class=\"meta-date\">27 mars 2026<\/span><\/span><\/div><\/div><\/div><\/div><div class=\"nectar-post-grid-item\" style=\"background-color: #ffffff;\" data-post-id=\"11925\" data-has-img=\"true\"> <div class=\"inner\"><div class=\"nectar-post-grid-item-bg-wrap\"><div class=\"nectar-post-grid-item-bg-wrap-inner\"><a class=\"bg-wrap-link\" aria-label=\"Les nouvelles r\u00e8gles d&#039;admissibilit\u00e9 du Comit\u00e9 olympique excluent les athl\u00e8tes transgenres et renforcent la surveillance du corps des femmes\" href=\"https:\/\/ccla.org\/fr\/communique-de-presse\/olympic-committees-new-eligibility-rules-exclude-transgender-athletes-and-expands-policing-of-womens-bodies\/\"><\/a><div class=\"nectar-post-grid-item-bg\"><img loading=\"lazy\" decoding=\"async\" class=\"nectar-lazy skip-lazy\" src=\"data:image\/svg+xml;charset=utf-8,%3Csvg%20xmlns%3D'http%3A%2F%2Fwww.w3.org%2F2000%2Fsvg'%20viewBox%3D'0%200%202000%20800'%2F%3E\" alt=\"\" height=\"800\" width=\"2000\" data-nectar-img-src=\"https:\/\/ccla.org\/wp-content\/uploads\/2021\/06\/TORONTO__mwangi-gatheca-qlKaN7eqay8-unsplash-600x403.jpg\" data-nectar-img-srcset=\"https:\/\/ccla.org\/wp-content\/uploads\/2021\/06\/TORONTO__mwangi-gatheca-qlKaN7eqay8-unsplash-600x403.jpg 600w, https:\/\/ccla.org\/wp-content\/uploads\/2021\/06\/TORONTO__mwangi-gatheca-qlKaN7eqay8-unsplash-900x604.jpg 900w, https:\/\/ccla.org\/wp-content\/uploads\/2021\/06\/TORONTO__mwangi-gatheca-qlKaN7eqay8-unsplash-400x269.jpg 400w\" sizes=\"auto, (max-width: 600px) 100vw, 600px\" \/><\/div><\/div><\/div><div class=\"content\"><a class=\"nectar-post-grid-link\" href=\"https:\/\/ccla.org\/fr\/communique-de-presse\/olympic-committees-new-eligibility-rules-exclude-transgender-athletes-and-expands-policing-of-womens-bodies\/\" aria-label=\"Les nouvelles r\u00e8gles d&#039;admissibilit\u00e9 du Comit\u00e9 olympique excluent les athl\u00e8tes transgenres et renforcent la surveillance du corps des femmes\"><\/a><div class=\"item-main\"><h3 class=\"post-heading\"><a href=\"https:\/\/ccla.org\/fr\/communique-de-presse\/olympic-committees-new-eligibility-rules-exclude-transgender-athletes-and-expands-policing-of-womens-bodies\/\"><span>Les nouvelles r\u00e8gles d'admissibilit\u00e9 du Comit\u00e9 olympique excluent les athl\u00e8tes transgenres et renforcent la surveillance du corps des femmes<\/span><\/a><\/h3><div class=\"nectar-post-grid-item__excerpt-wrap item-meta-extra\"><span class=\"meta-excerpt\">TORONTO - Les r\u00e9cents changements annonc\u00e9s par le Comit\u00e9 international olympique (CIO) marquent une...<\/span><\/div><span class=\"nectar-post-grid-item__meta-wrap\"><span class=\"meta-date\">27 mars 2026<\/span><\/span><\/div><\/div><\/div><\/div><div class=\"nectar-post-grid-item\" style=\"background-color: #ffffff;\" data-post-id=\"11932\" data-has-img=\"true\"> <div class=\"inner\"><div class=\"nectar-post-grid-item-bg-wrap\"><div class=\"nectar-post-grid-item-bg-wrap-inner\"><a class=\"bg-wrap-link\" aria-label=\"L\u2019ACLC condamne l\u2019accroissement par le Qu\u00e9bec du traitement forc\u00e9 et de l\u2019hospitalisation involontaire\" href=\"https:\/\/ccla.org\/fr\/communique-de-presse\/ccla-condemns-quebec-move-to-expand-forced-treatment-and-involuntary-hospitalization\/\"><\/a><div class=\"nectar-post-grid-item-bg\"><img loading=\"lazy\" decoding=\"async\" class=\"nectar-lazy skip-lazy\" src=\"data:image\/svg+xml;charset=utf-8,%3Csvg%20xmlns%3D'http%3A%2F%2Fwww.w3.org%2F2000%2Fsvg'%20viewBox%3D'0%200%202000%20800'%2F%3E\" alt=\"\" height=\"800\" width=\"2000\" data-nectar-img-src=\"https:\/\/ccla.org\/wp-content\/uploads\/2021\/07\/Homeless_clay-leconey-Za9K8pNVepw-unsplash-600x403.jpg\" data-nectar-img-srcset=\"https:\/\/ccla.org\/wp-content\/uploads\/2021\/07\/Homeless_clay-leconey-Za9K8pNVepw-unsplash-600x403.jpg 600w, https:\/\/ccla.org\/wp-content\/uploads\/2021\/07\/Homeless_clay-leconey-Za9K8pNVepw-unsplash-900x604.jpg 900w, https:\/\/ccla.org\/wp-content\/uploads\/2021\/07\/Homeless_clay-leconey-Za9K8pNVepw-unsplash-400x269.jpg 400w\" sizes=\"auto, (max-width: 600px) 100vw, 600px\" \/><\/div><\/div><\/div><div class=\"content\"><a class=\"nectar-post-grid-link\" href=\"https:\/\/ccla.org\/fr\/communique-de-presse\/ccla-condemns-quebec-move-to-expand-forced-treatment-and-involuntary-hospitalization\/\" aria-label=\"L\u2019ACLC condamne l\u2019accroissement par le Qu\u00e9bec du traitement forc\u00e9 et de l\u2019hospitalisation involontaire\"><\/a><div class=\"item-main\"><h3 class=\"post-heading\"><a href=\"https:\/\/ccla.org\/fr\/communique-de-presse\/ccla-condemns-quebec-move-to-expand-forced-treatment-and-involuntary-hospitalization\/\"><span>L\u2019ACLC condamne l\u2019accroissement par le Qu\u00e9bec du traitement forc\u00e9 et de l\u2019hospitalisation involontaire<\/span><\/a><\/h3><div class=\"nectar-post-grid-item__excerpt-wrap item-meta-extra\"><span class=\"meta-excerpt\">TORONTO - L'Association canadienne des libert\u00e9s civiles (ACLC) exprime de s\u00e9rieuses inqui\u00e9tudes quant \u00e0 la...<\/span><\/div><span class=\"nectar-post-grid-item__meta-wrap\"><span class=\"meta-date\">27 mars 2026<\/span><\/span><\/div><\/div><\/div><\/div><div class=\"nectar-post-grid-item\" style=\"background-color: #ffffff;\" data-post-id=\"11917\" data-has-img=\"true\"> <div class=\"inner\"><div class=\"nectar-post-grid-item-bg-wrap\"><div class=\"nectar-post-grid-item-bg-wrap-inner\"><a class=\"bg-wrap-link\" aria-label=\"la Loi 21 au CCN : 4e jour\" href=\"https:\/\/ccla.org\/fr\/communique-de-presse\/bill-21-at-the-scc-day-4\/\"><\/a><div class=\"nectar-post-grid-item-bg\"><img loading=\"lazy\" decoding=\"async\" class=\"nectar-lazy skip-lazy\" src=\"data:image\/svg+xml;charset=utf-8,%3Csvg%20xmlns%3D'http%3A%2F%2Fwww.w3.org%2F2000%2Fsvg'%20viewBox%3D'0%200%202560%20800'%2F%3E\" alt=\"\" height=\"800\" width=\"2560\" data-nectar-img-src=\"https:\/\/ccla.org\/wp-content\/uploads\/2026\/03\/Untitled-design-1-600x403.png\" data-nectar-img-srcset=\"https:\/\/ccla.org\/wp-content\/uploads\/2026\/03\/Untitled-design-1-600x403.png 600w, https:\/\/ccla.org\/wp-content\/uploads\/2026\/03\/Untitled-design-1-900x604.png 900w, https:\/\/ccla.org\/wp-content\/uploads\/2026\/03\/Untitled-design-1-400x269.png 400w\" sizes=\"auto, (max-width: 600px) 100vw, 600px\" \/><\/div><\/div><\/div><div class=\"content\"><a class=\"nectar-post-grid-link\" href=\"https:\/\/ccla.org\/fr\/communique-de-presse\/bill-21-at-the-scc-day-4\/\" aria-label=\"la Loi 21 au CCN : 4e jour\"><\/a><div class=\"item-main\"><h3 class=\"post-heading\"><a href=\"https:\/\/ccla.org\/fr\/communique-de-presse\/bill-21-at-the-scc-day-4\/\"><span>la Loi 21 au CCN : 4e jour<\/span><\/a><\/h3><div class=\"nectar-post-grid-item__excerpt-wrap item-meta-extra\"><span class=\"meta-excerpt\">Lors du quatri\u00e8me et dernier jour d'audience \u00e0 la Cour supr\u00eame du Canada, qui...<\/span><\/div><span class=\"nectar-post-grid-item__meta-wrap\"><span class=\"meta-date\">26 mars 2026<\/span><\/span><\/div><\/div><\/div><\/div><div class=\"nectar-post-grid-item\" style=\"background-color: #ffffff;\" data-post-id=\"11913\" data-has-img=\"true\"> <div class=\"inner\"><div class=\"nectar-post-grid-item-bg-wrap\"><div class=\"nectar-post-grid-item-bg-wrap-inner\"><a class=\"bg-wrap-link\" aria-label=\"La Cour supr\u00eame du Canada cl\u00f4t une audience marathon de quatre jours sur le projet de loi 21 du Qu\u00e9bec\" href=\"https:\/\/ccla.org\/fr\/communique-de-presse\/marathon-four-day-hearing-on-quebecs-bill-21-concludes-at-the-supreme-court-of-canada\/\"><\/a><div class=\"nectar-post-grid-item-bg\"><img loading=\"lazy\" decoding=\"async\" class=\"nectar-lazy skip-lazy\" src=\"data:image\/svg+xml;charset=utf-8,%3Csvg%20xmlns%3D'http%3A%2F%2Fwww.w3.org%2F2000%2Fsvg'%20viewBox%3D'0%200%202000%20800'%2F%3E\" alt=\"\" height=\"800\" width=\"2000\" data-nectar-img-src=\"https:\/\/ccla.org\/wp-content\/uploads\/2021\/06\/Charter_03-600x403.jpg\" data-nectar-img-srcset=\"https:\/\/ccla.org\/wp-content\/uploads\/2021\/06\/Charter_03-600x403.jpg 600w, https:\/\/ccla.org\/wp-content\/uploads\/2021\/06\/Charter_03-900x604.jpg 900w, https:\/\/ccla.org\/wp-content\/uploads\/2021\/06\/Charter_03-400x269.jpg 400w\" sizes=\"auto, (max-width: 600px) 100vw, 600px\" \/><\/div><\/div><\/div><div class=\"content\"><a class=\"nectar-post-grid-link\" href=\"https:\/\/ccla.org\/fr\/communique-de-presse\/marathon-four-day-hearing-on-quebecs-bill-21-concludes-at-the-supreme-court-of-canada\/\" aria-label=\"La Cour supr\u00eame du Canada cl\u00f4t une audience marathon de quatre jours sur le projet de loi 21 du Qu\u00e9bec\"><\/a><div class=\"item-main\"><h3 class=\"post-heading\"><a href=\"https:\/\/ccla.org\/fr\/communique-de-presse\/marathon-four-day-hearing-on-quebecs-bill-21-concludes-at-the-supreme-court-of-canada\/\"><span>La Cour supr\u00eame du Canada cl\u00f4t une audience marathon de quatre jours sur le projet de loi 21 du Qu\u00e9bec<\/span><\/a><\/h3><div class=\"nectar-post-grid-item__excerpt-wrap item-meta-extra\"><span class=\"meta-excerpt\">OTTAWA - Aujourd'hui s'est achev\u00e9e une audience de quatre jours, l'une des plus longues de l'histoire...<\/span><\/div><span class=\"nectar-post-grid-item__meta-wrap\"><span class=\"meta-date\">26 mars 2026<\/span><\/span><\/div><\/div><\/div><\/div><div class=\"nectar-post-grid-item\" style=\"background-color: #ffffff;\" data-post-id=\"11875\" data-has-img=\"true\"> <div class=\"inner\"><div class=\"nectar-post-grid-item-bg-wrap\"><div class=\"nectar-post-grid-item-bg-wrap-inner\"><a class=\"bg-wrap-link\" aria-label=\"R\u00e9sum\u00e9 quotidien \u2014 Contestation du projet de loi 21 devant la Cour supr\u00eame (3e jour)\" href=\"https:\/\/ccla.org\/fr\/communique-de-presse\/bill-21-at-the-scc-day-3\/\"><\/a><div class=\"nectar-post-grid-item-bg\"><img loading=\"lazy\" decoding=\"async\" class=\"nectar-lazy skip-lazy\" src=\"data:image\/svg+xml;charset=utf-8,%3Csvg%20xmlns%3D'http%3A%2F%2Fwww.w3.org%2F2000%2Fsvg'%20viewBox%3D'0%200%202560%20800'%2F%3E\" alt=\"\" height=\"800\" width=\"2560\" data-nectar-img-src=\"https:\/\/ccla.org\/wp-content\/uploads\/2026\/03\/Untitled-design-1-600x403.png\" data-nectar-img-srcset=\"https:\/\/ccla.org\/wp-content\/uploads\/2026\/03\/Untitled-design-1-600x403.png 600w, https:\/\/ccla.org\/wp-content\/uploads\/2026\/03\/Untitled-design-1-900x604.png 900w, https:\/\/ccla.org\/wp-content\/uploads\/2026\/03\/Untitled-design-1-400x269.png 400w\" sizes=\"auto, (max-width: 600px) 100vw, 600px\" \/><\/div><\/div><\/div><div class=\"content\"><a class=\"nectar-post-grid-link\" href=\"https:\/\/ccla.org\/fr\/communique-de-presse\/bill-21-at-the-scc-day-3\/\" aria-label=\"R\u00e9sum\u00e9 quotidien \u2014 Contestation du projet de loi 21 devant la Cour supr\u00eame (3e jour)\"><\/a><div class=\"item-main\"><h3 class=\"post-heading\"><a href=\"https:\/\/ccla.org\/fr\/communique-de-presse\/bill-21-at-the-scc-day-3\/\"><span>R\u00e9sum\u00e9 quotidien \u2014 Contestation du projet de loi 21 devant la Cour supr\u00eame (3e jour)<\/span><\/a><\/h3><div class=\"nectar-post-grid-item__excerpt-wrap item-meta-extra\"><span class=\"meta-excerpt\">Au troisi\u00e8me jour des audiences de la contestation du projet de loi 21 du Qu\u00e9bec \u00e0 la...<\/span><\/div><span class=\"nectar-post-grid-item__meta-wrap\"><span class=\"meta-date\">25 mars 2026<\/span><\/span><\/div><\/div><\/div><\/div><div class=\"nectar-post-grid-item\" style=\"background-color: #ffffff;\" data-post-id=\"11909\" data-has-img=\"true\"> <div class=\"inner\"><div class=\"nectar-post-grid-item-bg-wrap\"><div class=\"nectar-post-grid-item-bg-wrap-inner\"><a class=\"bg-wrap-link\" aria-label=\"L&#039;ACLC tire la sonnette d&#039;alarme sur la d\u00e9cision de l&#039;Alberta de fermer des sites de consommation s\u00fbre\" href=\"https:\/\/ccla.org\/fr\/communique-de-presse\/ccla-raises-alarm-over-albertas-decision-to-close-safe-consumption-sites\/\"><\/a><div class=\"nectar-post-grid-item-bg\"><img loading=\"lazy\" decoding=\"async\" class=\"nectar-lazy skip-lazy\" src=\"data:image\/svg+xml;charset=utf-8,%3Csvg%20xmlns%3D'http%3A%2F%2Fwww.w3.org%2F2000%2Fsvg'%20viewBox%3D'0%200%202000%20800'%2F%3E\" alt=\"\" height=\"800\" width=\"2000\" data-nectar-img-src=\"https:\/\/ccla.org\/wp-content\/uploads\/2021\/07\/Homeless_clay-leconey-Za9K8pNVepw-unsplash-600x403.jpg\" data-nectar-img-srcset=\"https:\/\/ccla.org\/wp-content\/uploads\/2021\/07\/Homeless_clay-leconey-Za9K8pNVepw-unsplash-600x403.jpg 600w, https:\/\/ccla.org\/wp-content\/uploads\/2021\/07\/Homeless_clay-leconey-Za9K8pNVepw-unsplash-900x604.jpg 900w, https:\/\/ccla.org\/wp-content\/uploads\/2021\/07\/Homeless_clay-leconey-Za9K8pNVepw-unsplash-400x269.jpg 400w\" sizes=\"auto, (max-width: 600px) 100vw, 600px\" \/><\/div><\/div><\/div><div class=\"content\"><a class=\"nectar-post-grid-link\" href=\"https:\/\/ccla.org\/fr\/communique-de-presse\/ccla-raises-alarm-over-albertas-decision-to-close-safe-consumption-sites\/\" aria-label=\"L&#039;ACLC tire la sonnette d&#039;alarme sur la d\u00e9cision de l&#039;Alberta de fermer des sites de consommation s\u00fbre\"><\/a><div class=\"item-main\"><h3 class=\"post-heading\"><a href=\"https:\/\/ccla.org\/fr\/communique-de-presse\/ccla-raises-alarm-over-albertas-decision-to-close-safe-consumption-sites\/\"><span>L'ACLC tire la sonnette d'alarme sur la d\u00e9cision de l'Alberta de fermer des sites de consommation s\u00fbre<\/span><\/a><\/h3><div class=\"nectar-post-grid-item__excerpt-wrap item-meta-extra\"><span class=\"meta-excerpt\">TORONTO - Faisant \u00e9cho aux pr\u00e9occupations des d\u00e9fenseurs de premi\u00e8re ligne et des professionnels de la sant\u00e9, la...<\/span><\/div><span class=\"nectar-post-grid-item__meta-wrap\"><span class=\"meta-date\">25 mars 2026<\/span><\/span><\/div><\/div><\/div><\/div><\/div><\/div>\n\t\t\t<\/div> \n\t\t<\/div>\n\t<\/div> \n<\/div><\/div>\n\t\t<div id=\"fws_69f477a8ae112\"  data-column-margin=\"default\" data-midnight=\"dark\"  class=\"wpb_row vc_row-fluid vc_row full-width-section\"  style=\"padding-top: 0px; padding-bottom: 0px; \"><div class=\"row-bg-wrap\" data-bg-animation=\"none\" data-bg-animation-delay=\"\" data-bg-overlay=\"true\"><div class=\"inner-wrap row-bg-layer\" ><div class=\"row-bg viewport-desktop using-bg-color\"  style=\"background-color: #f2f2f2; \"><\/div><\/div><div class=\"row-bg-overlay row-bg-layer\" style=\"background: rgba(0,0,0,0.01); background: linear-gradient(to bottom,rgba(0,0,0,0.01) 0%,rgba(0,0,0,0.3) 100%);  opacity: 0.95; \"><\/div><\/div><div class=\"row_col_wrap_12 col span_12 dark left\">\n\t<div  class=\"vc_col-sm-12 wpb_column column_container vc_column_container col no-extra-padding inherit_tablet inherit_phone\"  data-padding-pos=\"all\" data-has-bg-color=\"false\" data-bg-color=\"\" data-bg-opacity=\"1\" data-animation=\"\" data-delay=\"0\" >\n\t\t<div class=\"vc_column-inner\" >\n\t\t\t<div class=\"wpb_wrapper\">\n\t\t\t\t\n\t\t<div id=\"fws_69f477a8ae513\"  data-column-margin=\"default\" data-midnight=\"dark\"  class=\"wpb_row vc_row-fluid vc_row full-width-section\"  style=\"padding-top: 0px; padding-bottom: 0px; \"><div class=\"row-bg-wrap\" data-bg-animation=\"none\" data-bg-animation-delay=\"\" data-bg-overlay=\"true\"><div class=\"inner-wrap row-bg-layer\" ><div class=\"row-bg viewport-desktop using-bg-color\"  style=\"background-color: #f2f2f2; \"><\/div><\/div><div class=\"row-bg-overlay row-bg-layer\" style=\"background: rgba(0,0,0,0.01); background: linear-gradient(to bottom,rgba(0,0,0,0.01) 0%,rgba(0,0,0,0.3) 100%);  opacity: 0.95; \"><\/div><\/div><div class=\"row_col_wrap_12 col span_12 dark left\">\n\t<div  class=\"vc_col-sm-12 wpb_column column_container vc_column_container col no-extra-padding inherit_tablet inherit_phone\"  data-padding-pos=\"all\" data-has-bg-color=\"false\" data-bg-color=\"\" data-bg-opacity=\"1\" data-animation=\"\" data-delay=\"0\" >\n\t\t<div class=\"vc_column-inner\" >\n\t\t\t<div class=\"wpb_wrapper\">\n\t\t\t\t<div class=\"divider-wrap\" data-alignment=\"default\"><div style=\"height: 10px;\" class=\"divider\"><\/div><\/div>\n\t\t\t<\/div> \n\t\t<\/div>\n\t<\/div> \n<\/div><\/div>\n\n\t\t\t<\/div> \n\t\t<\/div>\n\t<\/div> \n<\/div><\/div>","protected":false},"excerpt":{"rendered":"TORONTO - Faisant \u00e9cho aux pr\u00e9occupations des d\u00e9fenseurs de premi\u00e8re ligne et des professionnels de la sant\u00e9, l'Association canadienne des libert\u00e9s civiles (ACLC) condamne fermement la d\u00e9cision du gouvernement de l'Alberta de fermer les sites de consommation...","protected":false},"author":4,"featured_media":1404,"parent":0,"menu_order":0,"comment_status":"closed","ping_status":"closed","template":"","meta":{"footnotes":""},"class_list":["post-6220","page","type-page","status-publish","has-post-thumbnail"],"yoast_head":"<!-- This site is optimized with the Yoast SEO plugin v24.7 - https:\/\/yoast.com\/wordpress\/plugins\/seo\/ -->\n<title>Policing Canada in the 21st Century | CCLA - Police Accountability &amp; Reform<\/title>\n<meta name=\"description\" content=\"Policing Canada explores challenges policing models face and offers guidance for effective policing. Read more on the Expert Panel\u2019s suggestions for increased accountability and police reform.\" \/>\n<meta name=\"robots\" content=\"index, follow, max-snippet:-1, max-image-preview:large, max-video-preview:-1\" \/>\n<link rel=\"canonical\" href=\"https:\/\/ccla.org\/fr\/rapport-sur-la-police-canadienne-au-21e-siecle\/\" \/>\n<meta property=\"og:locale\" content=\"fr_CA\" \/>\n<meta property=\"og:type\" content=\"article\" \/>\n<meta property=\"og:title\" content=\"Policing Canada in the 21st Century | CCLA - Police Accountability &amp; Reform\" \/>\n<meta property=\"og:description\" content=\"Policing Canada explores challenges policing models face and offers guidance for effective policing. Read more on the Expert Panel\u2019s suggestions for increased accountability and police reform.\" \/>\n<meta property=\"og:url\" content=\"https:\/\/ccla.org\/fr\/rapport-sur-la-police-canadienne-au-21e-siecle\/\" \/>\n<meta property=\"og:site_name\" content=\"CCLA\" \/>\n<meta property=\"article:modified_time\" content=\"2021-10-20T17:54:36+00:00\" \/>\n<meta property=\"og:image\" content=\"https:\/\/ccla.org\/wp-content\/uploads\/2021\/06\/night-time-police-intervention-PEK32NB.jpg\" \/>\n\t<meta property=\"og:image:width\" content=\"2000\" \/>\n\t<meta property=\"og:image:height\" content=\"800\" \/>\n\t<meta property=\"og:image:type\" content=\"image\/jpeg\" \/>\n<meta name=\"twitter:card\" content=\"summary_large_image\" \/>\n<meta name=\"twitter:label1\" content=\"Estimation du temps de lecture\" \/>\n\t<meta name=\"twitter:data1\" content=\"3 minutes\" \/>\n<script type=\"application\/ld+json\" class=\"yoast-schema-graph\">{\"@context\":\"https:\/\/schema.org\",\"@graph\":[{\"@type\":\"WebPage\",\"@id\":\"https:\/\/ccla.org\/policing-canada-21st-century-report\/\",\"url\":\"https:\/\/ccla.org\/policing-canada-21st-century-report\/\",\"name\":\"Policing Canada in the 21st Century | CCLA - Police Accountability & Reform\",\"isPartOf\":{\"@id\":\"https:\/\/ccla.org\/#website\"},\"primaryImageOfPage\":{\"@id\":\"https:\/\/ccla.org\/policing-canada-21st-century-report\/#primaryimage\"},\"image\":{\"@id\":\"https:\/\/ccla.org\/policing-canada-21st-century-report\/#primaryimage\"},\"thumbnailUrl\":\"https:\/\/ccla.org\/wp-content\/uploads\/2021\/06\/night-time-police-intervention-PEK32NB.jpg\",\"datePublished\":\"2021-09-17T19:31:05+00:00\",\"dateModified\":\"2021-10-20T17:54:36+00:00\",\"description\":\"Policing Canada explores challenges policing models face and offers guidance for effective policing. Read more on the Expert Panel\u2019s suggestions for increased accountability and police reform.\",\"breadcrumb\":{\"@id\":\"https:\/\/ccla.org\/policing-canada-21st-century-report\/#breadcrumb\"},\"inLanguage\":\"fr-CA\",\"potentialAction\":[{\"@type\":\"ReadAction\",\"target\":[\"https:\/\/ccla.org\/policing-canada-21st-century-report\/\"]}]},{\"@type\":\"ImageObject\",\"inLanguage\":\"fr-CA\",\"@id\":\"https:\/\/ccla.org\/policing-canada-21st-century-report\/#primaryimage\",\"url\":\"https:\/\/ccla.org\/wp-content\/uploads\/2021\/06\/night-time-police-intervention-PEK32NB.jpg\",\"contentUrl\":\"https:\/\/ccla.org\/wp-content\/uploads\/2021\/06\/night-time-police-intervention-PEK32NB.jpg\",\"width\":2000,\"height\":800},{\"@type\":\"BreadcrumbList\",\"@id\":\"https:\/\/ccla.org\/policing-canada-21st-century-report\/#breadcrumb\",\"itemListElement\":[{\"@type\":\"ListItem\",\"position\":1,\"name\":\"Home\",\"item\":\"https:\/\/ccla.org\/\"},{\"@type\":\"ListItem\",\"position\":2,\"name\":\"Policing Canada In The 21st Century\"}]},{\"@type\":\"WebSite\",\"@id\":\"https:\/\/ccla.org\/#website\",\"url\":\"https:\/\/ccla.org\/\",\"name\":\"CCLA\",\"description\":\"\",\"potentialAction\":[{\"@type\":\"SearchAction\",\"target\":{\"@type\":\"EntryPoint\",\"urlTemplate\":\"https:\/\/ccla.org\/?s={search_term_string}\"},\"query-input\":{\"@type\":\"PropertyValueSpecification\",\"valueRequired\":true,\"valueName\":\"search_term_string\"}}],\"inLanguage\":\"fr-CA\"}]}<\/script>\n<!-- \/ Yoast SEO plugin. -->","yoast_head_json":{"title":"Policing Canada in the 21st Century | CCLA - Police Accountability & Reform","description":"Policing Canada explores challenges policing models face and offers guidance for effective policing. Read more on the Expert Panel\u2019s suggestions for increased accountability and police reform.","robots":{"index":"index","follow":"follow","max-snippet":"max-snippet:-1","max-image-preview":"max-image-preview:large","max-video-preview":"max-video-preview:-1"},"canonical":"https:\/\/ccla.org\/fr\/rapport-sur-la-police-canadienne-au-21e-siecle\/","og_locale":"fr_CA","og_type":"article","og_title":"Policing Canada in the 21st Century | CCLA - Police Accountability & Reform","og_description":"Policing Canada explores challenges policing models face and offers guidance for effective policing. Read more on the Expert Panel\u2019s suggestions for increased accountability and police reform.","og_url":"https:\/\/ccla.org\/fr\/rapport-sur-la-police-canadienne-au-21e-siecle\/","og_site_name":"CCLA","article_modified_time":"2021-10-20T17:54:36+00:00","og_image":[{"width":2000,"height":800,"url":"https:\/\/ccla.org\/wp-content\/uploads\/2021\/06\/night-time-police-intervention-PEK32NB.jpg","type":"image\/jpeg"}],"twitter_card":"summary_large_image","twitter_misc":{"Estimation du temps de lecture":"3 minutes"},"schema":{"@context":"https:\/\/schema.org","@graph":[{"@type":"WebPage","@id":"https:\/\/ccla.org\/policing-canada-21st-century-report\/","url":"https:\/\/ccla.org\/policing-canada-21st-century-report\/","name":"Policing Canada in the 21st Century | CCLA - Police Accountability & Reform","isPartOf":{"@id":"https:\/\/ccla.org\/#website"},"primaryImageOfPage":{"@id":"https:\/\/ccla.org\/policing-canada-21st-century-report\/#primaryimage"},"image":{"@id":"https:\/\/ccla.org\/policing-canada-21st-century-report\/#primaryimage"},"thumbnailUrl":"https:\/\/ccla.org\/wp-content\/uploads\/2021\/06\/night-time-police-intervention-PEK32NB.jpg","datePublished":"2021-09-17T19:31:05+00:00","dateModified":"2021-10-20T17:54:36+00:00","description":"Policing Canada explores challenges policing models face and offers guidance for effective policing. Read more on the Expert Panel\u2019s suggestions for increased accountability and police reform.","breadcrumb":{"@id":"https:\/\/ccla.org\/policing-canada-21st-century-report\/#breadcrumb"},"inLanguage":"fr-CA","potentialAction":[{"@type":"ReadAction","target":["https:\/\/ccla.org\/policing-canada-21st-century-report\/"]}]},{"@type":"ImageObject","inLanguage":"fr-CA","@id":"https:\/\/ccla.org\/policing-canada-21st-century-report\/#primaryimage","url":"https:\/\/ccla.org\/wp-content\/uploads\/2021\/06\/night-time-police-intervention-PEK32NB.jpg","contentUrl":"https:\/\/ccla.org\/wp-content\/uploads\/2021\/06\/night-time-police-intervention-PEK32NB.jpg","width":2000,"height":800},{"@type":"BreadcrumbList","@id":"https:\/\/ccla.org\/policing-canada-21st-century-report\/#breadcrumb","itemListElement":[{"@type":"ListItem","position":1,"name":"Home","item":"https:\/\/ccla.org\/"},{"@type":"ListItem","position":2,"name":"Policing Canada In The 21st Century"}]},{"@type":"WebSite","@id":"https:\/\/ccla.org\/#website","url":"https:\/\/ccla.org\/","name":"CCLA","description":"","potentialAction":[{"@type":"SearchAction","target":{"@type":"EntryPoint","urlTemplate":"https:\/\/ccla.org\/?s={search_term_string}"},"query-input":{"@type":"PropertyValueSpecification","valueRequired":true,"valueName":"search_term_string"}}],"inLanguage":"fr-CA"}]}},"_links":{"self":[{"href":"https:\/\/ccla.org\/fr\/wp-json\/wp\/v2\/pages\/6220","targetHints":{"allow":["GET"]}}],"collection":[{"href":"https:\/\/ccla.org\/fr\/wp-json\/wp\/v2\/pages"}],"about":[{"href":"https:\/\/ccla.org\/fr\/wp-json\/wp\/v2\/types\/page"}],"author":[{"embeddable":true,"href":"https:\/\/ccla.org\/fr\/wp-json\/wp\/v2\/users\/4"}],"replies":[{"embeddable":true,"href":"https:\/\/ccla.org\/fr\/wp-json\/wp\/v2\/comments?post=6220"}],"version-history":[{"count":3,"href":"https:\/\/ccla.org\/fr\/wp-json\/wp\/v2\/pages\/6220\/revisions"}],"predecessor-version":[{"id":6262,"href":"https:\/\/ccla.org\/fr\/wp-json\/wp\/v2\/pages\/6220\/revisions\/6262"}],"wp:featuredmedia":[{"embeddable":true,"href":"https:\/\/ccla.org\/fr\/wp-json\/wp\/v2\/media\/1404"}],"wp:attachment":[{"href":"https:\/\/ccla.org\/fr\/wp-json\/wp\/v2\/media?parent=6220"}],"curies":[{"name":"wp","href":"https:\/\/api.w.org\/{rel}","templated":true}]}}