{"id":5180,"date":"2021-07-14T20:49:23","date_gmt":"2021-07-14T20:49:23","guid":{"rendered":"https:\/\/ccla.org\/?page_id=5180"},"modified":"2021-09-15T19:30:43","modified_gmt":"2021-09-15T19:30:43","slug":"decriminalization-defunding-detasking","status":"publish","type":"page","link":"https:\/\/ccla.org\/fr\/notre-travail\/justice-penale\/decriminalisation-defunding-detasking\/","title":{"rendered":"D\u00e9criminalisation, Defunding &amp; Detasking"},"content":{"rendered":"<div id=\"fws_69f59e76658ee\"  data-column-margin=\"default\" data-midnight=\"dark\"  class=\"wpb_row vc_row-fluid vc_row full-width-section\"  style=\"padding-top: 0px; padding-bottom: 0px; \"><div class=\"row-bg-wrap\" data-bg-animation=\"none\" data-bg-animation-delay=\"\" data-bg-overlay=\"true\"><div class=\"inner-wrap row-bg-layer\" ><div class=\"row-bg viewport-desktop\"  style=\"\"><\/div><\/div><div class=\"row-bg-overlay row-bg-layer\" style=\"background: rgba(0,0,0,0.3); background: linear-gradient(to bottom,rgba(0,0,0,0.3) 0%,rgba(238,238,238,0.01) 100%);  opacity: 0.5; \"><\/div><\/div><div class=\"row_col_wrap_12 col span_12 dark left\">\n\t<div  class=\"vc_col-sm-12 wpb_column column_container vc_column_container col no-extra-padding inherit_tablet inherit_phone\"  data-padding-pos=\"all\" data-has-bg-color=\"false\" data-bg-color=\"\" data-bg-opacity=\"1\" data-animation=\"\" data-delay=\"0\" >\n\t\t<div class=\"vc_column-inner\" >\n\t\t\t<div class=\"wpb_wrapper\">\n\t\t\t\t\n\t\t<div id=\"fws_69f59e7665d2a\"  data-column-margin=\"default\" data-midnight=\"dark\"  class=\"wpb_row vc_row-fluid vc_row full-width-section\"  style=\"padding-top: 0px; padding-bottom: 0px; \"><div class=\"row-bg-wrap\" data-bg-animation=\"none\" data-bg-animation-delay=\"\" data-bg-overlay=\"true\"><div class=\"inner-wrap row-bg-layer\" ><div class=\"row-bg viewport-desktop\"  style=\"\"><\/div><\/div><div class=\"row-bg-overlay row-bg-layer\" style=\"background: rgba(0,0,0,0.3); background: linear-gradient(to bottom,rgba(0,0,0,0.3) 0%,rgba(238,238,238,0.01) 100%);  opacity: 0.5; \"><\/div><\/div><div class=\"row_col_wrap_12 col span_12 dark left\">\n\t<div  class=\"vc_col-sm-12 wpb_column column_container vc_column_container col no-extra-padding inherit_tablet inherit_phone\"  data-padding-pos=\"all\" data-has-bg-color=\"false\" data-bg-color=\"\" data-bg-opacity=\"1\" data-animation=\"\" data-delay=\"0\" >\n\t\t<div class=\"vc_column-inner\" >\n\t\t\t<div class=\"wpb_wrapper\">\n\t\t\t\t<div class=\"divider-wrap\" data-alignment=\"default\"><div style=\"height: 10px;\" class=\"divider\"><\/div><\/div>\n\t\t\t<\/div> \n\t\t<\/div>\n\t<\/div> \n<\/div><\/div>\n\n\t\t\t<\/div> \n\t\t<\/div>\n\t<\/div> \n<\/div><\/div>\n\t\t<div id=\"fws_69f59e76660ee\"  data-column-margin=\"60px\" data-midnight=\"dark\"  class=\"wpb_row vc_row-fluid vc_row\"  style=\"padding-top: 50px; padding-bottom: 50px; \"><div class=\"row-bg-wrap\" data-bg-animation=\"none\" data-bg-animation-delay=\"\" data-bg-overlay=\"false\"><div class=\"inner-wrap row-bg-layer\" ><div class=\"row-bg viewport-desktop using-bg-color\"  style=\"background-color: #ffffff; \"><\/div><\/div><\/div><div class=\"row_col_wrap_12 col span_12 dark left\">\n\t<div  class=\"vc_col-sm-12 wpb_column column_container vc_column_container col no-extra-padding inherit_tablet inherit_phone\"  data-padding-pos=\"right\" data-has-bg-color=\"false\" data-bg-color=\"\" data-bg-opacity=\"1\" data-animation=\"\" data-delay=\"0\" >\n\t\t<div class=\"vc_column-inner\" >\n\t\t\t<div class=\"wpb_wrapper\">\n\t\t\t\t<h2 style=\"font-size: 36px;color: #1e5799;line-height: 1.4;text-align: left;font-family:Crimson Text;font-weight:600;font-style:italic\" class=\"vc_custom_heading vc_do_custom_heading\" >Repenser la \u00ab justice \u00bb et la \u00ab s\u00e9curit\u00e9 \u00bb.<\/h2><div class=\"divider-wrap\" data-alignment=\"default\"><div style=\"margin-top: 25px; width: 120px; height: 5px; margin-bottom: 25px;\" data-width=\"120px\" data-animate=\"yes\" data-animation-delay=\"\" data-color=\"extra-color-1\" class=\"divider-small-border\"><\/div><\/div><div id=\"fws_69f59e76666a6\" data-midnight=\"\" data-column-margin=\"default\" class=\"wpb_row vc_row-fluid vc_row inner_row\"  style=\"\"><div class=\"row-bg-wrap\"> <div class=\"row-bg\" ><\/div> <\/div><div class=\"row_col_wrap_12_inner col span_12  left\">\n\t<div  class=\"vc_col-sm-6 wpb_column column_container vc_column_container col child_column no-extra-padding inherit_tablet inherit_phone\"   data-padding-pos=\"all\" data-has-bg-color=\"false\" data-bg-color=\"\" data-bg-opacity=\"1\" data-animation=\"\" data-delay=\"0\" >\n\t\t<div class=\"vc_column-inner\" >\n\t\t<div class=\"wpb_wrapper\">\n\t\t\t\n<div class=\"wpb_text_column wpb_content_element\" >\n\t<div class=\"wpb_wrapper\">\n\t\t<p>Il ne suffit pas d&#039;assurer l&#039;\u00e9quit\u00e9 dans le processus de justice p\u00e9nale \u2013 nos id\u00e9es de \u00ab crime \u00bb et de \u00ab s\u00e9curit\u00e9 \u00bb doivent \u00e9galement \u00eatre examin\u00e9es de mani\u00e8re critique. Notre travail sur la d\u00e9criminalisation et le financement et la suppression des t\u00e2ches de la police vise \u00e0 confronter les fa\u00e7ons dont le syst\u00e8me de justice p\u00e9nale cause des dommages aux populations vuln\u00e9rables et agit comme un outil de discrimination et d&#039;oppression.<\/p>\n<p>L&#039;histoire du syst\u00e8me de justice p\u00e9nale du Canada regorge d&#039;exemples o\u00f9 le droit p\u00e9nal a \u00e9t\u00e9 utilis\u00e9 pour opprimer et discriminer des communaut\u00e9s marginalis\u00e9es. Les exemples incluent la longue histoire du Canada de criminalisation des pratiques culturelles des peuples autochtones, y compris les interdictions visant les c\u00e9r\u00e9monies de danse traditionnelle, les pow-wow et les potlaches; la criminalisation de l&#039;homosexualit\u00e9 ; et la r\u00e9ponse juridique canadienne au travail du sexe, qui a \u00e9t\u00e9 cribl\u00e9 de discrimination fond\u00e9e sur la classe, la race, le sexe et d&#039;autres marqueurs d&#039;identit\u00e9. Les actions des individus vuln\u00e9rables sont \u00e9galement souvent criminalis\u00e9es dans le but de les \u00ab prot\u00e9ger \u00bb \u2013 une r\u00e9ponse g\u00e9n\u00e9ralement contre-productive et pr\u00e9judiciable.<\/p>\n\t<\/div>\n<\/div>\n\n\n\n\n\t\t<\/div> \n\t<\/div>\n\t<\/div> \n\n\t<div  class=\"vc_col-sm-6 wpb_column column_container vc_column_container col child_column no-extra-padding inherit_tablet inherit_phone\"   data-padding-pos=\"all\" data-has-bg-color=\"false\" data-bg-color=\"\" data-bg-opacity=\"1\" data-animation=\"\" data-delay=\"0\" >\n\t\t<div class=\"vc_column-inner\" >\n\t\t<div class=\"wpb_wrapper\">\n\t\t\t\n<div class=\"wpb_text_column wpb_content_element\" >\n\t<div class=\"wpb_wrapper\">\n\t\t<p>L&#039;ACLC estime que le droit p\u00e9nal doit \u00eatre utilis\u00e9 avec autant de parcimonie que possible et s&#039;efforce de garantir que les communaut\u00e9s vuln\u00e9rables et marginalis\u00e9es ne soient pas expos\u00e9es \u00e0 des pr\u00e9judices inutiles du fait de son fonctionnement.<\/p>\n<p>Notre d\u00e9pendance excessive \u00e0 l&#039;\u00e9gard de la police nuit \u00e9galement aux communaut\u00e9s marginalis\u00e9es et aggrave l&#039;injustice syst\u00e9mique. Plus de dix pour cent des incidents de recours \u00e0 la force par la police surviennent au cours d&#039;une intervention polici\u00e8re \u00e0 une crise de sant\u00e9 mentale, ce qui a donn\u00e9 lieu \u00e0 de nombreux exemples tragiques de personnes ayant besoin d&#039;aide qui ont \u00e9t\u00e9 tu\u00e9es par balle. Une quantit\u00e9 \u00e9norme de temps est consacr\u00e9e \u00e0 surveiller les personnes sans abri et les jeunes \u2013 deux populations qui seraient mieux servies par des interventions de services sociaux dirig\u00e9es par des civils. Les m\u00e9faits d&#039;une intervention polici\u00e8re sont ressentis de mani\u00e8re disproportionn\u00e9e par les communaut\u00e9s sur-polic\u00e9es, y compris les Noirs, les Autochtones et les membres d&#039;autres communaut\u00e9s racialis\u00e9es, qui sont plus susceptibles d&#039;\u00eatre arr\u00eat\u00e9s, interrog\u00e9s, arr\u00eat\u00e9s et tu\u00e9s par la police. L&#039;ACLC travaille en partenariat avec les communaut\u00e9s touch\u00e9es pour repenser notre d\u00e9pendance \u00e0 l&#039;\u00e9gard de la police et critiquer notre vision collective de la s\u00e9curit\u00e9 communautaire.<\/p>\n\t<\/div>\n<\/div>\n\n\n\n\n\t\t<\/div> \n\t<\/div>\n\t<\/div> \n<\/div><\/div>\n\t\t\t<\/div> \n\t\t<\/div>\n\t<\/div> \n<\/div><\/div>\n\t\t<div id=\"fws_69f59e7666da5\"  data-column-margin=\"default\" data-midnight=\"dark\"  class=\"wpb_row vc_row-fluid vc_row full-width-section\"  style=\"padding-top: 50px; padding-bottom: 70px; \"><div class=\"row-bg-wrap\" data-bg-animation=\"none\" data-bg-animation-delay=\"\" data-bg-overlay=\"false\"><div class=\"inner-wrap row-bg-layer\" ><div class=\"row-bg viewport-desktop using-bg-color\"  style=\"background-color: #fafafa; \"><\/div><\/div><\/div><div class=\"row_col_wrap_12 col span_12 dark left\">\n\t<div  class=\"vc_col-sm-12 wpb_column column_container vc_column_container col no-extra-padding inherit_tablet inherit_phone\"  data-padding-pos=\"all\" data-has-bg-color=\"false\" data-bg-color=\"\" data-bg-opacity=\"1\" data-animation=\"\" data-delay=\"0\" >\n\t\t<div class=\"vc_column-inner\" >\n\t\t\t<div class=\"wpb_wrapper\">\n\t\t\t\t<h5 style=\"font-size: 36px;color: #1e5799;line-height: 1.3;text-align: left\" class=\"vc_custom_heading vc_do_custom_heading\" >Nos r\u00e9cents cas et rapports<\/h5><div class=\"divider-wrap\" data-alignment=\"default\"><div style=\"margin-top: 25px; width: 120px; height: 5px; margin-bottom: 25px;\" data-width=\"120px\" data-animate=\"\" data-animation-delay=\"\" data-color=\"extra-color-1\" class=\"divider-small-border\"><\/div><\/div>\n<div class=\"wpb_text_column wpb_content_element\" >\n\t<div class=\"wpb_wrapper\">\n\t\t<p>Voir nos derniers travaux et activit\u00e9s.<\/p>\n\t<\/div>\n<\/div>\n\n\n\n<div id=\"fws_69f59e7667256\" data-midnight=\"\" data-column-margin=\"default\" class=\"wpb_row vc_row-fluid vc_row inner_row custom-portfolio\"  style=\"\"><div class=\"row-bg-wrap\"> <div class=\"row-bg\" ><\/div> <\/div><div class=\"row_col_wrap_12_inner col span_12  left\">\n\t<div  class=\"vc_col-sm-12 vc_hidden-sm vc_hidden-xs wpb_column column_container vc_column_container col child_column no-extra-padding inherit_tablet inherit_phone\"   data-padding-pos=\"all\" data-has-bg-color=\"false\" data-bg-color=\"\" data-bg-opacity=\"1\" data-animation=\"\" data-delay=\"0\" >\n\t\t<div class=\"vc_column-inner\" >\n\t\t<div class=\"wpb_wrapper\">\n\t\t\t\t\t\t\t\n\t\t\t\t\n\t\t\t\t\n\t\t\t\t<div class=\"portfolio-wrap\">\n\t\t\t\t\t\n\t\t\t\t\t\t\t\t\t\t\n\t\t\t\t\t<span class=\"portfolio-loading  none\">   <\/span>\n\t\t\t\t\t\n\t\t\t\t\t\t\t\t\t\t\n\t\t\t\t\t<div class=\"row portfolio-items no-masonry\" data-rcp=\"false\" data-masonry-type=\"default\" data-ps=\"3\" data-starting-filter=\"\" data-gutter=\"default\" data-categories-to-show=\"detasking-police\" data-bypass-cropping=\"\" data-lightbox-only=\"0\" data-col-num=\"cols-2\">\n\t\t\t\t\t\t\t\t\t\t\t\n\t\t\t\t<\/div><!--\/portfolio-->\n\t\t\t<\/div><!--\/portfolio wrap-->\n\t\t\t\n\t\t\t\n\t\t<\/div> \n\t<\/div>\n\t<\/div> \n<\/div><\/div><div id=\"fws_69f59e766871f\" data-midnight=\"\" data-column-margin=\"default\" class=\"wpb_row vc_row-fluid vc_row inner_row\"  style=\"\"><div class=\"row-bg-wrap\"> <div class=\"row-bg\" ><\/div> <\/div><div class=\"row_col_wrap_12_inner col span_12  left\">\n\t<div  class=\"vc_col-sm-12 vc_hidden-lg vc_hidden-md wpb_column column_container vc_column_container col child_column no-extra-padding inherit_tablet inherit_phone\"   data-padding-pos=\"all\" data-has-bg-color=\"false\" data-bg-color=\"\" data-bg-opacity=\"1\" data-animation=\"\" data-delay=\"0\" >\n\t\t<div class=\"vc_column-inner\" >\n\t\t<div class=\"wpb_wrapper\">\n\t\t\t\t\t\t\t\n\t\t\t\t\n\t\t\t\t\n\t\t\t\t<div class=\"portfolio-wrap\">\n\t\t\t\t\t\n\t\t\t\t\t\t\t\t\t\t\n\t\t\t\t\t<span class=\"portfolio-loading  none\">   <\/span>\n\t\t\t\t\t\n\t\t\t\t\t\t\t\t\t\t\n\t\t\t\t\t<div class=\"row portfolio-items no-masonry\" data-rcp=\"false\" data-masonry-type=\"default\" data-ps=\"9\" data-starting-filter=\"\" data-gutter=\"default\" data-categories-to-show=\"detasking-police\" data-bypass-cropping=\"\" data-lightbox-only=\"0\" data-col-num=\"cols-2\">\n\t\t\t\t\t\t\t\t\t\t\t\n\t\t\t\t<\/div><!--\/portfolio-->\n\t\t\t<\/div><!--\/portfolio wrap-->\n\t\t\t\n\t\t\t\n\t\t<\/div> \n\t<\/div>\n\t<\/div> \n<\/div><\/div>\n\t\t\t<\/div> \n\t\t<\/div>\n\t<\/div> \n<\/div><\/div>\n\t\t<div id=\"fws_69f59e7668ce9\"  data-column-margin=\"default\" data-midnight=\"dark\"  class=\"wpb_row vc_row-fluid vc_row full-width-section\"  style=\"padding-top: 0px; padding-bottom: 0px; \"><div class=\"row-bg-wrap\" data-bg-animation=\"none\" data-bg-animation-delay=\"\" data-bg-overlay=\"false\"><div class=\"inner-wrap row-bg-layer\" ><div class=\"row-bg viewport-desktop using-bg-color\"  style=\"background-color: #f2f2f2; \"><\/div><\/div><\/div><div class=\"row_col_wrap_12 col span_12 dark left\">\n\t<div  class=\"vc_col-sm-12 wpb_column column_container vc_column_container col padding-4-percent inherit_tablet inherit_phone\"  data-padding-pos=\"bottom\" data-has-bg-color=\"false\" data-bg-color=\"\" data-bg-opacity=\"1\" data-animation=\"\" data-delay=\"0\" >\n\t\t<div class=\"vc_column-inner\" >\n\t\t\t<div class=\"wpb_wrapper\">\n\t\t\t\t<div class=\"divider-wrap\" data-alignment=\"default\"><div style=\"height: 50px;\" class=\"divider\"><\/div><\/div><h2 style=\"color: #1e5799;text-align: center\" class=\"vc_custom_heading vc_do_custom_heading\" >Notre travail sur la d\u00e9p\u00e9nalisation, le financement et la suppression des t\u00e2ches<\/h2><div class=\"divider-wrap\" data-alignment=\"default\"><div style=\"height: 30px;\" class=\"divider\"><\/div><\/div><div class='nectar-post-grid-wrap custom-post-grid text-color-dark spacing-5px' data-el-settings='{\"post_type\":\"post\",\"pagination\":\"none\",\"image_size\":\"portfolio-thumb\",\"parallax_scrolling\":\"\",\"aspect_ratio_image_size\":\"yes\",\"category_position\":\"default\",\"category_display\":\"default\",\"display_categories\":\"0\",\"display_excerpt\":\"yes\",\"excerpt_length\":\"20\",\"display_date\":\"yes\",\"display_estimated_reading_time\":\"0\",\"display_author\":\"0\",\"author_functionality\":\"default\",\"author_position\":\"default\",\"color_overlay\":\"\",\"color_overlay_opacity\":\"\",\"color_overlay_hover_opacity\":\"\",\"card_bg_color\":\"#ffffff\",\"grid_style\":\"content_under_image\",\"hover_effect\":\"zoom\",\"post_title_overlay\":\"\",\"heading_tag\":\"h3\",\"enable_gallery_lightbox\":\"0\",\"category_style\":\"underline\",\"overlay_secondary_project_image\":\"\",\"vertical_list_hover_effect\":\"none\",\"vertical_list_read_more\":\"\",\"read_more_button\":\"0\",\"animation\":\"fade-in-from-bottom\"}' data-style='content_under_image' data-query='{\"post_type\":\"post\",\"posts_per_page\":\"-1\",\"order\":\"DESC\",\"orderby\":\"date\",\"offset\":\"0\",\"cpt_name\":\"post\",\"custom_query_tax\":\"\",\"ignore_sticky_posts\":\"\"}' data-load-more-color='black' data-load-more-text='Load More'><div class=\"nectar-post-grid-filters\" data-active-color=\"default\" data-align=\"default\" data-animation=\"fade-in-from-bottom\" data-sortable=\"\"><h4>Filtre<\/h4><div><a href=\"#\" data-filter=\"decriminalization\" data-total-count=\"3\">D\u00e9p\u00e9nalisation<\/a><a href=\"#\" data-filter=\"detasking-police\" data-total-count=\"5\">D\u00e9tachement de la police<\/a><\/div><\/div><div class=\"nectar-post-grid category-position-before-title\" data-indicator=\"\" data-indicator-style=\"default\" data-indicator-text-color=\"#fff\" data-indicator-color=\"#000\" data-indicator-text=\"View\" data-masonry=\"false\" data-columns=\"4\" data-hover-effect=\"zoom\" data-text-style=\"default\" data-border-radius=\"5px\" data-grid-item-height=\"30vh\" data-grid-spacing=\"5px\" data-text-layout=\"top_left\" data-text-color=\"dark\" data-text-hover-color=\"dark\" data-shadow-hover=\"yes\" data-animation=\"fade-in-from-bottom\" data-animation-stagger=\"90\" data-cat-click=\"default\"  data-lock-aspect=\"yes\"  data-text-align=\"left\" data-card=\"yes\" style=\"--post-grid-border-radius:5px;\" ><div class=\"nectar-post-grid-item\" style=\"background-color: #ffffff;\" data-post-id=\"1543\" data-has-img=\"true\"> <div class=\"inner\"><div class=\"nectar-post-grid-item-bg-wrap\"><div class=\"nectar-post-grid-item-bg-wrap-inner\"><a class=\"bg-wrap-link\" aria-label=\"Observations de l&#039;ACLC sur le projet de loi 251\" href=\"https:\/\/ccla.org\/fr\/intimite\/cclas-submissions-on-bill-251\/\"><\/a><div class=\"nectar-post-grid-item-bg\"><img loading=\"lazy\" decoding=\"async\" class=\"nectar-lazy skip-lazy\" src=\"data:image\/svg+xml;charset=utf-8,%3Csvg%20xmlns%3D'http%3A%2F%2Fwww.w3.org%2F2000%2Fsvg'%20viewBox%3D'0%200%202000%20800'%2F%3E\" alt=\"\" height=\"800\" width=\"2000\" data-nectar-img-src=\"https:\/\/ccla.org\/wp-content\/uploads\/2021\/06\/security-camera-on-gray-office-building-wall-PH7WVF9-600x403.jpg\" data-nectar-img-srcset=\"https:\/\/ccla.org\/wp-content\/uploads\/2021\/06\/security-camera-on-gray-office-building-wall-PH7WVF9-600x403.jpg 600w, https:\/\/ccla.org\/wp-content\/uploads\/2021\/06\/security-camera-on-gray-office-building-wall-PH7WVF9-900x604.jpg 900w, https:\/\/ccla.org\/wp-content\/uploads\/2021\/06\/security-camera-on-gray-office-building-wall-PH7WVF9-400x269.jpg 400w\" sizes=\"auto, (max-width: 600px) 100vw, 600px\" \/><\/div><\/div><\/div><div class=\"content\"><a class=\"nectar-post-grid-link\" href=\"https:\/\/ccla.org\/fr\/intimite\/cclas-submissions-on-bill-251\/\" aria-label=\"Observations de l&#039;ACLC sur le projet de loi 251\"><\/a><div class=\"item-main\"><h3 class=\"post-heading\"><a href=\"https:\/\/ccla.org\/fr\/intimite\/cclas-submissions-on-bill-251\/\"><span>Observations de l&#039;ACLC sur le projet de loi 251<\/span><\/a><\/h3><div class=\"nectar-post-grid-item__excerpt-wrap item-meta-extra\"><span class=\"meta-excerpt\">Le 13 mai 2021, l&#039;ACLC a pr\u00e9sent\u00e9 des observations \u00e9crites sur le projet de loi 251 de l&#039;Ontario, la lutte contre\u2026<\/span><\/div><span class=\"nectar-post-grid-item__meta-wrap\"><span class=\"meta-date\">20 mai 2021<\/span><\/span><\/div><\/div><\/div><\/div><div class=\"nectar-post-grid-item\" style=\"background-color: #ffffff;\" data-post-id=\"1680\" data-has-img=\"true\"> <div class=\"inner\"><div class=\"nectar-post-grid-item-bg-wrap\"><div class=\"nectar-post-grid-item-bg-wrap-inner\"><a class=\"bg-wrap-link\" aria-label=\"L&#039;ACLC et le PPMP publient un nouveau rapport examinant la police de Covid-19 dans la deuxi\u00e8me vague\" href=\"https:\/\/ccla.org\/fr\/justice-penale\/responsabilite-des-pouvoirs-de-police\/la-ccla-et-le-ppmp-publient-un-nouveau-rapport-sur-le-maintien-de-lordre-dans-le-cadre-de-la-seconde-vague-de-covid-19\/\"><\/a><div class=\"nectar-post-grid-item-bg\"><img loading=\"lazy\" decoding=\"async\" class=\"nectar-lazy skip-lazy\" src=\"data:image\/svg+xml;charset=utf-8,%3Csvg%20xmlns%3D'http%3A%2F%2Fwww.w3.org%2F2000%2Fsvg'%20viewBox%3D'0%200%202000%20800'%2F%3E\" alt=\"\" height=\"800\" width=\"2000\" data-nectar-img-src=\"https:\/\/ccla.org\/wp-content\/uploads\/2021\/06\/group-of-people-activists-protesting-on-streets-st-69N5QYL-600x403.jpg\" data-nectar-img-srcset=\"https:\/\/ccla.org\/wp-content\/uploads\/2021\/06\/group-of-people-activists-protesting-on-streets-st-69N5QYL-600x403.jpg 600w, https:\/\/ccla.org\/wp-content\/uploads\/2021\/06\/group-of-people-activists-protesting-on-streets-st-69N5QYL-900x604.jpg 900w, https:\/\/ccla.org\/wp-content\/uploads\/2021\/06\/group-of-people-activists-protesting-on-streets-st-69N5QYL-400x269.jpg 400w\" sizes=\"auto, (max-width: 600px) 100vw, 600px\" \/><\/div><\/div><\/div><div class=\"content\"><a class=\"nectar-post-grid-link\" href=\"https:\/\/ccla.org\/fr\/justice-penale\/responsabilite-des-pouvoirs-de-police\/la-ccla-et-le-ppmp-publient-un-nouveau-rapport-sur-le-maintien-de-lordre-dans-le-cadre-de-la-seconde-vague-de-covid-19\/\" aria-label=\"L&#039;ACLC et le PPMP publient un nouveau rapport examinant la police de Covid-19 dans la deuxi\u00e8me vague\"><\/a><div class=\"item-main\"><h3 class=\"post-heading\"><a href=\"https:\/\/ccla.org\/fr\/justice-penale\/responsabilite-des-pouvoirs-de-police\/la-ccla-et-le-ppmp-publient-un-nouveau-rapport-sur-le-maintien-de-lordre-dans-le-cadre-de-la-seconde-vague-de-covid-19\/\"><span>L&#039;ACLC et le PPMP publient un nouveau rapport examinant la police de Covid-19 dans la deuxi\u00e8me vague<\/span><\/a><\/h3><div class=\"nectar-post-grid-item__excerpt-wrap item-meta-extra\"><span class=\"meta-excerpt\">L&#039;Association canadienne des libert\u00e9s civiles et le Policing the Pandemic Mapping Project ont publi\u00e9 un nouveau rapport\u2026<\/span><\/div><span class=\"nectar-post-grid-item__meta-wrap\"><span class=\"meta-date\">11 mai 2021<\/span><\/span><\/div><\/div><\/div><\/div><div class=\"nectar-post-grid-item\" style=\"background-color: #ffffff;\" data-post-id=\"1755\" data-has-img=\"true\"> <div class=\"inner\"><div class=\"nectar-post-grid-item-bg-wrap\"><div class=\"nectar-post-grid-item-bg-wrap-inner\"><a class=\"bg-wrap-link\" aria-label=\"Partenaires de l&#039;ACLC dans un rapport exhortant Toronto \u00e0 retirer la police\" href=\"https:\/\/ccla.org\/fr\/justice-penale\/ccla-partners-on-report-urging-toronto-to-detask-police\/\"><\/a><div class=\"nectar-post-grid-item-bg\"><img loading=\"lazy\" decoding=\"async\" class=\"nectar-lazy skip-lazy\" src=\"data:image\/svg+xml;charset=utf-8,%3Csvg%20xmlns%3D'http%3A%2F%2Fwww.w3.org%2F2000%2Fsvg'%20viewBox%3D'0%200%202000%20800'%2F%3E\" alt=\"\" height=\"800\" width=\"2000\" data-nectar-img-src=\"https:\/\/ccla.org\/wp-content\/uploads\/2021\/06\/police-officers-with-crossed-arms-looking-at-camer-33TE72N-600x403.jpg\" data-nectar-img-srcset=\"https:\/\/ccla.org\/wp-content\/uploads\/2021\/06\/police-officers-with-crossed-arms-looking-at-camer-33TE72N-600x403.jpg 600w, https:\/\/ccla.org\/wp-content\/uploads\/2021\/06\/police-officers-with-crossed-arms-looking-at-camer-33TE72N-900x604.jpg 900w, https:\/\/ccla.org\/wp-content\/uploads\/2021\/06\/police-officers-with-crossed-arms-looking-at-camer-33TE72N-400x269.jpg 400w\" sizes=\"auto, (max-width: 600px) 100vw, 600px\" \/><\/div><\/div><\/div><div class=\"content\"><a class=\"nectar-post-grid-link\" href=\"https:\/\/ccla.org\/fr\/justice-penale\/ccla-partners-on-report-urging-toronto-to-detask-police\/\" aria-label=\"Partenaires de l&#039;ACLC dans un rapport exhortant Toronto \u00e0 retirer la police\"><\/a><div class=\"item-main\"><h3 class=\"post-heading\"><a href=\"https:\/\/ccla.org\/fr\/justice-penale\/ccla-partners-on-report-urging-toronto-to-detask-police\/\"><span>Partenaires de l&#039;ACLC dans un rapport exhortant Toronto \u00e0 retirer la police<\/span><\/a><\/h3><div class=\"nectar-post-grid-item__excerpt-wrap item-meta-extra\"><span class=\"meta-excerpt\">Un nouveau rapport publi\u00e9 ce matin exhorte la ville de Toronto \u00e0 r\u00e9affecter ses ressources\u2026<\/span><\/div><span class=\"nectar-post-grid-item__meta-wrap\"><span class=\"meta-date\">4 janvier 2021<\/span><\/span><\/div><\/div><\/div><\/div><div class=\"nectar-post-grid-item\" style=\"background-color: #ffffff;\" data-post-id=\"1952\" data-has-img=\"true\"> <div class=\"inner\"><div class=\"nectar-post-grid-item-bg-wrap\"><div class=\"nectar-post-grid-item-bg-wrap-inner\"><a class=\"bg-wrap-link\" aria-label=\"Qu\u00e9bec double son approche punitive face \u00e0 la COVID\" href=\"https:\/\/ccla.org\/fr\/justice-penale\/responsabilite-des-pouvoirs-de-police\/le-quebec-redouble-defforts-pour-punir-la-covid\/\"><\/a><div class=\"nectar-post-grid-item-bg\"><img loading=\"lazy\" decoding=\"async\" class=\"nectar-lazy skip-lazy\" src=\"data:image\/svg+xml;charset=utf-8,%3Csvg%20xmlns%3D'http%3A%2F%2Fwww.w3.org%2F2000%2Fsvg'%20viewBox%3D'0%200%202000%20800'%2F%3E\" alt=\"\" height=\"800\" width=\"2000\" data-nectar-img-src=\"https:\/\/ccla.org\/wp-content\/uploads\/2021\/09\/middle-eastern-man-driver-wearing-protective-face-BAKDVCH-600x403.jpg\" data-nectar-img-srcset=\"https:\/\/ccla.org\/wp-content\/uploads\/2021\/09\/middle-eastern-man-driver-wearing-protective-face-BAKDVCH-600x403.jpg 600w, https:\/\/ccla.org\/wp-content\/uploads\/2021\/09\/middle-eastern-man-driver-wearing-protective-face-BAKDVCH-900x604.jpg 900w, https:\/\/ccla.org\/wp-content\/uploads\/2021\/09\/middle-eastern-man-driver-wearing-protective-face-BAKDVCH-400x269.jpg 400w\" sizes=\"auto, (max-width: 600px) 100vw, 600px\" \/><\/div><\/div><\/div><div class=\"content\"><a class=\"nectar-post-grid-link\" href=\"https:\/\/ccla.org\/fr\/justice-penale\/responsabilite-des-pouvoirs-de-police\/le-quebec-redouble-defforts-pour-punir-la-covid\/\" aria-label=\"Qu\u00e9bec double son approche punitive face \u00e0 la COVID\"><\/a><div class=\"item-main\"><h3 class=\"post-heading\"><a href=\"https:\/\/ccla.org\/fr\/justice-penale\/responsabilite-des-pouvoirs-de-police\/le-quebec-redouble-defforts-pour-punir-la-covid\/\"><span>Qu\u00e9bec double son approche punitive face \u00e0 la COVID<\/span><\/a><\/h3><div class=\"nectar-post-grid-item__excerpt-wrap item-meta-extra\"><span class=\"meta-excerpt\">Les nouvelles restrictions COVID du Qu\u00e9bec sont \u00e0 la fois strictes et d\u00e9concertantes. Des millions de Qu\u00e9b\u00e9cois dans le rouge\u2026<\/span><\/div><span class=\"nectar-post-grid-item__meta-wrap\"><span class=\"meta-date\">5 octobre 2020<\/span><\/span><\/div><\/div><\/div><\/div><div class=\"nectar-post-grid-item\" style=\"background-color: #ffffff;\" data-post-id=\"2017\" data-has-img=\"true\"> <div class=\"inner\"><div class=\"nectar-post-grid-item-bg-wrap\"><div class=\"nectar-post-grid-item-bg-wrap-inner\"><a class=\"bg-wrap-link\" aria-label=\"Restez en dehors de l&#039;herbe : COVID-19 et application de la loi au Canada\" href=\"https:\/\/ccla.org\/fr\/justice-penale\/responsabilite-des-pouvoirs-de-police\/stay-off-the-grass-covid-19-et-lapplication-de-la-loi-au-canada\/\"><\/a><div class=\"nectar-post-grid-item-bg\"><img loading=\"lazy\" decoding=\"async\" class=\"nectar-lazy skip-lazy\" src=\"data:image\/svg+xml;charset=utf-8,%3Csvg%20xmlns%3D'http%3A%2F%2Fwww.w3.org%2F2000%2Fsvg'%20viewBox%3D'0%200%201980%201320'%2F%3E\" alt=\"\" height=\"1320\" width=\"1980\" data-nectar-img-src=\"https:\/\/ccla.org\/wp-content\/uploads\/2021\/05\/coronavirus-9W2P2KA_Black-muslim-woman_1980x1360-600x403.jpg\" data-nectar-img-srcset=\"https:\/\/ccla.org\/wp-content\/uploads\/2021\/05\/coronavirus-9W2P2KA_Black-muslim-woman_1980x1360-600x403.jpg 600w, https:\/\/ccla.org\/wp-content\/uploads\/2021\/05\/coronavirus-9W2P2KA_Black-muslim-woman_1980x1360-16x12.jpg 16w, https:\/\/ccla.org\/wp-content\/uploads\/2021\/05\/coronavirus-9W2P2KA_Black-muslim-woman_1980x1360-900x604.jpg 900w, https:\/\/ccla.org\/wp-content\/uploads\/2021\/05\/coronavirus-9W2P2KA_Black-muslim-woman_1980x1360-400x269.jpg 400w\" sizes=\"auto, (max-width: 600px) 100vw, 600px\" \/><\/div><\/div><\/div><div class=\"content\"><a class=\"nectar-post-grid-link\" href=\"https:\/\/ccla.org\/fr\/justice-penale\/responsabilite-des-pouvoirs-de-police\/stay-off-the-grass-covid-19-et-lapplication-de-la-loi-au-canada\/\" aria-label=\"Restez en dehors de l&#039;herbe : COVID-19 et application de la loi au Canada\"><\/a><div class=\"item-main\"><h3 class=\"post-heading\"><a href=\"https:\/\/ccla.org\/fr\/justice-penale\/responsabilite-des-pouvoirs-de-police\/stay-off-the-grass-covid-19-et-lapplication-de-la-loi-au-canada\/\"><span>Restez en dehors de l&#039;herbe : COVID-19 et application de la loi au Canada<\/span><\/a><\/h3><div class=\"nectar-post-grid-item__excerpt-wrap item-meta-extra\"><span class=\"meta-excerpt\">L&#039;Association canadienne des libert\u00e9s civiles (ACLC) contestera l&#039;injonction exceptionnellement large du gouvernement de la Nouvelle-\u00c9cosse limitant\u2026<\/span><\/div><span class=\"nectar-post-grid-item__meta-wrap\"><span class=\"meta-date\">23 juin 2020<\/span><\/span><\/div><\/div><\/div><\/div><div class=\"nectar-post-grid-item\" style=\"background-color: #ffffff;\" data-post-id=\"2586\" data-has-img=\"true\"> <div class=\"inner\"><div class=\"nectar-post-grid-item-bg-wrap\"><div class=\"nectar-post-grid-item-bg-wrap-inner\"><a class=\"bg-wrap-link\" aria-label=\"Police et pot : laissez-les fumer, vapoter et \u2013 oui \u2013 manger aussi des g\u00e2teaux (ou des brownies !)\" href=\"https:\/\/ccla.org\/fr\/justice-penale\/la-police-et-lherbe-laissez-les-fumer-la-vape\/\"><\/a><div class=\"nectar-post-grid-item-bg\"><img loading=\"lazy\" decoding=\"async\" class=\"nectar-lazy skip-lazy\" src=\"data:image\/svg+xml;charset=utf-8,%3Csvg%20xmlns%3D'http%3A%2F%2Fwww.w3.org%2F2000%2Fsvg'%20viewBox%3D'0%200%202000%20800'%2F%3E\" alt=\"\" height=\"800\" width=\"2000\" data-nectar-img-src=\"https:\/\/ccla.org\/wp-content\/uploads\/2021\/06\/crime-scene-investigation-numbering-of-evidences-a-TZSSG8F-600x403.jpg\" data-nectar-img-srcset=\"https:\/\/ccla.org\/wp-content\/uploads\/2021\/06\/crime-scene-investigation-numbering-of-evidences-a-TZSSG8F-600x403.jpg 600w, https:\/\/ccla.org\/wp-content\/uploads\/2021\/06\/crime-scene-investigation-numbering-of-evidences-a-TZSSG8F-900x604.jpg 900w, https:\/\/ccla.org\/wp-content\/uploads\/2021\/06\/crime-scene-investigation-numbering-of-evidences-a-TZSSG8F-400x269.jpg 400w\" sizes=\"auto, (max-width: 600px) 100vw, 600px\" \/><\/div><\/div><\/div><div class=\"content\"><a class=\"nectar-post-grid-link\" href=\"https:\/\/ccla.org\/fr\/justice-penale\/la-police-et-lherbe-laissez-les-fumer-la-vape\/\" aria-label=\"Police et pot : laissez-les fumer, vapoter et \u2013 oui \u2013 manger aussi des g\u00e2teaux (ou des brownies !)\"><\/a><div class=\"item-main\"><h3 class=\"post-heading\"><a href=\"https:\/\/ccla.org\/fr\/justice-penale\/la-police-et-lherbe-laissez-les-fumer-la-vape\/\"><span>Police et pot : laissez-les fumer, vapoter et \u2013 oui \u2013 manger aussi des g\u00e2teaux (ou des brownies !)<\/span><\/a><\/h3><div class=\"nectar-post-grid-item__excerpt-wrap item-meta-extra\"><span class=\"meta-excerpt\">Les chefs de police violent les libert\u00e9s civiles de leurs propres rangs et perp\u00e9tuent une culture\u2026<\/span><\/div><span class=\"nectar-post-grid-item__meta-wrap\"><span class=\"meta-date\">7 d\u00e9cembre 2018<\/span><\/span><\/div><\/div><\/div><\/div><div class=\"nectar-post-grid-item\" style=\"background-color: #ffffff;\" data-post-id=\"2607\" data-has-img=\"true\"> <div class=\"inner\"><div class=\"nectar-post-grid-item-bg-wrap\"><div class=\"nectar-post-grid-item-bg-wrap-inner\"><a class=\"bg-wrap-link\" aria-label=\"10 choses qui resteront un crime apr\u00e8s la l\u00e9galisation du cannabis\" href=\"https:\/\/ccla.org\/fr\/justice-penale\/10-choses-qui-resteront-un-crime-apres-la-legalisation-du-cannabis\/\"><\/a><div class=\"nectar-post-grid-item-bg\"><img loading=\"lazy\" decoding=\"async\" class=\"nectar-lazy skip-lazy\" src=\"data:image\/svg+xml;charset=utf-8,%3Csvg%20xmlns%3D'http%3A%2F%2Fwww.w3.org%2F2000%2Fsvg'%20viewBox%3D'0%200%202000%20800'%2F%3E\" alt=\"\" height=\"800\" width=\"2000\" data-nectar-img-src=\"https:\/\/ccla.org\/wp-content\/uploads\/2021\/01\/two-police-officers-from-the-back-in-the-center-of-PN7LE5W-600x403.jpg\" data-nectar-img-srcset=\"https:\/\/ccla.org\/wp-content\/uploads\/2021\/01\/two-police-officers-from-the-back-in-the-center-of-PN7LE5W-600x403.jpg 600w, https:\/\/ccla.org\/wp-content\/uploads\/2021\/01\/two-police-officers-from-the-back-in-the-center-of-PN7LE5W-900x604.jpg 900w, https:\/\/ccla.org\/wp-content\/uploads\/2021\/01\/two-police-officers-from-the-back-in-the-center-of-PN7LE5W-400x269.jpg 400w\" sizes=\"auto, (max-width: 600px) 100vw, 600px\" \/><\/div><\/div><\/div><div class=\"content\"><a class=\"nectar-post-grid-link\" href=\"https:\/\/ccla.org\/fr\/justice-penale\/10-choses-qui-resteront-un-crime-apres-la-legalisation-du-cannabis\/\" aria-label=\"10 choses qui resteront un crime apr\u00e8s la l\u00e9galisation du cannabis\"><\/a><div class=\"item-main\"><h3 class=\"post-heading\"><a href=\"https:\/\/ccla.org\/fr\/justice-penale\/10-choses-qui-resteront-un-crime-apres-la-legalisation-du-cannabis\/\"><span>10 choses qui resteront un crime apr\u00e8s la l\u00e9galisation du cannabis<\/span><\/a><\/h3><div class=\"nectar-post-grid-item__excerpt-wrap item-meta-extra\"><span class=\"meta-excerpt\">L&#039;industrie du cannabis est en cours de l\u00e9galisation \u2013 mais il existe encore de nombreuses lois qui\u2026<\/span><\/div><span class=\"nectar-post-grid-item__meta-wrap\"><span class=\"meta-date\">16 octobre 2018<\/span><\/span><\/div><\/div><\/div><\/div><div class=\"nectar-post-grid-item\" style=\"background-color: #ffffff;\" data-post-id=\"2656\" data-has-img=\"true\"> <div class=\"inner\"><div class=\"nectar-post-grid-item-bg-wrap\"><div class=\"nectar-post-grid-item-bg-wrap-inner\"><a class=\"bg-wrap-link\" aria-label=\"Nous avons besoin de meilleures r\u00e9ponses de d\u00e9sescalade et de non-escalade aux personnes en crise\" href=\"https:\/\/ccla.org\/fr\/justice-penale\/nous-avons-besoin-de-meilleures-reponses-a-lescalade-et-a-la-non-escalade-pour-les-personnes-en-situation-de-crise\/\"><\/a><div class=\"nectar-post-grid-item-bg\"><img loading=\"lazy\" decoding=\"async\" class=\"nectar-lazy skip-lazy\" src=\"data:image\/svg+xml;charset=utf-8,%3Csvg%20xmlns%3D'http%3A%2F%2Fwww.w3.org%2F2000%2Fsvg'%20viewBox%3D'0%200%202000%20800'%2F%3E\" alt=\"\" height=\"800\" width=\"2000\" data-nectar-img-src=\"https:\/\/ccla.org\/wp-content\/uploads\/2021\/06\/police-dui-checkpoint-PTYWNUM-600x403.jpg\" data-nectar-img-srcset=\"https:\/\/ccla.org\/wp-content\/uploads\/2021\/06\/police-dui-checkpoint-PTYWNUM-600x403.jpg 600w, https:\/\/ccla.org\/wp-content\/uploads\/2021\/06\/police-dui-checkpoint-PTYWNUM-900x604.jpg 900w, https:\/\/ccla.org\/wp-content\/uploads\/2021\/06\/police-dui-checkpoint-PTYWNUM-400x269.jpg 400w\" sizes=\"auto, (max-width: 600px) 100vw, 600px\" \/><\/div><\/div><\/div><div class=\"content\"><a class=\"nectar-post-grid-link\" href=\"https:\/\/ccla.org\/fr\/justice-penale\/nous-avons-besoin-de-meilleures-reponses-a-lescalade-et-a-la-non-escalade-pour-les-personnes-en-situation-de-crise\/\" aria-label=\"Nous avons besoin de meilleures r\u00e9ponses de d\u00e9sescalade et de non-escalade aux personnes en crise\"><\/a><div class=\"item-main\"><h3 class=\"post-heading\"><a href=\"https:\/\/ccla.org\/fr\/justice-penale\/nous-avons-besoin-de-meilleures-reponses-a-lescalade-et-a-la-non-escalade-pour-les-personnes-en-situation-de-crise\/\"><span>Nous avons besoin de meilleures r\u00e9ponses de d\u00e9sescalade et de non-escalade aux personnes en crise<\/span><\/a><\/h3><div class=\"nectar-post-grid-item__excerpt-wrap item-meta-extra\"><span class=\"meta-excerpt\">Le mercredi 18 juillet 2018, des agents de la Police provinciale de l&#039;Ontario (OPP) de Dryden ont utilis\u00e9 un\u2026<\/span><\/div><span class=\"nectar-post-grid-item__meta-wrap\"><span class=\"meta-date\">19 juillet 2018<\/span><\/span><\/div><\/div><\/div><\/div><\/div><\/div>\n\t\t\t<\/div> \n\t\t<\/div>\n\t<\/div> \n<\/div><\/div>\n\t\t<div id=\"fws_69f59e7681da8\"  data-column-margin=\"default\" data-midnight=\"dark\"  class=\"wpb_row vc_row-fluid vc_row full-width-section\"  style=\"padding-top: 0px; padding-bottom: 0px; \"><div class=\"row-bg-wrap\" data-bg-animation=\"none\" data-bg-animation-delay=\"\" data-bg-overlay=\"true\"><div class=\"inner-wrap row-bg-layer\" ><div class=\"row-bg viewport-desktop using-bg-color\"  style=\"background-color: #f2f2f2; \"><\/div><\/div><div class=\"row-bg-overlay row-bg-layer\" style=\"background: rgba(0,0,0,0.01); background: linear-gradient(to bottom,rgba(0,0,0,0.01) 0%,rgba(0,0,0,0.3) 100%);  opacity: 0.95; \"><\/div><\/div><div class=\"row_col_wrap_12 col span_12 dark left\">\n\t<div  class=\"vc_col-sm-12 wpb_column column_container vc_column_container col no-extra-padding inherit_tablet inherit_phone\"  data-padding-pos=\"all\" data-has-bg-color=\"false\" data-bg-color=\"\" data-bg-opacity=\"1\" data-animation=\"\" data-delay=\"0\" >\n\t\t<div class=\"vc_column-inner\" >\n\t\t\t<div class=\"wpb_wrapper\">\n\t\t\t\t\n\t\t<div id=\"fws_69f59e7682188\"  data-column-margin=\"default\" data-midnight=\"dark\"  class=\"wpb_row vc_row-fluid vc_row full-width-section\"  style=\"padding-top: 0px; padding-bottom: 0px; \"><div class=\"row-bg-wrap\" data-bg-animation=\"none\" data-bg-animation-delay=\"\" data-bg-overlay=\"true\"><div class=\"inner-wrap row-bg-layer\" ><div class=\"row-bg viewport-desktop using-bg-color\"  style=\"background-color: #f2f2f2; \"><\/div><\/div><div class=\"row-bg-overlay row-bg-layer\" style=\"background: rgba(0,0,0,0.01); background: linear-gradient(to bottom,rgba(0,0,0,0.01) 0%,rgba(0,0,0,0.3) 100%);  opacity: 0.95; \"><\/div><\/div><div class=\"row_col_wrap_12 col span_12 dark left\">\n\t<div  class=\"vc_col-sm-12 wpb_column column_container vc_column_container col no-extra-padding inherit_tablet inherit_phone\"  data-padding-pos=\"all\" data-has-bg-color=\"false\" data-bg-color=\"\" data-bg-opacity=\"1\" data-animation=\"\" data-delay=\"0\" >\n\t\t<div class=\"vc_column-inner\" >\n\t\t\t<div class=\"wpb_wrapper\">\n\t\t\t\t<div class=\"divider-wrap\" data-alignment=\"default\"><div style=\"height: 10px;\" class=\"divider\"><\/div><\/div>\n\t\t\t<\/div> \n\t\t<\/div>\n\t<\/div> \n<\/div><\/div>\n\n\t\t\t<\/div> \n\t\t<\/div>\n\t<\/div> \n<\/div><\/div>","protected":false},"excerpt":{"rendered":"Le mercredi 18 juillet 2018, des agents de la Police provinciale de l&#039;Ontario (OPP) de Dryden ont lanc\u00e9 un pistolet Taser sur un homme de 33 ans, qui refusait de recevoir des soins m\u00e9dicaux, dans un centre de sant\u00e9 local. Selon les initiales...","protected":false},"author":4,"featured_media":4619,"parent":4618,"menu_order":0,"comment_status":"closed","ping_status":"closed","template":"","meta":{"footnotes":""},"class_list":["post-5180","page","type-page","status-publish","has-post-thumbnail"],"yoast_head":"<!-- This site is optimized with the Yoast SEO plugin v24.7 - https:\/\/yoast.com\/wordpress\/plugins\/seo\/ -->\n<title>Decriminalization, Defunding &amp; Detasking - CCLA<\/title>\n<meta name=\"robots\" content=\"index, follow, max-snippet:-1, max-image-preview:large, max-video-preview:-1\" \/>\n<link rel=\"canonical\" href=\"https:\/\/ccla.org\/fr\/notre-travail\/justice-penale\/decriminalisation-defunding-detasking\/\" \/>\n<meta property=\"og:locale\" content=\"fr_CA\" \/>\n<meta property=\"og:type\" content=\"article\" \/>\n<meta property=\"og:title\" content=\"Decriminalization, Defunding &amp; Detasking - CCLA\" \/>\n<meta property=\"og:url\" content=\"https:\/\/ccla.org\/fr\/notre-travail\/justice-penale\/decriminalisation-defunding-detasking\/\" \/>\n<meta property=\"og:site_name\" content=\"CCLA\" \/>\n<meta property=\"article:modified_time\" content=\"2021-09-15T19:30:43+00:00\" \/>\n<meta property=\"og:image\" content=\"https:\/\/ccla.org\/wp-content\/uploads\/2021\/07\/CRIM-JUSTICE-police-cruiser-emergency-assistance-7BF2M2T.jpg\" \/>\n\t<meta property=\"og:image:width\" content=\"2000\" \/>\n\t<meta property=\"og:image:height\" content=\"800\" \/>\n\t<meta property=\"og:image:type\" content=\"image\/jpeg\" \/>\n<meta name=\"twitter:card\" content=\"summary_large_image\" \/>\n<meta name=\"twitter:label1\" content=\"Estimation du temps de lecture\" \/>\n\t<meta name=\"twitter:data1\" content=\"4 minutes\" \/>\n<script type=\"application\/ld+json\" class=\"yoast-schema-graph\">{\"@context\":\"https:\/\/schema.org\",\"@graph\":[{\"@type\":\"WebPage\",\"@id\":\"https:\/\/ccla.org\/our-work\/criminal-justice\/decriminalization-defunding-detasking\/\",\"url\":\"https:\/\/ccla.org\/our-work\/criminal-justice\/decriminalization-defunding-detasking\/\",\"name\":\"Decriminalization, Defunding & Detasking - CCLA\",\"isPartOf\":{\"@id\":\"https:\/\/ccla.org\/#website\"},\"primaryImageOfPage\":{\"@id\":\"https:\/\/ccla.org\/our-work\/criminal-justice\/decriminalization-defunding-detasking\/#primaryimage\"},\"image\":{\"@id\":\"https:\/\/ccla.org\/our-work\/criminal-justice\/decriminalization-defunding-detasking\/#primaryimage\"},\"thumbnailUrl\":\"https:\/\/ccla.org\/wp-content\/uploads\/2021\/07\/CRIM-JUSTICE-police-cruiser-emergency-assistance-7BF2M2T.jpg\",\"datePublished\":\"2021-07-14T20:49:23+00:00\",\"dateModified\":\"2021-09-15T19:30:43+00:00\",\"breadcrumb\":{\"@id\":\"https:\/\/ccla.org\/our-work\/criminal-justice\/decriminalization-defunding-detasking\/#breadcrumb\"},\"inLanguage\":\"fr-CA\",\"potentialAction\":[{\"@type\":\"ReadAction\",\"target\":[\"https:\/\/ccla.org\/our-work\/criminal-justice\/decriminalization-defunding-detasking\/\"]}]},{\"@type\":\"ImageObject\",\"inLanguage\":\"fr-CA\",\"@id\":\"https:\/\/ccla.org\/our-work\/criminal-justice\/decriminalization-defunding-detasking\/#primaryimage\",\"url\":\"https:\/\/ccla.org\/wp-content\/uploads\/2021\/07\/CRIM-JUSTICE-police-cruiser-emergency-assistance-7BF2M2T.jpg\",\"contentUrl\":\"https:\/\/ccla.org\/wp-content\/uploads\/2021\/07\/CRIM-JUSTICE-police-cruiser-emergency-assistance-7BF2M2T.jpg\",\"width\":2000,\"height\":800},{\"@type\":\"BreadcrumbList\",\"@id\":\"https:\/\/ccla.org\/our-work\/criminal-justice\/decriminalization-defunding-detasking\/#breadcrumb\",\"itemListElement\":[{\"@type\":\"ListItem\",\"position\":1,\"name\":\"Home\",\"item\":\"https:\/\/ccla.org\/\"},{\"@type\":\"ListItem\",\"position\":2,\"name\":\"Our Work\",\"item\":\"https:\/\/ccla.org\/our-work\/\"},{\"@type\":\"ListItem\",\"position\":3,\"name\":\"Criminal Justice\",\"item\":\"https:\/\/ccla.org\/our-work\/criminal-justice\/\"},{\"@type\":\"ListItem\",\"position\":4,\"name\":\"Decriminalization, Defunding &#038; Detasking\"}]},{\"@type\":\"WebSite\",\"@id\":\"https:\/\/ccla.org\/#website\",\"url\":\"https:\/\/ccla.org\/\",\"name\":\"CCLA\",\"description\":\"\",\"potentialAction\":[{\"@type\":\"SearchAction\",\"target\":{\"@type\":\"EntryPoint\",\"urlTemplate\":\"https:\/\/ccla.org\/?s={search_term_string}\"},\"query-input\":{\"@type\":\"PropertyValueSpecification\",\"valueRequired\":true,\"valueName\":\"search_term_string\"}}],\"inLanguage\":\"fr-CA\"}]}<\/script>\n<!-- \/ Yoast SEO plugin. -->","yoast_head_json":{"title":"Decriminalization, Defunding & Detasking - CCLA","robots":{"index":"index","follow":"follow","max-snippet":"max-snippet:-1","max-image-preview":"max-image-preview:large","max-video-preview":"max-video-preview:-1"},"canonical":"https:\/\/ccla.org\/fr\/notre-travail\/justice-penale\/decriminalisation-defunding-detasking\/","og_locale":"fr_CA","og_type":"article","og_title":"Decriminalization, Defunding & Detasking - CCLA","og_url":"https:\/\/ccla.org\/fr\/notre-travail\/justice-penale\/decriminalisation-defunding-detasking\/","og_site_name":"CCLA","article_modified_time":"2021-09-15T19:30:43+00:00","og_image":[{"width":2000,"height":800,"url":"https:\/\/ccla.org\/wp-content\/uploads\/2021\/07\/CRIM-JUSTICE-police-cruiser-emergency-assistance-7BF2M2T.jpg","type":"image\/jpeg"}],"twitter_card":"summary_large_image","twitter_misc":{"Estimation du temps de lecture":"4 minutes"},"schema":{"@context":"https:\/\/schema.org","@graph":[{"@type":"WebPage","@id":"https:\/\/ccla.org\/our-work\/criminal-justice\/decriminalization-defunding-detasking\/","url":"https:\/\/ccla.org\/our-work\/criminal-justice\/decriminalization-defunding-detasking\/","name":"Decriminalization, Defunding & Detasking - CCLA","isPartOf":{"@id":"https:\/\/ccla.org\/#website"},"primaryImageOfPage":{"@id":"https:\/\/ccla.org\/our-work\/criminal-justice\/decriminalization-defunding-detasking\/#primaryimage"},"image":{"@id":"https:\/\/ccla.org\/our-work\/criminal-justice\/decriminalization-defunding-detasking\/#primaryimage"},"thumbnailUrl":"https:\/\/ccla.org\/wp-content\/uploads\/2021\/07\/CRIM-JUSTICE-police-cruiser-emergency-assistance-7BF2M2T.jpg","datePublished":"2021-07-14T20:49:23+00:00","dateModified":"2021-09-15T19:30:43+00:00","breadcrumb":{"@id":"https:\/\/ccla.org\/our-work\/criminal-justice\/decriminalization-defunding-detasking\/#breadcrumb"},"inLanguage":"fr-CA","potentialAction":[{"@type":"ReadAction","target":["https:\/\/ccla.org\/our-work\/criminal-justice\/decriminalization-defunding-detasking\/"]}]},{"@type":"ImageObject","inLanguage":"fr-CA","@id":"https:\/\/ccla.org\/our-work\/criminal-justice\/decriminalization-defunding-detasking\/#primaryimage","url":"https:\/\/ccla.org\/wp-content\/uploads\/2021\/07\/CRIM-JUSTICE-police-cruiser-emergency-assistance-7BF2M2T.jpg","contentUrl":"https:\/\/ccla.org\/wp-content\/uploads\/2021\/07\/CRIM-JUSTICE-police-cruiser-emergency-assistance-7BF2M2T.jpg","width":2000,"height":800},{"@type":"BreadcrumbList","@id":"https:\/\/ccla.org\/our-work\/criminal-justice\/decriminalization-defunding-detasking\/#breadcrumb","itemListElement":[{"@type":"ListItem","position":1,"name":"Home","item":"https:\/\/ccla.org\/"},{"@type":"ListItem","position":2,"name":"Our Work","item":"https:\/\/ccla.org\/our-work\/"},{"@type":"ListItem","position":3,"name":"Criminal Justice","item":"https:\/\/ccla.org\/our-work\/criminal-justice\/"},{"@type":"ListItem","position":4,"name":"Decriminalization, Defunding &#038; Detasking"}]},{"@type":"WebSite","@id":"https:\/\/ccla.org\/#website","url":"https:\/\/ccla.org\/","name":"CCLA","description":"","potentialAction":[{"@type":"SearchAction","target":{"@type":"EntryPoint","urlTemplate":"https:\/\/ccla.org\/?s={search_term_string}"},"query-input":{"@type":"PropertyValueSpecification","valueRequired":true,"valueName":"search_term_string"}}],"inLanguage":"fr-CA"}]}},"_links":{"self":[{"href":"https:\/\/ccla.org\/fr\/wp-json\/wp\/v2\/pages\/5180","targetHints":{"allow":["GET"]}}],"collection":[{"href":"https:\/\/ccla.org\/fr\/wp-json\/wp\/v2\/pages"}],"about":[{"href":"https:\/\/ccla.org\/fr\/wp-json\/wp\/v2\/types\/page"}],"author":[{"embeddable":true,"href":"https:\/\/ccla.org\/fr\/wp-json\/wp\/v2\/users\/4"}],"replies":[{"embeddable":true,"href":"https:\/\/ccla.org\/fr\/wp-json\/wp\/v2\/comments?post=5180"}],"version-history":[{"count":7,"href":"https:\/\/ccla.org\/fr\/wp-json\/wp\/v2\/pages\/5180\/revisions"}],"predecessor-version":[{"id":6072,"href":"https:\/\/ccla.org\/fr\/wp-json\/wp\/v2\/pages\/5180\/revisions\/6072"}],"up":[{"embeddable":true,"href":"https:\/\/ccla.org\/fr\/wp-json\/wp\/v2\/pages\/4618"}],"wp:featuredmedia":[{"embeddable":true,"href":"https:\/\/ccla.org\/fr\/wp-json\/wp\/v2\/media\/4619"}],"wp:attachment":[{"href":"https:\/\/ccla.org\/fr\/wp-json\/wp\/v2\/media?parent=5180"}],"curies":[{"name":"wp","href":"https:\/\/api.w.org\/{rel}","templated":true}]}}