{"id":4638,"date":"2021-07-02T18:43:36","date_gmt":"2021-07-02T18:43:36","guid":{"rendered":"https:\/\/ccla.org\/?page_id=4638"},"modified":"2021-09-14T17:50:27","modified_gmt":"2021-09-14T17:50:27","slug":"prisons-jails","status":"publish","type":"page","link":"https:\/\/ccla.org\/fr\/notre-travail\/justice-penale\/prisons-prisons\/","title":{"rendered":"Prisons, prisons et surveillance communautaire"},"content":{"rendered":"<div id=\"fws_69f03b5f75ec7\"  data-column-margin=\"default\" data-midnight=\"dark\"  class=\"wpb_row vc_row-fluid vc_row full-width-section\"  style=\"padding-top: 0px; padding-bottom: 0px; \"><div class=\"row-bg-wrap\" data-bg-animation=\"none\" data-bg-animation-delay=\"\" data-bg-overlay=\"true\"><div class=\"inner-wrap row-bg-layer\" ><div class=\"row-bg viewport-desktop\"  style=\"\"><\/div><\/div><div class=\"row-bg-overlay row-bg-layer\" style=\"background: rgba(0,0,0,0.3); background: linear-gradient(to bottom,rgba(0,0,0,0.3) 0%,rgba(238,238,238,0.01) 100%);  opacity: 0.5; \"><\/div><\/div><div class=\"row_col_wrap_12 col span_12 dark left\">\n\t<div  class=\"vc_col-sm-12 wpb_column column_container vc_column_container col no-extra-padding inherit_tablet inherit_phone\"  data-padding-pos=\"all\" data-has-bg-color=\"false\" data-bg-color=\"\" data-bg-opacity=\"1\" data-animation=\"\" data-delay=\"0\" >\n\t\t<div class=\"vc_column-inner\" >\n\t\t\t<div class=\"wpb_wrapper\">\n\t\t\t\t\n\t\t<div id=\"fws_69f03b5f764a3\"  data-column-margin=\"default\" data-midnight=\"dark\"  class=\"wpb_row vc_row-fluid vc_row full-width-section\"  style=\"padding-top: 0px; padding-bottom: 0px; \"><div class=\"row-bg-wrap\" data-bg-animation=\"none\" data-bg-animation-delay=\"\" data-bg-overlay=\"true\"><div class=\"inner-wrap row-bg-layer\" ><div class=\"row-bg viewport-desktop\"  style=\"\"><\/div><\/div><div class=\"row-bg-overlay row-bg-layer\" style=\"background: rgba(0,0,0,0.3); background: linear-gradient(to bottom,rgba(0,0,0,0.3) 0%,rgba(238,238,238,0.01) 100%);  opacity: 0.5; \"><\/div><\/div><div class=\"row_col_wrap_12 col span_12 dark left\">\n\t<div  class=\"vc_col-sm-12 wpb_column column_container vc_column_container col no-extra-padding inherit_tablet inherit_phone\"  data-padding-pos=\"all\" data-has-bg-color=\"false\" data-bg-color=\"\" data-bg-opacity=\"1\" data-animation=\"\" data-delay=\"0\" >\n\t\t<div class=\"vc_column-inner\" >\n\t\t\t<div class=\"wpb_wrapper\">\n\t\t\t\t<div class=\"divider-wrap\" data-alignment=\"default\"><div style=\"height: 10px;\" class=\"divider\"><\/div><\/div>\n\t\t\t<\/div> \n\t\t<\/div>\n\t<\/div> \n<\/div><\/div>\n\n\t\t\t<\/div> \n\t\t<\/div>\n\t<\/div> \n<\/div><\/div>\n\t\t<div id=\"fws_69f03b5f768d9\"  data-column-margin=\"60px\" data-midnight=\"dark\"  class=\"wpb_row vc_row-fluid vc_row\"  style=\"padding-top: 50px; padding-bottom: 50px; \"><div class=\"row-bg-wrap\" data-bg-animation=\"none\" data-bg-animation-delay=\"\" data-bg-overlay=\"false\"><div class=\"inner-wrap row-bg-layer\" ><div class=\"row-bg viewport-desktop using-bg-color\"  style=\"background-color: #ffffff; \"><\/div><\/div><\/div><div class=\"row_col_wrap_12 col span_12 dark left\">\n\t<div  class=\"vc_col-sm-12 wpb_column column_container vc_column_container col no-extra-padding inherit_tablet inherit_phone\"  data-padding-pos=\"right\" data-has-bg-color=\"false\" data-bg-color=\"\" data-bg-opacity=\"1\" data-animation=\"\" data-delay=\"0\" >\n\t\t<div class=\"vc_column-inner\" >\n\t\t\t<div class=\"wpb_wrapper\">\n\t\t\t\t<h2 style=\"font-size: 36px;color: #1e5799;line-height: 1.4;text-align: left;font-family:Crimson Text;font-weight:600;font-style:italic\" class=\"vc_custom_heading vc_do_custom_heading\" >Lutter pour les droits des incarc\u00e9r\u00e9s.<\/h2><div class=\"divider-wrap\" data-alignment=\"default\"><div style=\"margin-top: 25px; width: 120px; height: 5px; margin-bottom: 25px;\" data-width=\"120px\" data-animate=\"yes\" data-animation-delay=\"\" data-color=\"extra-color-1\" class=\"divider-small-border\"><\/div><\/div><div id=\"fws_69f03b5f7713e\" data-midnight=\"\" data-column-margin=\"default\" class=\"wpb_row vc_row-fluid vc_row inner_row\"  style=\"\"><div class=\"row-bg-wrap\"> <div class=\"row-bg\" ><\/div> <\/div><div class=\"row_col_wrap_12_inner col span_12  left\">\n\t<div  class=\"vc_col-sm-6 wpb_column column_container vc_column_container col child_column no-extra-padding inherit_tablet inherit_phone\"   data-padding-pos=\"all\" data-has-bg-color=\"false\" data-bg-color=\"\" data-bg-opacity=\"1\" data-animation=\"\" data-delay=\"0\" >\n\t\t<div class=\"vc_column-inner\" >\n\t\t<div class=\"wpb_wrapper\">\n\t\t\t\n<div class=\"wpb_text_column wpb_content_element\" >\n\t<div class=\"wpb_wrapper\">\n\t\t<p>L&#039;ACLC se bat pour la dignit\u00e9 et les droits des personnes derri\u00e8re les barreaux, en mettant l&#039;accent sur les probl\u00e8mes et les cas qui entra\u00eeneront un changement syst\u00e9mique g\u00e9n\u00e9ral.<\/p>\n<p>En moyenne, plus de 40 000 personnes sont incarc\u00e9r\u00e9es dans les prisons et les prisons du Canada. Beaucoup de ces personnes attendent leur proc\u00e8s ou une d\u00e9cision de mise en libert\u00e9 sous caution et n&#039;ont \u00e9t\u00e9 accus\u00e9es que d&#039;un crime. Ces personnes sont soumises \u00e0 une privation de leur libert\u00e9 et de leurs droits fondamentaux que la plupart d&#039;entre nous ne conna\u00eetront jamais ou ne comprendront jamais vraiment. Pendant des d\u00e9cennies, les enqu\u00eates, enqu\u00eates, commissions et enqu\u00eates provinciales et f\u00e9d\u00e9rales sur le traitement des prisonniers canadiens ont formul\u00e9 des recommandations r\u00e9p\u00e9t\u00e9es concernant la surveillance, la responsabilit\u00e9 et la transparence; peu ont \u00e9t\u00e9 mis en \u0153uvre.<\/p>\n\t<\/div>\n<\/div>\n\n\n\n\n\t\t<\/div> \n\t<\/div>\n\t<\/div> \n\n\t<div  class=\"vc_col-sm-6 wpb_column column_container vc_column_container col child_column no-extra-padding inherit_tablet inherit_phone\"   data-padding-pos=\"all\" data-has-bg-color=\"false\" data-bg-color=\"\" data-bg-opacity=\"1\" data-animation=\"\" data-delay=\"0\" >\n\t\t<div class=\"vc_column-inner\" >\n\t\t<div class=\"wpb_wrapper\">\n\t\t\t\n<div class=\"wpb_text_column wpb_content_element\" >\n\t<div class=\"wpb_wrapper\">\n\t\t<p dir=\"ltr\"><span class=\"TrackChangeTextInsertion TrackedChange SCXW168345435 BCX0\"><span class=\"TextRun SCXW168345435 BCX0\" lang=\"EN-CA\" xml:lang=\"EN-CA\" data-contrast=\"none\"><span class=\"NormalTextRun SCXW168345435 BCX0\">Bien que diverses lois et politiques existent pour prot\u00e9ger les prisonniers et les d\u00e9tenus contre l&#039;utilisation arbitraire ou excessive du pouvoir, des violations syst\u00e9miques des droits humains continuent de se produire derri\u00e8re les barreaux. Les d\u00e9tenus qui subissent des violations de leurs droits se heurtent \u00e0 des obstacles importants, et parfois insurmontables, pour partager leurs exp\u00e9riences et exercer des recours juridiques.<\/span><\/span><\/span><span class=\"EOP TrackedChange SCXW168345435 BCX0\" data-ccp-props=\"{&quot;335559739&quot;:160,&quot;335559740&quot;:259}\">\u00a0<\/span><\/p>\n\t<\/div>\n<\/div>\n\n\n\n\n\t\t<\/div> \n\t<\/div>\n\t<\/div> \n<\/div><\/div>\n\t\t\t<\/div> \n\t\t<\/div>\n\t<\/div> \n<\/div><\/div>\n\t\t<div id=\"fws_69f03b5f781d6\"  data-column-margin=\"default\" data-midnight=\"light\"  class=\"wpb_row vc_row-fluid vc_row full-width-section\"  style=\"padding-top: 50px; padding-bottom: 40px; \"><div class=\"row-bg-wrap\" data-bg-animation=\"none\" data-bg-animation-delay=\"\" data-bg-overlay=\"false\"><div class=\"inner-wrap row-bg-layer\" ><div class=\"row-bg viewport-desktop using-bg-color\"  style=\"background-color: #1e5799; \"><\/div><\/div><\/div><div class=\"row_col_wrap_12 col span_12 light left\">\n\t<div  class=\"vc_col-sm-12 wpb_column column_container vc_column_container col no-extra-padding inherit_tablet inherit_phone\"  data-padding-pos=\"all\" data-has-bg-color=\"false\" data-bg-color=\"\" data-bg-opacity=\"1\" data-animation=\"\" data-delay=\"0\" >\n\t\t<div class=\"vc_column-inner\" >\n\t\t\t<div class=\"wpb_wrapper\">\n\t\t\t\t<h3 style=\"font-size: 30px;color: #ffffff;line-height: 1.3;text-align: left\" class=\"vc_custom_heading vc_do_custom_heading\" >Une victoire historique de la Cour supr\u00eame en 2014<\/h3><div class=\"divider-wrap\" data-alignment=\"default\"><div style=\"margin-top: 25px; width: 120px; height: 5px; margin-bottom: 25px;\" data-width=\"120px\" data-animate=\"yes\" data-animation-delay=\"\" data-color=\"extra-color-1\" class=\"divider-small-border\"><\/div><\/div><div id=\"fws_69f03b5f78738\" data-midnight=\"\" data-column-margin=\"default\" class=\"wpb_row vc_row-fluid vc_row inner_row\"  style=\"\"><div class=\"row-bg-wrap\"> <div class=\"row-bg\" ><\/div> <\/div><div class=\"row_col_wrap_12_inner col span_12  left\">\n\t<div  class=\"vc_col-sm-6 wpb_column column_container vc_column_container col child_column no-extra-padding inherit_tablet inherit_phone\"   data-padding-pos=\"all\" data-has-bg-color=\"false\" data-bg-color=\"\" data-bg-opacity=\"1\" data-animation=\"\" data-delay=\"0\" >\n\t\t<div class=\"vc_column-inner\" >\n\t\t<div class=\"wpb_wrapper\">\n\t\t\t\n<div class=\"wpb_text_column wpb_content_element\" >\n\t<div class=\"wpb_wrapper\">\n\t\t<p>Khela, un prisonnier dans un \u00e9tablissement \u00e0 s\u00e9curit\u00e9 moyenne, a \u00e9t\u00e9 transf\u00e9r\u00e9 dans un \u00e9tablissement \u00e0 haute s\u00e9curit\u00e9 apr\u00e8s que le gouvernement eut re\u00e7u des informations selon lesquelles il \u00e9tait impliqu\u00e9 dans le poignardage d&#039;un d\u00e9tenu. Khela a d\u00e9pos\u00e9 une demande d&#039;habeas corpus, qui est un ancien outil juridique qui prot\u00e8ge les personnes contre les d\u00e9tentions injustifi\u00e9es depuis 1215. Le gouvernement a tent\u00e9 de faire valoir que l&#039;habeas corpus devrait \u00eatre limit\u00e9 dans le contexte des transferts de prison involontaires.<\/p>\n<p>Nos avocats sont all\u00e9s devant les tribunaux pour faire valoir que l&#039;habeas corpus devrait rester accessible dans tous les contextes et que le gouvernement ne peut retenir des informations sur les raisons pour lesquelles une personne est d\u00e9tenue lorsqu&#039;il y a des raisons de s\u00e9curit\u00e9 de le faire. Heureusement, la Cour supr\u00eame a accept\u00e9 et a rendu un jugement qui a confirm\u00e9 la valeur d&#039;un examen robuste de l&#039;habeas corpus.<\/p>\n\t<\/div>\n<\/div>\n\n\n\n\n\t\t<\/div> \n\t<\/div>\n\t<\/div> \n\n\t<div  class=\"vc_col-sm-6 wpb_column column_container vc_column_container col child_column no-extra-padding inherit_tablet inherit_phone\"   data-padding-pos=\"all\" data-has-bg-color=\"false\" data-bg-color=\"\" data-bg-opacity=\"1\" data-animation=\"\" data-delay=\"0\" >\n\t\t<div class=\"vc_column-inner\" >\n\t\t<div class=\"wpb_wrapper\">\n\t\t\t<h5 style=\"color: #ffffff;text-align: left\" class=\"vc_custom_heading vc_do_custom_heading\" >Tout le monde devrait b\u00e9n\u00e9ficier d&#039;une protection contre les privations de libert\u00e9, et il incombe au gouvernement de justifier toute d\u00e9tention. <\/h5>\n\t\t<\/div> \n\t<\/div>\n\t<\/div> \n<\/div><\/div>\n\t\t\t<\/div> \n\t\t<\/div>\n\t<\/div> \n<\/div><\/div>\n\t\t<div id=\"fws_69f03b5f793fa\"  data-column-margin=\"default\" data-midnight=\"dark\"  class=\"wpb_row vc_row-fluid vc_row full-width-section\"  style=\"padding-top: 0px; padding-bottom: 0px; \"><div class=\"row-bg-wrap\" data-bg-animation=\"none\" data-bg-animation-delay=\"\" data-bg-overlay=\"true\"><div class=\"inner-wrap row-bg-layer\" ><div class=\"row-bg viewport-desktop using-bg-color\"  style=\"background-color: #fafafa; \"><\/div><\/div><div class=\"row-bg-overlay row-bg-layer\" style=\"background: rgba(0,0,0,0.3); background: linear-gradient(to bottom,rgba(0,0,0,0.3) 0%,rgba(238,238,238,0.01) 100%);  opacity: 0.5; \"><\/div><\/div><div class=\"row_col_wrap_12 col span_12 dark left\">\n\t<div  class=\"vc_col-sm-12 wpb_column column_container vc_column_container col no-extra-padding inherit_tablet inherit_phone\"  data-padding-pos=\"all\" data-has-bg-color=\"false\" data-bg-color=\"\" data-bg-opacity=\"1\" data-animation=\"\" data-delay=\"0\" >\n\t\t<div class=\"vc_column-inner\" >\n\t\t\t<div class=\"wpb_wrapper\">\n\t\t\t\t<div class=\"divider-wrap\" data-alignment=\"default\"><div style=\"height: 10px;\" class=\"divider\"><\/div><\/div>\n\t\t\t<\/div> \n\t\t<\/div>\n\t<\/div> \n<\/div><\/div>\n\t\t<div id=\"fws_69f03b5f79750\"  data-column-margin=\"default\" data-midnight=\"dark\"  class=\"wpb_row vc_row-fluid vc_row full-width-section\"  style=\"padding-top: 50px; padding-bottom: 70px; \"><div class=\"row-bg-wrap\" data-bg-animation=\"none\" data-bg-animation-delay=\"\" data-bg-overlay=\"false\"><div class=\"inner-wrap row-bg-layer\" ><div class=\"row-bg viewport-desktop using-bg-color\"  style=\"background-color: #fafafa; \"><\/div><\/div><\/div><div class=\"row_col_wrap_12 col span_12 dark left\">\n\t<div  class=\"vc_col-sm-12 wpb_column column_container vc_column_container col no-extra-padding inherit_tablet inherit_phone\"  data-padding-pos=\"all\" data-has-bg-color=\"false\" data-bg-color=\"\" data-bg-opacity=\"1\" data-animation=\"\" data-delay=\"0\" >\n\t\t<div class=\"vc_column-inner\" >\n\t\t\t<div class=\"wpb_wrapper\">\n\t\t\t\t<h5 style=\"font-size: 36px;color: #1e5799;line-height: 1.3;text-align: left\" class=\"vc_custom_heading vc_do_custom_heading\" >Nos r\u00e9cents cas et rapports<\/h5><div class=\"divider-wrap\" data-alignment=\"default\"><div style=\"margin-top: 25px; width: 120px; height: 5px; margin-bottom: 25px;\" data-width=\"120px\" data-animate=\"\" data-animation-delay=\"\" data-color=\"extra-color-1\" class=\"divider-small-border\"><\/div><\/div>\n<div class=\"wpb_text_column wpb_content_element\" >\n\t<div class=\"wpb_wrapper\">\n\t\t<p>Voir nos derniers travaux et activit\u00e9s.<\/p>\n\t<\/div>\n<\/div>\n\n\n\n<div id=\"fws_69f03b5f79db1\" data-midnight=\"\" data-column-margin=\"default\" class=\"wpb_row vc_row-fluid vc_row inner_row custom-portfolio\"  style=\"\"><div class=\"row-bg-wrap\"> <div class=\"row-bg\" ><\/div> <\/div><div class=\"row_col_wrap_12_inner col span_12  left\">\n\t<div  class=\"vc_col-sm-12 vc_hidden-sm vc_hidden-xs wpb_column column_container vc_column_container col child_column no-extra-padding inherit_tablet inherit_phone\"   data-padding-pos=\"all\" data-has-bg-color=\"false\" data-bg-color=\"\" data-bg-opacity=\"1\" data-animation=\"\" data-delay=\"0\" >\n\t\t<div class=\"vc_column-inner\" >\n\t\t<div class=\"wpb_wrapper\">\n\t\t\t\t\t\t\t\n\t\t\t\t\n\t\t\t\t\n\t\t\t\t<div class=\"portfolio-wrap\">\n\t\t\t\t\t\n\t\t\t\t\t\t\t\t\t\t\n\t\t\t\t\t<span class=\"portfolio-loading  none\">   <\/span>\n\t\t\t\t\t\n\t\t\t\t\t\t\t\t\t\t\n\t\t\t\t\t<div class=\"row portfolio-items no-masonry\" data-rcp=\"false\" data-masonry-type=\"default\" data-ps=\"3\" data-starting-filter=\"\" data-gutter=\"default\" data-categories-to-show=\"prisons\" data-bypass-cropping=\"\" data-lightbox-only=\"0\" data-col-num=\"cols-2\">\n\t\t\t\t\t\t\t\t\t\t\t\t\n\t\t\t\t\t\t\t\t\t\t\t\t\n\t\t\t\t\t\t<div class=\"col span_6  element active criminal-justice prisons\"  data-project-cat=\"active criminal-justice prisons \" data-default-color=\"true\" data-title-color=\"\" data-subtitle-color=\"\">\n\t\t\t\t\t\t\t\n\t\t\t\t\t\t\t<div class=\"inner-wrap animated\" data-animation=\"none\">\n\t\t\t\t\t\t\t\t\n\t\t\t\t\t\t\t\t\t\t\t\t\t\t\t\t\t\n\t\t\t\t\t\t\t\t\t<div class=\"work-item style-3\" data-custom-content=\"on\" data-text-align=\"middle\">\n\t\t\t\t\t\t\t\t\t\t\n\t\t\t\t\t\t\t\t\t\t<img loading=\"lazy\" decoding=\"async\" class=\"size- skip-lazy\" src=\"https:\/\/ccla.org\/wp-content\/uploads\/2021\/07\/COVID-prison-officer-handcuffs-P7FXGBF-600x403.jpg\" alt=\"\" height=\"403\" width=\"600\" srcset=\"https:\/\/ccla.org\/wp-content\/uploads\/2021\/07\/COVID-prison-officer-handcuffs-P7FXGBF-900x604.jpg 900w, https:\/\/ccla.org\/wp-content\/uploads\/2021\/07\/COVID-prison-officer-handcuffs-P7FXGBF-600x403.jpg 600w, https:\/\/ccla.org\/wp-content\/uploads\/2021\/07\/COVID-prison-officer-handcuffs-P7FXGBF-400x269.jpg 400w\" sizes=\"auto, (min-width: 1000px) 50vw, (min-width: 690px) 50vw, 100vw\" \/>\t\t\t\t\t\t\t\t\t\t\n\t\t\t\t\t\t\t\t\t\t<div class=\"work-info-bg\"><\/div>\n\t\t\t\t\t\t\t\t\t\t<div class=\"work-info\">\n\t\t\t\t\t\t\t\t\t\t\t\n\t\t\t\t\t\t\t\t\t\t\t<a href=\"https:\/\/ccla.org\/fr\/principaux-cas-et-rapports\/caution-et-detention-provisoire\/\"><\/a>\t\t\t\t\t\t\t\t\t\t\t\n\t\t\t\t\t\t\t\t\t\t\t<div class=\"vert-center\">\n\t\t\t\t\t\t\t\t\t\t\t\t<div class=\"custom-content\"><h3>Cautionnement et d\u00e9tention provisoire<\/h3>\r\nLa proportion de personnes \u00e0 qui la lib\u00e9ration sous caution a \u00e9t\u00e9 refus\u00e9e atteint un niveau record, <em>chartes<\/em> Le droit \u00e0 une audience de mise en libert\u00e9 sous caution dans un d\u00e9lai raisonnable est souvent viol\u00e9, les conditions de d\u00e9tention provisoire sont dangereuses et inhumaines, et les groupes vuln\u00e9rables continuent de se voir injustement refuser la lib\u00e9ration sous caution.\r\n\r\n<div class=\"divider-wrap\" data-alignment=\"default\"><div style=\"height: 2px;\" class=\"divider\"><\/div><\/div>\r\n\r\n<a class=\"nectar-button n-sc-button large extra-color-1 regular-button\"  href=\"\" data-color-override=\"false\" data-hover-color-override=\"false\" data-hover-text-color-override=\"#fff\"><span>VOIR LE CAS<\/span><\/a><\/div>\t\t\t\t\t\t\t\t\t\t\t<\/div><!--\/vert-center-->\n\t\t\t\t\t\t\t\t\t\t\t\n\t\t\t\t\t\t\t\t\t\t<\/div>\n\t\t\t\t\t\t\t\t\t<\/div><!--work-item-->\n\t\t\t\t\t\t\t\t\t\n\t\t\t\t\t\t\t\t\t\t\t\t\t\t\t\t\n\t\t\t\t\t\t\t\t\n\t\t\t\t\t\t\t<\/div><!--\/inner-wrap-->\n\t\t\t\t\t\t<\/div><!--\/col-->\n\t\t\t\t\t\t\n\t\t\t\t\t\t\t\t\t\t\t\n\t\t\t\t\t\t\t\t\t\t\t\t\n\t\t\t\t\t\t<div class=\"col span_6  element active criminal-justice police-powers-accountability prisons\"  data-project-cat=\"active criminal-justice police-powers-accountability prisons \" data-default-color=\"true\" data-title-color=\"\" data-subtitle-color=\"\">\n\t\t\t\t\t\t\t\n\t\t\t\t\t\t\t<div class=\"inner-wrap animated\" data-animation=\"none\">\n\t\t\t\t\t\t\t\t\n\t\t\t\t\t\t\t\t\t\t\t\t\t\t\t\t\t\n\t\t\t\t\t\t\t\t\t<div class=\"work-item style-3\" data-custom-content=\"on\" data-text-align=\"middle\">\n\t\t\t\t\t\t\t\t\t\t\n\t\t\t\t\t\t\t\t\t\t<img loading=\"lazy\" decoding=\"async\" class=\"size- skip-lazy\" src=\"https:\/\/ccla.org\/wp-content\/uploads\/2021\/07\/COVID-prison-officer-handcuffs-P7FXGBF-600x403.jpg\" alt=\"\" height=\"403\" width=\"600\" srcset=\"https:\/\/ccla.org\/wp-content\/uploads\/2021\/07\/COVID-prison-officer-handcuffs-P7FXGBF-900x604.jpg 900w, https:\/\/ccla.org\/wp-content\/uploads\/2021\/07\/COVID-prison-officer-handcuffs-P7FXGBF-600x403.jpg 600w, https:\/\/ccla.org\/wp-content\/uploads\/2021\/07\/COVID-prison-officer-handcuffs-P7FXGBF-400x269.jpg 400w\" sizes=\"auto, (min-width: 1000px) 50vw, (min-width: 690px) 50vw, 100vw\" \/>\t\t\t\t\t\t\t\t\t\t\n\t\t\t\t\t\t\t\t\t\t<div class=\"work-info-bg\"><\/div>\n\t\t\t\t\t\t\t\t\t\t<div class=\"work-info\">\n\t\t\t\t\t\t\t\t\t\t\t\n\t\t\t\t\t\t\t\t\t\t\t<a href=\"https:\/\/ccla.org\/fr\/principaux-cas-et-rapports\/fouilles-a-nu-dans-les-prisons-de-lontario\/\"><\/a>\t\t\t\t\t\t\t\t\t\t\t\n\t\t\t\t\t\t\t\t\t\t\t<div class=\"vert-center\">\n\t\t\t\t\t\t\t\t\t\t\t\t<div class=\"custom-content\"><h3>Fouilles \u00e0 nu dans les prisons de l&#039;Ontario<\/h3>\r\n<span class=\"TextRun SCXW251702145 BCX0\" lang=\"EN-CA\" xml:lang=\"EN-CA\" data-contrast=\"auto\"><span class=\"NormalTextRun SCXW251702145 BCX0\">La loi ontarienne donne carte blanche aux prisons provinciales pour fouiller \u00e0 nu n&#039;importe quel prisonnier, \u00e0 tout moment, sans raison. Nous croyons que la loi est inconstitutionnelle.<\/span><\/span><span class=\"TextRun SCXW251702145 BCX0\" lang=\"EN-CA\" xml:lang=\"EN-CA\" data-contrast=\"auto\"><span class=\"NormalTextRun SCXW251702145 BCX0\">\r\n<\/span><\/span>\r\n\r\n<div class=\"divider-wrap\" data-alignment=\"default\"><div style=\"height: 2px;\" class=\"divider\"><\/div><\/div>\r\n\r\n<a class=\"nectar-button n-sc-button large extra-color-1 regular-button\"  href=\"\" data-color-override=\"false\" data-hover-color-override=\"false\" data-hover-text-color-override=\"#fff\"><span>VOIR LE CAS<\/span><\/a><\/div>\t\t\t\t\t\t\t\t\t\t\t<\/div><!--\/vert-center-->\n\t\t\t\t\t\t\t\t\t\t\t\n\t\t\t\t\t\t\t\t\t\t<\/div>\n\t\t\t\t\t\t\t\t\t<\/div><!--work-item-->\n\t\t\t\t\t\t\t\t\t\n\t\t\t\t\t\t\t\t\t\t\t\t\t\t\t\t\n\t\t\t\t\t\t\t\t\n\t\t\t\t\t\t\t<\/div><!--\/inner-wrap-->\n\t\t\t\t\t\t<\/div><!--\/col-->\n\t\t\t\t\t\t\n\t\t\t\t\t\t\t\t\t\t\n\t\t\t\t<\/div><!--\/portfolio-->\n\t\t\t<\/div><!--\/portfolio wrap-->\n\t\t\t\n\t\t\t\n\t\t<\/div> \n\t<\/div>\n\t<\/div> \n<\/div><\/div><div id=\"fws_69f03b5f7f016\" data-midnight=\"\" data-column-margin=\"default\" class=\"wpb_row vc_row-fluid vc_row inner_row\"  style=\"\"><div class=\"row-bg-wrap\"> <div class=\"row-bg\" ><\/div> <\/div><div class=\"row_col_wrap_12_inner col span_12  left\">\n\t<div  class=\"vc_col-sm-12 vc_hidden-lg vc_hidden-md wpb_column column_container vc_column_container col child_column no-extra-padding inherit_tablet inherit_phone\"   data-padding-pos=\"all\" data-has-bg-color=\"false\" data-bg-color=\"\" data-bg-opacity=\"1\" data-animation=\"\" data-delay=\"0\" >\n\t\t<div class=\"vc_column-inner\" >\n\t\t<div class=\"wpb_wrapper\">\n\t\t\t\t\t\t\t\n\t\t\t\t\n\t\t\t\t\n\t\t\t\t<div class=\"portfolio-wrap\">\n\t\t\t\t\t\n\t\t\t\t\t\t\t\t\t\t\n\t\t\t\t\t<span class=\"portfolio-loading  none\">   <\/span>\n\t\t\t\t\t\n\t\t\t\t\t\t\t\t\t\t\n\t\t\t\t\t<div class=\"row portfolio-items no-masonry\" data-rcp=\"false\" data-masonry-type=\"default\" data-ps=\"9\" data-starting-filter=\"\" data-gutter=\"default\" data-categories-to-show=\"prisons\" data-bypass-cropping=\"\" data-lightbox-only=\"0\" data-col-num=\"cols-2\">\n\t\t\t\t\t\t\t\t\t\t\t\t\n\t\t\t\t\t\t\t\t\t\t\t\t\n\t\t\t\t\t\t<div class=\"col span_6  element active criminal-justice prisons\"  data-project-cat=\"active criminal-justice prisons \" data-default-color=\"true\" data-title-color=\"\" data-subtitle-color=\"\">\n\t\t\t\t\t\t\t\n\t\t\t\t\t\t\t<div class=\"inner-wrap animated\" data-animation=\"none\">\n\t\t\t\t\t\t\t\t\n\t\t\t\t\t\t\t\t\t\t\t\t\t\t\t\t\t\n\t\t\t\t\t\t\t\t\t<div class=\"work-item style-1\" data-custom-content=\"on\">\n\t\t\t\t\t\t\t\t\t\t\n\t\t\t\t\t\t\t\t\t\t<img loading=\"lazy\" decoding=\"async\" class=\"size- skip-lazy\" src=\"https:\/\/ccla.org\/wp-content\/uploads\/2021\/07\/COVID-prison-officer-handcuffs-P7FXGBF-600x403.jpg\" alt=\"\" height=\"403\" width=\"600\" srcset=\"https:\/\/ccla.org\/wp-content\/uploads\/2021\/07\/COVID-prison-officer-handcuffs-P7FXGBF-900x604.jpg 900w, https:\/\/ccla.org\/wp-content\/uploads\/2021\/07\/COVID-prison-officer-handcuffs-P7FXGBF-600x403.jpg 600w, https:\/\/ccla.org\/wp-content\/uploads\/2021\/07\/COVID-prison-officer-handcuffs-P7FXGBF-400x269.jpg 400w\" sizes=\"auto, (min-width: 1000px) 50vw, (min-width: 690px) 50vw, 100vw\" \/>\t\t\t\t\t\t\t\t\t\t\n\t\t\t\t\t\t\t\t\t\t\n\t\t\t\t\t\t\t\t\t\t<div class=\"work-info\"> \n\t\t\t\t\t\t\t\t\t\t\t\n\t\t\t\t\t\t\t\t\t\t\t\n\t\t\t\t\t\t\t\t\t\t\t\t\t\t\t\t\t\t\t\t\t\t\t\n\t\t\t\t\t\t\t\t\t\t\t\t<a href=\"https:\/\/ccla.org\/fr\/principaux-cas-et-rapports\/caution-et-detention-provisoire\/\"><\/a>\n\t\t\t\t\t\t\t\t\t\t\t\t\n\t\t\t\t\t\t\t\t\t\t\t\t\t\t\t\t\t\t\t\t\t\t\n\t\t\t\t\t\t\t\t\t\t\t\n\t\t\t\t\t\t\t\t\t\t<\/div>\n\t\t\t\t\t\t\t\t\t\t\n\t\t\t\t\t\t\t\t\t<\/div><!--work-item-->\n\t\t\t\t\t\t\t\t\t\n\t\t\t\t\t\t\t\t\t<div class=\"work-meta\">\n\t\t\t\t\t\t\t\t\t\t<h4 class=\"title\">Cautionnement et d\u00e9tention provisoire<\/h4>\n\t\t\t\t\t\t\t\t\t\t\n\t\t\t\t\t\t\t\t\t\t<p>2 juillet 2025<\/p>\t\t\t\t\t\t\t\t\t\t\n\t\t\t\t\t\t\t\t\t<\/div>\n\t\t\t\t\t\t\t\t\t\n\t\t\t\t\t\t\t\t\t\n\t\t\t\t\t\t\t\t\t\t\t\t\t\t\t\t\n\t\t\t\t\t\t\t\t\n\t\t\t\t\t\t\t<\/div><!--\/inner-wrap-->\n\t\t\t\t\t\t<\/div><!--\/col-->\n\t\t\t\t\t\t\n\t\t\t\t\t\t\t\t\t\t\t\n\t\t\t\t\t\t\t\t\t\t\t\t\n\t\t\t\t\t\t<div class=\"col span_6  element active criminal-justice police-powers-accountability prisons\"  data-project-cat=\"active criminal-justice police-powers-accountability prisons \" data-default-color=\"true\" data-title-color=\"\" data-subtitle-color=\"\">\n\t\t\t\t\t\t\t\n\t\t\t\t\t\t\t<div class=\"inner-wrap animated\" data-animation=\"none\">\n\t\t\t\t\t\t\t\t\n\t\t\t\t\t\t\t\t\t\t\t\t\t\t\t\t\t\n\t\t\t\t\t\t\t\t\t<div class=\"work-item style-1\" data-custom-content=\"on\">\n\t\t\t\t\t\t\t\t\t\t\n\t\t\t\t\t\t\t\t\t\t<img loading=\"lazy\" decoding=\"async\" class=\"size- skip-lazy\" src=\"https:\/\/ccla.org\/wp-content\/uploads\/2021\/07\/COVID-prison-officer-handcuffs-P7FXGBF-600x403.jpg\" alt=\"\" height=\"403\" width=\"600\" srcset=\"https:\/\/ccla.org\/wp-content\/uploads\/2021\/07\/COVID-prison-officer-handcuffs-P7FXGBF-900x604.jpg 900w, https:\/\/ccla.org\/wp-content\/uploads\/2021\/07\/COVID-prison-officer-handcuffs-P7FXGBF-600x403.jpg 600w, https:\/\/ccla.org\/wp-content\/uploads\/2021\/07\/COVID-prison-officer-handcuffs-P7FXGBF-400x269.jpg 400w\" sizes=\"auto, (min-width: 1000px) 50vw, (min-width: 690px) 50vw, 100vw\" \/>\t\t\t\t\t\t\t\t\t\t\n\t\t\t\t\t\t\t\t\t\t\n\t\t\t\t\t\t\t\t\t\t<div class=\"work-info\"> \n\t\t\t\t\t\t\t\t\t\t\t\n\t\t\t\t\t\t\t\t\t\t\t\n\t\t\t\t\t\t\t\t\t\t\t\t\t\t\t\t\t\t\t\t\t\t\t\n\t\t\t\t\t\t\t\t\t\t\t\t<a href=\"https:\/\/ccla.org\/fr\/principaux-cas-et-rapports\/fouilles-a-nu-dans-les-prisons-de-lontario\/\"><\/a>\n\t\t\t\t\t\t\t\t\t\t\t\t\n\t\t\t\t\t\t\t\t\t\t\t\t\t\t\t\t\t\t\t\t\t\t\n\t\t\t\t\t\t\t\t\t\t\t\n\t\t\t\t\t\t\t\t\t\t<\/div>\n\t\t\t\t\t\t\t\t\t\t\n\t\t\t\t\t\t\t\t\t<\/div><!--work-item-->\n\t\t\t\t\t\t\t\t\t\n\t\t\t\t\t\t\t\t\t<div class=\"work-meta\">\n\t\t\t\t\t\t\t\t\t\t<h4 class=\"title\">Fouilles \u00e0 nu dans les prisons de l&#039;Ontario<\/h4>\n\t\t\t\t\t\t\t\t\t\t\n\t\t\t\t\t\t\t\t\t\t<p>21 juin 2022<\/p>\t\t\t\t\t\t\t\t\t\t\n\t\t\t\t\t\t\t\t\t<\/div>\n\t\t\t\t\t\t\t\t\t\n\t\t\t\t\t\t\t\t\t\n\t\t\t\t\t\t\t\t\t\t\t\t\t\t\t\t\n\t\t\t\t\t\t\t\t\n\t\t\t\t\t\t\t<\/div><!--\/inner-wrap-->\n\t\t\t\t\t\t<\/div><!--\/col-->\n\t\t\t\t\t\t\n\t\t\t\t\t\t\t\t\t\t\n\t\t\t\t<\/div><!--\/portfolio-->\n\t\t\t<\/div><!--\/portfolio wrap-->\n\t\t\t\n\t\t\t\n\t\t<\/div> \n\t<\/div>\n\t<\/div> \n<\/div><\/div>\n\t\t\t<\/div> \n\t\t<\/div>\n\t<\/div> \n<\/div><\/div>\n\t\t<div id=\"fws_69f03b5f8066c\"  data-column-margin=\"default\" data-midnight=\"dark\"  class=\"wpb_row vc_row-fluid vc_row full-width-section\"  style=\"padding-top: 0px; padding-bottom: 0px; \"><div class=\"row-bg-wrap\" data-bg-animation=\"none\" data-bg-animation-delay=\"\" data-bg-overlay=\"true\"><div class=\"inner-wrap row-bg-layer\" ><div class=\"row-bg viewport-desktop using-bg-color\"  style=\"background-color: #f2f2f2; \"><\/div><\/div><div class=\"row-bg-overlay row-bg-layer\" style=\"background: rgba(0,0,0,0.3); background: linear-gradient(to bottom,rgba(0,0,0,0.3) 0%,rgba(238,238,238,0.01) 100%);  opacity: 0.5; \"><\/div><\/div><div class=\"row_col_wrap_12 col span_12 dark left\">\n\t<div  class=\"vc_col-sm-12 wpb_column column_container vc_column_container col no-extra-padding inherit_tablet inherit_phone\"  data-padding-pos=\"all\" data-has-bg-color=\"false\" data-bg-color=\"\" data-bg-opacity=\"1\" data-animation=\"\" data-delay=\"0\" >\n\t\t<div class=\"vc_column-inner\" >\n\t\t\t<div class=\"wpb_wrapper\">\n\t\t\t\t<div class=\"divider-wrap\" data-alignment=\"default\"><div style=\"height: 10px;\" class=\"divider\"><\/div><\/div>\n\t\t\t<\/div> \n\t\t<\/div>\n\t<\/div> \n<\/div><\/div>\n\t\t<div id=\"fws_69f03b5f809c9\"  data-column-margin=\"default\" data-midnight=\"dark\"  class=\"wpb_row vc_row-fluid vc_row full-width-section\"  style=\"padding-top: 0px; padding-bottom: 0px; \"><div class=\"row-bg-wrap\" data-bg-animation=\"none\" data-bg-animation-delay=\"\" data-bg-overlay=\"false\"><div class=\"inner-wrap row-bg-layer\" ><div class=\"row-bg viewport-desktop using-bg-color\"  style=\"background-color: #f2f2f2; \"><\/div><\/div><\/div><div class=\"row_col_wrap_12 col span_12 dark left\">\n\t<div  class=\"vc_col-sm-12 wpb_column column_container vc_column_container col padding-4-percent inherit_tablet inherit_phone\"  data-padding-pos=\"bottom\" data-has-bg-color=\"false\" data-bg-color=\"\" data-bg-opacity=\"1\" data-animation=\"\" data-delay=\"0\" >\n\t\t<div class=\"vc_column-inner\" >\n\t\t\t<div class=\"wpb_wrapper\">\n\t\t\t\t<div class=\"divider-wrap\" data-alignment=\"default\"><div style=\"height: 50px;\" class=\"divider\"><\/div><\/div><h2 style=\"color: #1e5799;text-align: center\" class=\"vc_custom_heading vc_do_custom_heading\" >Notre travail pour prot\u00e9ger les droits des personnes incarc\u00e9r\u00e9es<\/h2><div class=\"divider-wrap\" data-alignment=\"default\"><div style=\"height: 30px;\" class=\"divider\"><\/div><\/div><div class='nectar-post-grid-wrap custom-post-grid text-color-dark spacing-5px' data-el-settings='{\"post_type\":\"post\",\"pagination\":\"none\",\"image_size\":\"portfolio-thumb\",\"parallax_scrolling\":\"\",\"aspect_ratio_image_size\":\"yes\",\"category_position\":\"default\",\"category_display\":\"default\",\"display_categories\":\"0\",\"display_excerpt\":\"yes\",\"excerpt_length\":\"20\",\"display_date\":\"yes\",\"display_estimated_reading_time\":\"0\",\"display_author\":\"0\",\"author_functionality\":\"default\",\"author_position\":\"default\",\"color_overlay\":\"\",\"color_overlay_opacity\":\"\",\"color_overlay_hover_opacity\":\"\",\"card_bg_color\":\"#ffffff\",\"grid_style\":\"content_under_image\",\"hover_effect\":\"zoom\",\"post_title_overlay\":\"\",\"heading_tag\":\"h3\",\"enable_gallery_lightbox\":\"0\",\"category_style\":\"underline\",\"overlay_secondary_project_image\":\"\",\"vertical_list_hover_effect\":\"none\",\"vertical_list_read_more\":\"\",\"read_more_button\":\"0\",\"animation\":\"fade-in-from-bottom\"}' data-style='content_under_image' data-query='{\"post_type\":\"post\",\"posts_per_page\":\"-1\",\"order\":\"DESC\",\"orderby\":\"date\",\"offset\":\"0\",\"cpt_name\":\"post\",\"custom_query_tax\":\"\",\"ignore_sticky_posts\":\"\"}' data-load-more-color='black' data-load-more-text='Load More'><div class=\"nectar-post-grid-filters\" data-active-color=\"default\" data-align=\"default\" data-animation=\"fade-in-from-bottom\" data-sortable=\"\"><h4>Filtre<\/h4><div><a href=\"#\" data-filter=\"community-supervision\" data-total-count=\"2\">Surveillance communautaire<\/a><a href=\"#\" data-filter=\"conditions-of-confinement\" data-total-count=\"40\">Conditions de confinement<\/a><a href=\"#\" data-filter=\"habeas-corpus\" data-total-count=\"2\">Habeas corpus<\/a><a href=\"#\" data-filter=\"prisons-jails-community-supervision\" data-total-count=\"61\">Prisons, prisons et surveillance communautaire<\/a><a href=\"#\" data-filter=\"search-seizure-prisons-jails-community-supervision\" data-total-count=\"4\">Recherche &amp; Saisie<\/a><a href=\"#\" data-filter=\"solitary-confinement\" data-total-count=\"16\">L&#039;isolement<\/a><\/div><\/div><div class=\"nectar-post-grid category-position-before-title\" data-indicator=\"\" data-indicator-style=\"default\" data-indicator-text-color=\"#fff\" data-indicator-color=\"#000\" data-indicator-text=\"View\" data-masonry=\"false\" data-columns=\"4\" data-hover-effect=\"zoom\" data-text-style=\"default\" data-border-radius=\"5px\" data-grid-item-height=\"30vh\" data-grid-spacing=\"5px\" data-text-layout=\"top_left\" data-text-color=\"dark\" data-text-hover-color=\"dark\" data-shadow-hover=\"yes\" data-animation=\"fade-in-from-bottom\" data-animation-stagger=\"90\" data-cat-click=\"default\"  data-lock-aspect=\"yes\"  data-text-align=\"left\" data-card=\"yes\" style=\"--post-grid-border-radius:5px;\" ><div class=\"nectar-post-grid-item\" style=\"background-color: #ffffff;\" data-post-id=\"11376\" data-has-img=\"true\"> <div class=\"inner\"><div class=\"nectar-post-grid-item-bg-wrap\"><div class=\"nectar-post-grid-item-bg-wrap-inner\"><a class=\"bg-wrap-link\" aria-label=\"L&#039;Association canadienne des libert\u00e9s civiles se fait l&#039;\u00e9cho du plaidoyer de la famille Faqiri en faveur d&#039;une action sur les recommandations de l&#039;enqu\u00eate\" href=\"https:\/\/ccla.org\/fr\/communique-de-presse\/canadian-civil-liberties-association-echoes-faqiri-family-plea-for-action-on-inquest-recommendations\/\"><\/a><div class=\"nectar-post-grid-item-bg\"><img loading=\"lazy\" decoding=\"async\" class=\"nectar-lazy skip-lazy\" src=\"data:image\/svg+xml;charset=utf-8,%3Csvg%20xmlns%3D'http%3A%2F%2Fwww.w3.org%2F2000%2Fsvg'%20viewBox%3D'0%200%202000%20800'%2F%3E\" alt=\"\" height=\"800\" width=\"2000\" data-nectar-img-src=\"https:\/\/ccla.org\/wp-content\/uploads\/2021\/06\/SOLITARY-handcuffs-600x403.jpg\" data-nectar-img-srcset=\"https:\/\/ccla.org\/wp-content\/uploads\/2021\/06\/SOLITARY-handcuffs-600x403.jpg 600w, https:\/\/ccla.org\/wp-content\/uploads\/2021\/06\/SOLITARY-handcuffs-900x604.jpg 900w, https:\/\/ccla.org\/wp-content\/uploads\/2021\/06\/SOLITARY-handcuffs-400x269.jpg 400w\" sizes=\"auto, (max-width: 600px) 100vw, 600px\" \/><\/div><\/div><\/div><div class=\"content\"><a class=\"nectar-post-grid-link\" href=\"https:\/\/ccla.org\/fr\/communique-de-presse\/canadian-civil-liberties-association-echoes-faqiri-family-plea-for-action-on-inquest-recommendations\/\" aria-label=\"L&#039;Association canadienne des libert\u00e9s civiles se fait l&#039;\u00e9cho du plaidoyer de la famille Faqiri en faveur d&#039;une action sur les recommandations de l&#039;enqu\u00eate\"><\/a><div class=\"item-main\"><h3 class=\"post-heading\"><a href=\"https:\/\/ccla.org\/fr\/communique-de-presse\/canadian-civil-liberties-association-echoes-faqiri-family-plea-for-action-on-inquest-recommendations\/\"><span>L'Association canadienne des libert\u00e9s civiles se fait l'\u00e9cho du plaidoyer de la famille Faqiri en faveur d'une action sur les recommandations de l'enqu\u00eate<\/span><\/a><\/h3><div class=\"nectar-post-grid-item__excerpt-wrap item-meta-extra\"><span class=\"meta-excerpt\">L'ACLC se fait l'\u00e9cho de l'appel lanc\u00e9 aujourd'hui par la famille Faqiri \u00e0 Queen's Park pour...<\/span><\/div><span class=\"nectar-post-grid-item__meta-wrap\"><span class=\"meta-date\">15 d\u00e9cembre 2025<\/span><\/span><\/div><\/div><\/div><\/div><div class=\"nectar-post-grid-item\" style=\"background-color: #ffffff;\" data-post-id=\"11255\" data-has-img=\"true\"> <div class=\"inner\"><div class=\"nectar-post-grid-item-bg-wrap\"><div class=\"nectar-post-grid-item-bg-wrap-inner\"><a class=\"bg-wrap-link\" aria-label=\"L&#039;ACLC se f\u00e9licite de la d\u00e9cision de la Cour supr\u00eame dans l&#039;affaire Dorsey, qui prot\u00e8ge l&#039;Habeas Corpus et la libert\u00e9 individuelle\" href=\"https:\/\/ccla.org\/fr\/justice-penale\/ccla-welcomes-supreme-court-decision-in-dorsey-protecting-habeas-corpus-and-individual-liberty\/\"><\/a><div class=\"nectar-post-grid-item-bg\"><img loading=\"lazy\" decoding=\"async\" class=\"nectar-lazy skip-lazy\" src=\"data:image\/svg+xml;charset=utf-8,%3Csvg%20xmlns%3D'http%3A%2F%2Fwww.w3.org%2F2000%2Fsvg'%20viewBox%3D'0%200%202000%20800'%2F%3E\" alt=\"\" height=\"800\" width=\"2000\" data-nectar-img-src=\"https:\/\/ccla.org\/wp-content\/uploads\/2021\/07\/COVID-prison-officer-handcuffs-P7FXGBF-600x403.jpg\" data-nectar-img-srcset=\"https:\/\/ccla.org\/wp-content\/uploads\/2021\/07\/COVID-prison-officer-handcuffs-P7FXGBF-600x403.jpg 600w, https:\/\/ccla.org\/wp-content\/uploads\/2021\/07\/COVID-prison-officer-handcuffs-P7FXGBF-900x604.jpg 900w, https:\/\/ccla.org\/wp-content\/uploads\/2021\/07\/COVID-prison-officer-handcuffs-P7FXGBF-400x269.jpg 400w\" sizes=\"auto, (max-width: 600px) 100vw, 600px\" \/><\/div><\/div><\/div><div class=\"content\"><a class=\"nectar-post-grid-link\" href=\"https:\/\/ccla.org\/fr\/justice-penale\/ccla-welcomes-supreme-court-decision-in-dorsey-protecting-habeas-corpus-and-individual-liberty\/\" aria-label=\"L&#039;ACLC se f\u00e9licite de la d\u00e9cision de la Cour supr\u00eame dans l&#039;affaire Dorsey, qui prot\u00e8ge l&#039;Habeas Corpus et la libert\u00e9 individuelle\"><\/a><div class=\"item-main\"><h3 class=\"post-heading\"><a href=\"https:\/\/ccla.org\/fr\/justice-penale\/ccla-welcomes-supreme-court-decision-in-dorsey-protecting-habeas-corpus-and-individual-liberty\/\"><span>L'ACLC se f\u00e9licite de la d\u00e9cision de la Cour supr\u00eame dans l'affaire Dorsey, qui prot\u00e8ge l'Habeas Corpus et la libert\u00e9 individuelle<\/span><\/a><\/h3><div class=\"nectar-post-grid-item__excerpt-wrap item-meta-extra\"><span class=\"meta-excerpt\">La Cour supr\u00eame du Canada a rendu son jugement dans l'affaire Dorsey c. Canada (Procureur g\u00e9n\u00e9ral), 2025...<\/span><\/div><span class=\"nectar-post-grid-item__meta-wrap\"><span class=\"meta-date\">21 novembre 2025<\/span><\/span><\/div><\/div><\/div><\/div><div class=\"nectar-post-grid-item\" style=\"background-color: #ffffff;\" data-post-id=\"11227\" data-has-img=\"true\"> <div class=\"inner\"><div class=\"nectar-post-grid-item-bg-wrap\"><div class=\"nectar-post-grid-item-bg-wrap-inner\"><a class=\"bg-wrap-link\" aria-label=\"L&#039;ACLC accueille favorablement le rapport 2024-2025 du Bureau de l&#039;enqu\u00eateur correctionnel\" href=\"https:\/\/ccla.org\/fr\/justice-penale\/ccla-welcomes-the-2024-2025-report-of-the-office-of-the-correctional-investigator\/\"><\/a><div class=\"nectar-post-grid-item-bg\"><img loading=\"lazy\" decoding=\"async\" class=\"nectar-lazy skip-lazy\" src=\"data:image\/svg+xml;charset=utf-8,%3Csvg%20xmlns%3D'http%3A%2F%2Fwww.w3.org%2F2000%2Fsvg'%20viewBox%3D'0%200%202000%20800'%2F%3E\" alt=\"\" height=\"800\" width=\"2000\" data-nectar-img-src=\"https:\/\/ccla.org\/wp-content\/uploads\/2021\/06\/SOLITARY-handcuffs-600x403.jpg\" data-nectar-img-srcset=\"https:\/\/ccla.org\/wp-content\/uploads\/2021\/06\/SOLITARY-handcuffs-600x403.jpg 600w, https:\/\/ccla.org\/wp-content\/uploads\/2021\/06\/SOLITARY-handcuffs-900x604.jpg 900w, https:\/\/ccla.org\/wp-content\/uploads\/2021\/06\/SOLITARY-handcuffs-400x269.jpg 400w\" sizes=\"auto, (max-width: 600px) 100vw, 600px\" \/><\/div><\/div><\/div><div class=\"content\"><a class=\"nectar-post-grid-link\" href=\"https:\/\/ccla.org\/fr\/justice-penale\/ccla-welcomes-the-2024-2025-report-of-the-office-of-the-correctional-investigator\/\" aria-label=\"L&#039;ACLC accueille favorablement le rapport 2024-2025 du Bureau de l&#039;enqu\u00eateur correctionnel\"><\/a><div class=\"item-main\"><h3 class=\"post-heading\"><a href=\"https:\/\/ccla.org\/fr\/justice-penale\/ccla-welcomes-the-2024-2025-report-of-the-office-of-the-correctional-investigator\/\"><span>L'ACLC accueille favorablement le rapport 2024-2025 du Bureau de l'enqu\u00eateur correctionnel<\/span><\/a><\/h3><div class=\"nectar-post-grid-item__excerpt-wrap item-meta-extra\"><span class=\"meta-excerpt\">L'Association canadienne des libert\u00e9s civiles accueille favorablement le rapport annuel 2024-2025 du Bureau...<\/span><\/div><span class=\"nectar-post-grid-item__meta-wrap\"><span class=\"meta-date\">12 novembre 2025<\/span><\/span><\/div><\/div><\/div><\/div><div class=\"nectar-post-grid-item\" style=\"background-color: #ffffff;\" data-post-id=\"10326\" data-has-img=\"true\"> <div class=\"inner\"><div class=\"nectar-post-grid-item-bg-wrap\"><div class=\"nectar-post-grid-item-bg-wrap-inner\"><a class=\"bg-wrap-link\" aria-label=\"L&#039;ACLC et 35 organisations de la soci\u00e9t\u00e9 civile d\u00e9plorent l&#039;inaction de la province face aux recommandations de l&#039;enqu\u00eate sur la mort de Soleiman Faqiri.\" href=\"https:\/\/ccla.org\/fr\/communique-de-presse\/ccla-and-35-civil-society-organizations-decry-provincial-inaction-in-addressing-recommendations-from-inquest-into-death-of-soleiman-faqiri\/\"><\/a><div class=\"nectar-post-grid-item-bg\"><img loading=\"lazy\" decoding=\"async\" class=\"nectar-lazy skip-lazy\" src=\"data:image\/svg+xml;charset=utf-8,%3Csvg%20xmlns%3D'http%3A%2F%2Fwww.w3.org%2F2000%2Fsvg'%20viewBox%3D'0%200%202000%20800'%2F%3E\" alt=\"\" height=\"800\" width=\"2000\" data-nectar-img-src=\"https:\/\/ccla.org\/wp-content\/uploads\/2021\/07\/prison-inmate-and-officer-600x403.jpg\" data-nectar-img-srcset=\"https:\/\/ccla.org\/wp-content\/uploads\/2021\/07\/prison-inmate-and-officer-600x403.jpg 600w, https:\/\/ccla.org\/wp-content\/uploads\/2021\/07\/prison-inmate-and-officer-900x604.jpg 900w, https:\/\/ccla.org\/wp-content\/uploads\/2021\/07\/prison-inmate-and-officer-400x269.jpg 400w\" sizes=\"auto, (max-width: 600px) 100vw, 600px\" \/><\/div><\/div><\/div><div class=\"content\"><a class=\"nectar-post-grid-link\" href=\"https:\/\/ccla.org\/fr\/communique-de-presse\/ccla-and-35-civil-society-organizations-decry-provincial-inaction-in-addressing-recommendations-from-inquest-into-death-of-soleiman-faqiri\/\" aria-label=\"L&#039;ACLC et 35 organisations de la soci\u00e9t\u00e9 civile d\u00e9plorent l&#039;inaction de la province face aux recommandations de l&#039;enqu\u00eate sur la mort de Soleiman Faqiri.\"><\/a><div class=\"item-main\"><h3 class=\"post-heading\"><a href=\"https:\/\/ccla.org\/fr\/communique-de-presse\/ccla-and-35-civil-society-organizations-decry-provincial-inaction-in-addressing-recommendations-from-inquest-into-death-of-soleiman-faqiri\/\"><span>L'ACLC et 35 organisations de la soci\u00e9t\u00e9 civile d\u00e9plorent l'inaction de la province face aux recommandations de l'enqu\u00eate sur la mort de Soleiman Faqiri.<\/span><\/a><\/h3><div class=\"nectar-post-grid-item__excerpt-wrap item-meta-extra\"><span class=\"meta-excerpt\">TORONTO - Soleiman Faqiri \u00e9tait un homme souffrant de troubles mentaux importants qui a \u00e9t\u00e9 tu\u00e9 sous la garde de la province...<\/span><\/div><span class=\"nectar-post-grid-item__meta-wrap\"><span class=\"meta-date\">5 mai 2025<\/span><\/span><\/div><\/div><\/div><\/div><div class=\"nectar-post-grid-item\" style=\"background-color: #ffffff;\" data-post-id=\"10269\" data-has-img=\"true\"> <div class=\"inner\"><div class=\"nectar-post-grid-item-bg-wrap\"><div class=\"nectar-post-grid-item-bg-wrap-inner\"><a class=\"bg-wrap-link\" aria-label=\"L&#039;ACLC intervient devant la Cour supr\u00eame pour prot\u00e9ger l&#039;Habeas Corpus\" href=\"https:\/\/ccla.org\/fr\/justice-penale\/ccla-intervening-before-supreme-court-to-protect-habeas-corpus\/\"><\/a><div class=\"nectar-post-grid-item-bg\"><img loading=\"lazy\" decoding=\"async\" class=\"nectar-lazy skip-lazy\" src=\"data:image\/svg+xml;charset=utf-8,%3Csvg%20xmlns%3D'http%3A%2F%2Fwww.w3.org%2F2000%2Fsvg'%20viewBox%3D'0%200%202000%20800'%2F%3E\" alt=\"\" height=\"800\" width=\"2000\" data-nectar-img-src=\"https:\/\/ccla.org\/wp-content\/uploads\/2021\/07\/privacy-judge-writing-N6GSRQJ-600x403.jpg\" data-nectar-img-srcset=\"https:\/\/ccla.org\/wp-content\/uploads\/2021\/07\/privacy-judge-writing-N6GSRQJ-600x403.jpg 600w, https:\/\/ccla.org\/wp-content\/uploads\/2021\/07\/privacy-judge-writing-N6GSRQJ-900x604.jpg 900w, https:\/\/ccla.org\/wp-content\/uploads\/2021\/07\/privacy-judge-writing-N6GSRQJ-400x269.jpg 400w\" sizes=\"auto, (max-width: 600px) 100vw, 600px\" \/><\/div><\/div><\/div><div class=\"content\"><a class=\"nectar-post-grid-link\" href=\"https:\/\/ccla.org\/fr\/justice-penale\/ccla-intervening-before-supreme-court-to-protect-habeas-corpus\/\" aria-label=\"L&#039;ACLC intervient devant la Cour supr\u00eame pour prot\u00e9ger l&#039;Habeas Corpus\"><\/a><div class=\"item-main\"><h3 class=\"post-heading\"><a href=\"https:\/\/ccla.org\/fr\/justice-penale\/ccla-intervening-before-supreme-court-to-protect-habeas-corpus\/\"><span>L'ACLC intervient devant la Cour supr\u00eame pour prot\u00e9ger l'Habeas Corpus<\/span><\/a><\/h3><div class=\"nectar-post-grid-item__excerpt-wrap item-meta-extra\"><span class=\"meta-excerpt\">L'ACLC compara\u00eetra en tant qu'intervenant devant la Cour supr\u00eame du Canada dans l'affaire AGC...<\/span><\/div><span class=\"nectar-post-grid-item__meta-wrap\"><span class=\"meta-date\">17 avril 2025<\/span><\/span><\/div><\/div><\/div><\/div><div class=\"nectar-post-grid-item\" style=\"background-color: #ffffff;\" data-post-id=\"10205\" data-has-img=\"true\"> <div class=\"inner\"><div class=\"nectar-post-grid-item-bg-wrap\"><div class=\"nectar-post-grid-item-bg-wrap-inner\"><a class=\"bg-wrap-link\" aria-label=\"L&#039;ACLC r\u00e9agit \u00e0 Maplehurst\" href=\"https:\/\/ccla.org\/fr\/communique-de-presse\/ccla-reacts-to-maplehurst\/\"><\/a><div class=\"nectar-post-grid-item-bg\"><img loading=\"lazy\" decoding=\"async\" class=\"nectar-lazy skip-lazy\" src=\"data:image\/svg+xml;charset=utf-8,%3Csvg%20xmlns%3D'http%3A%2F%2Fwww.w3.org%2F2000%2Fsvg'%20viewBox%3D'0%200%202000%20800'%2F%3E\" alt=\"\" height=\"800\" width=\"2000\" data-nectar-img-src=\"https:\/\/ccla.org\/wp-content\/uploads\/2021\/07\/COVID-prison-officer-handcuffs-P7FXGBF-600x403.jpg\" data-nectar-img-srcset=\"https:\/\/ccla.org\/wp-content\/uploads\/2021\/07\/COVID-prison-officer-handcuffs-P7FXGBF-600x403.jpg 600w, https:\/\/ccla.org\/wp-content\/uploads\/2021\/07\/COVID-prison-officer-handcuffs-P7FXGBF-900x604.jpg 900w, https:\/\/ccla.org\/wp-content\/uploads\/2021\/07\/COVID-prison-officer-handcuffs-P7FXGBF-400x269.jpg 400w\" sizes=\"auto, (max-width: 600px) 100vw, 600px\" \/><\/div><\/div><\/div><div class=\"content\"><a class=\"nectar-post-grid-link\" href=\"https:\/\/ccla.org\/fr\/communique-de-presse\/ccla-reacts-to-maplehurst\/\" aria-label=\"L&#039;ACLC r\u00e9agit \u00e0 Maplehurst\"><\/a><div class=\"item-main\"><h3 class=\"post-heading\"><a href=\"https:\/\/ccla.org\/fr\/communique-de-presse\/ccla-reacts-to-maplehurst\/\"><span>L'ACLC r\u00e9agit \u00e0 Maplehurst<\/span><\/a><\/h3><div class=\"nectar-post-grid-item__excerpt-wrap item-meta-extra\"><span class=\"meta-excerpt\">TORONTO - Shakir Rahim, directeur de la justice p\u00e9nale \u00e0 l'Association canadienne des libert\u00e9s civiles, a...<\/span><\/div><span class=\"nectar-post-grid-item__meta-wrap\"><span class=\"meta-date\">4 avril 2025<\/span><\/span><\/div><\/div><\/div><\/div><div class=\"nectar-post-grid-item\" style=\"background-color: #ffffff;\" data-post-id=\"10175\" data-has-img=\"true\"> <div class=\"inner\"><div class=\"nectar-post-grid-item-bg-wrap\"><div class=\"nectar-post-grid-item-bg-wrap-inner\"><a class=\"bg-wrap-link\" aria-label=\"L&#039;ACLC salue la d\u00e9cision de la Cour supr\u00eame du Canada qui confirme les droits des prisonniers\" href=\"https:\/\/ccla.org\/fr\/legalite\/la-ccla-se-felicite-de-la-decision-de-la-cour-supreme-du-canada-confirmant-les-droits-des-prisonniers\/\"><\/a><div class=\"nectar-post-grid-item-bg\"><img loading=\"lazy\" decoding=\"async\" class=\"nectar-lazy skip-lazy\" src=\"data:image\/svg+xml;charset=utf-8,%3Csvg%20xmlns%3D'http%3A%2F%2Fwww.w3.org%2F2000%2Fsvg'%20viewBox%3D'0%200%202000%20800'%2F%3E\" alt=\"\" height=\"800\" width=\"2000\" data-nectar-img-src=\"https:\/\/ccla.org\/wp-content\/uploads\/2021\/07\/privacy-judge-writing-N6GSRQJ-600x403.jpg\" data-nectar-img-srcset=\"https:\/\/ccla.org\/wp-content\/uploads\/2021\/07\/privacy-judge-writing-N6GSRQJ-600x403.jpg 600w, https:\/\/ccla.org\/wp-content\/uploads\/2021\/07\/privacy-judge-writing-N6GSRQJ-900x604.jpg 900w, https:\/\/ccla.org\/wp-content\/uploads\/2021\/07\/privacy-judge-writing-N6GSRQJ-400x269.jpg 400w\" sizes=\"auto, (max-width: 600px) 100vw, 600px\" \/><\/div><\/div><\/div><div class=\"content\"><a class=\"nectar-post-grid-link\" href=\"https:\/\/ccla.org\/fr\/legalite\/la-ccla-se-felicite-de-la-decision-de-la-cour-supreme-du-canada-confirmant-les-droits-des-prisonniers\/\" aria-label=\"L&#039;ACLC salue la d\u00e9cision de la Cour supr\u00eame du Canada qui confirme les droits des prisonniers\"><\/a><div class=\"item-main\"><h3 class=\"post-heading\"><a href=\"https:\/\/ccla.org\/fr\/legalite\/la-ccla-se-felicite-de-la-decision-de-la-cour-supreme-du-canada-confirmant-les-droits-des-prisonniers\/\"><span>L'ACLC salue la d\u00e9cision de la Cour supr\u00eame du Canada qui confirme les droits des prisonniers<\/span><\/a><\/h3><div class=\"nectar-post-grid-item__excerpt-wrap item-meta-extra\"><span class=\"meta-excerpt\">L'Association canadienne des libert\u00e9s civiles se r\u00e9jouit de la d\u00e9cision de la Cour supr\u00eame du Canada dans l'affaire John Howard Society...<\/span><\/div><span class=\"nectar-post-grid-item__meta-wrap\"><span class=\"meta-date\">18 mars 2025<\/span><\/span><\/div><\/div><\/div><\/div><div class=\"nectar-post-grid-item\" style=\"background-color: #ffffff;\" data-post-id=\"9937\" data-has-img=\"true\"> <div class=\"inner\"><div class=\"nectar-post-grid-item-bg-wrap\"><div class=\"nectar-post-grid-item-bg-wrap-inner\"><a class=\"bg-wrap-link\" aria-label=\"L&#039;Association canadienne des avocats compara\u00eet devant la Cour supr\u00eame pour garantir l&#039;\u00e9quit\u00e9 des peines pour les personnes souffrant de troubles de sant\u00e9 mentale ou de d\u00e9ficiences cognitives\" href=\"https:\/\/ccla.org\/fr\/communique-de-presse\/la-ccla-se-presente-devant-la-cour-supreme-pour-garantir-lequite-des-peines-pour-les-personnes-souffrant-de-troubles-mentaux-ou-de-deficiences-cognitives\/\"><\/a><div class=\"nectar-post-grid-item-bg\"><img loading=\"lazy\" decoding=\"async\" class=\"nectar-lazy skip-lazy\" src=\"data:image\/svg+xml;charset=utf-8,%3Csvg%20xmlns%3D'http%3A%2F%2Fwww.w3.org%2F2000%2Fsvg'%20viewBox%3D'0%200%202000%20800'%2F%3E\" alt=\"\" height=\"800\" width=\"2000\" data-nectar-img-src=\"https:\/\/ccla.org\/wp-content\/uploads\/2021\/07\/privacy-judge-writing-N6GSRQJ-600x403.jpg\" data-nectar-img-srcset=\"https:\/\/ccla.org\/wp-content\/uploads\/2021\/07\/privacy-judge-writing-N6GSRQJ-600x403.jpg 600w, https:\/\/ccla.org\/wp-content\/uploads\/2021\/07\/privacy-judge-writing-N6GSRQJ-900x604.jpg 900w, https:\/\/ccla.org\/wp-content\/uploads\/2021\/07\/privacy-judge-writing-N6GSRQJ-400x269.jpg 400w\" sizes=\"auto, (max-width: 600px) 100vw, 600px\" \/><\/div><\/div><\/div><div class=\"content\"><a class=\"nectar-post-grid-link\" href=\"https:\/\/ccla.org\/fr\/communique-de-presse\/la-ccla-se-presente-devant-la-cour-supreme-pour-garantir-lequite-des-peines-pour-les-personnes-souffrant-de-troubles-mentaux-ou-de-deficiences-cognitives\/\" aria-label=\"L&#039;Association canadienne des avocats compara\u00eet devant la Cour supr\u00eame pour garantir l&#039;\u00e9quit\u00e9 des peines pour les personnes souffrant de troubles de sant\u00e9 mentale ou de d\u00e9ficiences cognitives\"><\/a><div class=\"item-main\"><h3 class=\"post-heading\"><a href=\"https:\/\/ccla.org\/fr\/communique-de-presse\/la-ccla-se-presente-devant-la-cour-supreme-pour-garantir-lequite-des-peines-pour-les-personnes-souffrant-de-troubles-mentaux-ou-de-deficiences-cognitives\/\"><span>L&#039;Association canadienne des avocats compara\u00eet devant la Cour supr\u00eame pour garantir l&#039;\u00e9quit\u00e9 des peines pour les personnes souffrant de troubles de sant\u00e9 mentale ou de d\u00e9ficiences cognitives<\/span><\/a><\/h3><div class=\"nectar-post-grid-item__excerpt-wrap item-meta-extra\"><span class=\"meta-excerpt\">L\u2019Association canadienne des libert\u00e9s civiles (ACLC) a envoy\u00e9 une lettre au maire et aux conseillers municipaux de Brampton\u2026<\/span><\/div><span class=\"nectar-post-grid-item__meta-wrap\"><span class=\"meta-date\">3 d\u00e9cembre 2024<\/span><\/span><\/div><\/div><\/div><\/div><div class=\"nectar-post-grid-item\" style=\"background-color: #ffffff;\" data-post-id=\"9704\" data-has-img=\"true\"> <div class=\"inner\"><div class=\"nectar-post-grid-item-bg-wrap\"><div class=\"nectar-post-grid-item-bg-wrap-inner\"><a class=\"bg-wrap-link\" aria-label=\"L&#039;ACLC intervient devant la Cour supr\u00eame pour garantir l&#039;\u00e9quit\u00e9 des peines pour les personnes souffrant de troubles mentaux ou de d\u00e9ficiences cognitives\" href=\"https:\/\/ccla.org\/fr\/justice-penale\/la-ccla-intervient-devant-la-cour-supreme-pour-garantir-lequite-des-peines-pour-les-personnes-souffrant-de-troubles-mentaux-ou-de-handicaps-cognitifs\/\"><\/a><div class=\"nectar-post-grid-item-bg\"><img loading=\"lazy\" decoding=\"async\" class=\"nectar-lazy skip-lazy\" src=\"data:image\/svg+xml;charset=utf-8,%3Csvg%20xmlns%3D'http%3A%2F%2Fwww.w3.org%2F2000%2Fsvg'%20viewBox%3D'0%200%202000%20800'%2F%3E\" alt=\"\" height=\"800\" width=\"2000\" data-nectar-img-src=\"https:\/\/ccla.org\/wp-content\/uploads\/2021\/07\/privacy-judge-writing-N6GSRQJ-600x403.jpg\" data-nectar-img-srcset=\"https:\/\/ccla.org\/wp-content\/uploads\/2021\/07\/privacy-judge-writing-N6GSRQJ-600x403.jpg 600w, https:\/\/ccla.org\/wp-content\/uploads\/2021\/07\/privacy-judge-writing-N6GSRQJ-900x604.jpg 900w, https:\/\/ccla.org\/wp-content\/uploads\/2021\/07\/privacy-judge-writing-N6GSRQJ-400x269.jpg 400w\" sizes=\"auto, (max-width: 600px) 100vw, 600px\" \/><\/div><\/div><\/div><div class=\"content\"><a class=\"nectar-post-grid-link\" href=\"https:\/\/ccla.org\/fr\/justice-penale\/la-ccla-intervient-devant-la-cour-supreme-pour-garantir-lequite-des-peines-pour-les-personnes-souffrant-de-troubles-mentaux-ou-de-handicaps-cognitifs\/\" aria-label=\"L&#039;ACLC intervient devant la Cour supr\u00eame pour garantir l&#039;\u00e9quit\u00e9 des peines pour les personnes souffrant de troubles mentaux ou de d\u00e9ficiences cognitives\"><\/a><div class=\"item-main\"><h3 class=\"post-heading\"><a href=\"https:\/\/ccla.org\/fr\/justice-penale\/la-ccla-intervient-devant-la-cour-supreme-pour-garantir-lequite-des-peines-pour-les-personnes-souffrant-de-troubles-mentaux-ou-de-handicaps-cognitifs\/\"><span>L&#039;ACLC intervient devant la Cour supr\u00eame pour garantir l&#039;\u00e9quit\u00e9 des peines pour les personnes souffrant de troubles mentaux ou de d\u00e9ficiences cognitives<\/span><\/a><\/h3><div class=\"nectar-post-grid-item__excerpt-wrap item-meta-extra\"><span class=\"meta-excerpt\">L\u2019ACLC a \u00e9t\u00e9 autoris\u00e9e \u00e0 intervenir devant la Cour supr\u00eame du Canada dans\u2026<\/span><\/div><span class=\"nectar-post-grid-item__meta-wrap\"><span class=\"meta-date\">20 ao\u00fbt 2024<\/span><\/span><\/div><\/div><\/div><\/div><div class=\"nectar-post-grid-item\" style=\"background-color: #ffffff;\" data-post-id=\"9695\" data-has-img=\"true\"> <div class=\"inner\"><div class=\"nectar-post-grid-item-bg-wrap\"><div class=\"nectar-post-grid-item-bg-wrap-inner\"><a class=\"bg-wrap-link\" aria-label=\"CCLA sur R. c. Pike et Scott\" href=\"https:\/\/ccla.org\/fr\/communique-de-presse\/ccla-on-r-v-pike-and-scott\/\"><\/a><div class=\"nectar-post-grid-item-bg\"><img loading=\"lazy\" decoding=\"async\" class=\"nectar-lazy skip-lazy\" src=\"data:image\/svg+xml;charset=utf-8,%3Csvg%20xmlns%3D'http%3A%2F%2Fwww.w3.org%2F2000%2Fsvg'%20viewBox%3D'0%200%202000%20800'%2F%3E\" alt=\"\" height=\"800\" width=\"2000\" data-nectar-img-src=\"https:\/\/ccla.org\/wp-content\/uploads\/2021\/07\/SS_security-on-mobile-phone-K3PCKG3-600x403.jpg\" data-nectar-img-srcset=\"https:\/\/ccla.org\/wp-content\/uploads\/2021\/07\/SS_security-on-mobile-phone-K3PCKG3-600x403.jpg 600w, https:\/\/ccla.org\/wp-content\/uploads\/2021\/07\/SS_security-on-mobile-phone-K3PCKG3-900x604.jpg 900w, https:\/\/ccla.org\/wp-content\/uploads\/2021\/07\/SS_security-on-mobile-phone-K3PCKG3-400x269.jpg 400w\" sizes=\"auto, (max-width: 600px) 100vw, 600px\" \/><\/div><\/div><\/div><div class=\"content\"><a class=\"nectar-post-grid-link\" href=\"https:\/\/ccla.org\/fr\/communique-de-presse\/ccla-on-r-v-pike-and-scott\/\" aria-label=\"CCLA sur R. c. Pike et Scott\"><\/a><div class=\"item-main\"><h3 class=\"post-heading\"><a href=\"https:\/\/ccla.org\/fr\/communique-de-presse\/ccla-on-r-v-pike-and-scott\/\"><span>CCLA sur R. c. Pike et Scott<\/span><\/a><\/h3><div class=\"nectar-post-grid-item__excerpt-wrap item-meta-extra\"><span class=\"meta-excerpt\">TORONTO - Shakir Rahim, directeur du programme de justice p\u00e9nale de l'Association canadienne des libert\u00e9s civiles,...<\/span><\/div><span class=\"nectar-post-grid-item__meta-wrap\"><span class=\"meta-date\">12 ao\u00fbt 2024<\/span><\/span><\/div><\/div><\/div><\/div><div class=\"nectar-post-grid-item\" style=\"background-color: #ffffff;\" data-post-id=\"9512\" data-has-img=\"true\"> <div class=\"inner\"><div class=\"nectar-post-grid-item-bg-wrap\"><div class=\"nectar-post-grid-item-bg-wrap-inner\"><a class=\"bg-wrap-link\" aria-label=\"L&#039;ACLC demande au gouvernement de l&#039;Ontario de pr\u00e9senter ses excuses pour le d\u00e9c\u00e8s de Soleiman Faqiri\" href=\"https:\/\/ccla.org\/fr\/justice-penale\/la-ccla-demande-au-gouvernement-de-lontario-de-sexcuser-pour-la-mort-de-soleiman-faqiris\/\"><\/a><div class=\"nectar-post-grid-item-bg\"><img loading=\"lazy\" decoding=\"async\" class=\"nectar-lazy skip-lazy\" src=\"data:image\/svg+xml;charset=utf-8,%3Csvg%20xmlns%3D'http%3A%2F%2Fwww.w3.org%2F2000%2Fsvg'%20viewBox%3D'0%200%202000%20800'%2F%3E\" alt=\"\" height=\"800\" width=\"2000\" data-nectar-img-src=\"https:\/\/ccla.org\/wp-content\/uploads\/2021\/07\/privacy-judge-writing-N6GSRQJ-600x403.jpg\" data-nectar-img-srcset=\"https:\/\/ccla.org\/wp-content\/uploads\/2021\/07\/privacy-judge-writing-N6GSRQJ-600x403.jpg 600w, https:\/\/ccla.org\/wp-content\/uploads\/2021\/07\/privacy-judge-writing-N6GSRQJ-900x604.jpg 900w, https:\/\/ccla.org\/wp-content\/uploads\/2021\/07\/privacy-judge-writing-N6GSRQJ-400x269.jpg 400w\" sizes=\"auto, (max-width: 600px) 100vw, 600px\" \/><\/div><\/div><\/div><div class=\"content\"><a class=\"nectar-post-grid-link\" href=\"https:\/\/ccla.org\/fr\/justice-penale\/la-ccla-demande-au-gouvernement-de-lontario-de-sexcuser-pour-la-mort-de-soleiman-faqiris\/\" aria-label=\"L&#039;ACLC demande au gouvernement de l&#039;Ontario de pr\u00e9senter ses excuses pour le d\u00e9c\u00e8s de Soleiman Faqiri\"><\/a><div class=\"item-main\"><h3 class=\"post-heading\"><a href=\"https:\/\/ccla.org\/fr\/justice-penale\/la-ccla-demande-au-gouvernement-de-lontario-de-sexcuser-pour-la-mort-de-soleiman-faqiris\/\"><span>L&#039;ACLC demande au gouvernement de l&#039;Ontario de pr\u00e9senter ses excuses pour le d\u00e9c\u00e8s de Soleiman Faqiri<\/span><\/a><\/h3><div class=\"nectar-post-grid-item__excerpt-wrap item-meta-extra\"><span class=\"meta-excerpt\">L&#039;ACLC fait \u00e9cho \u00e0 l&#039;appel de la famille Faqiri au gouvernement de l&#039;Ontario de\u2026<\/span><\/div><span class=\"nectar-post-grid-item__meta-wrap\"><span class=\"meta-date\">16 mai 2024<\/span><\/span><\/div><\/div><\/div><\/div><div class=\"nectar-post-grid-item\" style=\"background-color: #ffffff;\" data-post-id=\"9321\" data-has-img=\"true\"> <div class=\"inner\"><div class=\"nectar-post-grid-item-bg-wrap\"><div class=\"nectar-post-grid-item-bg-wrap-inner\"><a class=\"bg-wrap-link\" aria-label=\"L&#039;ACLC publie un rapport majeur sur le syst\u00e8me de mise en libert\u00e9 sous caution au Canada\" href=\"https:\/\/ccla.org\/fr\/justice-penale\/ccla-releases-major-report-on-bail-system-in-canada\/\"><\/a><div class=\"nectar-post-grid-item-bg\"><img loading=\"lazy\" decoding=\"async\" class=\"nectar-lazy skip-lazy\" src=\"data:image\/svg+xml;charset=utf-8,%3Csvg%20xmlns%3D'http%3A%2F%2Fwww.w3.org%2F2000%2Fsvg'%20viewBox%3D'0%200%202000%20800'%2F%3E\" alt=\"\" height=\"800\" width=\"2000\" data-nectar-img-src=\"https:\/\/ccla.org\/wp-content\/uploads\/2021\/07\/FairTrial-judge-on-the-bench-in-a-court-room-8NYMWCP-600x403.jpg\" data-nectar-img-srcset=\"https:\/\/ccla.org\/wp-content\/uploads\/2021\/07\/FairTrial-judge-on-the-bench-in-a-court-room-8NYMWCP-600x403.jpg 600w, https:\/\/ccla.org\/wp-content\/uploads\/2021\/07\/FairTrial-judge-on-the-bench-in-a-court-room-8NYMWCP-900x604.jpg 900w, https:\/\/ccla.org\/wp-content\/uploads\/2021\/07\/FairTrial-judge-on-the-bench-in-a-court-room-8NYMWCP-400x269.jpg 400w\" sizes=\"auto, (max-width: 600px) 100vw, 600px\" \/><\/div><\/div><\/div><div class=\"content\"><a class=\"nectar-post-grid-link\" href=\"https:\/\/ccla.org\/fr\/justice-penale\/ccla-releases-major-report-on-bail-system-in-canada\/\" aria-label=\"L&#039;ACLC publie un rapport majeur sur le syst\u00e8me de mise en libert\u00e9 sous caution au Canada\"><\/a><div class=\"item-main\"><h3 class=\"post-heading\"><a href=\"https:\/\/ccla.org\/fr\/justice-penale\/ccla-releases-major-report-on-bail-system-in-canada\/\"><span>L&#039;ACLC publie un rapport majeur sur le syst\u00e8me de mise en libert\u00e9 sous caution au Canada<\/span><\/a><\/h3><div class=\"nectar-post-grid-item__excerpt-wrap item-meta-extra\"><span class=\"meta-excerpt\">L&#039;ACLC publie aujourd&#039;hui son dernier rapport sur le syst\u00e8me de mise en libert\u00e9 sous caution au Canada, Toujours en \u00e9chec\u00a0:\u2026<\/span><\/div><span class=\"nectar-post-grid-item__meta-wrap\"><span class=\"meta-date\">26 f\u00e9vrier 2024<\/span><\/span><\/div><\/div><\/div><\/div><div class=\"nectar-post-grid-item\" style=\"background-color: #ffffff;\" data-post-id=\"8685\" data-has-img=\"true\"> <div class=\"inner\"><div class=\"nectar-post-grid-item-bg-wrap\"><div class=\"nectar-post-grid-item-bg-wrap-inner\"><a class=\"bg-wrap-link\" aria-label=\"L&#039;ACLC r\u00e9agit au projet de loi C-48\" href=\"https:\/\/ccla.org\/fr\/communique-de-presse\/ccla-reacts-to-bill-c-48\/\"><\/a><div class=\"nectar-post-grid-item-bg\"><img loading=\"lazy\" decoding=\"async\" class=\"nectar-lazy skip-lazy\" src=\"data:image\/svg+xml;charset=utf-8,%3Csvg%20xmlns%3D'http%3A%2F%2Fwww.w3.org%2F2000%2Fsvg'%20viewBox%3D'0%200%202000%20800'%2F%3E\" alt=\"\" height=\"800\" width=\"2000\" data-nectar-img-src=\"https:\/\/ccla.org\/wp-content\/uploads\/2021\/07\/COVID-prison-officer-handcuffs-P7FXGBF-600x403.jpg\" data-nectar-img-srcset=\"https:\/\/ccla.org\/wp-content\/uploads\/2021\/07\/COVID-prison-officer-handcuffs-P7FXGBF-600x403.jpg 600w, https:\/\/ccla.org\/wp-content\/uploads\/2021\/07\/COVID-prison-officer-handcuffs-P7FXGBF-900x604.jpg 900w, https:\/\/ccla.org\/wp-content\/uploads\/2021\/07\/COVID-prison-officer-handcuffs-P7FXGBF-400x269.jpg 400w\" sizes=\"auto, (max-width: 600px) 100vw, 600px\" \/><\/div><\/div><\/div><div class=\"content\"><a class=\"nectar-post-grid-link\" href=\"https:\/\/ccla.org\/fr\/communique-de-presse\/ccla-reacts-to-bill-c-48\/\" aria-label=\"L&#039;ACLC r\u00e9agit au projet de loi C-48\"><\/a><div class=\"item-main\"><h3 class=\"post-heading\"><a href=\"https:\/\/ccla.org\/fr\/communique-de-presse\/ccla-reacts-to-bill-c-48\/\"><span>L&#039;ACLC r\u00e9agit au projet de loi C-48<\/span><\/a><\/h3><div class=\"nectar-post-grid-item__excerpt-wrap item-meta-extra\"><span class=\"meta-excerpt\">TORONTO \u2014 Shakir Rahim, directeur de la justice p\u00e9nale de l&#039;Association canadienne des libert\u00e9s civiles (ACLC), a r\u00e9agi\u2026<\/span><\/div><span class=\"nectar-post-grid-item__meta-wrap\"><span class=\"meta-date\">17 mai 2023<\/span><\/span><\/div><\/div><\/div><\/div><div class=\"nectar-post-grid-item\" style=\"background-color: #ffffff;\" data-post-id=\"8490\" data-has-img=\"true\"> <div class=\"inner\"><div class=\"nectar-post-grid-item-bg-wrap\"><div class=\"nectar-post-grid-item-bg-wrap-inner\"><a class=\"bg-wrap-link\" aria-label=\"R\u00e9pondre aux r\u00e9cents appels \u00e0 la r\u00e9forme de la libert\u00e9 sous caution\" href=\"https:\/\/ccla.org\/fr\/justice-penale\/repondre-aux-appels-recents-en-faveur-dune-reforme-de-la-mise-en-liberte-sous-caution\/\"><\/a><div class=\"nectar-post-grid-item-bg\"><img loading=\"lazy\" decoding=\"async\" class=\"nectar-lazy skip-lazy\" src=\"data:image\/svg+xml;charset=utf-8,%3Csvg%20xmlns%3D'http%3A%2F%2Fwww.w3.org%2F2000%2Fsvg'%20viewBox%3D'0%200%202000%20800'%2F%3E\" alt=\"\" height=\"800\" width=\"2000\" data-nectar-img-src=\"https:\/\/ccla.org\/wp-content\/uploads\/2021\/07\/COVID-prison-officer-handcuffs-P7FXGBF-600x403.jpg\" data-nectar-img-srcset=\"https:\/\/ccla.org\/wp-content\/uploads\/2021\/07\/COVID-prison-officer-handcuffs-P7FXGBF-600x403.jpg 600w, https:\/\/ccla.org\/wp-content\/uploads\/2021\/07\/COVID-prison-officer-handcuffs-P7FXGBF-900x604.jpg 900w, https:\/\/ccla.org\/wp-content\/uploads\/2021\/07\/COVID-prison-officer-handcuffs-P7FXGBF-400x269.jpg 400w\" sizes=\"auto, (max-width: 600px) 100vw, 600px\" \/><\/div><\/div><\/div><div class=\"content\"><a class=\"nectar-post-grid-link\" href=\"https:\/\/ccla.org\/fr\/justice-penale\/repondre-aux-appels-recents-en-faveur-dune-reforme-de-la-mise-en-liberte-sous-caution\/\" aria-label=\"R\u00e9pondre aux r\u00e9cents appels \u00e0 la r\u00e9forme de la libert\u00e9 sous caution\"><\/a><div class=\"item-main\"><h3 class=\"post-heading\"><a href=\"https:\/\/ccla.org\/fr\/justice-penale\/repondre-aux-appels-recents-en-faveur-dune-reforme-de-la-mise-en-liberte-sous-caution\/\"><span>R\u00e9pondre aux r\u00e9cents appels \u00e0 la r\u00e9forme de la libert\u00e9 sous caution<\/span><\/a><\/h3><div class=\"nectar-post-grid-item__excerpt-wrap item-meta-extra\"><span class=\"meta-excerpt\">Comment fonctionne le syst\u00e8me de lib\u00e9ration sous caution du Canada? Faisons-nous un bon travail pour prot\u00e9ger la s\u00e9curit\u00e9 publique?\u2026<\/span><\/div><span class=\"nectar-post-grid-item__meta-wrap\"><span class=\"meta-date\">2 f\u00e9vrier 2023<\/span><\/span><\/div><\/div><\/div><\/div><div class=\"nectar-post-grid-item\" style=\"background-color: #ffffff;\" data-post-id=\"8479\" data-has-img=\"true\"> <div class=\"inner\"><div class=\"nectar-post-grid-item-bg-wrap\"><div class=\"nectar-post-grid-item-bg-wrap-inner\"><a class=\"bg-wrap-link\" aria-label=\"La Cour supr\u00eame maintient l&#039;importance de la proportionnalit\u00e9 dans la d\u00e9termination de la peine p\u00e9nale\" href=\"https:\/\/ccla.org\/fr\/justice-penale\/la-cour-supreme-maintient-limportance-de-la-proportionnalite-dans-les-condamnations-penales\/\"><\/a><div class=\"nectar-post-grid-item-bg\"><img loading=\"lazy\" decoding=\"async\" class=\"nectar-lazy skip-lazy\" src=\"data:image\/svg+xml;charset=utf-8,%3Csvg%20xmlns%3D'http%3A%2F%2Fwww.w3.org%2F2000%2Fsvg'%20viewBox%3D'0%200%202000%20800'%2F%3E\" alt=\"\" height=\"800\" width=\"2000\" data-nectar-img-src=\"https:\/\/ccla.org\/wp-content\/uploads\/2021\/07\/COVID-prison-officer-handcuffs-P7FXGBF-600x403.jpg\" data-nectar-img-srcset=\"https:\/\/ccla.org\/wp-content\/uploads\/2021\/07\/COVID-prison-officer-handcuffs-P7FXGBF-600x403.jpg 600w, https:\/\/ccla.org\/wp-content\/uploads\/2021\/07\/COVID-prison-officer-handcuffs-P7FXGBF-900x604.jpg 900w, https:\/\/ccla.org\/wp-content\/uploads\/2021\/07\/COVID-prison-officer-handcuffs-P7FXGBF-400x269.jpg 400w\" sizes=\"auto, (max-width: 600px) 100vw, 600px\" \/><\/div><\/div><\/div><div class=\"content\"><a class=\"nectar-post-grid-link\" href=\"https:\/\/ccla.org\/fr\/justice-penale\/la-cour-supreme-maintient-limportance-de-la-proportionnalite-dans-les-condamnations-penales\/\" aria-label=\"La Cour supr\u00eame maintient l&#039;importance de la proportionnalit\u00e9 dans la d\u00e9termination de la peine p\u00e9nale\"><\/a><div class=\"item-main\"><h3 class=\"post-heading\"><a href=\"https:\/\/ccla.org\/fr\/justice-penale\/la-cour-supreme-maintient-limportance-de-la-proportionnalite-dans-les-condamnations-penales\/\"><span>La Cour supr\u00eame maintient l&#039;importance de la proportionnalit\u00e9 dans la d\u00e9termination de la peine p\u00e9nale<\/span><\/a><\/h3><div class=\"nectar-post-grid-item__excerpt-wrap item-meta-extra\"><span class=\"meta-excerpt\">L&#039;ACLC accueille favorablement les d\u00e9cisions de la Cour supr\u00eame du Canada dans R c. Hills et R.\u2026<\/span><\/div><span class=\"nectar-post-grid-item__meta-wrap\"><span class=\"meta-date\">27 janvier 2023<\/span><\/span><\/div><\/div><\/div><\/div><div class=\"nectar-post-grid-item\" style=\"background-color: #ffffff;\" data-post-id=\"8447\" data-has-img=\"true\"> <div class=\"inner\"><div class=\"nectar-post-grid-item-bg-wrap\"><div class=\"nectar-post-grid-item-bg-wrap-inner\"><a class=\"bg-wrap-link\" aria-label=\"Publication d&#039;un nouveau rapport : Hausse des d\u00e9c\u00e8s en \u00e9tablissement en Ontario\u00a0\" href=\"https:\/\/ccla.org\/fr\/justice-penale\/publication-dun-nouveau-rapport-laugmentation-des-deces-en-detention-en-ontario\/\"><\/a><div class=\"nectar-post-grid-item-bg\"><img loading=\"lazy\" decoding=\"async\" class=\"nectar-lazy skip-lazy\" src=\"data:image\/svg+xml;charset=utf-8,%3Csvg%20xmlns%3D'http%3A%2F%2Fwww.w3.org%2F2000%2Fsvg'%20viewBox%3D'0%200%202000%20800'%2F%3E\" alt=\"\" height=\"800\" width=\"2000\" data-nectar-img-src=\"https:\/\/ccla.org\/wp-content\/uploads\/2021\/07\/COVID-prison-officer-handcuffs-P7FXGBF-600x403.jpg\" data-nectar-img-srcset=\"https:\/\/ccla.org\/wp-content\/uploads\/2021\/07\/COVID-prison-officer-handcuffs-P7FXGBF-600x403.jpg 600w, https:\/\/ccla.org\/wp-content\/uploads\/2021\/07\/COVID-prison-officer-handcuffs-P7FXGBF-900x604.jpg 900w, https:\/\/ccla.org\/wp-content\/uploads\/2021\/07\/COVID-prison-officer-handcuffs-P7FXGBF-400x269.jpg 400w\" sizes=\"auto, (max-width: 600px) 100vw, 600px\" \/><\/div><\/div><\/div><div class=\"content\"><a class=\"nectar-post-grid-link\" href=\"https:\/\/ccla.org\/fr\/justice-penale\/publication-dun-nouveau-rapport-laugmentation-des-deces-en-detention-en-ontario\/\" aria-label=\"Publication d&#039;un nouveau rapport : Hausse des d\u00e9c\u00e8s en \u00e9tablissement en Ontario\u00a0\"><\/a><div class=\"item-main\"><h3 class=\"post-heading\"><a href=\"https:\/\/ccla.org\/fr\/justice-penale\/publication-dun-nouveau-rapport-laugmentation-des-deces-en-detention-en-ontario\/\"><span>Publication d&#039;un nouveau rapport : Hausse des d\u00e9c\u00e8s en \u00e9tablissement en Ontario\u00a0<\/span><\/a><\/h3><div class=\"nectar-post-grid-item__excerpt-wrap item-meta-extra\"><span class=\"meta-excerpt\">Malgr\u00e9 une diminution de la population carc\u00e9rale provinciale, les d\u00e9c\u00e8s en d\u00e9tention en Ontario augmentent \u00e0 un rythme\u2026<\/span><\/div><span class=\"nectar-post-grid-item__meta-wrap\"><span class=\"meta-date\">20 d\u00e9cembre 2022<\/span><\/span><\/div><\/div><\/div><\/div><div class=\"nectar-post-grid-item\" style=\"background-color: #ffffff;\" data-post-id=\"8205\" data-has-img=\"false\"> <div class=\"inner\"><div class=\"nectar-post-grid-item-bg-wrap\"><div class=\"nectar-post-grid-item-bg-wrap-inner\"><a class=\"bg-wrap-link\" aria-label=\"CTV News: Refuser une caution pour r\u00e9duire la criminalit\u00e9 en Colombie-Britannique est une proposition \u00abdangereuse\u00bb: Association canadienne des libert\u00e9s civiles\" href=\"https:\/\/bc.ctvnews.ca\/denying-bail-to-reduce-b-c-crime-a-dangerous-proposition-canadian-civil-liberties-association-1.6108211\"><\/a><div class=\"nectar-post-grid-item-bg\"><\/div><\/div><\/div><div class=\"content\"><a class=\"nectar-post-grid-link\" href=\"https:\/\/bc.ctvnews.ca\/denying-bail-to-reduce-b-c-crime-a-dangerous-proposition-canadian-civil-liberties-association-1.6108211\" aria-label=\"CTV News: Refuser une caution pour r\u00e9duire la criminalit\u00e9 en Colombie-Britannique est une proposition \u00abdangereuse\u00bb: Association canadienne des libert\u00e9s civiles\" target=\"_blank\"><\/a><div class=\"item-main\"><h3 class=\"post-heading\"><a href=\"https:\/\/bc.ctvnews.ca\/denying-bail-to-reduce-b-c-crime-a-dangerous-proposition-canadian-civil-liberties-association-1.6108211\"><span>CTV News: Refuser une caution pour r\u00e9duire la criminalit\u00e9 en Colombie-Britannique est une proposition \u00abdangereuse\u00bb: Association canadienne des libert\u00e9s civiles<\/span><\/a><\/h3><div class=\"nectar-post-grid-item__excerpt-wrap item-meta-extra\"><span class=\"meta-excerpt\">La fa\u00e7on dont on parle de crime et de syst\u00e8me de lib\u00e9ration sous caution en Colombie-Britannique est\u2026<\/span><\/div><span class=\"nectar-post-grid-item__meta-wrap\"><span class=\"meta-date\">13 octobre 2022<\/span><\/span><\/div><\/div><\/div><\/div><div class=\"nectar-post-grid-item\" style=\"background-color: #ffffff;\" data-post-id=\"8121\" data-has-img=\"true\"> <div class=\"inner\"><div class=\"nectar-post-grid-item-bg-wrap\"><div class=\"nectar-post-grid-item-bg-wrap-inner\"><a class=\"bg-wrap-link\" aria-label=\"Non, des peines de prison plus longues ne r\u00e9duisent pas la criminalit\u00e9\" href=\"https:\/\/ccla.org\/fr\/justice-penale\/les-peines-demprisonnement-plus-longues-ne-reduisent-pas-la-criminalite\/\"><\/a><div class=\"nectar-post-grid-item-bg\"><img loading=\"lazy\" decoding=\"async\" class=\"nectar-lazy skip-lazy\" src=\"data:image\/svg+xml;charset=utf-8,%3Csvg%20xmlns%3D'http%3A%2F%2Fwww.w3.org%2F2000%2Fsvg'%20viewBox%3D'0%200%202000%20800'%2F%3E\" alt=\"\" height=\"800\" width=\"2000\" data-nectar-img-src=\"https:\/\/ccla.org\/wp-content\/uploads\/2021\/06\/ottawa-cityscape-wide-view-summer-time-PLKTGWN-600x403.jpg\" data-nectar-img-srcset=\"https:\/\/ccla.org\/wp-content\/uploads\/2021\/06\/ottawa-cityscape-wide-view-summer-time-PLKTGWN-600x403.jpg 600w, https:\/\/ccla.org\/wp-content\/uploads\/2021\/06\/ottawa-cityscape-wide-view-summer-time-PLKTGWN-900x604.jpg 900w, https:\/\/ccla.org\/wp-content\/uploads\/2021\/06\/ottawa-cityscape-wide-view-summer-time-PLKTGWN-400x269.jpg 400w\" sizes=\"auto, (max-width: 600px) 100vw, 600px\" \/><\/div><\/div><\/div><div class=\"content\"><a class=\"nectar-post-grid-link\" href=\"https:\/\/ccla.org\/fr\/justice-penale\/les-peines-demprisonnement-plus-longues-ne-reduisent-pas-la-criminalite\/\" aria-label=\"Non, des peines de prison plus longues ne r\u00e9duisent pas la criminalit\u00e9\"><\/a><div class=\"item-main\"><h3 class=\"post-heading\"><a href=\"https:\/\/ccla.org\/fr\/justice-penale\/les-peines-demprisonnement-plus-longues-ne-reduisent-pas-la-criminalite\/\"><span>Non, des peines de prison plus longues ne r\u00e9duisent pas la criminalit\u00e9<\/span><\/a><\/h3><div class=\"nectar-post-grid-item__excerpt-wrap item-meta-extra\"><span class=\"meta-excerpt\">Plus de 100 criminologues, sp\u00e9cialistes des sciences sociales, universitaires en droit et organisations de la soci\u00e9t\u00e9 civile ont sign\u00e9 une lettre\u2026<\/span><\/div><span class=\"nectar-post-grid-item__meta-wrap\"><span class=\"meta-date\">16 septembre 2022<\/span><\/span><\/div><\/div><\/div><\/div><div class=\"nectar-post-grid-item\" style=\"background-color: #ffffff;\" data-post-id=\"8080\" data-has-img=\"true\"> <div class=\"inner\"><div class=\"nectar-post-grid-item-bg-wrap\"><div class=\"nectar-post-grid-item-bg-wrap-inner\"><a class=\"bg-wrap-link\" aria-label=\"Groupes\u00a0: le Canada doit mettre fin \u00e0 l&#039;isolement &quot;extr\u00eame&quot; et prolong\u00e9\" href=\"https:\/\/ccla.org\/fr\/communique-de-presse\/groupes-le-canada-doit-mettre-fin-a-lisolement-cellulaire-extremement-prolonge\/\"><\/a><div class=\"nectar-post-grid-item-bg\"><img loading=\"lazy\" decoding=\"async\" class=\"nectar-lazy skip-lazy\" src=\"data:image\/svg+xml;charset=utf-8,%3Csvg%20xmlns%3D'http%3A%2F%2Fwww.w3.org%2F2000%2Fsvg'%20viewBox%3D'0%200%202000%20800'%2F%3E\" alt=\"\" height=\"800\" width=\"2000\" data-nectar-img-src=\"https:\/\/ccla.org\/wp-content\/uploads\/2021\/06\/SOLITARY_black-man-in-prison-7DTGV6M-600x403.jpg\" data-nectar-img-srcset=\"https:\/\/ccla.org\/wp-content\/uploads\/2021\/06\/SOLITARY_black-man-in-prison-7DTGV6M-600x403.jpg 600w, https:\/\/ccla.org\/wp-content\/uploads\/2021\/06\/SOLITARY_black-man-in-prison-7DTGV6M-900x604.jpg 900w, https:\/\/ccla.org\/wp-content\/uploads\/2021\/06\/SOLITARY_black-man-in-prison-7DTGV6M-400x269.jpg 400w\" sizes=\"auto, (max-width: 600px) 100vw, 600px\" \/><\/div><\/div><\/div><div class=\"content\"><a class=\"nectar-post-grid-link\" href=\"https:\/\/ccla.org\/fr\/communique-de-presse\/groupes-le-canada-doit-mettre-fin-a-lisolement-cellulaire-extremement-prolonge\/\" aria-label=\"Groupes\u00a0: le Canada doit mettre fin \u00e0 l&#039;isolement &quot;extr\u00eame&quot; et prolong\u00e9\"><\/a><div class=\"item-main\"><h3 class=\"post-heading\"><a href=\"https:\/\/ccla.org\/fr\/communique-de-presse\/groupes-le-canada-doit-mettre-fin-a-lisolement-cellulaire-extremement-prolonge\/\"><span>Groupes\u00a0: le Canada doit mettre fin \u00e0 l&#039;isolement &quot;extr\u00eame&quot; et prolong\u00e9<\/span><\/a><\/h3><div class=\"nectar-post-grid-item__excerpt-wrap item-meta-extra\"><span class=\"meta-excerpt\">L&#039;Association canadienne des libert\u00e9s civiles, la Soci\u00e9t\u00e9 John Howard Canada, l&#039;Association canadienne d&#039;Elizabeth Fry\u2026<\/span><\/div><span class=\"nectar-post-grid-item__meta-wrap\"><span class=\"meta-date\">30 ao\u00fbt 2022<\/span><\/span><\/div><\/div><\/div><\/div><div class=\"nectar-post-grid-item\" style=\"background-color: #ffffff;\" data-post-id=\"8074\" data-has-img=\"true\"> <div class=\"inner\"><div class=\"nectar-post-grid-item-bg-wrap\"><div class=\"nectar-post-grid-item-bg-wrap-inner\"><a class=\"bg-wrap-link\" aria-label=\"L&#039;ACLC et d&#039;autres renouvellent leurs appels \u00e0 limiter l&#039;utilisation des cellules s\u00e8ches - une forme \u00ab extr\u00eame \u00bb d&#039;isolement cellulaire\" href=\"https:\/\/ccla.org\/fr\/justice-penale\/la-ccla-et-dautres-organisations-renouvellent-leurs-appels-pour-limiter-lutilisation-des-cellules-seches-une-forme-extreme-disolement-cellulaire\/\"><\/a><div class=\"nectar-post-grid-item-bg\"><img loading=\"lazy\" decoding=\"async\" class=\"nectar-lazy skip-lazy\" src=\"data:image\/svg+xml;charset=utf-8,%3Csvg%20xmlns%3D'http%3A%2F%2Fwww.w3.org%2F2000%2Fsvg'%20viewBox%3D'0%200%202000%20800'%2F%3E\" alt=\"\" height=\"800\" width=\"2000\" data-nectar-img-src=\"https:\/\/ccla.org\/wp-content\/uploads\/2021\/06\/SOLITARY_black-man-in-prison-7DTGV6M-600x403.jpg\" data-nectar-img-srcset=\"https:\/\/ccla.org\/wp-content\/uploads\/2021\/06\/SOLITARY_black-man-in-prison-7DTGV6M-600x403.jpg 600w, https:\/\/ccla.org\/wp-content\/uploads\/2021\/06\/SOLITARY_black-man-in-prison-7DTGV6M-900x604.jpg 900w, https:\/\/ccla.org\/wp-content\/uploads\/2021\/06\/SOLITARY_black-man-in-prison-7DTGV6M-400x269.jpg 400w\" sizes=\"auto, (max-width: 600px) 100vw, 600px\" \/><\/div><\/div><\/div><div class=\"content\"><a class=\"nectar-post-grid-link\" href=\"https:\/\/ccla.org\/fr\/justice-penale\/la-ccla-et-dautres-organisations-renouvellent-leurs-appels-pour-limiter-lutilisation-des-cellules-seches-une-forme-extreme-disolement-cellulaire\/\" aria-label=\"L&#039;ACLC et d&#039;autres renouvellent leurs appels \u00e0 limiter l&#039;utilisation des cellules s\u00e8ches - une forme \u00ab extr\u00eame \u00bb d&#039;isolement cellulaire\"><\/a><div class=\"item-main\"><h3 class=\"post-heading\"><a href=\"https:\/\/ccla.org\/fr\/justice-penale\/la-ccla-et-dautres-organisations-renouvellent-leurs-appels-pour-limiter-lutilisation-des-cellules-seches-une-forme-extreme-disolement-cellulaire\/\"><span>L&#039;ACLC et d&#039;autres renouvellent leurs appels \u00e0 limiter l&#039;utilisation des cellules s\u00e8ches - une forme \u00ab extr\u00eame \u00bb d&#039;isolement cellulaire<\/span><\/a><\/h3><div class=\"nectar-post-grid-item__excerpt-wrap item-meta-extra\"><span class=\"meta-excerpt\">Plus t\u00f4t cet \u00e9t\u00e9, l&#039;Association canadienne des libert\u00e9s civiles et un certain nombre d&#039;autres groupes ont exhort\u00e9\u2026<\/span><\/div><span class=\"nectar-post-grid-item__meta-wrap\"><span class=\"meta-date\">30 ao\u00fbt 2022<\/span><\/span><\/div><\/div><\/div><\/div><div class=\"nectar-post-grid-item\" style=\"background-color: #ffffff;\" data-post-id=\"7858\" data-has-img=\"true\"> <div class=\"inner\"><div class=\"nectar-post-grid-item-bg-wrap\"><div class=\"nectar-post-grid-item-bg-wrap-inner\"><a class=\"bg-wrap-link\" aria-label=\"L&#039;Association canadienne des libert\u00e9s civiles lance une contestation constitutionnelle de la loi ontarienne sur les fouilles \u00e0 nu\" href=\"https:\/\/ccla.org\/fr\/communique-de-presse\/fouille-a-nu-en-ontario\/\"><\/a><div class=\"nectar-post-grid-item-bg\"><img loading=\"lazy\" decoding=\"async\" class=\"nectar-lazy skip-lazy\" src=\"data:image\/svg+xml;charset=utf-8,%3Csvg%20xmlns%3D'http%3A%2F%2Fwww.w3.org%2F2000%2Fsvg'%20viewBox%3D'0%200%202000%20800'%2F%3E\" alt=\"\" height=\"800\" width=\"2000\" data-nectar-img-src=\"https:\/\/ccla.org\/wp-content\/uploads\/2021\/06\/gavel-scales-of-justice-and-law-books-P6F8T5D-600x403.jpg\" data-nectar-img-srcset=\"https:\/\/ccla.org\/wp-content\/uploads\/2021\/06\/gavel-scales-of-justice-and-law-books-P6F8T5D-600x403.jpg 600w, https:\/\/ccla.org\/wp-content\/uploads\/2021\/06\/gavel-scales-of-justice-and-law-books-P6F8T5D-900x604.jpg 900w, https:\/\/ccla.org\/wp-content\/uploads\/2021\/06\/gavel-scales-of-justice-and-law-books-P6F8T5D-400x269.jpg 400w\" sizes=\"auto, (max-width: 600px) 100vw, 600px\" \/><\/div><\/div><\/div><div class=\"content\"><a class=\"nectar-post-grid-link\" href=\"https:\/\/ccla.org\/fr\/communique-de-presse\/fouille-a-nu-en-ontario\/\" aria-label=\"L&#039;Association canadienne des libert\u00e9s civiles lance une contestation constitutionnelle de la loi ontarienne sur les fouilles \u00e0 nu\"><\/a><div class=\"item-main\"><h3 class=\"post-heading\"><a href=\"https:\/\/ccla.org\/fr\/communique-de-presse\/fouille-a-nu-en-ontario\/\"><span>L&#039;Association canadienne des libert\u00e9s civiles lance une contestation constitutionnelle de la loi ontarienne sur les fouilles \u00e0 nu<\/span><\/a><\/h3><div class=\"nectar-post-grid-item__excerpt-wrap item-meta-extra\"><span class=\"meta-excerpt\">L&#039;Association canadienne des libert\u00e9s civiles et une femme ayant une exp\u00e9rience personnelle ont lanc\u00e9 un important\u2026<\/span><\/div><span class=\"nectar-post-grid-item__meta-wrap\"><span class=\"meta-date\">20 juin 2022<\/span><\/span><\/div><\/div><\/div><\/div><div class=\"nectar-post-grid-item\" style=\"background-color: #ffffff;\" data-post-id=\"7368\" data-has-img=\"true\"> <div class=\"inner\"><div class=\"nectar-post-grid-item-bg-wrap\"><div class=\"nectar-post-grid-item-bg-wrap-inner\"><a class=\"bg-wrap-link\" aria-label=\"L&#039;ACLC plaide pour la dignit\u00e9 humaine fondamentale comme valeur fondamentale dans le syst\u00e8me criminel-p\u00e9nal devant la Cour supr\u00eame\" href=\"https:\/\/ccla.org\/fr\/justice-penale\/la-ccla-defend-le-respect-de-la-dignite-humaine-fondamentale-et-le-droit-a-lespoir-devant-la-cour-supreme\/\"><\/a><div class=\"nectar-post-grid-item-bg\"><img loading=\"lazy\" decoding=\"async\" class=\"nectar-lazy skip-lazy\" src=\"data:image\/svg+xml;charset=utf-8,%3Csvg%20xmlns%3D'http%3A%2F%2Fwww.w3.org%2F2000%2Fsvg'%20viewBox%3D'0%200%202000%20800'%2F%3E\" alt=\"\" height=\"800\" width=\"2000\" data-nectar-img-src=\"https:\/\/ccla.org\/wp-content\/uploads\/2021\/06\/black-man-in-prison-7DTGV6M-600x403.jpg\" data-nectar-img-srcset=\"https:\/\/ccla.org\/wp-content\/uploads\/2021\/06\/black-man-in-prison-7DTGV6M-600x403.jpg 600w, https:\/\/ccla.org\/wp-content\/uploads\/2021\/06\/black-man-in-prison-7DTGV6M-900x604.jpg 900w, https:\/\/ccla.org\/wp-content\/uploads\/2021\/06\/black-man-in-prison-7DTGV6M-400x269.jpg 400w\" sizes=\"auto, (max-width: 600px) 100vw, 600px\" \/><\/div><\/div><\/div><div class=\"content\"><a class=\"nectar-post-grid-link\" href=\"https:\/\/ccla.org\/fr\/justice-penale\/la-ccla-defend-le-respect-de-la-dignite-humaine-fondamentale-et-le-droit-a-lespoir-devant-la-cour-supreme\/\" aria-label=\"L&#039;ACLC plaide pour la dignit\u00e9 humaine fondamentale comme valeur fondamentale dans le syst\u00e8me criminel-p\u00e9nal devant la Cour supr\u00eame\"><\/a><div class=\"item-main\"><h3 class=\"post-heading\"><a href=\"https:\/\/ccla.org\/fr\/justice-penale\/la-ccla-defend-le-respect-de-la-dignite-humaine-fondamentale-et-le-droit-a-lespoir-devant-la-cour-supreme\/\"><span>L&#039;ACLC plaide pour la dignit\u00e9 humaine fondamentale comme valeur fondamentale dans le syst\u00e8me criminel-p\u00e9nal devant la Cour supr\u00eame<\/span><\/a><\/h3><div class=\"nectar-post-grid-item__excerpt-wrap item-meta-extra\"><span class=\"meta-excerpt\">\u00c9liminer tout espoir de lib\u00e9ration en revisitant l&#039;incarc\u00e9ration d&#039;une personne \u00e0 la lumi\u00e8re d&#039;un changement personnel\u2026<\/span><\/div><span class=\"nectar-post-grid-item__meta-wrap\"><span class=\"meta-date\">29 mars 2022<\/span><\/span><\/div><\/div><\/div><\/div><div class=\"nectar-post-grid-item\" style=\"background-color: #ffffff;\" data-post-id=\"7327\" data-has-img=\"true\"> <div class=\"inner\"><div class=\"nectar-post-grid-item-bg-wrap\"><div class=\"nectar-post-grid-item-bg-wrap-inner\"><a class=\"bg-wrap-link\" aria-label=\"Lancement de documents sur la pand\u00e9mie dans les prisons documentant l&#039;impact de la COVID-19 dans les prisons, les prisons et les p\u00e9nitenciers du Canada\" href=\"https:\/\/ccla.org\/fr\/communique-de-presse\/lancement-de-documents-sur-la-pandemie-dans-les-prisons-documentant-limpact-du-covid-19-dans-les-prisons-et-les-penitenciers-a-travers-le-canada\/\"><\/a><div class=\"nectar-post-grid-item-bg\"><img loading=\"lazy\" decoding=\"async\" class=\"nectar-lazy skip-lazy\" src=\"data:image\/svg+xml;charset=utf-8,%3Csvg%20xmlns%3D'http%3A%2F%2Fwww.w3.org%2F2000%2Fsvg'%20viewBox%3D'0%200%202000%20800'%2F%3E\" alt=\"\" height=\"800\" width=\"2000\" data-nectar-img-src=\"https:\/\/ccla.org\/wp-content\/uploads\/2021\/06\/prisoner-sitting-on-bench-in-solitary-HFEMW5K-600x403.jpg\" data-nectar-img-srcset=\"https:\/\/ccla.org\/wp-content\/uploads\/2021\/06\/prisoner-sitting-on-bench-in-solitary-HFEMW5K-600x403.jpg 600w, https:\/\/ccla.org\/wp-content\/uploads\/2021\/06\/prisoner-sitting-on-bench-in-solitary-HFEMW5K-900x604.jpg 900w, https:\/\/ccla.org\/wp-content\/uploads\/2021\/06\/prisoner-sitting-on-bench-in-solitary-HFEMW5K-400x269.jpg 400w\" sizes=\"auto, (max-width: 600px) 100vw, 600px\" \/><\/div><\/div><\/div><div class=\"content\"><a class=\"nectar-post-grid-link\" href=\"https:\/\/ccla.org\/fr\/communique-de-presse\/lancement-de-documents-sur-la-pandemie-dans-les-prisons-documentant-limpact-du-covid-19-dans-les-prisons-et-les-penitenciers-a-travers-le-canada\/\" aria-label=\"Lancement de documents sur la pand\u00e9mie dans les prisons documentant l&#039;impact de la COVID-19 dans les prisons, les prisons et les p\u00e9nitenciers du Canada\"><\/a><div class=\"item-main\"><h3 class=\"post-heading\"><a href=\"https:\/\/ccla.org\/fr\/communique-de-presse\/lancement-de-documents-sur-la-pandemie-dans-les-prisons-documentant-limpact-du-covid-19-dans-les-prisons-et-les-penitenciers-a-travers-le-canada\/\"><span>Lancement de documents sur la pand\u00e9mie dans les prisons documentant l&#039;impact de la COVID-19 dans les prisons, les prisons et les p\u00e9nitenciers du Canada<\/span><\/a><\/h3><div class=\"nectar-post-grid-item__excerpt-wrap item-meta-extra\"><span class=\"meta-excerpt\">Aujourd&#039;hui, les Prison Pandemic Papers ont \u00e9t\u00e9 lanc\u00e9s en ligne, mettant \u00e0 disposition des documents gouvernementaux in\u00e9dits.<\/span><\/div><span class=\"nectar-post-grid-item__meta-wrap\"><span class=\"meta-date\">8 mars 2022<\/span><\/span><\/div><\/div><\/div><\/div><div class=\"nectar-post-grid-item\" style=\"background-color: #ffffff;\" data-post-id=\"5472\" data-has-img=\"true\"> <div class=\"inner\"><div class=\"nectar-post-grid-item-bg-wrap\"><div class=\"nectar-post-grid-item-bg-wrap-inner\"><a class=\"bg-wrap-link\" aria-label=\"La coalition r\u00e9dige une lettre ouverte au SCC et renouvelle ses appels \u00e0 la fin de l&#039;isolement cellulaire prolong\u00e9\" href=\"https:\/\/ccla.org\/fr\/justice-penale\/prisons-prisons-supervision-communautaire\/isolement-cellulaire\/une-coalition-ecrit-une-lettre-ouverte-au-csc-et-renouvelle-ses-appels-pour-mettre-fin-a-lisolement-cellulaire-prolonge\/\"><\/a><div class=\"nectar-post-grid-item-bg\"><img loading=\"lazy\" decoding=\"async\" class=\"nectar-lazy skip-lazy\" src=\"data:image\/svg+xml;charset=utf-8,%3Csvg%20xmlns%3D'http%3A%2F%2Fwww.w3.org%2F2000%2Fsvg'%20viewBox%3D'0%200%202000%20800'%2F%3E\" alt=\"\" height=\"800\" width=\"2000\" data-nectar-img-src=\"https:\/\/ccla.org\/wp-content\/uploads\/2021\/06\/prisoner-sitting-on-bench-in-solitary-HFEMW5K-600x403.jpg\" data-nectar-img-srcset=\"https:\/\/ccla.org\/wp-content\/uploads\/2021\/06\/prisoner-sitting-on-bench-in-solitary-HFEMW5K-600x403.jpg 600w, https:\/\/ccla.org\/wp-content\/uploads\/2021\/06\/prisoner-sitting-on-bench-in-solitary-HFEMW5K-900x604.jpg 900w, https:\/\/ccla.org\/wp-content\/uploads\/2021\/06\/prisoner-sitting-on-bench-in-solitary-HFEMW5K-400x269.jpg 400w\" sizes=\"auto, (max-width: 600px) 100vw, 600px\" \/><\/div><\/div><\/div><div class=\"content\"><a class=\"nectar-post-grid-link\" href=\"https:\/\/ccla.org\/fr\/justice-penale\/prisons-prisons-supervision-communautaire\/isolement-cellulaire\/une-coalition-ecrit-une-lettre-ouverte-au-csc-et-renouvelle-ses-appels-pour-mettre-fin-a-lisolement-cellulaire-prolonge\/\" aria-label=\"La coalition r\u00e9dige une lettre ouverte au SCC et renouvelle ses appels \u00e0 la fin de l&#039;isolement cellulaire prolong\u00e9\"><\/a><div class=\"item-main\"><h3 class=\"post-heading\"><a href=\"https:\/\/ccla.org\/fr\/justice-penale\/prisons-prisons-supervision-communautaire\/isolement-cellulaire\/une-coalition-ecrit-une-lettre-ouverte-au-csc-et-renouvelle-ses-appels-pour-mettre-fin-a-lisolement-cellulaire-prolonge\/\"><span>La coalition r\u00e9dige une lettre ouverte au SCC et renouvelle ses appels \u00e0 la fin de l&#039;isolement cellulaire prolong\u00e9<\/span><\/a><\/h3><div class=\"nectar-post-grid-item__excerpt-wrap item-meta-extra\"><span class=\"meta-excerpt\">En juin 2021, le Service correctionnel du Canada (\u00ab SCC \u00bb) a invit\u00e9 des dizaines d&#039;organismes communautaires \u00e0\u2026<\/span><\/div><span class=\"nectar-post-grid-item__meta-wrap\"><span class=\"meta-date\">6 juillet 2021<\/span><\/span><\/div><\/div><\/div><\/div><div class=\"nectar-post-grid-item\" style=\"background-color: #ffffff;\" data-post-id=\"5427\" data-has-img=\"true\"> <div class=\"inner\"><div class=\"nectar-post-grid-item-bg-wrap\"><div class=\"nectar-post-grid-item-bg-wrap-inner\"><a class=\"bg-wrap-link\" aria-label=\"L&#039;ACLC sur les modifications propos\u00e9es par l&#039;Ontario aux r\u00e8glements r\u00e9gissant l&#039;isolement cellulaire\" href=\"https:\/\/ccla.org\/fr\/justice-penale\/prisons-prisons-supervision-communautaire\/isolement-cellulaire\/la-ccla-sexprime-sur-les-modifications-proposees-par-lontario-aux-reglements-regissant-lisolement-cellulaire\/\"><\/a><div class=\"nectar-post-grid-item-bg\"><img loading=\"lazy\" decoding=\"async\" class=\"nectar-lazy skip-lazy\" src=\"data:image\/svg+xml;charset=utf-8,%3Csvg%20xmlns%3D'http%3A%2F%2Fwww.w3.org%2F2000%2Fsvg'%20viewBox%3D'0%200%202000%20800'%2F%3E\" alt=\"\" height=\"800\" width=\"2000\" data-nectar-img-src=\"https:\/\/ccla.org\/wp-content\/uploads\/2021\/06\/black-man-in-prison-7DTGV6M-600x403.jpg\" data-nectar-img-srcset=\"https:\/\/ccla.org\/wp-content\/uploads\/2021\/06\/black-man-in-prison-7DTGV6M-600x403.jpg 600w, https:\/\/ccla.org\/wp-content\/uploads\/2021\/06\/black-man-in-prison-7DTGV6M-900x604.jpg 900w, https:\/\/ccla.org\/wp-content\/uploads\/2021\/06\/black-man-in-prison-7DTGV6M-400x269.jpg 400w\" sizes=\"auto, (max-width: 600px) 100vw, 600px\" \/><\/div><\/div><\/div><div class=\"content\"><a class=\"nectar-post-grid-link\" href=\"https:\/\/ccla.org\/fr\/justice-penale\/prisons-prisons-supervision-communautaire\/isolement-cellulaire\/la-ccla-sexprime-sur-les-modifications-proposees-par-lontario-aux-reglements-regissant-lisolement-cellulaire\/\" aria-label=\"L&#039;ACLC sur les modifications propos\u00e9es par l&#039;Ontario aux r\u00e8glements r\u00e9gissant l&#039;isolement cellulaire\"><\/a><div class=\"item-main\"><h3 class=\"post-heading\"><a href=\"https:\/\/ccla.org\/fr\/justice-penale\/prisons-prisons-supervision-communautaire\/isolement-cellulaire\/la-ccla-sexprime-sur-les-modifications-proposees-par-lontario-aux-reglements-regissant-lisolement-cellulaire\/\"><span>L&#039;ACLC sur les modifications propos\u00e9es par l&#039;Ontario aux r\u00e8glements r\u00e9gissant l&#039;isolement cellulaire<\/span><\/a><\/h3><div class=\"nectar-post-grid-item__excerpt-wrap item-meta-extra\"><span class=\"meta-excerpt\">Le 4 juin 2021, l&#039;ACLC a pr\u00e9sent\u00e9 des observations au minist\u00e8re du Solliciteur de l&#039;Ontario\u2026<\/span><\/div><span class=\"nectar-post-grid-item__meta-wrap\"><span class=\"meta-date\">9 juin 2021<\/span><\/span><\/div><\/div><\/div><\/div><div class=\"nectar-post-grid-item\" style=\"background-color: #ffffff;\" data-post-id=\"1572\" data-has-img=\"true\"> <div class=\"inner\"><div class=\"nectar-post-grid-item-bg-wrap\"><div class=\"nectar-post-grid-item-bg-wrap-inner\"><a class=\"bg-wrap-link\" aria-label=\"L&#039;ACLC et ses partenaires publient une mise \u00e0 jour sur le COVID-19 et le milieu carc\u00e9ral\" href=\"https:\/\/ccla.org\/fr\/justice-penale\/prisons-prisons-supervision-communautaire\/ccla-and-partners-release-update-on-covid-19-and-prison-settings\/\"><\/a><div class=\"nectar-post-grid-item-bg\"><img loading=\"lazy\" decoding=\"async\" class=\"nectar-lazy skip-lazy\" src=\"data:image\/svg+xml;charset=utf-8,%3Csvg%20xmlns%3D'http%3A%2F%2Fwww.w3.org%2F2000%2Fsvg'%20viewBox%3D'0%200%202000%20800'%2F%3E\" alt=\"\" height=\"800\" width=\"2000\" data-nectar-img-src=\"https:\/\/ccla.org\/wp-content\/uploads\/2021\/06\/prison-officer-handcuffs-P7FXGBF-600x403.jpg\" data-nectar-img-srcset=\"https:\/\/ccla.org\/wp-content\/uploads\/2021\/06\/prison-officer-handcuffs-P7FXGBF-600x403.jpg 600w, https:\/\/ccla.org\/wp-content\/uploads\/2021\/06\/prison-officer-handcuffs-P7FXGBF-900x604.jpg 900w, https:\/\/ccla.org\/wp-content\/uploads\/2021\/06\/prison-officer-handcuffs-P7FXGBF-400x269.jpg 400w\" sizes=\"auto, (max-width: 600px) 100vw, 600px\" \/><\/div><\/div><\/div><div class=\"content\"><a class=\"nectar-post-grid-link\" href=\"https:\/\/ccla.org\/fr\/justice-penale\/prisons-prisons-supervision-communautaire\/ccla-and-partners-release-update-on-covid-19-and-prison-settings\/\" aria-label=\"L&#039;ACLC et ses partenaires publient une mise \u00e0 jour sur le COVID-19 et le milieu carc\u00e9ral\"><\/a><div class=\"item-main\"><h3 class=\"post-heading\"><a href=\"https:\/\/ccla.org\/fr\/justice-penale\/prisons-prisons-supervision-communautaire\/ccla-and-partners-release-update-on-covid-19-and-prison-settings\/\"><span>L&#039;ACLC et ses partenaires publient une mise \u00e0 jour sur le COVID-19 et le milieu carc\u00e9ral<\/span><\/a><\/h3><div class=\"nectar-post-grid-item__excerpt-wrap item-meta-extra\"><span class=\"meta-excerpt\">L&#039;ACLC et ses partenaires organisationnels du Partenariat en cas de pand\u00e9mie en prison demandent aux autorit\u00e9s f\u00e9d\u00e9rales,\u2026<\/span><\/div><span class=\"nectar-post-grid-item__meta-wrap\"><span class=\"meta-date\">19 mars 2021<\/span><\/span><\/div><\/div><\/div><\/div><div class=\"nectar-post-grid-item\" style=\"background-color: #ffffff;\" data-post-id=\"1628\" data-has-img=\"true\"> <div class=\"inner\"><div class=\"nectar-post-grid-item-bg-wrap\"><div class=\"nectar-post-grid-item-bg-wrap-inner\"><a class=\"bg-wrap-link\" aria-label=\"L&#039;ACLC appelle l&#039;ordonnance inconstitutionnelle COVID-19 de Thunder Bay\" href=\"https:\/\/ccla.org\/fr\/justice-penale\/ccla-calls-out-thunder-bays-unconstitutional-covid-19-order\/\"><\/a><div class=\"nectar-post-grid-item-bg\"><img loading=\"lazy\" decoding=\"async\" class=\"nectar-lazy skip-lazy\" src=\"data:image\/svg+xml;charset=utf-8,%3Csvg%20xmlns%3D'http%3A%2F%2Fwww.w3.org%2F2000%2Fsvg'%20viewBox%3D'0%200%202000%20800'%2F%3E\" alt=\"\" height=\"800\" width=\"2000\" data-nectar-img-src=\"https:\/\/ccla.org\/wp-content\/uploads\/2021\/06\/woman-in-a-medical-mask-getting-her-temperature-me-DQQ5H4Z-600x403.jpg\" data-nectar-img-srcset=\"https:\/\/ccla.org\/wp-content\/uploads\/2021\/06\/woman-in-a-medical-mask-getting-her-temperature-me-DQQ5H4Z-600x403.jpg 600w, https:\/\/ccla.org\/wp-content\/uploads\/2021\/06\/woman-in-a-medical-mask-getting-her-temperature-me-DQQ5H4Z-900x604.jpg 900w, https:\/\/ccla.org\/wp-content\/uploads\/2021\/06\/woman-in-a-medical-mask-getting-her-temperature-me-DQQ5H4Z-400x269.jpg 400w\" sizes=\"auto, (max-width: 600px) 100vw, 600px\" \/><\/div><\/div><\/div><div class=\"content\"><a class=\"nectar-post-grid-link\" href=\"https:\/\/ccla.org\/fr\/justice-penale\/ccla-calls-out-thunder-bays-unconstitutional-covid-19-order\/\" aria-label=\"L&#039;ACLC appelle l&#039;ordonnance inconstitutionnelle COVID-19 de Thunder Bay\"><\/a><div class=\"item-main\"><h3 class=\"post-heading\"><a href=\"https:\/\/ccla.org\/fr\/justice-penale\/ccla-calls-out-thunder-bays-unconstitutional-covid-19-order\/\"><span>L&#039;ACLC appelle l&#039;ordonnance inconstitutionnelle COVID-19 de Thunder Bay<\/span><\/a><\/h3><div class=\"nectar-post-grid-item__excerpt-wrap item-meta-extra\"><span class=\"meta-excerpt\">Le 8 f\u00e9vrier 2021, le m\u00e9decin-hygi\u00e9niste de Thunder Bay, le Dr DeMille, a \u00e9mis une classe\u2026<\/span><\/div><span class=\"nectar-post-grid-item__meta-wrap\"><span class=\"meta-date\">8 mars 2021<\/span><\/span><\/div><\/div><\/div><\/div><div class=\"nectar-post-grid-item\" style=\"background-color: #ffffff;\" data-post-id=\"1727\" data-has-img=\"true\"> <div class=\"inner\"><div class=\"nectar-post-grid-item-bg-wrap\"><div class=\"nectar-post-grid-item-bg-wrap-inner\"><a class=\"bg-wrap-link\" aria-label=\"Une nouvelle analyse des infections au COVID-19 derri\u00e8re les barreaux souligne la n\u00e9cessit\u00e9 de d\u00e9peupler les prisons\" href=\"https:\/\/ccla.org\/fr\/justice-penale\/new-analysis-of-covid-19-infections-behind-bars-underscores-the-need-to-depopulate-prisons\/\"><\/a><div class=\"nectar-post-grid-item-bg\"><img loading=\"lazy\" decoding=\"async\" class=\"nectar-lazy skip-lazy\" src=\"data:image\/svg+xml;charset=utf-8,%3Csvg%20xmlns%3D'http%3A%2F%2Fwww.w3.org%2F2000%2Fsvg'%20viewBox%3D'0%200%202560%20800'%2F%3E\" alt=\"\" height=\"800\" width=\"2560\" data-nectar-img-src=\"https:\/\/ccla.org\/wp-content\/uploads\/2021\/05\/Header_Gritty_Covid_muslim-woman-579LPFD_2560x800-600x403.jpg\" data-nectar-img-srcset=\"https:\/\/ccla.org\/wp-content\/uploads\/2021\/05\/Header_Gritty_Covid_muslim-woman-579LPFD_2560x800-600x403.jpg 600w, https:\/\/ccla.org\/wp-content\/uploads\/2021\/05\/Header_Gritty_Covid_muslim-woman-579LPFD_2560x800-900x604.jpg 900w, https:\/\/ccla.org\/wp-content\/uploads\/2021\/05\/Header_Gritty_Covid_muslim-woman-579LPFD_2560x800-400x269.jpg 400w\" sizes=\"auto, (max-width: 600px) 100vw, 600px\" \/><\/div><\/div><\/div><div class=\"content\"><a class=\"nectar-post-grid-link\" href=\"https:\/\/ccla.org\/fr\/justice-penale\/new-analysis-of-covid-19-infections-behind-bars-underscores-the-need-to-depopulate-prisons\/\" aria-label=\"Une nouvelle analyse des infections au COVID-19 derri\u00e8re les barreaux souligne la n\u00e9cessit\u00e9 de d\u00e9peupler les prisons\"><\/a><div class=\"item-main\"><h3 class=\"post-heading\"><a href=\"https:\/\/ccla.org\/fr\/justice-penale\/new-analysis-of-covid-19-infections-behind-bars-underscores-the-need-to-depopulate-prisons\/\"><span>Une nouvelle analyse des infections au COVID-19 derri\u00e8re les barreaux souligne la n\u00e9cessit\u00e9 de d\u00e9peupler les prisons<\/span><\/a><\/h3><div class=\"nectar-post-grid-item__excerpt-wrap item-meta-extra\"><span class=\"meta-excerpt\">L&#039;ACLC, dans le cadre de son projet de partenariat en cas de pand\u00e9mie dans les prisons, aide \u00e0 suivre la propagation\u2026<\/span><\/div><span class=\"nectar-post-grid-item__meta-wrap\"><span class=\"meta-date\">3 f\u00e9vrier 2021<\/span><\/span><\/div><\/div><\/div><\/div><div class=\"nectar-post-grid-item\" style=\"background-color: #ffffff;\" data-post-id=\"1730\" data-has-img=\"true\"> <div class=\"inner\"><div class=\"nectar-post-grid-item-bg-wrap\"><div class=\"nectar-post-grid-item-bg-wrap-inner\"><a class=\"bg-wrap-link\" aria-label=\"Une coalition nationale appelle le gouvernement \u00e0 agir pour prot\u00e9ger les prisonniers contre le COVID-19\" href=\"https:\/\/ccla.org\/fr\/rapports-sur-des-cas-majeurs\/covid-19-prisons\/la-coalition-nationale-demande-au-gouvernement-dagir-pour-proteger-les-prisonniers-contre-le-covid-19\/\"><\/a><div class=\"nectar-post-grid-item-bg\"><img loading=\"lazy\" decoding=\"async\" class=\"nectar-lazy skip-lazy\" src=\"data:image\/svg+xml;charset=utf-8,%3Csvg%20xmlns%3D'http%3A%2F%2Fwww.w3.org%2F2000%2Fsvg'%20viewBox%3D'0%200%202000%20800'%2F%3E\" alt=\"\" height=\"800\" width=\"2000\" data-nectar-img-src=\"https:\/\/ccla.org\/wp-content\/uploads\/2021\/06\/black-man-in-prison-7DTGV6M-600x403.jpg\" data-nectar-img-srcset=\"https:\/\/ccla.org\/wp-content\/uploads\/2021\/06\/black-man-in-prison-7DTGV6M-600x403.jpg 600w, https:\/\/ccla.org\/wp-content\/uploads\/2021\/06\/black-man-in-prison-7DTGV6M-900x604.jpg 900w, https:\/\/ccla.org\/wp-content\/uploads\/2021\/06\/black-man-in-prison-7DTGV6M-400x269.jpg 400w\" sizes=\"auto, (max-width: 600px) 100vw, 600px\" \/><\/div><\/div><\/div><div class=\"content\"><a class=\"nectar-post-grid-link\" href=\"https:\/\/ccla.org\/fr\/rapports-sur-des-cas-majeurs\/covid-19-prisons\/la-coalition-nationale-demande-au-gouvernement-dagir-pour-proteger-les-prisonniers-contre-le-covid-19\/\" aria-label=\"Une coalition nationale appelle le gouvernement \u00e0 agir pour prot\u00e9ger les prisonniers contre le COVID-19\"><\/a><div class=\"item-main\"><h3 class=\"post-heading\"><a href=\"https:\/\/ccla.org\/fr\/rapports-sur-des-cas-majeurs\/covid-19-prisons\/la-coalition-nationale-demande-au-gouvernement-dagir-pour-proteger-les-prisonniers-contre-le-covid-19\/\"><span>Une coalition nationale appelle le gouvernement \u00e0 agir pour prot\u00e9ger les prisonniers contre le COVID-19<\/span><\/a><\/h3><div class=\"nectar-post-grid-item__excerpt-wrap item-meta-extra\"><span class=\"meta-excerpt\">Hier, l&#039;ACLC s&#039;est jointe \u00e0 une coalition d&#039;organisations pour appeler \u00e0 nouveau le gouvernement canadien\u2026<\/span><\/div><span class=\"nectar-post-grid-item__meta-wrap\"><span class=\"meta-date\">21 janvier 2021<\/span><\/span><\/div><\/div><\/div><\/div><div class=\"nectar-post-grid-item\" style=\"background-color: #ffffff;\" data-post-id=\"1737\" data-has-img=\"true\"> <div class=\"inner\"><div class=\"nectar-post-grid-item-bg-wrap\"><div class=\"nectar-post-grid-item-bg-wrap-inner\"><a class=\"bg-wrap-link\" aria-label=\"L&#039;ACLC sonne l&#039;alarme alors que le COVID dans les prisons atteint des niveaux sans pr\u00e9c\u00e9dent\" href=\"https:\/\/ccla.org\/fr\/justice-penale\/la-ccla-tire-la-sonnette-dalarme-alors-que-le-covid-dans-les-prisons-atteint-des-niveaux-sans-precedent\/\"><\/a><div class=\"nectar-post-grid-item-bg\"><img loading=\"lazy\" decoding=\"async\" class=\"nectar-lazy skip-lazy\" src=\"data:image\/svg+xml;charset=utf-8,%3Csvg%20xmlns%3D'http%3A%2F%2Fwww.w3.org%2F2000%2Fsvg'%20viewBox%3D'0%200%202000%20800'%2F%3E\" alt=\"\" height=\"800\" width=\"2000\" data-nectar-img-src=\"https:\/\/ccla.org\/wp-content\/uploads\/2021\/06\/covid-19-vaccination-on-MMLPT2S-600x403.jpg\" data-nectar-img-srcset=\"https:\/\/ccla.org\/wp-content\/uploads\/2021\/06\/covid-19-vaccination-on-MMLPT2S-600x403.jpg 600w, https:\/\/ccla.org\/wp-content\/uploads\/2021\/06\/covid-19-vaccination-on-MMLPT2S-900x604.jpg 900w, https:\/\/ccla.org\/wp-content\/uploads\/2021\/06\/covid-19-vaccination-on-MMLPT2S-400x269.jpg 400w\" sizes=\"auto, (max-width: 600px) 100vw, 600px\" \/><\/div><\/div><\/div><div class=\"content\"><a class=\"nectar-post-grid-link\" href=\"https:\/\/ccla.org\/fr\/justice-penale\/la-ccla-tire-la-sonnette-dalarme-alors-que-le-covid-dans-les-prisons-atteint-des-niveaux-sans-precedent\/\" aria-label=\"L&#039;ACLC sonne l&#039;alarme alors que le COVID dans les prisons atteint des niveaux sans pr\u00e9c\u00e9dent\"><\/a><div class=\"item-main\"><h3 class=\"post-heading\"><a href=\"https:\/\/ccla.org\/fr\/justice-penale\/la-ccla-tire-la-sonnette-dalarme-alors-que-le-covid-dans-les-prisons-atteint-des-niveaux-sans-precedent\/\"><span>L&#039;ACLC sonne l&#039;alarme alors que le COVID dans les prisons atteint des niveaux sans pr\u00e9c\u00e9dent<\/span><\/a><\/h3><div class=\"nectar-post-grid-item__excerpt-wrap item-meta-extra\"><span class=\"meta-excerpt\">Les r\u00e9sultats pr\u00e9liminaires publi\u00e9s aujourd&#039;hui par le Prison Pandemic Partnership, qui comprend l&#039;Association canadienne des libert\u00e9s civiles, r\u00e9v\u00e8lent\u2026<\/span><\/div><span class=\"nectar-post-grid-item__meta-wrap\"><span class=\"meta-date\">12 janvier 2021<\/span><\/span><\/div><\/div><\/div><\/div><div class=\"nectar-post-grid-item\" style=\"background-color: #ffffff;\" data-post-id=\"4888\" data-has-img=\"true\"> <div class=\"inner\"><div class=\"nectar-post-grid-item-bg-wrap\"><div class=\"nectar-post-grid-item-bg-wrap-inner\"><a class=\"bg-wrap-link\" aria-label=\"Justice contre. L&#039;isolement cellulaire : la torture dans les prisons canadiennes\" href=\"https:\/\/ccla.org\/fr\/podcast\/la-justice-contre-lisolement-cellulaire-la-torture-dans-les-prisons-canadiennes\/\"><\/a><div class=\"nectar-post-grid-item-bg\"><img loading=\"lazy\" decoding=\"async\" class=\"nectar-lazy skip-lazy\" src=\"data:image\/svg+xml;charset=utf-8,%3Csvg%20xmlns%3D'http%3A%2F%2Fwww.w3.org%2F2000%2Fsvg'%20viewBox%3D'0%200%20624%20624'%2F%3E\" alt=\"\" height=\"624\" width=\"624\" data-nectar-img-src=\"https:\/\/ccla.org\/wp-content\/uploads\/2020\/11\/JVS-solitary-600x403.png\" data-nectar-img-srcset=\"https:\/\/ccla.org\/wp-content\/uploads\/2020\/11\/JVS-solitary-600x403.png 600w, https:\/\/ccla.org\/wp-content\/uploads\/2020\/11\/JVS-solitary-400x269.png 400w\" sizes=\"auto, (max-width: 600px) 100vw, 600px\" \/><\/div><\/div><\/div><div class=\"content\"><a class=\"nectar-post-grid-link\" href=\"https:\/\/ccla.org\/fr\/podcast\/la-justice-contre-lisolement-cellulaire-la-torture-dans-les-prisons-canadiennes\/\" aria-label=\"Justice contre. L&#039;isolement cellulaire : la torture dans les prisons canadiennes\"><\/a><div class=\"item-main\"><h3 class=\"post-heading\"><a href=\"https:\/\/ccla.org\/fr\/podcast\/la-justice-contre-lisolement-cellulaire-la-torture-dans-les-prisons-canadiennes\/\"><span>Justice contre. L&#039;isolement cellulaire : la torture dans les prisons canadiennes<\/span><\/a><\/h3><div class=\"nectar-post-grid-item__excerpt-wrap item-meta-extra\"><span class=\"meta-excerpt\">Justice contre. examine comment l&#039;isolement cellulaire est utilis\u00e9 dans le syst\u00e8me de justice p\u00e9nale canadien,\u2026<\/span><\/div><span class=\"nectar-post-grid-item__meta-wrap\"><span class=\"meta-date\">30 novembre 2020<\/span><\/span><\/div><\/div><\/div><\/div><div class=\"nectar-post-grid-item\" style=\"background-color: #ffffff;\" data-post-id=\"4349\" data-has-img=\"true\"> <div class=\"inner\"><div class=\"nectar-post-grid-item-bg-wrap\"><div class=\"nectar-post-grid-item-bg-wrap-inner\"><a class=\"bg-wrap-link\" aria-label=\"Action collective lanc\u00e9e concernant les fouilles \u00e0 nu ill\u00e9gales\" href=\"https:\/\/ccla.org\/fr\/rapports-sur-des-cas-majeurs\/fouilles-a-nu\/class-action-launched-re-illegal-strip-searches\/\"><\/a><div class=\"nectar-post-grid-item-bg\"><img loading=\"lazy\" decoding=\"async\" class=\"nectar-lazy skip-lazy\" src=\"data:image\/svg+xml;charset=utf-8,%3Csvg%20xmlns%3D'http%3A%2F%2Fwww.w3.org%2F2000%2Fsvg'%20viewBox%3D'0%200%202000%20800'%2F%3E\" alt=\"\" height=\"800\" width=\"2000\" data-nectar-img-src=\"https:\/\/ccla.org\/wp-content\/uploads\/2021\/06\/handcuffed-prisoner--600x403.jpg\" data-nectar-img-srcset=\"https:\/\/ccla.org\/wp-content\/uploads\/2021\/06\/handcuffed-prisoner--600x403.jpg 600w, https:\/\/ccla.org\/wp-content\/uploads\/2021\/06\/handcuffed-prisoner--900x604.jpg 900w, https:\/\/ccla.org\/wp-content\/uploads\/2021\/06\/handcuffed-prisoner--400x269.jpg 400w\" sizes=\"auto, (max-width: 600px) 100vw, 600px\" \/><\/div><\/div><\/div><div class=\"content\"><a class=\"nectar-post-grid-link\" href=\"https:\/\/ccla.org\/fr\/rapports-sur-des-cas-majeurs\/fouilles-a-nu\/class-action-launched-re-illegal-strip-searches\/\" aria-label=\"Action collective lanc\u00e9e concernant les fouilles \u00e0 nu ill\u00e9gales\"><\/a><div class=\"item-main\"><h3 class=\"post-heading\"><a href=\"https:\/\/ccla.org\/fr\/rapports-sur-des-cas-majeurs\/fouilles-a-nu\/class-action-launched-re-illegal-strip-searches\/\"><span>Action collective lanc\u00e9e concernant les fouilles \u00e0 nu ill\u00e9gales<\/span><\/a><\/h3><div class=\"nectar-post-grid-item__excerpt-wrap item-meta-extra\"><span class=\"meta-excerpt\">Un important recours collectif est lanc\u00e9 aujourd&#039;hui au nom de Canadiens ill\u00e9galement fouill\u00e9s \u00e0 nu\u2026<\/span><\/div><span class=\"nectar-post-grid-item__meta-wrap\"><span class=\"meta-date\">7 juillet 2020<\/span><\/span><\/div><\/div><\/div><\/div><div class=\"nectar-post-grid-item\" style=\"background-color: #ffffff;\" data-post-id=\"2002\" data-has-img=\"true\"> <div class=\"inner\"><div class=\"nectar-post-grid-item-bg-wrap\"><div class=\"nectar-post-grid-item-bg-wrap-inner\"><a class=\"bg-wrap-link\" aria-label=\"La coalition demande au gouvernement de publier des informations COVID sur les prisons de l&#039;Ontario\" href=\"https:\/\/ccla.org\/fr\/justice-penale\/la-coalition-demande-au-gouvernement-de-publier-les-informations-de-la-covid-sur-les-prisons-de-lontario\/\"><\/a><div class=\"nectar-post-grid-item-bg\"><img loading=\"lazy\" decoding=\"async\" class=\"nectar-lazy skip-lazy\" src=\"data:image\/svg+xml;charset=utf-8,%3Csvg%20xmlns%3D'http%3A%2F%2Fwww.w3.org%2F2000%2Fsvg'%20viewBox%3D'0%200%202000%20800'%2F%3E\" alt=\"\" height=\"800\" width=\"2000\" data-nectar-img-src=\"https:\/\/ccla.org\/wp-content\/uploads\/2021\/06\/handcuffed-hands-of-a-prisoner-behind-the-bars-of-M3VJPR3-600x403.jpg\" data-nectar-img-srcset=\"https:\/\/ccla.org\/wp-content\/uploads\/2021\/06\/handcuffed-hands-of-a-prisoner-behind-the-bars-of-M3VJPR3-600x403.jpg 600w, https:\/\/ccla.org\/wp-content\/uploads\/2021\/06\/handcuffed-hands-of-a-prisoner-behind-the-bars-of-M3VJPR3-900x604.jpg 900w, https:\/\/ccla.org\/wp-content\/uploads\/2021\/06\/handcuffed-hands-of-a-prisoner-behind-the-bars-of-M3VJPR3-400x269.jpg 400w\" sizes=\"auto, (max-width: 600px) 100vw, 600px\" \/><\/div><\/div><\/div><div class=\"content\"><a class=\"nectar-post-grid-link\" href=\"https:\/\/ccla.org\/fr\/justice-penale\/la-coalition-demande-au-gouvernement-de-publier-les-informations-de-la-covid-sur-les-prisons-de-lontario\/\" aria-label=\"La coalition demande au gouvernement de publier des informations COVID sur les prisons de l&#039;Ontario\"><\/a><div class=\"item-main\"><h3 class=\"post-heading\"><a href=\"https:\/\/ccla.org\/fr\/justice-penale\/la-coalition-demande-au-gouvernement-de-publier-les-informations-de-la-covid-sur-les-prisons-de-lontario\/\"><span>La coalition demande au gouvernement de publier des informations COVID sur les prisons de l&#039;Ontario<\/span><\/a><\/h3><div class=\"nectar-post-grid-item__excerpt-wrap item-meta-extra\"><span class=\"meta-excerpt\">L&#039;Association canadienne des libert\u00e9s civiles (ACLC) contestera l&#039;injonction exceptionnellement large du gouvernement de la Nouvelle-\u00c9cosse limitant\u2026<\/span><\/div><span class=\"nectar-post-grid-item__meta-wrap\"><span class=\"meta-date\">7 juillet 2020<\/span><\/span><\/div><\/div><\/div><\/div><div class=\"nectar-post-grid-item\" style=\"background-color: #ffffff;\" data-post-id=\"2069\" data-has-img=\"true\"> <div class=\"inner\"><div class=\"nectar-post-grid-item-bg-wrap\"><div class=\"nectar-post-grid-item-bg-wrap-inner\"><a class=\"bg-wrap-link\" aria-label=\"L&#039;ACLC et ses partenaires portent plainte contre le Service correctionnel du Canada\" href=\"https:\/\/ccla.org\/fr\/justice-penale\/prisons-prisons-supervision-communautaire\/le-ccla-et-ses-partenaires-intentent-une-action-en-justice-contre-le-service-correctionnel-du-canada\/\"><\/a><div class=\"nectar-post-grid-item-bg\"><img loading=\"lazy\" decoding=\"async\" class=\"nectar-lazy skip-lazy\" src=\"data:image\/svg+xml;charset=utf-8,%3Csvg%20xmlns%3D'http%3A%2F%2Fwww.w3.org%2F2000%2Fsvg'%20viewBox%3D'0%200%202000%20800'%2F%3E\" alt=\"\" height=\"800\" width=\"2000\" data-nectar-img-src=\"https:\/\/ccla.org\/wp-content\/uploads\/2021\/06\/cropped-image-of-prison-officer-putting-hand-on-gu-CPZGK4Y-600x403.jpg\" data-nectar-img-srcset=\"https:\/\/ccla.org\/wp-content\/uploads\/2021\/06\/cropped-image-of-prison-officer-putting-hand-on-gu-CPZGK4Y-600x403.jpg 600w, https:\/\/ccla.org\/wp-content\/uploads\/2021\/06\/cropped-image-of-prison-officer-putting-hand-on-gu-CPZGK4Y-900x604.jpg 900w, https:\/\/ccla.org\/wp-content\/uploads\/2021\/06\/cropped-image-of-prison-officer-putting-hand-on-gu-CPZGK4Y-400x269.jpg 400w\" sizes=\"auto, (max-width: 600px) 100vw, 600px\" \/><\/div><\/div><\/div><div class=\"content\"><a class=\"nectar-post-grid-link\" href=\"https:\/\/ccla.org\/fr\/justice-penale\/prisons-prisons-supervision-communautaire\/le-ccla-et-ses-partenaires-intentent-une-action-en-justice-contre-le-service-correctionnel-du-canada\/\" aria-label=\"L&#039;ACLC et ses partenaires portent plainte contre le Service correctionnel du Canada\"><\/a><div class=\"item-main\"><h3 class=\"post-heading\"><a href=\"https:\/\/ccla.org\/fr\/justice-penale\/prisons-prisons-supervision-communautaire\/le-ccla-et-ses-partenaires-intentent-une-action-en-justice-contre-le-service-correctionnel-du-canada\/\"><span>L&#039;ACLC et ses partenaires portent plainte contre le Service correctionnel du Canada<\/span><\/a><\/h3><div class=\"nectar-post-grid-item__excerpt-wrap item-meta-extra\"><span class=\"meta-excerpt\">L&#039;Association canadienne des libert\u00e9s civiles et ses partenaires de coalition ont d\u00e9pos\u00e9 une contestation constitutionnelle contre\u2026<\/span><\/div><span class=\"nectar-post-grid-item__meta-wrap\"><span class=\"meta-date\">12 mai 2020<\/span><\/span><\/div><\/div><\/div><\/div><div class=\"nectar-post-grid-item\" style=\"background-color: #ffffff;\" data-post-id=\"5026\" data-has-img=\"true\"> <div class=\"inner\"><div class=\"nectar-post-grid-item-bg-wrap\"><div class=\"nectar-post-grid-item-bg-wrap-inner\"><a class=\"bg-wrap-link\" aria-label=\"Lettre au Service correctionnel du Canada\" href=\"https:\/\/ccla.org\/fr\/justice-penale\/lettre-au-service-correctionnel-du-canada\/\"><\/a><div class=\"nectar-post-grid-item-bg\"><img loading=\"lazy\" decoding=\"async\" class=\"nectar-lazy skip-lazy\" src=\"data:image\/svg+xml;charset=utf-8,%3Csvg%20xmlns%3D'http%3A%2F%2Fwww.w3.org%2F2000%2Fsvg'%20viewBox%3D'0%200%202000%20800'%2F%3E\" alt=\"\" height=\"800\" width=\"2000\" data-nectar-img-src=\"https:\/\/ccla.org\/wp-content\/uploads\/2021\/06\/handcuffed-hands-of-a-prisoner-behind-the-bars-of-M3VJPR3-600x403.jpg\" data-nectar-img-srcset=\"https:\/\/ccla.org\/wp-content\/uploads\/2021\/06\/handcuffed-hands-of-a-prisoner-behind-the-bars-of-M3VJPR3-600x403.jpg 600w, https:\/\/ccla.org\/wp-content\/uploads\/2021\/06\/handcuffed-hands-of-a-prisoner-behind-the-bars-of-M3VJPR3-900x604.jpg 900w, https:\/\/ccla.org\/wp-content\/uploads\/2021\/06\/handcuffed-hands-of-a-prisoner-behind-the-bars-of-M3VJPR3-400x269.jpg 400w\" sizes=\"auto, (max-width: 600px) 100vw, 600px\" \/><\/div><\/div><\/div><div class=\"content\"><a class=\"nectar-post-grid-link\" href=\"https:\/\/ccla.org\/fr\/justice-penale\/lettre-au-service-correctionnel-du-canada\/\" aria-label=\"Lettre au Service correctionnel du Canada\"><\/a><div class=\"item-main\"><h3 class=\"post-heading\"><a href=\"https:\/\/ccla.org\/fr\/justice-penale\/lettre-au-service-correctionnel-du-canada\/\"><span>Lettre au Service correctionnel du Canada<\/span><\/a><\/h3><div class=\"nectar-post-grid-item__excerpt-wrap item-meta-extra\"><span class=\"meta-excerpt\">Nous exprimons notre profonde pr\u00e9occupation concernant la sant\u00e9 et le bien-\u00eatre des d\u00e9tenus et du personnel\u2026<\/span><\/div><span class=\"nectar-post-grid-item__meta-wrap\"><span class=\"meta-date\">22 avril 2020<\/span><\/span><\/div><\/div><\/div><\/div><div class=\"nectar-post-grid-item\" style=\"background-color: #ffffff;\" data-post-id=\"2164\" data-has-img=\"true\"> <div class=\"inner\"><div class=\"nectar-post-grid-item-bg-wrap\"><div class=\"nectar-post-grid-item-bg-wrap-inner\"><a class=\"bg-wrap-link\" aria-label=\"Action drastique n\u00e9cessaire\u00a0; Prot\u00e9ger les d\u00e9tenus, les travailleurs correctionnels et les collectivit\u00e9s au sens large\" href=\"https:\/\/ccla.org\/fr\/rapports-sur-des-cas-majeurs\/covid-19-prisons\/la-ccla-demande-aux-provinces-et-territoires-de-prendre-des-mesures-drastiques-pour-proteger-la-population-carcerale-les-travailleurs-correctionnels-et-lensemble-des-communautes-nb\/\"><\/a><div class=\"nectar-post-grid-item-bg\"><img loading=\"lazy\" decoding=\"async\" class=\"nectar-lazy skip-lazy\" src=\"data:image\/svg+xml;charset=utf-8,%3Csvg%20xmlns%3D'http%3A%2F%2Fwww.w3.org%2F2000%2Fsvg'%20viewBox%3D'0%200%202000%20800'%2F%3E\" alt=\"\" height=\"800\" width=\"2000\" data-nectar-img-src=\"https:\/\/ccla.org\/wp-content\/uploads\/2021\/06\/prisoner-sitting-on-bench-in-solitary-HFEMW5K-600x403.jpg\" data-nectar-img-srcset=\"https:\/\/ccla.org\/wp-content\/uploads\/2021\/06\/prisoner-sitting-on-bench-in-solitary-HFEMW5K-600x403.jpg 600w, https:\/\/ccla.org\/wp-content\/uploads\/2021\/06\/prisoner-sitting-on-bench-in-solitary-HFEMW5K-900x604.jpg 900w, https:\/\/ccla.org\/wp-content\/uploads\/2021\/06\/prisoner-sitting-on-bench-in-solitary-HFEMW5K-400x269.jpg 400w\" sizes=\"auto, (max-width: 600px) 100vw, 600px\" \/><\/div><\/div><\/div><div class=\"content\"><a class=\"nectar-post-grid-link\" href=\"https:\/\/ccla.org\/fr\/rapports-sur-des-cas-majeurs\/covid-19-prisons\/la-ccla-demande-aux-provinces-et-territoires-de-prendre-des-mesures-drastiques-pour-proteger-la-population-carcerale-les-travailleurs-correctionnels-et-lensemble-des-communautes-nb\/\" aria-label=\"Action drastique n\u00e9cessaire\u00a0; Prot\u00e9ger les d\u00e9tenus, les travailleurs correctionnels et les collectivit\u00e9s au sens large\"><\/a><div class=\"item-main\"><h3 class=\"post-heading\"><a href=\"https:\/\/ccla.org\/fr\/rapports-sur-des-cas-majeurs\/covid-19-prisons\/la-ccla-demande-aux-provinces-et-territoires-de-prendre-des-mesures-drastiques-pour-proteger-la-population-carcerale-les-travailleurs-correctionnels-et-lensemble-des-communautes-nb\/\"><span>Action drastique n\u00e9cessaire\u00a0; Prot\u00e9ger les d\u00e9tenus, les travailleurs correctionnels et les collectivit\u00e9s au sens large<\/span><\/a><\/h3><div class=\"nectar-post-grid-item__excerpt-wrap item-meta-extra\"><span class=\"meta-excerpt\">Une lettre de l&#039;ACLC \u00e0 toutes les provinces et territoires : Nouveau-Brunswick<\/span><\/div><span class=\"nectar-post-grid-item__meta-wrap\"><span class=\"meta-date\">2 avril 2020<\/span><\/span><\/div><\/div><\/div><\/div><div class=\"nectar-post-grid-item\" style=\"background-color: #ffffff;\" data-post-id=\"5576\" data-has-img=\"true\"> <div class=\"inner\"><div class=\"nectar-post-grid-item-bg-wrap\"><div class=\"nectar-post-grid-item-bg-wrap-inner\"><a class=\"bg-wrap-link\" aria-label=\"L&#039;ACLC aux provinces et territoires\u00a0: une action drastique est n\u00e9cessaire maintenant\" href=\"https:\/\/ccla.org\/fr\/rapports-sur-des-cas-majeurs\/covid-19-prisons\/une-action-drastique-est-necessaire-pour-proteger-la-population-incarceree-les-travailleurs-correctionnels-et-les-communautes-au-sens-large\/\"><\/a><div class=\"nectar-post-grid-item-bg\"><img loading=\"lazy\" decoding=\"async\" class=\"nectar-lazy skip-lazy\" src=\"data:image\/svg+xml;charset=utf-8,%3Csvg%20xmlns%3D'http%3A%2F%2Fwww.w3.org%2F2000%2Fsvg'%20viewBox%3D'0%200%202000%20800'%2F%3E\" alt=\"\" height=\"800\" width=\"2000\" data-nectar-img-src=\"https:\/\/ccla.org\/wp-content\/uploads\/2021\/06\/prisoner-sitting-on-bench-in-prison-room-53YTPBS-600x403.jpg\" data-nectar-img-srcset=\"https:\/\/ccla.org\/wp-content\/uploads\/2021\/06\/prisoner-sitting-on-bench-in-prison-room-53YTPBS-600x403.jpg 600w, https:\/\/ccla.org\/wp-content\/uploads\/2021\/06\/prisoner-sitting-on-bench-in-prison-room-53YTPBS-900x604.jpg 900w, https:\/\/ccla.org\/wp-content\/uploads\/2021\/06\/prisoner-sitting-on-bench-in-prison-room-53YTPBS-400x269.jpg 400w\" sizes=\"auto, (max-width: 600px) 100vw, 600px\" \/><\/div><\/div><\/div><div class=\"content\"><a class=\"nectar-post-grid-link\" href=\"https:\/\/ccla.org\/fr\/rapports-sur-des-cas-majeurs\/covid-19-prisons\/une-action-drastique-est-necessaire-pour-proteger-la-population-incarceree-les-travailleurs-correctionnels-et-les-communautes-au-sens-large\/\" aria-label=\"L&#039;ACLC aux provinces et territoires\u00a0: une action drastique est n\u00e9cessaire maintenant\"><\/a><div class=\"item-main\"><h3 class=\"post-heading\"><a href=\"https:\/\/ccla.org\/fr\/rapports-sur-des-cas-majeurs\/covid-19-prisons\/une-action-drastique-est-necessaire-pour-proteger-la-population-incarceree-les-travailleurs-correctionnels-et-les-communautes-au-sens-large\/\"><span>L&#039;ACLC aux provinces et territoires\u00a0: une action drastique est n\u00e9cessaire maintenant<\/span><\/a><\/h3><div class=\"nectar-post-grid-item__excerpt-wrap item-meta-extra\"><span class=\"meta-excerpt\">L&#039;ACLC aux provinces et territoires : L&#039;ACLC a \u00e9crit aux ministres du gouvernement de tout le pays pour\u2026<\/span><\/div><span class=\"nectar-post-grid-item__meta-wrap\"><span class=\"meta-date\">2 avril 2020<\/span><\/span><\/div><\/div><\/div><\/div><div class=\"nectar-post-grid-item\" style=\"background-color: #ffffff;\" data-post-id=\"2247\" data-has-img=\"true\"> <div class=\"inner\"><div class=\"nectar-post-grid-item-bg-wrap\"><div class=\"nectar-post-grid-item-bg-wrap-inner\"><a class=\"bg-wrap-link\" aria-label=\"Prot\u00e9ger les oubli\u00e9s pendant la r\u00e9ponse du Canada au coronavirus : les emprisonn\u00e9s\" href=\"https:\/\/ccla.org\/fr\/justice-penale\/prisons-prisons-supervision-communautaire\/protecting-the-forgotten-during-canadas-response-to-coronavirus-the-jailed\/\"><\/a><div class=\"nectar-post-grid-item-bg\"><img loading=\"lazy\" decoding=\"async\" class=\"nectar-lazy skip-lazy\" src=\"data:image\/svg+xml;charset=utf-8,%3Csvg%20xmlns%3D'http%3A%2F%2Fwww.w3.org%2F2000%2Fsvg'%20viewBox%3D'0%200%202000%20800'%2F%3E\" alt=\"\" height=\"800\" width=\"2000\" data-nectar-img-src=\"https:\/\/ccla.org\/wp-content\/uploads\/2021\/06\/tattooed-prisoner-standing-in-handcuffs-600x403.jpg\" data-nectar-img-srcset=\"https:\/\/ccla.org\/wp-content\/uploads\/2021\/06\/tattooed-prisoner-standing-in-handcuffs-600x403.jpg 600w, https:\/\/ccla.org\/wp-content\/uploads\/2021\/06\/tattooed-prisoner-standing-in-handcuffs-900x604.jpg 900w, https:\/\/ccla.org\/wp-content\/uploads\/2021\/06\/tattooed-prisoner-standing-in-handcuffs-400x269.jpg 400w\" sizes=\"auto, (max-width: 600px) 100vw, 600px\" \/><\/div><\/div><\/div><div class=\"content\"><a class=\"nectar-post-grid-link\" href=\"https:\/\/ccla.org\/fr\/justice-penale\/prisons-prisons-supervision-communautaire\/protecting-the-forgotten-during-canadas-response-to-coronavirus-the-jailed\/\" aria-label=\"Prot\u00e9ger les oubli\u00e9s pendant la r\u00e9ponse du Canada au coronavirus : les emprisonn\u00e9s\"><\/a><div class=\"item-main\"><h3 class=\"post-heading\"><a href=\"https:\/\/ccla.org\/fr\/justice-penale\/prisons-prisons-supervision-communautaire\/protecting-the-forgotten-during-canadas-response-to-coronavirus-the-jailed\/\"><span>Prot\u00e9ger les oubli\u00e9s pendant la r\u00e9ponse du Canada au coronavirus : les emprisonn\u00e9s<\/span><\/a><\/h3><div class=\"nectar-post-grid-item__excerpt-wrap item-meta-extra\"><span class=\"meta-excerpt\">Le Canada doit prot\u00e9ger ceux qui sont souvent oubli\u00e9s en cas de crise : des personnes l\u00e9galement innocentes d\u00e9tenues\u2026<\/span><\/div><span class=\"nectar-post-grid-item__meta-wrap\"><span class=\"meta-date\">19 mars 2020<\/span><\/span><\/div><\/div><\/div><\/div><div class=\"nectar-post-grid-item\" style=\"background-color: #ffffff;\" data-post-id=\"4158\" data-has-img=\"true\"> <div class=\"inner\"><div class=\"nectar-post-grid-item-bg-wrap\"><div class=\"nectar-post-grid-item-bg-wrap-inner\"><a class=\"bg-wrap-link\" aria-label=\"La Cour supr\u00eame accepte d&#039;entendre l&#039;appel du gouvernement contre la contestation par l&#039;ACLC des lois sur l&#039;isolement cellulaire\" href=\"https:\/\/ccla.org\/fr\/justice-penale\/prisons-prisons-supervision-communautaire\/isolement-cellulaire\/la-cour-supreme-accepte-dentendre-lappel-du-gouvernement-contre-la-contestation-par-la-cclas-des-lois-sur-lisolement-cellulaire\/\"><\/a><div class=\"nectar-post-grid-item-bg\"><img loading=\"lazy\" decoding=\"async\" class=\"nectar-lazy skip-lazy\" src=\"data:image\/svg+xml;charset=utf-8,%3Csvg%20xmlns%3D'http%3A%2F%2Fwww.w3.org%2F2000%2Fsvg'%20viewBox%3D'0%200%202000%20800'%2F%3E\" alt=\"\" height=\"800\" width=\"2000\" data-nectar-img-src=\"https:\/\/ccla.org\/wp-content\/uploads\/2021\/06\/SupremeCourt_tom-carnegie-SdVHStSkYKg-unsplash-600x403.jpg\" data-nectar-img-srcset=\"https:\/\/ccla.org\/wp-content\/uploads\/2021\/06\/SupremeCourt_tom-carnegie-SdVHStSkYKg-unsplash-600x403.jpg 600w, https:\/\/ccla.org\/wp-content\/uploads\/2021\/06\/SupremeCourt_tom-carnegie-SdVHStSkYKg-unsplash-900x604.jpg 900w, https:\/\/ccla.org\/wp-content\/uploads\/2021\/06\/SupremeCourt_tom-carnegie-SdVHStSkYKg-unsplash-400x269.jpg 400w\" sizes=\"auto, (max-width: 600px) 100vw, 600px\" \/><\/div><\/div><\/div><div class=\"content\"><a class=\"nectar-post-grid-link\" href=\"https:\/\/ccla.org\/fr\/justice-penale\/prisons-prisons-supervision-communautaire\/isolement-cellulaire\/la-cour-supreme-accepte-dentendre-lappel-du-gouvernement-contre-la-contestation-par-la-cclas-des-lois-sur-lisolement-cellulaire\/\" aria-label=\"La Cour supr\u00eame accepte d&#039;entendre l&#039;appel du gouvernement contre la contestation par l&#039;ACLC des lois sur l&#039;isolement cellulaire\"><\/a><div class=\"item-main\"><h3 class=\"post-heading\"><a href=\"https:\/\/ccla.org\/fr\/justice-penale\/prisons-prisons-supervision-communautaire\/isolement-cellulaire\/la-cour-supreme-accepte-dentendre-lappel-du-gouvernement-contre-la-contestation-par-la-cclas-des-lois-sur-lisolement-cellulaire\/\"><span>La Cour supr\u00eame accepte d&#039;entendre l&#039;appel du gouvernement contre la contestation par l&#039;ACLC des lois sur l&#039;isolement cellulaire<\/span><\/a><\/h3><div class=\"nectar-post-grid-item__excerpt-wrap item-meta-extra\"><span class=\"meta-excerpt\">Aujourd&#039;hui, la Cour supr\u00eame du Canada a rendu sa d\u00e9cision autorisant le gouvernement du Canada \u00e0\u2026<\/span><\/div><span class=\"nectar-post-grid-item__meta-wrap\"><span class=\"meta-date\">13 f\u00e9vrier 2020<\/span><\/span><\/div><\/div><\/div><\/div><div class=\"nectar-post-grid-item\" style=\"background-color: #ffffff;\" data-post-id=\"3227\" data-has-img=\"true\"> <div class=\"inner\"><div class=\"nectar-post-grid-item-bg-wrap\"><div class=\"nectar-post-grid-item-bg-wrap-inner\"><a class=\"bg-wrap-link\" aria-label=\"Procureur g\u00e9n\u00e9ral du Canada V. Corporation de l&#039;Association canadienne des libert\u00e9s civiles M\u00e9moire\" href=\"https:\/\/ccla.org\/wp-content\/uploads\/2021\/06\/38574-Responding-Application-Record-Corp-of-Canadian-Civil-Liberties-Association-factum.pdf\"><\/a><div class=\"nectar-post-grid-item-bg\"><img loading=\"lazy\" decoding=\"async\" class=\"nectar-lazy skip-lazy\" src=\"data:image\/svg+xml;charset=utf-8,%3Csvg%20xmlns%3D'http%3A%2F%2Fwww.w3.org%2F2000%2Fsvg'%20viewBox%3D'0%200%201180%201012'%2F%3E\" alt=\"\" height=\"1012\" width=\"1180\" data-nectar-img-src=\"https:\/\/ccla.org\/wp-content\/uploads\/2021\/01\/judge-gavel-on-law-books-wooden-desk_1920-e1620087954817-600x403.jpg\" data-nectar-img-srcset=\"https:\/\/ccla.org\/wp-content\/uploads\/2021\/01\/judge-gavel-on-law-books-wooden-desk_1920-e1620087954817-600x403.jpg 600w, https:\/\/ccla.org\/wp-content\/uploads\/2021\/01\/judge-gavel-on-law-books-wooden-desk_1920-e1620087954817-900x604.jpg 900w, https:\/\/ccla.org\/wp-content\/uploads\/2021\/01\/judge-gavel-on-law-books-wooden-desk_1920-e1620087954817-400x269.jpg 400w\" sizes=\"auto, (max-width: 600px) 100vw, 600px\" \/><\/div><\/div><\/div><div class=\"content\"><a class=\"nectar-post-grid-link\" href=\"https:\/\/ccla.org\/wp-content\/uploads\/2021\/06\/38574-Responding-Application-Record-Corp-of-Canadian-Civil-Liberties-Association-factum.pdf\" aria-label=\"Procureur g\u00e9n\u00e9ral du Canada V. Corporation de l&#039;Association canadienne des libert\u00e9s civiles M\u00e9moire\" target=\"_blank\"><\/a><div class=\"item-main\"><h3 class=\"post-heading\"><a href=\"https:\/\/ccla.org\/wp-content\/uploads\/2021\/06\/38574-Responding-Application-Record-Corp-of-Canadian-Civil-Liberties-Association-factum.pdf\"><span>Procureur g\u00e9n\u00e9ral du Canada V. Corporation de l&#039;Association canadienne des libert\u00e9s civiles M\u00e9moire<\/span><\/a><\/h3><div class=\"nectar-post-grid-item__excerpt-wrap item-meta-extra\"><span class=\"meta-excerpt\">Procureur g\u00e9n\u00e9ral du Canada V. Corporation de l&#039;Association canadienne des libert\u00e9s civiles Factum<\/span><\/div><span class=\"nectar-post-grid-item__meta-wrap\"><span class=\"meta-date\">28 juin 2019<\/span><\/span><\/div><\/div><\/div><\/div><div class=\"nectar-post-grid-item\" style=\"background-color: #ffffff;\" data-post-id=\"2280\" data-has-img=\"true\"> <div class=\"inner\"><div class=\"nectar-post-grid-item-bg-wrap\"><div class=\"nectar-post-grid-item-bg-wrap-inner\"><a class=\"bg-wrap-link\" aria-label=\"L&#039;isolement cellulaire : l&#039;affaire continue\" href=\"https:\/\/ccla.org\/fr\/justice-penale\/prisons-prisons-supervision-communautaire\/isolement-cellulaire\/isolement-cellulaire-laffaire-continue\/\"><\/a><div class=\"nectar-post-grid-item-bg\"><img loading=\"lazy\" decoding=\"async\" class=\"nectar-lazy skip-lazy\" src=\"data:image\/svg+xml;charset=utf-8,%3Csvg%20xmlns%3D'http%3A%2F%2Fwww.w3.org%2F2000%2Fsvg'%20viewBox%3D'0%200%202000%20800'%2F%3E\" alt=\"\" height=\"800\" width=\"2000\" data-nectar-img-src=\"https:\/\/ccla.org\/wp-content\/uploads\/2021\/06\/prisoner-sitting-on-bench-in-solitary-HFEMW5K-600x403.jpg\" data-nectar-img-srcset=\"https:\/\/ccla.org\/wp-content\/uploads\/2021\/06\/prisoner-sitting-on-bench-in-solitary-HFEMW5K-600x403.jpg 600w, https:\/\/ccla.org\/wp-content\/uploads\/2021\/06\/prisoner-sitting-on-bench-in-solitary-HFEMW5K-900x604.jpg 900w, https:\/\/ccla.org\/wp-content\/uploads\/2021\/06\/prisoner-sitting-on-bench-in-solitary-HFEMW5K-400x269.jpg 400w\" sizes=\"auto, (max-width: 600px) 100vw, 600px\" \/><\/div><\/div><\/div><div class=\"content\"><a class=\"nectar-post-grid-link\" href=\"https:\/\/ccla.org\/fr\/justice-penale\/prisons-prisons-supervision-communautaire\/isolement-cellulaire\/isolement-cellulaire-laffaire-continue\/\" aria-label=\"L&#039;isolement cellulaire : l&#039;affaire continue\"><\/a><div class=\"item-main\"><h3 class=\"post-heading\"><a href=\"https:\/\/ccla.org\/fr\/justice-penale\/prisons-prisons-supervision-communautaire\/isolement-cellulaire\/isolement-cellulaire-laffaire-continue\/\"><span>L&#039;isolement cellulaire : l&#039;affaire continue<\/span><\/a><\/h3><div class=\"nectar-post-grid-item__excerpt-wrap item-meta-extra\"><span class=\"meta-excerpt\">Le r\u00e9gime d&#039;isolement du Canada doit prendre fin lundi, mais le gouvernement a demand\u00e9...<\/span><\/div><span class=\"nectar-post-grid-item__meta-wrap\"><span class=\"meta-date\">18 juin 2019<\/span><\/span><\/div><\/div><\/div><\/div><div class=\"nectar-post-grid-item\" style=\"background-color: #ffffff;\" data-post-id=\"2364\" data-has-img=\"true\"> <div class=\"inner\"><div class=\"nectar-post-grid-item-bg-wrap\"><div class=\"nectar-post-grid-item-bg-wrap-inner\"><a class=\"bg-wrap-link\" aria-label=\"L&#039;isolement cellulaire n&#039;est pas une plaisanterie - et les tribunaux ne s&#039;amusent pas - ENCORE!\" href=\"https:\/\/ccla.org\/fr\/legalite\/lisolement-cellulaire-nest-pas-une-plaisanterie\/\"><\/a><div class=\"nectar-post-grid-item-bg\"><img loading=\"lazy\" decoding=\"async\" class=\"nectar-lazy skip-lazy\" src=\"data:image\/svg+xml;charset=utf-8,%3Csvg%20xmlns%3D'http%3A%2F%2Fwww.w3.org%2F2000%2Fsvg'%20viewBox%3D'0%200%201200%20480'%2F%3E\" alt=\"\" height=\"480\" width=\"1200\" data-nectar-img-src=\"https:\/\/ccla.org\/wp-content\/uploads\/2021\/06\/SupremeCourt_001-600x403.jpg\" data-nectar-img-srcset=\"https:\/\/ccla.org\/wp-content\/uploads\/2021\/06\/SupremeCourt_001-600x403.jpg 600w, https:\/\/ccla.org\/wp-content\/uploads\/2021\/06\/SupremeCourt_001-400x269.jpg 400w\" sizes=\"auto, (max-width: 600px) 100vw, 600px\" \/><\/div><\/div><\/div><div class=\"content\"><a class=\"nectar-post-grid-link\" href=\"https:\/\/ccla.org\/fr\/legalite\/lisolement-cellulaire-nest-pas-une-plaisanterie\/\" aria-label=\"L&#039;isolement cellulaire n&#039;est pas une plaisanterie - et les tribunaux ne s&#039;amusent pas - ENCORE!\"><\/a><div class=\"item-main\"><h3 class=\"post-heading\"><a href=\"https:\/\/ccla.org\/fr\/legalite\/lisolement-cellulaire-nest-pas-une-plaisanterie\/\"><span>L&#039;isolement cellulaire n&#039;est pas une plaisanterie - et les tribunaux ne s&#039;amusent pas - ENCORE!<\/span><\/a><\/h3><div class=\"nectar-post-grid-item__excerpt-wrap item-meta-extra\"><span class=\"meta-excerpt\">La Cour d&#039;appel de l&#039;Ontario a encore une fois rendu une d\u00e9cision cinglante \u00e0 la\u2026<\/span><\/div><span class=\"nectar-post-grid-item__meta-wrap\"><span class=\"meta-date\">29 avril 2019<\/span><\/span><\/div><\/div><\/div><\/div><div class=\"nectar-post-grid-item\" style=\"background-color: #ffffff;\" data-post-id=\"2369\" data-has-img=\"true\"> <div class=\"inner\"><div class=\"nectar-post-grid-item-bg-wrap\"><div class=\"nectar-post-grid-item-bg-wrap-inner\"><a class=\"bg-wrap-link\" aria-label=\"Cour d&#039;appel de l&#039;Ontario sur la deuxi\u00e8me demande du gouvernement f\u00e9d\u00e9ral de prolongation de l&#039;isolement cellulaire\" href=\"\/wp-content\/uploads\/2021\/06\/2019-04-26-ONCA-decision-on-2nd-extension-of-ONSC-decision.pdf\"><\/a><div class=\"nectar-post-grid-item-bg\"><img loading=\"lazy\" decoding=\"async\" class=\"nectar-lazy skip-lazy\" src=\"data:image\/svg+xml;charset=utf-8,%3Csvg%20xmlns%3D'http%3A%2F%2Fwww.w3.org%2F2000%2Fsvg'%20viewBox%3D'0%200%201180%201012'%2F%3E\" alt=\"\" height=\"1012\" width=\"1180\" data-nectar-img-src=\"https:\/\/ccla.org\/wp-content\/uploads\/2021\/01\/judge-gavel-on-law-books-wooden-desk_1920-e1620087954817-600x403.jpg\" data-nectar-img-srcset=\"https:\/\/ccla.org\/wp-content\/uploads\/2021\/01\/judge-gavel-on-law-books-wooden-desk_1920-e1620087954817-600x403.jpg 600w, https:\/\/ccla.org\/wp-content\/uploads\/2021\/01\/judge-gavel-on-law-books-wooden-desk_1920-e1620087954817-900x604.jpg 900w, https:\/\/ccla.org\/wp-content\/uploads\/2021\/01\/judge-gavel-on-law-books-wooden-desk_1920-e1620087954817-400x269.jpg 400w\" sizes=\"auto, (max-width: 600px) 100vw, 600px\" \/><\/div><\/div><\/div><div class=\"content\"><a class=\"nectar-post-grid-link\" href=\"\/wp-content\/uploads\/2021\/06\/2019-04-26-ONCA-decision-on-2nd-extension-of-ONSC-decision.pdf\" aria-label=\"Cour d&#039;appel de l&#039;Ontario sur la deuxi\u00e8me demande du gouvernement f\u00e9d\u00e9ral de prolongation de l&#039;isolement cellulaire\" target=\"_blank\"><\/a><div class=\"item-main\"><h3 class=\"post-heading\"><a href=\"\/wp-content\/uploads\/2021\/06\/2019-04-26-ONCA-decision-on-2nd-extension-of-ONSC-decision.pdf\"><span>Cour d&#039;appel de l&#039;Ontario sur la deuxi\u00e8me demande du gouvernement f\u00e9d\u00e9ral de prolongation de l&#039;isolement cellulaire<\/span><\/a><\/h3><div class=\"nectar-post-grid-item__excerpt-wrap item-meta-extra\"><span class=\"meta-excerpt\">Cour d&#039;appel de l&#039;Ontario sur la deuxi\u00e8me demande du gouvernement f\u00e9d\u00e9ral de prolongation de l&#039;isolement cellulaire<\/span><\/div><span class=\"nectar-post-grid-item__meta-wrap\"><span class=\"meta-date\">26 avril 2019<\/span><\/span><\/div><\/div><\/div><\/div><div class=\"nectar-post-grid-item\" style=\"background-color: #ffffff;\" data-post-id=\"2421\" data-has-img=\"true\"> <div class=\"inner\"><div class=\"nectar-post-grid-item-bg-wrap\"><div class=\"nectar-post-grid-item-bg-wrap-inner\"><a class=\"bg-wrap-link\" aria-label=\"Mettre fin \u00e0 l&#039;isolement tel que nous le connaissons\" href=\"https:\/\/ccla.org\/fr\/legalite\/la-fin-de-lisolement-cellulaire-tel-que-nous-le-connaissons\/\"><\/a><div class=\"nectar-post-grid-item-bg\"><img loading=\"lazy\" decoding=\"async\" class=\"nectar-lazy skip-lazy\" src=\"data:image\/svg+xml;charset=utf-8,%3Csvg%20xmlns%3D'http%3A%2F%2Fwww.w3.org%2F2000%2Fsvg'%20viewBox%3D'0%200%202000%20800'%2F%3E\" alt=\"\" height=\"800\" width=\"2000\" data-nectar-img-src=\"https:\/\/ccla.org\/wp-content\/uploads\/2021\/06\/tattooed-prisoner-standing-in-handcuffs-600x403.jpg\" data-nectar-img-srcset=\"https:\/\/ccla.org\/wp-content\/uploads\/2021\/06\/tattooed-prisoner-standing-in-handcuffs-600x403.jpg 600w, https:\/\/ccla.org\/wp-content\/uploads\/2021\/06\/tattooed-prisoner-standing-in-handcuffs-900x604.jpg 900w, https:\/\/ccla.org\/wp-content\/uploads\/2021\/06\/tattooed-prisoner-standing-in-handcuffs-400x269.jpg 400w\" sizes=\"auto, (max-width: 600px) 100vw, 600px\" \/><\/div><\/div><\/div><div class=\"content\"><a class=\"nectar-post-grid-link\" href=\"https:\/\/ccla.org\/fr\/legalite\/la-fin-de-lisolement-cellulaire-tel-que-nous-le-connaissons\/\" aria-label=\"Mettre fin \u00e0 l&#039;isolement tel que nous le connaissons\"><\/a><div class=\"item-main\"><h3 class=\"post-heading\"><a href=\"https:\/\/ccla.org\/fr\/legalite\/la-fin-de-lisolement-cellulaire-tel-que-nous-le-connaissons\/\"><span>Mettre fin \u00e0 l&#039;isolement tel que nous le connaissons<\/span><\/a><\/h3><div class=\"nectar-post-grid-item__excerpt-wrap item-meta-extra\"><span class=\"meta-excerpt\">Dans une d\u00e9cision extraordinaire, la Cour d&#039;appel de l&#039;Ontario a ordonn\u00e9 la fin des\u2026<\/span><\/div><span class=\"nectar-post-grid-item__meta-wrap\"><span class=\"meta-date\">28 mars 2019<\/span><\/span><\/div><\/div><\/div><\/div><div class=\"nectar-post-grid-item\" style=\"background-color: #ffffff;\" data-post-id=\"2483\" data-has-img=\"true\"> <div class=\"inner\"><div class=\"nectar-post-grid-item-bg-wrap\"><div class=\"nectar-post-grid-item-bg-wrap-inner\"><a class=\"bg-wrap-link\" aria-label=\"Aucun recours et aucun droit \u2013 SCC frappe un double coup\" href=\"https:\/\/ccla.org\/fr\/justice-penale\/recours-constitutionnels\/no-remedy-and-no-right-scc-strikes-a\/\"><\/a><div class=\"nectar-post-grid-item-bg\"><img loading=\"lazy\" decoding=\"async\" class=\"nectar-lazy skip-lazy\" src=\"data:image\/svg+xml;charset=utf-8,%3Csvg%20xmlns%3D'http%3A%2F%2Fwww.w3.org%2F2000%2Fsvg'%20viewBox%3D'0%200%202000%20800'%2F%3E\" alt=\"\" height=\"800\" width=\"2000\" data-nectar-img-src=\"https:\/\/ccla.org\/wp-content\/uploads\/2021\/06\/ScalesOfJustice-DZpc4UY8ZtY-unsplash-600x403.jpg\" data-nectar-img-srcset=\"https:\/\/ccla.org\/wp-content\/uploads\/2021\/06\/ScalesOfJustice-DZpc4UY8ZtY-unsplash-600x403.jpg 600w, https:\/\/ccla.org\/wp-content\/uploads\/2021\/06\/ScalesOfJustice-DZpc4UY8ZtY-unsplash-900x604.jpg 900w, https:\/\/ccla.org\/wp-content\/uploads\/2021\/06\/ScalesOfJustice-DZpc4UY8ZtY-unsplash-400x269.jpg 400w\" sizes=\"auto, (max-width: 600px) 100vw, 600px\" \/><\/div><\/div><\/div><div class=\"content\"><a class=\"nectar-post-grid-link\" href=\"https:\/\/ccla.org\/fr\/justice-penale\/recours-constitutionnels\/no-remedy-and-no-right-scc-strikes-a\/\" aria-label=\"Aucun recours et aucun droit \u2013 SCC frappe un double coup\"><\/a><div class=\"item-main\"><h3 class=\"post-heading\"><a href=\"https:\/\/ccla.org\/fr\/justice-penale\/recours-constitutionnels\/no-remedy-and-no-right-scc-strikes-a\/\"><span>Aucun recours et aucun droit \u2013 SCC frappe un double coup<\/span><\/a><\/h3><div class=\"nectar-post-grid-item__excerpt-wrap item-meta-extra\"><span class=\"meta-excerpt\">L&#039;Association canadienne des libert\u00e9s civiles (ACLC) contestera l&#039;injonction exceptionnellement large du gouvernement de la Nouvelle-\u00c9cosse limitant\u2026<\/span><\/div><span class=\"nectar-post-grid-item__meta-wrap\"><span class=\"meta-date\">8 f\u00e9vrier 2019<\/span><\/span><\/div><\/div><\/div><\/div><div class=\"nectar-post-grid-item\" style=\"background-color: #ffffff;\" data-post-id=\"2487\" data-has-img=\"true\"> <div class=\"inner\"><div class=\"nectar-post-grid-item-bg-wrap\"><div class=\"nectar-post-grid-item-bg-wrap-inner\"><a class=\"bg-wrap-link\" aria-label=\"\u00catre en fauteuil roulant n&#039;est pas une raison pour \u00eatre d\u00e9tenu \u00e0 l&#039;isolement\" href=\"https:\/\/ccla.org\/fr\/justice-penale\/prisons-prisons-supervision-communautaire\/etre-en-fauteuil-roulant-nest-pas-une-raison-detre\/\"><\/a><div class=\"nectar-post-grid-item-bg\"><img loading=\"lazy\" decoding=\"async\" class=\"nectar-lazy skip-lazy\" src=\"data:image\/svg+xml;charset=utf-8,%3Csvg%20xmlns%3D'http%3A%2F%2Fwww.w3.org%2F2000%2Fsvg'%20viewBox%3D'0%200%202000%20800'%2F%3E\" alt=\"\" height=\"800\" width=\"2000\" data-nectar-img-src=\"https:\/\/ccla.org\/wp-content\/uploads\/2021\/06\/patient-wheelchairs-parked-in-front-of-the-hospita-EHB8VDJ-600x403.jpg\" data-nectar-img-srcset=\"https:\/\/ccla.org\/wp-content\/uploads\/2021\/06\/patient-wheelchairs-parked-in-front-of-the-hospita-EHB8VDJ-600x403.jpg 600w, https:\/\/ccla.org\/wp-content\/uploads\/2021\/06\/patient-wheelchairs-parked-in-front-of-the-hospita-EHB8VDJ-900x604.jpg 900w, https:\/\/ccla.org\/wp-content\/uploads\/2021\/06\/patient-wheelchairs-parked-in-front-of-the-hospita-EHB8VDJ-400x269.jpg 400w\" sizes=\"auto, (max-width: 600px) 100vw, 600px\" \/><\/div><\/div><\/div><div class=\"content\"><a class=\"nectar-post-grid-link\" href=\"https:\/\/ccla.org\/fr\/justice-penale\/prisons-prisons-supervision-communautaire\/etre-en-fauteuil-roulant-nest-pas-une-raison-detre\/\" aria-label=\"\u00catre en fauteuil roulant n&#039;est pas une raison pour \u00eatre d\u00e9tenu \u00e0 l&#039;isolement\"><\/a><div class=\"item-main\"><h3 class=\"post-heading\"><a href=\"https:\/\/ccla.org\/fr\/justice-penale\/prisons-prisons-supervision-communautaire\/etre-en-fauteuil-roulant-nest-pas-une-raison-detre\/\"><span>\u00catre en fauteuil roulant n&#039;est pas une raison pour \u00eatre d\u00e9tenu \u00e0 l&#039;isolement<\/span><\/a><\/h3><div class=\"nectar-post-grid-item__excerpt-wrap item-meta-extra\"><span class=\"meta-excerpt\">Gregory Allen a \u00e9t\u00e9 plac\u00e9 \u00e0 l&#039;isolement parce qu&#039;il est en fauteuil roulant. Il a \u00e9t\u00e9 d\u00e9tenu \u00e0\u2026<\/span><\/div><span class=\"nectar-post-grid-item__meta-wrap\"><span class=\"meta-date\">7 f\u00e9vrier 2019<\/span><\/span><\/div><\/div><\/div><\/div><div class=\"nectar-post-grid-item\" style=\"background-color: #ffffff;\" data-post-id=\"2498\" data-has-img=\"true\"> <div class=\"inner\"><div class=\"nectar-post-grid-item-bg-wrap\"><div class=\"nectar-post-grid-item-bg-wrap-inner\"><a class=\"bg-wrap-link\" aria-label=\"L&#039;ACLC \u00e0 la Cour supr\u00eame : Une violation de la Charte n\u00e9cessite-t-elle un recours?\" href=\"https:\/\/ccla.org\/fr\/justice-penale\/proces-equitable-procedure-reguliere-condamnation\/la-ccla-a-la-cour-supreme-une-violation-de-la-charte-necessite-t-elle-un-recours\/\"><\/a><div class=\"nectar-post-grid-item-bg\"><img loading=\"lazy\" decoding=\"async\" class=\"nectar-lazy skip-lazy\" src=\"data:image\/svg+xml;charset=utf-8,%3Csvg%20xmlns%3D'http%3A%2F%2Fwww.w3.org%2F2000%2Fsvg'%20viewBox%3D'0%200%20800%20800'%2F%3E\" alt=\"\" height=\"800\" width=\"800\" data-nectar-img-src=\"https:\/\/ccla.org\/wp-content\/uploads\/2021\/04\/Supreme-court_800-600x403.jpg\" data-nectar-img-srcset=\"https:\/\/ccla.org\/wp-content\/uploads\/2021\/04\/Supreme-court_800-600x403.jpg 600w, https:\/\/ccla.org\/wp-content\/uploads\/2021\/04\/Supreme-court_800-400x269.jpg 400w\" sizes=\"auto, (max-width: 600px) 100vw, 600px\" \/><\/div><\/div><\/div><div class=\"content\"><a class=\"nectar-post-grid-link\" href=\"https:\/\/ccla.org\/fr\/justice-penale\/proces-equitable-procedure-reguliere-condamnation\/la-ccla-a-la-cour-supreme-une-violation-de-la-charte-necessite-t-elle-un-recours\/\" aria-label=\"L&#039;ACLC \u00e0 la Cour supr\u00eame : Une violation de la Charte n\u00e9cessite-t-elle un recours?\"><\/a><div class=\"item-main\"><h3 class=\"post-heading\"><a href=\"https:\/\/ccla.org\/fr\/justice-penale\/proces-equitable-procedure-reguliere-condamnation\/la-ccla-a-la-cour-supreme-une-violation-de-la-charte-necessite-t-elle-un-recours\/\"><span>L&#039;ACLC \u00e0 la Cour supr\u00eame : Une violation de la Charte n\u00e9cessite-t-elle un recours?<\/span><\/a><\/h3><div class=\"nectar-post-grid-item__excerpt-wrap item-meta-extra\"><span class=\"meta-excerpt\">M. Bird fait trop d&#039;oiseaux est la question devant la Cour supr\u00eame du Canada\u2026<\/span><\/div><span class=\"nectar-post-grid-item__meta-wrap\"><span class=\"meta-date\">6 f\u00e9vrier 2019<\/span><\/span><\/div><\/div><\/div><\/div><div class=\"nectar-post-grid-item\" style=\"background-color: #ffffff;\" data-post-id=\"2545\" data-has-img=\"true\"> <div class=\"inner\"><div class=\"nectar-post-grid-item-bg-wrap\"><div class=\"nectar-post-grid-item-bg-wrap-inner\"><a class=\"bg-wrap-link\" aria-label=\"L&#039;ACLC remporte une bataille importante contre le gouvernement f\u00e9d\u00e9ral sur l&#039;isolement cellulaire\" href=\"https:\/\/ccla.org\/fr\/justice-penale\/prisons-prisons-supervision-communautaire\/la-clca-remporte-une-importante-bataille-contre-les-autorites-federales-en-matiere-disolement-cellulaire\/\"><\/a><div class=\"nectar-post-grid-item-bg\"><img loading=\"lazy\" decoding=\"async\" class=\"nectar-lazy skip-lazy\" src=\"data:image\/svg+xml;charset=utf-8,%3Csvg%20xmlns%3D'http%3A%2F%2Fwww.w3.org%2F2000%2Fsvg'%20viewBox%3D'0%200%202000%20800'%2F%3E\" alt=\"\" height=\"800\" width=\"2000\" data-nectar-img-src=\"https:\/\/ccla.org\/wp-content\/uploads\/2021\/06\/prisoner-sitting-on-bench-in-solitary-HFEMW5K-600x403.jpg\" data-nectar-img-srcset=\"https:\/\/ccla.org\/wp-content\/uploads\/2021\/06\/prisoner-sitting-on-bench-in-solitary-HFEMW5K-600x403.jpg 600w, https:\/\/ccla.org\/wp-content\/uploads\/2021\/06\/prisoner-sitting-on-bench-in-solitary-HFEMW5K-900x604.jpg 900w, https:\/\/ccla.org\/wp-content\/uploads\/2021\/06\/prisoner-sitting-on-bench-in-solitary-HFEMW5K-400x269.jpg 400w\" sizes=\"auto, (max-width: 600px) 100vw, 600px\" \/><\/div><\/div><\/div><div class=\"content\"><a class=\"nectar-post-grid-link\" href=\"https:\/\/ccla.org\/fr\/justice-penale\/prisons-prisons-supervision-communautaire\/la-clca-remporte-une-importante-bataille-contre-les-autorites-federales-en-matiere-disolement-cellulaire\/\" aria-label=\"L&#039;ACLC remporte une bataille importante contre le gouvernement f\u00e9d\u00e9ral sur l&#039;isolement cellulaire\"><\/a><div class=\"item-main\"><h3 class=\"post-heading\"><a href=\"https:\/\/ccla.org\/fr\/justice-penale\/prisons-prisons-supervision-communautaire\/la-clca-remporte-une-importante-bataille-contre-les-autorites-federales-en-matiere-disolement-cellulaire\/\"><span>L&#039;ACLC remporte une bataille importante contre le gouvernement f\u00e9d\u00e9ral sur l&#039;isolement cellulaire<\/span><\/a><\/h3><div class=\"nectar-post-grid-item__excerpt-wrap item-meta-extra\"><span class=\"meta-excerpt\">Le gouvernement f\u00e9d\u00e9ral a \u00e9t\u00e9 r\u00e9primand\u00e9 aujourd&#039;hui par le juge en chef de l&#039;Ontario et son plus haut tribunal,\u2026<\/span><\/div><span class=\"nectar-post-grid-item__meta-wrap\"><span class=\"meta-date\">17 d\u00e9cembre 2018<\/span><\/span><\/div><\/div><\/div><\/div><div class=\"nectar-post-grid-item\" style=\"background-color: #ffffff;\" data-post-id=\"2613\" data-has-img=\"true\"> <div class=\"inner\"><div class=\"nectar-post-grid-item-bg-wrap\"><div class=\"nectar-post-grid-item-bg-wrap-inner\"><a class=\"bg-wrap-link\" aria-label=\"Des groupes de d\u00e9fense des droits contestant l&#039;isolement cellulaire en cour publient une d\u00e9claration conjointe sur le projet de loi C-83\" href=\"https:\/\/ccla.org\/fr\/justice-penale\/prisons-prisons-supervision-communautaire\/rights-groups-challenging-solitary-confinement-in-court-release-joint-statement-on-bill-c83\/\"><\/a><div class=\"nectar-post-grid-item-bg\"><img loading=\"lazy\" decoding=\"async\" class=\"nectar-lazy skip-lazy\" src=\"data:image\/svg+xml;charset=utf-8,%3Csvg%20xmlns%3D'http%3A%2F%2Fwww.w3.org%2F2000%2Fsvg'%20viewBox%3D'0%200%202000%20800'%2F%3E\" alt=\"\" height=\"800\" width=\"2000\" data-nectar-img-src=\"https:\/\/ccla.org\/wp-content\/uploads\/2021\/06\/handcuffed-prisoners-waiting-at-jailhouse-wall-FFUHK3L-600x403.jpg\" data-nectar-img-srcset=\"https:\/\/ccla.org\/wp-content\/uploads\/2021\/06\/handcuffed-prisoners-waiting-at-jailhouse-wall-FFUHK3L-600x403.jpg 600w, https:\/\/ccla.org\/wp-content\/uploads\/2021\/06\/handcuffed-prisoners-waiting-at-jailhouse-wall-FFUHK3L-900x604.jpg 900w, https:\/\/ccla.org\/wp-content\/uploads\/2021\/06\/handcuffed-prisoners-waiting-at-jailhouse-wall-FFUHK3L-400x269.jpg 400w\" sizes=\"auto, (max-width: 600px) 100vw, 600px\" \/><\/div><\/div><\/div><div class=\"content\"><a class=\"nectar-post-grid-link\" href=\"https:\/\/ccla.org\/fr\/justice-penale\/prisons-prisons-supervision-communautaire\/rights-groups-challenging-solitary-confinement-in-court-release-joint-statement-on-bill-c83\/\" aria-label=\"Des groupes de d\u00e9fense des droits contestant l&#039;isolement cellulaire en cour publient une d\u00e9claration conjointe sur le projet de loi C-83\"><\/a><div class=\"item-main\"><h3 class=\"post-heading\"><a href=\"https:\/\/ccla.org\/fr\/justice-penale\/prisons-prisons-supervision-communautaire\/rights-groups-challenging-solitary-confinement-in-court-release-joint-statement-on-bill-c83\/\"><span>Des groupes de d\u00e9fense des droits contestant l&#039;isolement cellulaire en cour publient une d\u00e9claration conjointe sur le projet de loi C-83<\/span><\/a><\/h3><div class=\"nectar-post-grid-item__excerpt-wrap item-meta-extra\"><span class=\"meta-excerpt\">Aujourd&#039;hui, les trois organisations qui combattent le gouvernement f\u00e9d\u00e9ral devant les tribunaux de la Colombie-Britannique et de l&#039;Ontario \u00e0 l&#039;isolement\u2026<\/span><\/div><span class=\"nectar-post-grid-item__meta-wrap\"><span class=\"meta-date\">16 octobre 2018<\/span><\/span><\/div><\/div><\/div><\/div><div class=\"nectar-post-grid-item\" style=\"background-color: #ffffff;\" data-post-id=\"2714\" data-has-img=\"true\"> <div class=\"inner\"><div class=\"nectar-post-grid-item-bg-wrap\"><div class=\"nectar-post-grid-item-bg-wrap-inner\"><a class=\"bg-wrap-link\" aria-label=\"Tenez votre promesse sur l&#039;isolement cellulaire, disent des groupes \u00e0 Ottawa\" href=\"https:\/\/ccla.org\/fr\/justice-penale\/prisons-prisons-supervision-communautaire\/isolement-cellulaire\/tenez-votre-promesse-sur-lisolement-cellulaire-disent-les-groupes-a-ottawa\/\"><\/a><div class=\"nectar-post-grid-item-bg\"><img loading=\"lazy\" decoding=\"async\" class=\"nectar-lazy skip-lazy\" src=\"data:image\/svg+xml;charset=utf-8,%3Csvg%20xmlns%3D'http%3A%2F%2Fwww.w3.org%2F2000%2Fsvg'%20viewBox%3D'0%200%202000%20800'%2F%3E\" alt=\"\" height=\"800\" width=\"2000\" data-nectar-img-src=\"https:\/\/ccla.org\/wp-content\/uploads\/2021\/06\/black-man-in-prison-7DTGV6M-600x403.jpg\" data-nectar-img-srcset=\"https:\/\/ccla.org\/wp-content\/uploads\/2021\/06\/black-man-in-prison-7DTGV6M-600x403.jpg 600w, https:\/\/ccla.org\/wp-content\/uploads\/2021\/06\/black-man-in-prison-7DTGV6M-900x604.jpg 900w, https:\/\/ccla.org\/wp-content\/uploads\/2021\/06\/black-man-in-prison-7DTGV6M-400x269.jpg 400w\" sizes=\"auto, (max-width: 600px) 100vw, 600px\" \/><\/div><\/div><\/div><div class=\"content\"><a class=\"nectar-post-grid-link\" href=\"https:\/\/ccla.org\/fr\/justice-penale\/prisons-prisons-supervision-communautaire\/isolement-cellulaire\/tenez-votre-promesse-sur-lisolement-cellulaire-disent-les-groupes-a-ottawa\/\" aria-label=\"Tenez votre promesse sur l&#039;isolement cellulaire, disent des groupes \u00e0 Ottawa\"><\/a><div class=\"item-main\"><h3 class=\"post-heading\"><a href=\"https:\/\/ccla.org\/fr\/justice-penale\/prisons-prisons-supervision-communautaire\/isolement-cellulaire\/tenez-votre-promesse-sur-lisolement-cellulaire-disent-les-groupes-a-ottawa\/\"><span>Tenez votre promesse sur l&#039;isolement cellulaire, disent des groupes \u00e0 Ottawa<\/span><\/a><\/h3><div class=\"nectar-post-grid-item__excerpt-wrap item-meta-extra\"><span class=\"meta-excerpt\">Les groupes de d\u00e9fense des droits dans les contestations judiciaires s&#039;unissent pour exhorter le gouvernement \u00e0 se conformer aux ordonnances des tribunaux.<\/span><\/div><span class=\"nectar-post-grid-item__meta-wrap\"><span class=\"meta-date\">14 mai 2018<\/span><\/span><\/div><\/div><\/div><\/div><div class=\"nectar-post-grid-item\" style=\"background-color: #ffffff;\" data-post-id=\"2749\" data-has-img=\"true\"> <div class=\"inner\"><div class=\"nectar-post-grid-item-bg-wrap\"><div class=\"nectar-post-grid-item-bg-wrap-inner\"><a class=\"bg-wrap-link\" aria-label=\"La contestation judiciaire de l&#039;ACLC contre l&#039;isolement cellulaire\u00a0: la prochaine \u00e9tape\" href=\"https:\/\/ccla.org\/fr\/justice-penale\/prisons-prisons-supervision-communautaire\/ccla-court-challenge-to-solitary-confinement-the-next-step\/\"><\/a><div class=\"nectar-post-grid-item-bg\"><img loading=\"lazy\" decoding=\"async\" class=\"nectar-lazy skip-lazy\" src=\"data:image\/svg+xml;charset=utf-8,%3Csvg%20xmlns%3D'http%3A%2F%2Fwww.w3.org%2F2000%2Fsvg'%20viewBox%3D'0%200%202000%20800'%2F%3E\" alt=\"\" height=\"800\" width=\"2000\" data-nectar-img-src=\"https:\/\/ccla.org\/wp-content\/uploads\/2021\/06\/handcuffed-hands-of-a-prisoner-behind-the-bars-of-M3VJPR3-600x403.jpg\" data-nectar-img-srcset=\"https:\/\/ccla.org\/wp-content\/uploads\/2021\/06\/handcuffed-hands-of-a-prisoner-behind-the-bars-of-M3VJPR3-600x403.jpg 600w, https:\/\/ccla.org\/wp-content\/uploads\/2021\/06\/handcuffed-hands-of-a-prisoner-behind-the-bars-of-M3VJPR3-900x604.jpg 900w, https:\/\/ccla.org\/wp-content\/uploads\/2021\/06\/handcuffed-hands-of-a-prisoner-behind-the-bars-of-M3VJPR3-400x269.jpg 400w\" sizes=\"auto, (max-width: 600px) 100vw, 600px\" \/><\/div><\/div><\/div><div class=\"content\"><a class=\"nectar-post-grid-link\" href=\"https:\/\/ccla.org\/fr\/justice-penale\/prisons-prisons-supervision-communautaire\/ccla-court-challenge-to-solitary-confinement-the-next-step\/\" aria-label=\"La contestation judiciaire de l&#039;ACLC contre l&#039;isolement cellulaire\u00a0: la prochaine \u00e9tape\"><\/a><div class=\"item-main\"><h3 class=\"post-heading\"><a href=\"https:\/\/ccla.org\/fr\/justice-penale\/prisons-prisons-supervision-communautaire\/ccla-court-challenge-to-solitary-confinement-the-next-step\/\"><span>La contestation judiciaire de l&#039;ACLC contre l&#039;isolement cellulaire\u00a0: la prochaine \u00e9tape<\/span><\/a><\/h3><div class=\"nectar-post-grid-item__excerpt-wrap item-meta-extra\"><span class=\"meta-excerpt\">L&#039;Association canadienne des libert\u00e9s civiles (ACLC) contestera l&#039;injonction exceptionnellement large du gouvernement de la Nouvelle-\u00c9cosse limitant\u2026<\/span><\/div><span class=\"nectar-post-grid-item__meta-wrap\"><span class=\"meta-date\">6 avril 2018<\/span><\/span><\/div><\/div><\/div><\/div><div class=\"nectar-post-grid-item\" style=\"background-color: #ffffff;\" data-post-id=\"2838\" data-has-img=\"true\"> <div class=\"inner\"><div class=\"nectar-post-grid-item-bg-wrap\"><div class=\"nectar-post-grid-item-bg-wrap-inner\"><a class=\"bg-wrap-link\" aria-label=\"La lutte juridique contre l&#039;isolement se poursuit\" href=\"https:\/\/ccla.org\/fr\/legalite\/la-lutte-juridique-contre-lisolement-cellulaire-se-poursuit\/\"><\/a><div class=\"nectar-post-grid-item-bg\"><img loading=\"lazy\" decoding=\"async\" class=\"nectar-lazy skip-lazy\" src=\"data:image\/svg+xml;charset=utf-8,%3Csvg%20xmlns%3D'http%3A%2F%2Fwww.w3.org%2F2000%2Fsvg'%20viewBox%3D'0%200%20624%20565'%2F%3E\" alt=\"\" height=\"565\" width=\"624\" data-nectar-img-src=\"https:\/\/ccla.org\/wp-content\/uploads\/2021\/06\/iStock_000005988434_Large-624x565-1-600x403.jpg\" data-nectar-img-srcset=\"https:\/\/ccla.org\/wp-content\/uploads\/2021\/06\/iStock_000005988434_Large-624x565-1-600x403.jpg 600w, https:\/\/ccla.org\/wp-content\/uploads\/2021\/06\/iStock_000005988434_Large-624x565-1-400x269.jpg 400w\" sizes=\"auto, (max-width: 600px) 100vw, 600px\" \/><\/div><\/div><\/div><div class=\"content\"><a class=\"nectar-post-grid-link\" href=\"https:\/\/ccla.org\/fr\/legalite\/la-lutte-juridique-contre-lisolement-cellulaire-se-poursuit\/\" aria-label=\"La lutte juridique contre l&#039;isolement se poursuit\"><\/a><div class=\"item-main\"><h3 class=\"post-heading\"><a href=\"https:\/\/ccla.org\/fr\/legalite\/la-lutte-juridique-contre-lisolement-cellulaire-se-poursuit\/\"><span>La lutte juridique contre l&#039;isolement se poursuit<\/span><\/a><\/h3><div class=\"nectar-post-grid-item__excerpt-wrap item-meta-extra\"><span class=\"meta-excerpt\">Le 18 d\u00e9cembre 2017, le juge en chef adjoint Frank Marrocco de la Cour sup\u00e9rieure de l&#039;Ontario a rendu\u2026<\/span><\/div><span class=\"nectar-post-grid-item__meta-wrap\"><span class=\"meta-date\">17 janvier 2018<\/span><\/span><\/div><\/div><\/div><\/div><div class=\"nectar-post-grid-item\" style=\"background-color: #ffffff;\" data-post-id=\"2860\" data-has-img=\"true\"> <div class=\"inner\"><div class=\"nectar-post-grid-item-bg-wrap\"><div class=\"nectar-post-grid-item-bg-wrap-inner\"><a class=\"bg-wrap-link\" aria-label=\"La Cour annule le r\u00e9gime d&#039;isolement cellulaire en r\u00e9ponse \u00e0 la contestation de l&#039;ACLC\" href=\"https:\/\/ccla.org\/fr\/legalite\/la-cour-annule-le-regime-disolement-en-reponse-a-la-contestation-de-la-cclas\/\"><\/a><div class=\"nectar-post-grid-item-bg\"><img loading=\"lazy\" decoding=\"async\" class=\"nectar-lazy skip-lazy\" src=\"data:image\/svg+xml;charset=utf-8,%3Csvg%20xmlns%3D'http%3A%2F%2Fwww.w3.org%2F2000%2Fsvg'%20viewBox%3D'0%200%20630%20397'%2F%3E\" alt=\"\" height=\"397\" width=\"630\" data-nectar-img-src=\"https:\/\/ccla.org\/wp-content\/uploads\/2021\/06\/Prisons-960x400-1-600x397.jpg\" data-nectar-img-srcset=\"https:\/\/ccla.org\/wp-content\/uploads\/2021\/06\/Prisons-960x400-1-600x397.jpg 600w, https:\/\/ccla.org\/wp-content\/uploads\/2021\/06\/Prisons-960x400-1-16x10.jpg 16w\" sizes=\"auto, (max-width: 600px) 100vw, 600px\" \/><\/div><\/div><\/div><div class=\"content\"><a class=\"nectar-post-grid-link\" href=\"https:\/\/ccla.org\/fr\/legalite\/la-cour-annule-le-regime-disolement-en-reponse-a-la-contestation-de-la-cclas\/\" aria-label=\"La Cour annule le r\u00e9gime d&#039;isolement cellulaire en r\u00e9ponse \u00e0 la contestation de l&#039;ACLC\"><\/a><div class=\"item-main\"><h3 class=\"post-heading\"><a href=\"https:\/\/ccla.org\/fr\/legalite\/la-cour-annule-le-regime-disolement-en-reponse-a-la-contestation-de-la-cclas\/\"><span>La Cour annule le r\u00e9gime d&#039;isolement cellulaire en r\u00e9ponse \u00e0 la contestation de l&#039;ACLC<\/span><\/a><\/h3><div class=\"nectar-post-grid-item__excerpt-wrap item-meta-extra\"><span class=\"meta-excerpt\">TORONTO, Ont. \u2013 Dans une victoire pour les libert\u00e9s civiles, le juge en chef adjoint Frank Marrocco de\u2026<\/span><\/div><span class=\"nectar-post-grid-item__meta-wrap\"><span class=\"meta-date\">18 d\u00e9cembre 2017<\/span><\/span><\/div><\/div><\/div><\/div><div class=\"nectar-post-grid-item\" style=\"background-color: #ffffff;\" data-post-id=\"2904\" data-has-img=\"true\"> <div class=\"inner\"><div class=\"nectar-post-grid-item-bg-wrap\"><div class=\"nectar-post-grid-item-bg-wrap-inner\"><a class=\"bg-wrap-link\" aria-label=\"D\u00e9fi d&#039;isolement de l&#039;ACLC\" href=\"https:\/\/ccla.org\/fr\/legalite\/ccla-segregation-challenge\/\"><\/a><div class=\"nectar-post-grid-item-bg\"><img loading=\"lazy\" decoding=\"async\" class=\"nectar-lazy skip-lazy\" src=\"data:image\/svg+xml;charset=utf-8,%3Csvg%20xmlns%3D'http%3A%2F%2Fwww.w3.org%2F2000%2Fsvg'%20viewBox%3D'0%200%202000%20800'%2F%3E\" alt=\"\" height=\"800\" width=\"2000\" data-nectar-img-src=\"https:\/\/ccla.org\/wp-content\/uploads\/2021\/06\/CCCL_general_crowd_2000x800-600x403.jpg\" data-nectar-img-srcset=\"https:\/\/ccla.org\/wp-content\/uploads\/2021\/06\/CCCL_general_crowd_2000x800-600x403.jpg 600w, https:\/\/ccla.org\/wp-content\/uploads\/2021\/06\/CCCL_general_crowd_2000x800-900x604.jpg 900w, https:\/\/ccla.org\/wp-content\/uploads\/2021\/06\/CCCL_general_crowd_2000x800-400x269.jpg 400w\" sizes=\"auto, (max-width: 600px) 100vw, 600px\" \/><\/div><\/div><\/div><div class=\"content\"><a class=\"nectar-post-grid-link\" href=\"https:\/\/ccla.org\/fr\/legalite\/ccla-segregation-challenge\/\" aria-label=\"D\u00e9fi d&#039;isolement de l&#039;ACLC\"><\/a><div class=\"item-main\"><h3 class=\"post-heading\"><a href=\"https:\/\/ccla.org\/fr\/legalite\/ccla-segregation-challenge\/\"><span>D\u00e9fi d&#039;isolement de l&#039;ACLC<\/span><\/a><\/h3><div class=\"nectar-post-grid-item__excerpt-wrap item-meta-extra\"><span class=\"meta-excerpt\">L&#039;Association canadienne des libert\u00e9s civiles (ACLC) contestera l&#039;injonction exceptionnellement large du gouvernement de la Nouvelle-\u00c9cosse limitant\u2026<\/span><\/div><span class=\"nectar-post-grid-item__meta-wrap\"><span class=\"meta-date\">13 septembre 2017<\/span><\/span><\/div><\/div><\/div><\/div><div class=\"nectar-post-grid-item\" style=\"background-color: #ffffff;\" data-post-id=\"2943\" data-has-img=\"true\"> <div class=\"inner\"><div class=\"nectar-post-grid-item-bg-wrap\"><div class=\"nectar-post-grid-item-bg-wrap-inner\"><a class=\"bg-wrap-link\" aria-label=\"L&#039;ACLC demande au tribunal de mettre fin \u00e0 l&#039;isolement cellulaire \u2013 L&#039;audience commence le 11 septembre\" href=\"https:\/\/ccla.org\/fr\/justice-penale\/prisons-prisons-supervision-communautaire\/la-ccla-demande-a-la-cour-de-mettre-fin-a-lisolement-cellulaire-laudience-commence-le-11-septembre\/\"><\/a><div class=\"nectar-post-grid-item-bg\"><img loading=\"lazy\" decoding=\"async\" class=\"nectar-lazy skip-lazy\" src=\"data:image\/svg+xml;charset=utf-8,%3Csvg%20xmlns%3D'http%3A%2F%2Fwww.w3.org%2F2000%2Fsvg'%20viewBox%3D'0%200%20624%20565'%2F%3E\" alt=\"\" height=\"565\" width=\"624\" data-nectar-img-src=\"https:\/\/ccla.org\/wp-content\/uploads\/2021\/06\/iStock_000005988434_Large-624x565-1-600x403.jpg\" data-nectar-img-srcset=\"https:\/\/ccla.org\/wp-content\/uploads\/2021\/06\/iStock_000005988434_Large-624x565-1-600x403.jpg 600w, https:\/\/ccla.org\/wp-content\/uploads\/2021\/06\/iStock_000005988434_Large-624x565-1-400x269.jpg 400w\" sizes=\"auto, (max-width: 600px) 100vw, 600px\" \/><\/div><\/div><\/div><div class=\"content\"><a class=\"nectar-post-grid-link\" href=\"https:\/\/ccla.org\/fr\/justice-penale\/prisons-prisons-supervision-communautaire\/la-ccla-demande-a-la-cour-de-mettre-fin-a-lisolement-cellulaire-laudience-commence-le-11-septembre\/\" aria-label=\"L&#039;ACLC demande au tribunal de mettre fin \u00e0 l&#039;isolement cellulaire \u2013 L&#039;audience commence le 11 septembre\"><\/a><div class=\"item-main\"><h3 class=\"post-heading\"><a href=\"https:\/\/ccla.org\/fr\/justice-penale\/prisons-prisons-supervision-communautaire\/la-ccla-demande-a-la-cour-de-mettre-fin-a-lisolement-cellulaire-laudience-commence-le-11-septembre\/\"><span>L&#039;ACLC demande au tribunal de mettre fin \u00e0 l&#039;isolement cellulaire \u2013 L&#039;audience commence le 11 septembre<\/span><\/a><\/h3><div class=\"nectar-post-grid-item__excerpt-wrap item-meta-extra\"><span class=\"meta-excerpt\">TORONTO, Ont. \u2013 Les 11, 13, 14 et 15 septembre, l&#039;Association canadienne des libert\u00e9s civiles\u2026<\/span><\/div><span class=\"nectar-post-grid-item__meta-wrap\"><span class=\"meta-date\">8 septembre 2017<\/span><\/span><\/div><\/div><\/div><\/div><div class=\"nectar-post-grid-item\" style=\"background-color: #ffffff;\" data-post-id=\"2948\" data-has-img=\"true\"> <div class=\"inner\"><div class=\"nectar-post-grid-item-bg-wrap\"><div class=\"nectar-post-grid-item-bg-wrap-inner\"><a class=\"bg-wrap-link\" aria-label=\"L&#039;ACLC est pr\u00e9occup\u00e9e par les conclusions du rapport du coroner sur la mort de Soleiman Faqiri\" href=\"https:\/\/ccla.org\/fr\/justice-penale\/prisons-prisons-supervision-communautaire\/la-ccla-est-preoccupee-par-les-conclusions-du-rapport-du-coroner-sur-la-mort-de-soleiman-faqiris\/\"><\/a><div class=\"nectar-post-grid-item-bg\"><img loading=\"lazy\" decoding=\"async\" class=\"nectar-lazy skip-lazy\" src=\"data:image\/svg+xml;charset=utf-8,%3Csvg%20xmlns%3D'http%3A%2F%2Fwww.w3.org%2F2000%2Fsvg'%20viewBox%3D'0%200%20960%20640'%2F%3E\" alt=\"\" height=\"640\" width=\"960\" data-nectar-img-src=\"https:\/\/ccla.org\/wp-content\/uploads\/2021\/06\/fence-690578_960_720-600x403.jpg\" data-nectar-img-srcset=\"https:\/\/ccla.org\/wp-content\/uploads\/2021\/06\/fence-690578_960_720-600x403.jpg 600w, https:\/\/ccla.org\/wp-content\/uploads\/2021\/06\/fence-690578_960_720-16x12.jpg 16w, https:\/\/ccla.org\/wp-content\/uploads\/2021\/06\/fence-690578_960_720-900x604.jpg 900w, https:\/\/ccla.org\/wp-content\/uploads\/2021\/06\/fence-690578_960_720-400x269.jpg 400w\" sizes=\"auto, (max-width: 600px) 100vw, 600px\" \/><\/div><\/div><\/div><div class=\"content\"><a class=\"nectar-post-grid-link\" href=\"https:\/\/ccla.org\/fr\/justice-penale\/prisons-prisons-supervision-communautaire\/la-ccla-est-preoccupee-par-les-conclusions-du-rapport-du-coroner-sur-la-mort-de-soleiman-faqiris\/\" aria-label=\"L&#039;ACLC est pr\u00e9occup\u00e9e par les conclusions du rapport du coroner sur la mort de Soleiman Faqiri\"><\/a><div class=\"item-main\"><h3 class=\"post-heading\"><a href=\"https:\/\/ccla.org\/fr\/justice-penale\/prisons-prisons-supervision-communautaire\/la-ccla-est-preoccupee-par-les-conclusions-du-rapport-du-coroner-sur-la-mort-de-soleiman-faqiris\/\"><span>L&#039;ACLC est pr\u00e9occup\u00e9e par les conclusions du rapport du coroner sur la mort de Soleiman Faqiri<\/span><\/a><\/h3><div class=\"nectar-post-grid-item__excerpt-wrap item-meta-extra\"><span class=\"meta-excerpt\">L&#039;ACLC est tr\u00e8s troubl\u00e9e par les conclusions du rapport du coroner concernant le d\u00e9c\u00e8s de\u2026<\/span><\/div><span class=\"nectar-post-grid-item__meta-wrap\"><span class=\"meta-date\">21 juillet 2017<\/span><\/span><\/div><\/div><\/div><\/div><div class=\"nectar-post-grid-item\" style=\"background-color: #ffffff;\" data-post-id=\"2990\" data-has-img=\"true\"> <div class=\"inner\"><div class=\"nectar-post-grid-item-bg-wrap\"><div class=\"nectar-post-grid-item-bg-wrap-inner\"><a class=\"bg-wrap-link\" aria-label=\"Journ\u00e9e internationale de la femme\u00a0: mettre en lumi\u00e8re les probl\u00e8mes des femmes autochtones dans le syst\u00e8me carc\u00e9ral\" href=\"https:\/\/ccla.org\/fr\/legalite\/les-peuples-indigenes\/la-journee-internationale-de-la-femme-met-en-lumiere-les-problemes-des-femmes-autochtones-dans-le-systeme-penitentiaire\/\"><\/a><div class=\"nectar-post-grid-item-bg\"><img loading=\"lazy\" decoding=\"async\" class=\"nectar-lazy skip-lazy\" src=\"data:image\/svg+xml;charset=utf-8,%3Csvg%20xmlns%3D'http%3A%2F%2Fwww.w3.org%2F2000%2Fsvg'%20viewBox%3D'0%200%202000%20800'%2F%3E\" alt=\"\" height=\"800\" width=\"2000\" data-nectar-img-src=\"https:\/\/ccla.org\/wp-content\/uploads\/2021\/06\/CCCL_general_crowd_2000x800-1-600x403.jpg\" data-nectar-img-srcset=\"https:\/\/ccla.org\/wp-content\/uploads\/2021\/06\/CCCL_general_crowd_2000x800-1-600x403.jpg 600w, https:\/\/ccla.org\/wp-content\/uploads\/2021\/06\/CCCL_general_crowd_2000x800-1-900x604.jpg 900w, https:\/\/ccla.org\/wp-content\/uploads\/2021\/06\/CCCL_general_crowd_2000x800-1-400x269.jpg 400w\" sizes=\"auto, (max-width: 600px) 100vw, 600px\" \/><\/div><\/div><\/div><div class=\"content\"><a class=\"nectar-post-grid-link\" href=\"https:\/\/ccla.org\/fr\/legalite\/les-peuples-indigenes\/la-journee-internationale-de-la-femme-met-en-lumiere-les-problemes-des-femmes-autochtones-dans-le-systeme-penitentiaire\/\" aria-label=\"Journ\u00e9e internationale de la femme\u00a0: mettre en lumi\u00e8re les probl\u00e8mes des femmes autochtones dans le syst\u00e8me carc\u00e9ral\"><\/a><div class=\"item-main\"><h3 class=\"post-heading\"><a href=\"https:\/\/ccla.org\/fr\/legalite\/les-peuples-indigenes\/la-journee-internationale-de-la-femme-met-en-lumiere-les-problemes-des-femmes-autochtones-dans-le-systeme-penitentiaire\/\"><span>Journ\u00e9e internationale de la femme\u00a0: mettre en lumi\u00e8re les probl\u00e8mes des femmes autochtones dans le syst\u00e8me carc\u00e9ral<\/span><\/a><\/h3><div class=\"nectar-post-grid-item__excerpt-wrap item-meta-extra\"><span class=\"meta-excerpt\">En cette Journ\u00e9e internationale de la femme, l&#039;Association canadienne des libert\u00e9s civiles rend hommage aux nombreuses femmes de\u2026<\/span><\/div><span class=\"nectar-post-grid-item__meta-wrap\"><span class=\"meta-date\">8 mars 2017<\/span><\/span><\/div><\/div><\/div><\/div><div class=\"nectar-post-grid-item\" style=\"background-color: #ffffff;\" data-post-id=\"3055\" data-has-img=\"true\"> <div class=\"inner\"><div class=\"nectar-post-grid-item-bg-wrap\"><div class=\"nectar-post-grid-item-bg-wrap-inner\"><a class=\"bg-wrap-link\" aria-label=\"L&#039;Ontario doit r\u00e9duire l&#039;isolement dans les prisons provinciales\" href=\"https:\/\/ccla.org\/fr\/justice-penale\/prisons-prisons-supervision-communautaire\/lontario-doit-mettre-fin-a-lisolement-dans-les-prisons-provinciales\/\"><\/a><div class=\"nectar-post-grid-item-bg\"><img loading=\"lazy\" decoding=\"async\" class=\"nectar-lazy skip-lazy\" src=\"data:image\/svg+xml;charset=utf-8,%3Csvg%20xmlns%3D'http%3A%2F%2Fwww.w3.org%2F2000%2Fsvg'%20viewBox%3D'0%200%202000%20800'%2F%3E\" alt=\"\" height=\"800\" width=\"2000\" data-nectar-img-src=\"https:\/\/ccla.org\/wp-content\/uploads\/2021\/06\/CCCL_general_crowd_2000x800-600x403.jpg\" data-nectar-img-srcset=\"https:\/\/ccla.org\/wp-content\/uploads\/2021\/06\/CCCL_general_crowd_2000x800-600x403.jpg 600w, https:\/\/ccla.org\/wp-content\/uploads\/2021\/06\/CCCL_general_crowd_2000x800-900x604.jpg 900w, https:\/\/ccla.org\/wp-content\/uploads\/2021\/06\/CCCL_general_crowd_2000x800-400x269.jpg 400w\" sizes=\"auto, (max-width: 600px) 100vw, 600px\" \/><\/div><\/div><\/div><div class=\"content\"><a class=\"nectar-post-grid-link\" href=\"https:\/\/ccla.org\/fr\/justice-penale\/prisons-prisons-supervision-communautaire\/lontario-doit-mettre-fin-a-lisolement-dans-les-prisons-provinciales\/\" aria-label=\"L&#039;Ontario doit r\u00e9duire l&#039;isolement dans les prisons provinciales\"><\/a><div class=\"item-main\"><h3 class=\"post-heading\"><a href=\"https:\/\/ccla.org\/fr\/justice-penale\/prisons-prisons-supervision-communautaire\/lontario-doit-mettre-fin-a-lisolement-dans-les-prisons-provinciales\/\"><span>L&#039;Ontario doit r\u00e9duire l&#039;isolement dans les prisons provinciales<\/span><\/a><\/h3><div class=\"nectar-post-grid-item__excerpt-wrap item-meta-extra\"><span class=\"meta-excerpt\">L&#039;Association canadienne des libert\u00e9s civiles (ACLC) contestera l&#039;injonction exceptionnellement large du gouvernement de la Nouvelle-\u00c9cosse limitant\u2026<\/span><\/div><span class=\"nectar-post-grid-item__meta-wrap\"><span class=\"meta-date\">12 mai 2016<\/span><\/span><\/div><\/div><\/div><\/div><div class=\"nectar-post-grid-item\" style=\"background-color: #ffffff;\" data-post-id=\"3060\" data-has-img=\"true\"> <div class=\"inner\"><div class=\"nectar-post-grid-item-bg-wrap\"><div class=\"nectar-post-grid-item-bg-wrap-inner\"><a class=\"bg-wrap-link\" aria-label=\"L&#039;enqu\u00eate Loku doit s&#039;attaquer aux biais dans les services de police\" href=\"https:\/\/ccla.org\/fr\/legalite\/loku-inquest-must-address-bias-in-policing\/\"><\/a><div class=\"nectar-post-grid-item-bg\"><img loading=\"lazy\" decoding=\"async\" class=\"nectar-lazy skip-lazy\" src=\"data:image\/svg+xml;charset=utf-8,%3Csvg%20xmlns%3D'http%3A%2F%2Fwww.w3.org%2F2000%2Fsvg'%20viewBox%3D'0%200%201920%20977'%2F%3E\" alt=\"Conna\u00eetre ses droits\" height=\"977\" width=\"1920\" data-nectar-img-src=\"https:\/\/ccla.org\/wp-content\/uploads\/2021\/05\/police-bicycle-1920x977-1-600x403.jpg\" data-nectar-img-srcset=\"https:\/\/ccla.org\/wp-content\/uploads\/2021\/05\/police-bicycle-1920x977-1-600x403.jpg 600w, https:\/\/ccla.org\/wp-content\/uploads\/2021\/05\/police-bicycle-1920x977-1-900x604.jpg 900w, https:\/\/ccla.org\/wp-content\/uploads\/2021\/05\/police-bicycle-1920x977-1-400x269.jpg 400w\" sizes=\"auto, (max-width: 600px) 100vw, 600px\" \/><\/div><\/div><\/div><div class=\"content\"><a class=\"nectar-post-grid-link\" href=\"https:\/\/ccla.org\/fr\/legalite\/loku-inquest-must-address-bias-in-policing\/\" aria-label=\"L&#039;enqu\u00eate Loku doit s&#039;attaquer aux biais dans les services de police\"><\/a><div class=\"item-main\"><h3 class=\"post-heading\"><a href=\"https:\/\/ccla.org\/fr\/legalite\/loku-inquest-must-address-bias-in-policing\/\"><span>L&#039;enqu\u00eate Loku doit s&#039;attaquer aux biais dans les services de police<\/span><\/a><\/h3><div class=\"nectar-post-grid-item__excerpt-wrap item-meta-extra\"><span class=\"meta-excerpt\">L&#039;Association canadienne des libert\u00e9s civiles (ACLC) contestera l&#039;injonction exceptionnellement large du gouvernement de la Nouvelle-\u00c9cosse limitant\u2026<\/span><\/div><span class=\"nectar-post-grid-item__meta-wrap\"><span class=\"meta-date\">9 mai 2016<\/span><\/span><\/div><\/div><\/div><\/div><div class=\"nectar-post-grid-item\" style=\"background-color: #ffffff;\" data-post-id=\"3063\" data-has-img=\"true\"> <div class=\"inner\"><div class=\"nectar-post-grid-item-bg-wrap\"><div class=\"nectar-post-grid-item-bg-wrap-inner\"><a class=\"bg-wrap-link\" aria-label=\"Le Canada se joindra au Protocole anti-torture critique\" href=\"https:\/\/ccla.org\/fr\/justice-penale\/prisons-prisons-supervision-communautaire\/canada-to-join-critical-anti-torture-protocol\/\"><\/a><div class=\"nectar-post-grid-item-bg\"><img loading=\"lazy\" decoding=\"async\" class=\"nectar-lazy skip-lazy\" src=\"data:image\/svg+xml;charset=utf-8,%3Csvg%20xmlns%3D'http%3A%2F%2Fwww.w3.org%2F2000%2Fsvg'%20viewBox%3D'0%200%202000%20800'%2F%3E\" alt=\"\" height=\"800\" width=\"2000\" data-nectar-img-src=\"https:\/\/ccla.org\/wp-content\/uploads\/2021\/06\/handcuffed-prisoners-waiting-at-jailhouse-wall-FFUHK3L-600x403.jpg\" data-nectar-img-srcset=\"https:\/\/ccla.org\/wp-content\/uploads\/2021\/06\/handcuffed-prisoners-waiting-at-jailhouse-wall-FFUHK3L-600x403.jpg 600w, https:\/\/ccla.org\/wp-content\/uploads\/2021\/06\/handcuffed-prisoners-waiting-at-jailhouse-wall-FFUHK3L-900x604.jpg 900w, https:\/\/ccla.org\/wp-content\/uploads\/2021\/06\/handcuffed-prisoners-waiting-at-jailhouse-wall-FFUHK3L-400x269.jpg 400w\" sizes=\"auto, (max-width: 600px) 100vw, 600px\" \/><\/div><\/div><\/div><div class=\"content\"><a class=\"nectar-post-grid-link\" href=\"https:\/\/ccla.org\/fr\/justice-penale\/prisons-prisons-supervision-communautaire\/canada-to-join-critical-anti-torture-protocol\/\" aria-label=\"Le Canada se joindra au Protocole anti-torture critique\"><\/a><div class=\"item-main\"><h3 class=\"post-heading\"><a href=\"https:\/\/ccla.org\/fr\/justice-penale\/prisons-prisons-supervision-communautaire\/canada-to-join-critical-anti-torture-protocol\/\"><span>Le Canada se joindra au Protocole anti-torture critique<\/span><\/a><\/h3><div class=\"nectar-post-grid-item__excerpt-wrap item-meta-extra\"><span class=\"meta-excerpt\">L&#039;Association canadienne des libert\u00e9s civiles (ACLC) contestera l&#039;injonction exceptionnellement large du gouvernement de la Nouvelle-\u00c9cosse limitant\u2026<\/span><\/div><span class=\"nectar-post-grid-item__meta-wrap\"><span class=\"meta-date\">3 mai 2016<\/span><\/span><\/div><\/div><\/div><\/div><div class=\"nectar-post-grid-item\" style=\"background-color: #ffffff;\" data-post-id=\"4165\" data-has-img=\"true\"> <div class=\"inner\"><div class=\"nectar-post-grid-item-bg-wrap\"><div class=\"nectar-post-grid-item-bg-wrap-inner\"><a class=\"bg-wrap-link\" aria-label=\"Le gouvernement doit mettre fin \u00e0 l&#039;isolement des prisonniers souffrant de troubles mentaux.\" href=\"https:\/\/ccla.org\/fr\/communique-de-presse\/le-gouvernement-doit-mettre-fin-a-lisolement-des-prisonniers-souffrant-de-maladies-mentales\/\"><\/a><div class=\"nectar-post-grid-item-bg\"><img loading=\"lazy\" decoding=\"async\" class=\"nectar-lazy skip-lazy\" src=\"data:image\/svg+xml;charset=utf-8,%3Csvg%20xmlns%3D'http%3A%2F%2Fwww.w3.org%2F2000%2Fsvg'%20viewBox%3D'0%200%202000%20800'%2F%3E\" alt=\"\" height=\"800\" width=\"2000\" data-nectar-img-src=\"https:\/\/ccla.org\/wp-content\/uploads\/2021\/06\/handcuffed-man-behind-prison-bars-P72M489-600x403.jpg\" data-nectar-img-srcset=\"https:\/\/ccla.org\/wp-content\/uploads\/2021\/06\/handcuffed-man-behind-prison-bars-P72M489-600x403.jpg 600w, https:\/\/ccla.org\/wp-content\/uploads\/2021\/06\/handcuffed-man-behind-prison-bars-P72M489-900x604.jpg 900w, https:\/\/ccla.org\/wp-content\/uploads\/2021\/06\/handcuffed-man-behind-prison-bars-P72M489-400x269.jpg 400w\" sizes=\"auto, (max-width: 600px) 100vw, 600px\" \/><\/div><\/div><\/div><div class=\"content\"><a class=\"nectar-post-grid-link\" href=\"https:\/\/ccla.org\/fr\/communique-de-presse\/le-gouvernement-doit-mettre-fin-a-lisolement-des-prisonniers-souffrant-de-maladies-mentales\/\" aria-label=\"Le gouvernement doit mettre fin \u00e0 l&#039;isolement des prisonniers souffrant de troubles mentaux.\"><\/a><div class=\"item-main\"><h3 class=\"post-heading\"><a href=\"https:\/\/ccla.org\/fr\/communique-de-presse\/le-gouvernement-doit-mettre-fin-a-lisolement-des-prisonniers-souffrant-de-maladies-mentales\/\"><span>Le gouvernement doit mettre fin \u00e0 l&#039;isolement des prisonniers souffrant de troubles mentaux.<\/span><\/a><\/h3><div class=\"nectar-post-grid-item__excerpt-wrap item-meta-extra\"><span class=\"meta-excerpt\">COMMUNIQU\u00c9 DE PRESSE : Les prisons canadiennes doivent r\u00e9\u00e9valuer radicalement leur utilisation de l&#039;isolement cellulaire, surtout l\u00e0 o\u00f9\u2026<\/span><\/div><span class=\"nectar-post-grid-item__meta-wrap\"><span class=\"meta-date\">10 mars 2010<\/span><\/span><\/div><\/div><\/div><\/div><\/div><\/div>\n\t\t\t<\/div> \n\t\t<\/div>\n\t<\/div> \n<\/div><\/div>\n\t\t<div id=\"fws_69f03b60242cb\"  data-column-margin=\"default\" data-midnight=\"dark\"  class=\"wpb_row vc_row-fluid vc_row full-width-section\"  style=\"padding-top: 0px; padding-bottom: 0px; \"><div class=\"row-bg-wrap\" data-bg-animation=\"none\" data-bg-animation-delay=\"\" data-bg-overlay=\"true\"><div class=\"inner-wrap row-bg-layer\" ><div class=\"row-bg viewport-desktop using-bg-color\"  style=\"background-color: #f2f2f2; \"><\/div><\/div><div class=\"row-bg-overlay row-bg-layer\" style=\"background: rgba(0,0,0,0.01); background: linear-gradient(to bottom,rgba(0,0,0,0.01) 0%,rgba(0,0,0,0.3) 100%);  opacity: 0.95; \"><\/div><\/div><div class=\"row_col_wrap_12 col span_12 dark left\">\n\t<div  class=\"vc_col-sm-12 wpb_column column_container vc_column_container col no-extra-padding inherit_tablet inherit_phone\"  data-padding-pos=\"all\" data-has-bg-color=\"false\" data-bg-color=\"\" data-bg-opacity=\"1\" data-animation=\"\" data-delay=\"0\" >\n\t\t<div class=\"vc_column-inner\" >\n\t\t\t<div class=\"wpb_wrapper\">\n\t\t\t\t\n\t\t<div id=\"fws_69f03b6024708\"  data-column-margin=\"default\" data-midnight=\"dark\"  class=\"wpb_row vc_row-fluid vc_row full-width-section\"  style=\"padding-top: 0px; padding-bottom: 0px; \"><div class=\"row-bg-wrap\" data-bg-animation=\"none\" data-bg-animation-delay=\"\" data-bg-overlay=\"true\"><div class=\"inner-wrap row-bg-layer\" ><div class=\"row-bg viewport-desktop using-bg-color\"  style=\"background-color: #f2f2f2; \"><\/div><\/div><div class=\"row-bg-overlay row-bg-layer\" style=\"background: rgba(0,0,0,0.01); background: linear-gradient(to bottom,rgba(0,0,0,0.01) 0%,rgba(0,0,0,0.3) 100%);  opacity: 0.95; \"><\/div><\/div><div class=\"row_col_wrap_12 col span_12 dark left\">\n\t<div  class=\"vc_col-sm-12 wpb_column column_container vc_column_container col no-extra-padding inherit_tablet inherit_phone\"  data-padding-pos=\"all\" data-has-bg-color=\"false\" data-bg-color=\"\" data-bg-opacity=\"1\" data-animation=\"\" data-delay=\"0\" >\n\t\t<div class=\"vc_column-inner\" >\n\t\t\t<div class=\"wpb_wrapper\">\n\t\t\t\t<div class=\"divider-wrap\" data-alignment=\"default\"><div style=\"height: 10px;\" class=\"divider\"><\/div><\/div>\n\t\t\t<\/div> \n\t\t<\/div>\n\t<\/div> \n<\/div><\/div>\n\n\t\t\t<\/div> \n\t\t<\/div>\n\t<\/div> \n<\/div><\/div>","protected":false},"excerpt":{"rendered":"- Pour lib\u00e9ration imm\u00e9diate - Le gouvernement doit mettre fin \u00e0 l&#039;isolement des prisonniers atteints de troubles mentaux Toronto, ON - 22 mars 2010 - Les prisons canadiennes doivent r\u00e9\u00e9valuer radicalement leur utilisation de...","protected":false},"author":4,"featured_media":3949,"parent":4618,"menu_order":0,"comment_status":"closed","ping_status":"closed","template":"","meta":{"footnotes":""},"class_list":["post-4638","page","type-page","status-publish","has-post-thumbnail"],"yoast_head":"<!-- This site is optimized with the Yoast SEO plugin v24.7 - https:\/\/yoast.com\/wordpress\/plugins\/seo\/ -->\n<title>Prisons, Jails and Community Supervision - CCLA<\/title>\n<meta name=\"robots\" content=\"index, follow, max-snippet:-1, max-image-preview:large, max-video-preview:-1\" \/>\n<link rel=\"canonical\" href=\"https:\/\/ccla.org\/fr\/notre-travail\/justice-penale\/prisons-prisons\/\" \/>\n<meta property=\"og:locale\" content=\"fr_CA\" \/>\n<meta property=\"og:type\" content=\"article\" \/>\n<meta property=\"og:title\" content=\"Prisons, Jails and Community Supervision - CCLA\" \/>\n<meta property=\"og:url\" content=\"https:\/\/ccla.org\/fr\/notre-travail\/justice-penale\/prisons-prisons\/\" \/>\n<meta property=\"og:site_name\" content=\"CCLA\" \/>\n<meta property=\"article:modified_time\" content=\"2021-09-14T17:50:27+00:00\" \/>\n<meta property=\"og:image\" content=\"https:\/\/ccla.org\/wp-content\/uploads\/2021\/06\/SOLITARY-handcuffs.jpg\" \/>\n\t<meta property=\"og:image:width\" content=\"2000\" \/>\n\t<meta property=\"og:image:height\" content=\"800\" \/>\n\t<meta property=\"og:image:type\" content=\"image\/jpeg\" \/>\n<meta name=\"twitter:card\" content=\"summary_large_image\" \/>\n<meta name=\"twitter:label1\" content=\"Estimation du temps de lecture\" \/>\n\t<meta name=\"twitter:data1\" content=\"4 minutes\" \/>\n<script type=\"application\/ld+json\" class=\"yoast-schema-graph\">{\"@context\":\"https:\/\/schema.org\",\"@graph\":[{\"@type\":\"WebPage\",\"@id\":\"https:\/\/ccla.org\/our-work\/criminal-justice\/prisons-jails\/\",\"url\":\"https:\/\/ccla.org\/our-work\/criminal-justice\/prisons-jails\/\",\"name\":\"Prisons, Jails and Community Supervision - CCLA\",\"isPartOf\":{\"@id\":\"https:\/\/ccla.org\/#website\"},\"primaryImageOfPage\":{\"@id\":\"https:\/\/ccla.org\/our-work\/criminal-justice\/prisons-jails\/#primaryimage\"},\"image\":{\"@id\":\"https:\/\/ccla.org\/our-work\/criminal-justice\/prisons-jails\/#primaryimage\"},\"thumbnailUrl\":\"https:\/\/ccla.org\/wp-content\/uploads\/2021\/06\/SOLITARY-handcuffs.jpg\",\"datePublished\":\"2021-07-02T18:43:36+00:00\",\"dateModified\":\"2021-09-14T17:50:27+00:00\",\"breadcrumb\":{\"@id\":\"https:\/\/ccla.org\/our-work\/criminal-justice\/prisons-jails\/#breadcrumb\"},\"inLanguage\":\"fr-CA\",\"potentialAction\":[{\"@type\":\"ReadAction\",\"target\":[\"https:\/\/ccla.org\/our-work\/criminal-justice\/prisons-jails\/\"]}]},{\"@type\":\"ImageObject\",\"inLanguage\":\"fr-CA\",\"@id\":\"https:\/\/ccla.org\/our-work\/criminal-justice\/prisons-jails\/#primaryimage\",\"url\":\"https:\/\/ccla.org\/wp-content\/uploads\/2021\/06\/SOLITARY-handcuffs.jpg\",\"contentUrl\":\"https:\/\/ccla.org\/wp-content\/uploads\/2021\/06\/SOLITARY-handcuffs.jpg\",\"width\":2000,\"height\":800},{\"@type\":\"BreadcrumbList\",\"@id\":\"https:\/\/ccla.org\/our-work\/criminal-justice\/prisons-jails\/#breadcrumb\",\"itemListElement\":[{\"@type\":\"ListItem\",\"position\":1,\"name\":\"Home\",\"item\":\"https:\/\/ccla.org\/\"},{\"@type\":\"ListItem\",\"position\":2,\"name\":\"Our Work\",\"item\":\"https:\/\/ccla.org\/our-work\/\"},{\"@type\":\"ListItem\",\"position\":3,\"name\":\"Criminal Justice\",\"item\":\"https:\/\/ccla.org\/our-work\/criminal-justice\/\"},{\"@type\":\"ListItem\",\"position\":4,\"name\":\"Prisons, Jails and Community Supervision\"}]},{\"@type\":\"WebSite\",\"@id\":\"https:\/\/ccla.org\/#website\",\"url\":\"https:\/\/ccla.org\/\",\"name\":\"CCLA\",\"description\":\"\",\"potentialAction\":[{\"@type\":\"SearchAction\",\"target\":{\"@type\":\"EntryPoint\",\"urlTemplate\":\"https:\/\/ccla.org\/?s={search_term_string}\"},\"query-input\":{\"@type\":\"PropertyValueSpecification\",\"valueRequired\":true,\"valueName\":\"search_term_string\"}}],\"inLanguage\":\"fr-CA\"}]}<\/script>\n<!-- \/ Yoast SEO plugin. -->","yoast_head_json":{"title":"Prisons, Jails and Community Supervision - CCLA","robots":{"index":"index","follow":"follow","max-snippet":"max-snippet:-1","max-image-preview":"max-image-preview:large","max-video-preview":"max-video-preview:-1"},"canonical":"https:\/\/ccla.org\/fr\/notre-travail\/justice-penale\/prisons-prisons\/","og_locale":"fr_CA","og_type":"article","og_title":"Prisons, Jails and Community Supervision - CCLA","og_url":"https:\/\/ccla.org\/fr\/notre-travail\/justice-penale\/prisons-prisons\/","og_site_name":"CCLA","article_modified_time":"2021-09-14T17:50:27+00:00","og_image":[{"width":2000,"height":800,"url":"https:\/\/ccla.org\/wp-content\/uploads\/2021\/06\/SOLITARY-handcuffs.jpg","type":"image\/jpeg"}],"twitter_card":"summary_large_image","twitter_misc":{"Estimation du temps de lecture":"4 minutes"},"schema":{"@context":"https:\/\/schema.org","@graph":[{"@type":"WebPage","@id":"https:\/\/ccla.org\/our-work\/criminal-justice\/prisons-jails\/","url":"https:\/\/ccla.org\/our-work\/criminal-justice\/prisons-jails\/","name":"Prisons, Jails and Community Supervision - CCLA","isPartOf":{"@id":"https:\/\/ccla.org\/#website"},"primaryImageOfPage":{"@id":"https:\/\/ccla.org\/our-work\/criminal-justice\/prisons-jails\/#primaryimage"},"image":{"@id":"https:\/\/ccla.org\/our-work\/criminal-justice\/prisons-jails\/#primaryimage"},"thumbnailUrl":"https:\/\/ccla.org\/wp-content\/uploads\/2021\/06\/SOLITARY-handcuffs.jpg","datePublished":"2021-07-02T18:43:36+00:00","dateModified":"2021-09-14T17:50:27+00:00","breadcrumb":{"@id":"https:\/\/ccla.org\/our-work\/criminal-justice\/prisons-jails\/#breadcrumb"},"inLanguage":"fr-CA","potentialAction":[{"@type":"ReadAction","target":["https:\/\/ccla.org\/our-work\/criminal-justice\/prisons-jails\/"]}]},{"@type":"ImageObject","inLanguage":"fr-CA","@id":"https:\/\/ccla.org\/our-work\/criminal-justice\/prisons-jails\/#primaryimage","url":"https:\/\/ccla.org\/wp-content\/uploads\/2021\/06\/SOLITARY-handcuffs.jpg","contentUrl":"https:\/\/ccla.org\/wp-content\/uploads\/2021\/06\/SOLITARY-handcuffs.jpg","width":2000,"height":800},{"@type":"BreadcrumbList","@id":"https:\/\/ccla.org\/our-work\/criminal-justice\/prisons-jails\/#breadcrumb","itemListElement":[{"@type":"ListItem","position":1,"name":"Home","item":"https:\/\/ccla.org\/"},{"@type":"ListItem","position":2,"name":"Our Work","item":"https:\/\/ccla.org\/our-work\/"},{"@type":"ListItem","position":3,"name":"Criminal Justice","item":"https:\/\/ccla.org\/our-work\/criminal-justice\/"},{"@type":"ListItem","position":4,"name":"Prisons, Jails and Community Supervision"}]},{"@type":"WebSite","@id":"https:\/\/ccla.org\/#website","url":"https:\/\/ccla.org\/","name":"CCLA","description":"","potentialAction":[{"@type":"SearchAction","target":{"@type":"EntryPoint","urlTemplate":"https:\/\/ccla.org\/?s={search_term_string}"},"query-input":{"@type":"PropertyValueSpecification","valueRequired":true,"valueName":"search_term_string"}}],"inLanguage":"fr-CA"}]}},"_links":{"self":[{"href":"https:\/\/ccla.org\/fr\/wp-json\/wp\/v2\/pages\/4638","targetHints":{"allow":["GET"]}}],"collection":[{"href":"https:\/\/ccla.org\/fr\/wp-json\/wp\/v2\/pages"}],"about":[{"href":"https:\/\/ccla.org\/fr\/wp-json\/wp\/v2\/types\/page"}],"author":[{"embeddable":true,"href":"https:\/\/ccla.org\/fr\/wp-json\/wp\/v2\/users\/4"}],"replies":[{"embeddable":true,"href":"https:\/\/ccla.org\/fr\/wp-json\/wp\/v2\/comments?post=4638"}],"version-history":[{"count":8,"href":"https:\/\/ccla.org\/fr\/wp-json\/wp\/v2\/pages\/4638\/revisions"}],"predecessor-version":[{"id":6043,"href":"https:\/\/ccla.org\/fr\/wp-json\/wp\/v2\/pages\/4638\/revisions\/6043"}],"up":[{"embeddable":true,"href":"https:\/\/ccla.org\/fr\/wp-json\/wp\/v2\/pages\/4618"}],"wp:featuredmedia":[{"embeddable":true,"href":"https:\/\/ccla.org\/fr\/wp-json\/wp\/v2\/media\/3949"}],"wp:attachment":[{"href":"https:\/\/ccla.org\/fr\/wp-json\/wp\/v2\/media?parent=4638"}],"curies":[{"name":"wp","href":"https:\/\/api.w.org\/{rel}","templated":true}]}}