{"version":"1.0","provider_name":"CCLA","provider_url":"https:\/\/ccla.org\/fr","title":"Quebec's Bill 9 Masks Discrimination as Secularism - CCLA","type":"rich","width":600,"height":338,"html":"<blockquote class=\"wp-embedded-content\" data-secret=\"yXRAcm0Q4C\"><a href=\"https:\/\/ccla.org\/fr\/communique-de-presse\/quebecs-bill-9-masks-discrimination-as-secularism\/\">Le projet de loi 9 du Qu\u00e9bec dissimule la discrimination sous le couvert de la la\u00efcit\u00e9<\/a><\/blockquote><iframe sandbox=\"allow-scripts\" security=\"restricted\" src=\"https:\/\/ccla.org\/fr\/communique-de-presse\/quebecs-bill-9-masks-discrimination-as-secularism\/embed\/#?secret=yXRAcm0Q4C\" width=\"600\" height=\"338\" title=\"&quot; Le projet de loi 9 du Qu\u00e9bec maquille la discrimination en la\u00efcit\u00e9 &quot; - ACLC\" data-secret=\"yXRAcm0Q4C\" frameborder=\"0\" marginwidth=\"0\" marginheight=\"0\" scrolling=\"no\" class=\"wp-embedded-content\"><\/iframe><script type=\"text\/javascript\">\n\/* <![CDATA[ *\/\n\/*! This file is auto-generated *\/\n!function(d,l){\"use strict\";l.querySelector&&d.addEventListener&&\"undefined\"!=typeof URL&&(d.wp=d.wp||{},d.wp.receiveEmbedMessage||(d.wp.receiveEmbedMessage=function(e){var t=e.data;if((t||t.secret||t.message||t.value)&&!\/[^a-zA-Z0-9]\/.test(t.secret)){for(var s,r,n,a=l.querySelectorAll('iframe[data-secret=\"'+t.secret+'\"]'),o=l.querySelectorAll('blockquote[data-secret=\"'+t.secret+'\"]'),c=new RegExp(\"^https?:$\",\"i\"),i=0;i<o.length;i++)o[i].style.display=\"none\";for(i=0;i<a.length;i++)s=a[i],e.source===s.contentWindow&&(s.removeAttribute(\"style\"),\"height\"===t.message?(1e3<(r=parseInt(t.value,10))?r=1e3:~~r<200&&(r=200),s.height=r):\"link\"===t.message&&(r=new URL(s.getAttribute(\"src\")),n=new URL(t.value),c.test(n.protocol))&&n.host===r.host&&l.activeElement===s&&(d.top.location.href=t.value))}},d.addEventListener(\"message\",d.wp.receiveEmbedMessage,!1),l.addEventListener(\"DOMContentLoaded\",function(){for(var e,t,s=l.querySelectorAll(\"iframe.wp-embedded-content\"),r=0;r<s.length;r++)(t=(e=s[r]).getAttribute(\"data-secret\"))||(t=Math.random().toString(36).substring(2,12),e.src+=\"#?secret=\"+t,e.setAttribute(\"data-secret\",t)),e.contentWindow.postMessage({message:\"ready\",secret:t},\"*\")},!1)))}(window,document);\n\/* ]]> *\/\n<\/script>","thumbnail_url":"https:\/\/ccla.org\/wp-content\/uploads\/2021\/06\/Charter_03.jpg","thumbnail_width":2000,"thumbnail_height":800,"description":"Chaque citoyen a le droit constitutionnel de participer \u00e0 des \u00e9lections dans lesquelles son vote n\u2019est pas ind\u00fbment dilu\u00e9. L'ACLC est devant la Cour d\u2019appel du Qu\u00e9bec ce matin pour d\u00e9fendre ce principe d\u00e9mocratique fondamental dans l'affaire Lalande c. PGQ."}